{"id":30882,"date":"2025-07-28T12:38:29","date_gmt":"2025-07-28T10:38:29","guid":{"rendered":"https:\/\/www.kuebler-hallenheizungen.de\/?post_type=event&#038;p=30882"},"modified":"2025-10-06T11:33:30","modified_gmt":"2025-10-06T09:33:30","slug":"eu-ets-co2-prissaetning-07-10-2025","status":"publish","type":"event","link":"https:\/\/www.kuebler-hallenheizungen.de\/da\/event\/eu-ets-co2-bepreisung-07-10-2025\/","title":{"rendered":"EU ETS &amp; CO\u2082 PRICING - S\u00e5dan desarmeres omkostningsbomben 07.10.2025"},"content":{"rendered":"<p>P\u00e5 dette webseminar f\u00e5r du et indblik i de nye udfordringer, der vil p\u00e5virke den private sektor og i endnu h\u00f8jere grad n\u00e6sten alle virksomheder i EU. Find ud af, hvilke smarte energi- og varmestrategier du kan bruge til at mestre udfordringerne og forvandle dem til overskud for din virksomhed. Med<\/p>\n<ul>\n<li>Jochen Sch\u00e4fer, Chief Investment Officer hos Cube Concepts<\/li>\n<li>Kai-Uwe Gr\u00fctter, tegningsberettiget hos K\u00dcBLER<\/li>\n<\/ul>\n<p>To anerkendte eksperter vil guide dig gennem dette webseminar. Stil dine sp\u00f8rgsm\u00e5l, deltag i diskussionen og f\u00e5 v\u00e6rdifulde tips og r\u00e5d om, hvordan du p\u00e5 en pragmatisk og \u00f8konomisk m\u00e5de kan afv\u00e6rge omkostningsbomben for din virksomhed.<\/p>\n<p>&nbsp;<\/p>\n<p><strong>Webseminaret finder sted online via Microsoft Teams. Vi ser frem til din deltagelse!<\/strong><\/p>\n<p><strong>EU ETS &amp; CO\u2082-PRISER - S\u00e5dan desarmerer du omkostningsbomben <\/strong><\/p>\n<p>Tirsdag den 07.10.2025 | 11:00 - 12:00.<\/p>\n<p>&nbsp;<\/p>\n<p>Bem\u00e6rk venligst, at tilmeldinger kun kan behandles indtil 2 timer f\u00f8r arrangementet.<\/p>\n<p>&nbsp;<\/p>","protected":false},"excerpt":{"rendered":"<p>Dette seminar giver dig et indblik i, hvilke kriterier der kan implementeres hurtigt, nemt og omkostningseffektivt, og fremh\u00e6ver specifikt det store potentiale, som halvarmesystemer kan have for en b\u00e6redygtig virksomhedsudvikling og en positiv rating.<\/p>","protected":false},"featured_media":30446,"template":"","event-type":[459],"class_list":["post-30882","event","type-event","status-publish","has-post-thumbnail","hentry","event-type-seminar"],"acf":[],"_links":{"self":[{"href":"https:\/\/www.kuebler-hallenheizungen.de\/da\/wp-json\/wp\/v2\/event\/30882","targetHints":{"allow":["GET"]}}],"collection":[{"href":"https:\/\/www.kuebler-hallenheizungen.de\/da\/wp-json\/wp\/v2\/event"}],"about":[{"href":"https:\/\/www.kuebler-hallenheizungen.de\/da\/wp-json\/wp\/v2\/types\/event"}],"wp:featuredmedia":[{"embeddable":true,"href":"https:\/\/www.kuebler-hallenheizungen.de\/da\/wp-json\/wp\/v2\/media\/30446"}],"wp:attachment":[{"href":"https:\/\/www.kuebler-hallenheizungen.de\/da\/wp-json\/wp\/v2\/media?parent=30882"}],"wp:term":[{"taxonomy":"event-type","embeddable":true,"href":"https:\/\/www.kuebler-hallenheizungen.de\/da\/wp-json\/wp\/v2\/event-type?post=30882"}],"curies":[{"name":"wp","href":"https:\/\/api.w.org\/{rel}","templated":true}]}}