{"id":30889,"date":"2025-07-29T12:42:29","date_gmt":"2025-07-29T10:42:29","guid":{"rendered":"https:\/\/www.kuebler-hallenheizungen.de\/?page_id=30889"},"modified":"2025-10-20T10:12:41","modified_gmt":"2025-10-20T08:12:41","slug":"informationsforpligtelser-i-henhold-til-art-13-gdpr","status":"publish","type":"page","link":"https:\/\/www.kuebler-hallenheizungen.de\/da\/informationspflichten-gem-art-13-dsgvo\/","title":{"rendered":"Informationsforpligtelser i henhold til artikel 13 i GDPR"},"content":{"rendered":"<h2>Informationsforpligtelser i henhold til artikel 13 i GDPR<\/h2>\n<p>Beskyttelsen af dine personoplysninger ligger os s\u00e6rligt p\u00e5 sinde. Derfor behandler vi udelukkende dine personoplysninger (\"data\") p\u00e5 grundlag af de lovm\u00e6ssige bestemmelser. Med denne databeskyttelsespolitik \u00f8nsker vi at informere dig omfattende om behandlingen af dine data i vores virksomhed og de databeskyttelseskrav og -rettigheder, som du har ret til i henhold til artikel 13 i den europ\u00e6iske generelle databeskyttelsesforordning (EU GDPR).<\/p>\n<h3>1. Hvem er ansvarlig for databehandlingen, og hvem kan du kontakte?<\/h3>\n<p>Ansvarlig er<\/p>\n<p>K\u00dcBLER GmbH Energibesparende systemer til opvarmning af haller<br \/>\nAm Bubenpfad 1A<br \/>\nD-67065 Ludwigshafen<br \/>\nE-mail: kontakt@kuebler-hallenheizungen.de<br \/>\nTelefon: 0621 \/ 57000-0<\/p>\n<p>Virksomhedens databeskyttelsesansvarlige er<\/p>\n<p>Christian Volkmer<br \/>\nProjekt 29 GmbH &amp; Co. KG<br \/>\nOstengasse 14<br \/>\n93047 Regensburg<br \/>\nTelefon: 0941 2986930<br \/>\nFax: 0941 29869316<br \/>\ne-mail: <a href=\"mailto:anfragen@projekt29.de\">anfragen@projekt29.de<\/a><br \/>\nInternet: <a href=\"https:\/\/www.projekt29.de\">https:\/\/www.projekt29.de<\/a><\/p>\n<h3>2. Hvilke data behandles, og fra hvilke kilder stammer disse data?<\/h3>\n<p>Vi behandler de data, som vi har modtaget fra dig i forbindelse med kontraktindg\u00e5else eller -behandling, p\u00e5 grundlag af samtykke eller i forbindelse med din ans\u00f8gning til os eller i forbindelse med din ans\u00e6ttelse hos os.<\/p>\n<p>Personlige data omfatter f\u00f8lgende<\/p>\n<ul>\n<li>Dine stam-\/kontaktdata, for kunder omfatter dette f.eks. fornavn og efternavn, adresse, kontaktoplysninger (e-mailadresse, telefonnummer, fax), bankoplysninger.<\/li>\n<li>For ans\u00f8gere og medarbejdere omfatter dette f.eks. fornavn og efternavn, adresse, kontaktoplysninger (e-mailadresse, telefonnummer, fax), f\u00f8dselsdato, data fra CV og referencer, bankoplysninger, religi\u00f8st tilh\u00f8rsforhold, fotografier.<\/li>\n<li>For forretningspartnere omfatter dette f.eks. navnet p\u00e5 deres juridiske repr\u00e6sentant, firma, handelsregisternummer, momsnummer, firmanummer, adresse, kontaktoplysninger (e-mailadresse, telefonnummer, fax), bankoplysninger.<\/li>\n<li>For bes\u00f8gende i vores virksomhed omfatter dette navn og underskrift.<\/li>\n<li>For journalister omfatter dette for- og efternavn, e-mailadresse og faxnummer.<\/li>\n<\/ul>\n<p>Derudover behandler vi ogs\u00e5 f\u00f8lgende andre personoplysninger:<\/p>\n<ul>\n<li>Oplysninger om type og indhold af kontraktdata, ordredata, salgs- og dokumentdata, kunde- og leverand\u00f8rhistorik og r\u00e5dgivningsdokumenter<\/li>\n<li>Reklame- og salgsdata<\/li>\n<li>Oplysninger fra din elektroniske kommunikation med os (f.eks. IP-adresse, log-in-data)<\/li>\n<li>Andre data, som vi har modtaget fra dig som en del af vores forretningsforhold (f.eks. i kundem\u00f8der)<\/li>\n<li>Data, som vi selv genererer fra stam- \/ kontaktdata og andre data, f.eks. ved hj\u00e6lp af analyser af kundebehov og kundepotentiale<\/li>\n<li>Dokumentation af din samtykkeerkl\u00e6ring til modtagelse af f.eks. nyhedsbreve.<\/li>\n<li>Fotografier taget i forbindelse med arrangementer.<\/li>\n<\/ul>\n<h3>3. Til hvilke form\u00e5l og p\u00e5 hvilket retsgrundlag behandles oplysningerne?<\/h3>\n<p>Vi behandler dine data i overensstemmelse med bestemmelserne i den generelle databeskyttelsesforordning (GDPR) og den f\u00f8derale databeskyttelseslov 2018 med \u00e6ndringer:<\/p>\n<ul>\n<li>Til opfyldelse af (pr\u00e6-)kontraktlige forpligtelser (art. 6, stk. 1, litra b, i GDPR):<\/li>\n<li>Til opfyldelse af juridiske forpligtelser (art. 6, stk. 1, litra c i GDPR):<\/li>\n<li>Til beskyttelse af legitime interesser (art. 6, stk. 1, litra f i GDPR): Baseret p\u00e5 en afvejning af interesser kan databehandling finde sted ud over den faktiske opfyldelse af kontrakten for at beskytte vores legitime interesser eller tredjeparts interesser.<\/li>\n<\/ul>\n<p>Inden for rammerne af dit samtykke (art. 6, stk. 1, litra a i GDPR): Hvis du har givet os dit samtykke til at behandle dine data, f.eks. til at sende dig vores nyhedsbrev, offentligg\u00f8re fotos, konkurrencer osv.<\/p>\n<h3>4. behandling af personoplysninger til reklameform\u00e5l<\/h3>\n<p>Du kan til enhver tid g\u00f8re indsigelse mod brugen af dine personlige data til reklameform\u00e5l, enten som helhed eller for individuelle foranstaltninger, uden at der opst\u00e5r andre omkostninger end transmissionsomkostningerne i henhold til de grundl\u00e6ggende satser.<\/p>\n<h3>5 Hvem modtager mine data?<\/h3>\n<p>Hvis vi bruger en tjenesteudbyder i forbindelse med ordrebehandling, forbliver vi ikke desto mindre ansvarlige for beskyttelsen af dine data. Alle databehandlere er kontraktligt forpligtet til at behandle dine data fortroligt og til kun at behandle dem inden for rammerne af levering af tjenesten. De databehandlere, der er bestilt af os, modtager dine data, hvis de har brug for dataene til at opfylde deres respektive tjenester.<\/p>\n<h3>6 Hvor l\u00e6nge vil mine data blive opbevaret?<\/h3>\n<p>Vi behandler dine data indtil afslutningen af forretningsforholdet eller indtil udl\u00f8bet af de g\u00e6ldende lovbestemte opbevaringsperioder; desuden indtil afslutningen af eventuelle juridiske tvister, hvor dataene er n\u00f8dvendige som bevis.<\/p>\n<h3>7. Overf\u00f8res personoplysninger til et tredjeland?<\/h3>\n<p>I princippet overf\u00f8rer vi ikke nogen data til et tredjeland. I individuelle tilf\u00e6lde vil data kun blive overf\u00f8rt p\u00e5 grundlag af en beslutning om tilstr\u00e6kkelighed fra Europa-Kommissionen, standardkontraktbestemmelser, passende garantier eller dit udtrykkelige samtykke.<\/p>\n<h3>8 Hvilke databeskyttelsesrettigheder har jeg?<\/h3>\n<p>Du har ret til information, rettelse, sletning eller begr\u00e6nsning af behandlingen af dine lagrede data, ret til at g\u00f8re indsigelse mod behandlingen samt ret til dataportabilitet og til at indgive en klage i overensstemmelse med kravene i databeskyttelsesloven.<\/p>\n<h4>Ret til information:<\/h4>\n<p>Du kan anmode om oplysninger fra os om, hvorvidt og i hvilket omfang vi behandler dine data.<\/p>\n<h4><strong>Ret til berigtigelse:<\/strong><\/h4>\n<p>Hvis vi behandler dine data, der er ufuldst\u00e6ndige eller forkerte, kan du til enhver tid anmode om, at vi retter eller supplerer dem.<\/p>\n<h4><strong>Ret til annullering:<\/strong><\/h4>\n<p>Du kan kr\u00e6ve, at vi sletter dine data, hvis vi behandler dem ulovligt, eller hvis behandlingen griber uforholdsm\u00e6ssigt ind i dine legitime beskyttelsesinteresser. Bem\u00e6rk, at der kan v\u00e6re grunde, der forhindrer \u00f8jeblikkelig sletning, f.eks. i tilf\u00e6lde af lovbestemte opbevaringsforpligtelser.<\/p>\n<p>Uanset ud\u00f8velsen af din ret til sletning sletter vi dine data \u00f8jeblikkeligt og fuldst\u00e6ndigt, forudsat at der ikke er nogen juridisk eller lovbestemt opbevaringspligt til det modsatte.<\/p>\n<h4><strong>Ret til begr\u00e6nsning af behandling:<\/strong><\/h4>\n<p>Du kan anmode om, at vi begr\u00e6nser behandlingen af dine data, hvis<br \/>\ndu bestrider dataenes n\u00f8jagtighed i en periode, der g\u00f8r det muligt for os at kontrollere dataenes n\u00f8jagtighed.<br \/>\nBehandlingen af dataene er ulovlig, men du n\u00e6gter at f\u00e5 dem slettet og anmoder i stedet om, at brugen af dataene begr\u00e6nses,<br \/>\nVi har ikke l\u00e6ngere brug for dataene til det tilsigtede form\u00e5l, men du har stadig brug for disse data til at h\u00e6vde eller forsvare juridiske krav, eller<br \/>\ndu har gjort indsigelse mod behandlingen af oplysningerne.<\/p>\n<h4><strong>Ret til dataportabilitet:<\/strong><\/h4>\n<p>Du kan anmode om, at vi giver dig de oplysninger, du har givet os, i et struktureret, almindeligt anvendt og maskinl\u00e6sbart format, og at du kan overf\u00f8re disse oplysninger til en anden dataansvarlig uden hindring fra os, forudsat at<br \/>\nVi behandler disse data p\u00e5 grundlag af et samtykke, der er givet og kan tilbagekaldes af dig, eller til opfyldelse af en kontrakt mellem os, og<br \/>\nDenne behandling udf\u00f8res ved hj\u00e6lp af automatiserede procedurer.<br \/>\nHvis det er teknisk muligt, kan du anmode om, at vi overf\u00f8rer dine data direkte til en anden dataansvarlig.<\/p>\n<h4><strong>Ret til at g\u00f8re indsigelse:<\/strong><\/h4>\n<p>Hvis vi behandler dine data p\u00e5 grundlag af en legitim interesse, kan du til enhver tid g\u00f8re indsigelse mod denne databehandling; dette g\u00e6lder ogs\u00e5 for profilering baseret p\u00e5 disse bestemmelser. Vi vil s\u00e5 ikke l\u00e6ngere behandle dine data, medmindre vi kan p\u00e5vise overbevisende legitime grunde til behandlingen, som tilsides\u00e6tter dine interesser, rettigheder og friheder, eller behandlingen tjener til etablering, ud\u00f8velse eller forsvar af juridiske krav. Du kan til enhver tid g\u00f8re indsigelse mod behandlingen af dine data med henblik p\u00e5 direkte reklame uden at angive \u00e5rsager.<br \/>\nRet til at appellere:<br \/>\nHvis du mener, at vi overtr\u00e6der tysk eller europ\u00e6isk databeskyttelseslovgivning, n\u00e5r vi behandler dine data, bedes du kontakte os, s\u00e5 vi kan afklare eventuelle sp\u00f8rgsm\u00e5l, du m\u00e5tte have. Du har selvf\u00f8lgelig ogs\u00e5 ret til at kontakte den tilsynsmyndighed, der er ansvarlig for dig, det respektive delstatskontor for databeskyttelsestilsyn.<\/p>\n<p>Hvis du \u00f8nsker at g\u00f8re en af disse rettigheder g\u00e6ldende over for os, bedes du kontakte vores databeskyttelsesr\u00e5dgiver. I tvivlstilf\u00e6lde kan vi bede om yderligere oplysninger for at bekr\u00e6fte din identitet.<\/p>\n<h3>9. Er jeg forpligtet til at levere data?<\/h3>\n<p>Behandlingen af dine data er n\u00f8dvendig for indg\u00e5else eller opfyldelse af den kontrakt, du har indg\u00e5et med os. Hvis du ikke giver os disse data, vil vi generelt v\u00e6re n\u00f8dt til at n\u00e6gte at indg\u00e5 kontrakten eller vil ikke l\u00e6ngere v\u00e6re i stand til at opfylde en eksisterende kontrakt og vil derfor v\u00e6re n\u00f8dt til at opsige den. Du er dog ikke forpligtet til at give dit samtykke til databehandling med hensyn til data, der ikke er relevante eller juridisk n\u00f8dvendige for opfyldelsen af kontrakten.<\/p>\n<h2>Kontakt os<\/h2>\n<p>N\u00e5r du kontakter os (f.eks. via kontaktformular, e-mail, telefon eller sociale medier), behandles oplysningerne om de personer, der henvender sig, i det omfang det er n\u00f8dvendigt for at besvare kontaktforesp\u00f8rgslerne og eventuelle anmodninger om foranstaltninger.<\/p>\n<p>Besvarelsen af kontaktforesp\u00f8rgsler i forbindelse med kontraktlige eller pr\u00e6-kontraktlige forhold udf\u00f8res for at opfylde vores kontraktlige forpligtelser eller for at besvare (pr\u00e6)kontraktlige foresp\u00f8rgsler og ellers p\u00e5 grundlag af de legitime interesser i at besvare foresp\u00f8rgslerne.<\/p>\n<ul>\n<li>Behandlede datatyper: Inventardata (f.eks. navne, adresser), kontaktdata (f.eks. e-mail, telefonnumre), indholdsdata (f.eks. indtastninger i onlineformularer).<\/li>\n<li>Ber\u00f8rte personer: Kommunikationspartner.<\/li>\n<li>Form\u00e5l med behandlingen: Kontaktforesp\u00f8rgsler og kommunikation.<\/li>\n<li>Retsgrundlag: Kontraktopfyldelse og foresp\u00f8rgsler forud for kontraktindg\u00e5else (art. 6, stk. 1, litra b, i GDPR), legitime interesser (art. 6, stk. 1, litra f, i GDPR).<\/li>\n<\/ul>\n<h2>Oplysninger om databeskyttelse i ans\u00f8geradministrationen i overensstemmelse med artikel 13 i GDPR<\/h2>\n<p>Personlige data indsamles fra dig i ans\u00e6ttelsesforholdet. P\u00e5 grund af de nye regler i den generelle databeskyttelsesforordning (GDPR) er vi derfor forpligtet til at informere dig i overensstemmelse med artikel 13 ff. GDPR at informere dig om f\u00f8lgende:<\/p>\n<ul>\n<li>Din arbejdsgiver er ansvarlig for indsamling og behandling af dine data:<br \/>\nK\u00dcBLER GmbH Energiesparende Hallenheizungen repr\u00e6senteret ved Thomas K\u00fcbler<br \/>\nAm Bubenpfad 1a, 67065 Ludwigshafen<br \/>\nTelefon: 0621 \/ 57000-0<br \/>\nFax: 0621 \/ 57000-57<br \/>\ne-mail: <a href=\"mailto:zukunft@kuebler-hallenheizungen.de\">zukunft@kuebler-hallenheizungen.de<\/a><\/li>\n<li>Kontaktoplysningerne for vores databeskyttelsesr\u00e5dgiver er<br \/>\nProjekt 29 GmbH &amp; Co. KG<br \/>\nOstengasse 14<br \/>\n0941 \/ 2986930<br \/>\n0941 \/ 29869316<br \/>\n<a href=\"mailto:anfragen@projekt29.de\">anfragen@projekt29.de<\/a><\/li>\n<li>Dine data vil blive indsamlet og behandlet som en del af rekrutteringsprocessen og med henblik p\u00e5 ans\u00e6ttelsesforholdet.<\/li>\n<li>De n\u00f8dvendige data omfatter is\u00e6r dine stamdata (is\u00e6r for- og efternavn, navneled, nationalitet), dine kontaktdata (is\u00e6r privatadresse, mobil- og fastnetnummer, e-mailadresse), andre data fra ans\u00e6ttelsesforholdet, s\u00e5som tidsregistreringsdata, ferieperioder, perioder med uarbejdsdygtighed, kvalifikationsdata, sociale data, bankoplysninger, nationalt forsikringsnummer, pensionsforsikringsnummer, l\u00f8ndata, skatteidentifikationsnummer, s\u00e6rlige sundhedsdata og, hvis relevant, straffeattester) samt logdata, der genereres ved brug af IT-systemerne.<\/li>\n<li>Inden for vores virksomhed vil dine personoplysninger kun blive modtaget af de personer, der har brug for dem til at opfylde vores kontraktlige og juridiske forpligtelser, s\u00e5som HR-afdelingen, regnskabsafdelingen, specialafdelingen, samarbejdsudvalget eller repr\u00e6sentationsorganet for alvorligt handicappede medarbejdere.<\/li>\n<li>Inden for vores koncern vil dine data blive overf\u00f8rt til visse virksomheder, hvis de udf\u00f8rer databehandlingsopgaver centralt for de tilknyttede virksomheder i koncernen (f.eks. l\u00f8nregnskab, bortskaffelse af filer).<\/li>\n<li>Hvis vi bruger tjenesteudbydere til at opfylde vores kontraktlige og juridiske forpligtelser, vil de ogs\u00e5 modtage de n\u00f8dvendige data.<\/li>\n<li>Uden for virksomheden overf\u00f8rer vi dine data til andre modtagere, hvis dette er n\u00f8dvendigt for at opfylde vores kontraktlige og juridiske forpligtelser. Det drejer sig is\u00e6r om socialforsikringsinstitutioner, sygeforsikringer, pensionsforsikringer, faglige pensionsordninger, arbejdsformidlingen, arbejdsgivernes ansvarsforsikringsforening, skattemyndigheder, ulykkes- og ansvarsforsikringer, domstole, banker, kompetente organer for at garantere krav fra virksomhedens pensionsordning eller kapitaldannende ydelser, tredjepartsdebitorer i tilf\u00e6lde af l\u00f8nudl\u00e6g eller insolvensadministratorer i tilf\u00e6lde af personlig insolvens.<\/li>\n<li>Dine data vil ikke blive overf\u00f8rt til et tredjeland.<\/li>\n<li>Vi behandler dine personoplysninger i overensstemmelse med alle g\u00e6ldende love, s\u00e5som GDPR, den f\u00f8derale databeskyttelseslov (BDSG), arbejdsforfatningsloven, arbejdstidsloven osv.<\/li>\n<\/ul>\n<p>Det prim\u00e6re form\u00e5l med databehandlingen er at etablere, gennemf\u00f8re og afslutte ans\u00e6ttelsesforholdet. Det relevante retsgrundlag for dette er artikel 6, stk. 1, litra b), i GDPR sammenholdt med \u00a7 26, stk. 1, i BDSG. \u00a7 26 stk. 1 BDSG. Derudover kan der anvendes kollektive aftaler (gruppe-, hoved- og virksomhedsaftaler samt kollektive overenskomster) i henhold til art. 6, stk. 1, litra b), sammenholdt med art. 88, stk. 1, i GDPR. Art. 88 stk. 1 GDPR i forbindelse med. \u00a7 26, stk. 4 BDSG og evt. dine s\u00e6rskilte samtykker i henhold til art. 6, stk. 1, litra a), 7 GDPR i forbindelse med \u00a7 26, stk. 2 BDSG. \u00a7 26 (2) BDSG (f.eks. i tilf\u00e6lde af videooptagelser) som en bestemmelse om databeskyttelsestilladelse.<\/p>\n<p>Vi behandler ogs\u00e5 dine data for at opfylde vores juridiske forpligtelser som arbejdsgiver, is\u00e6r inden for skatte- og socialsikringslovgivning. Dette sker p\u00e5 grundlag af artikel 6, stk. 1, litra c), i GDPR sammenholdt med. \u00a7 26 BDSG.<\/p>\n<p>Hvis det er n\u00f8dvendigt, behandler vi ogs\u00e5 dine data p\u00e5 grundlag af artikel 6, stk. 1, litra f), i GDPR for at beskytte vores eller tredjeparters (f.eks. myndigheders) legitime interesser. Dette g\u00e6lder is\u00e6r for efterforskning af strafbare handlinger (retsgrundlag \u00a7 26 stk. 1 s\u00e6tning 2 BDSG) eller inden for gruppen med henblik p\u00e5 gruppeledelse, intern kommunikation og andre administrative form\u00e5l.<\/p>\n<p>For s\u00e5 vidt som s\u00e6rlige kategorier af personoplysninger behandles i overensstemmelse med artikel 9, stk. 1, i GDPR, tjener dette til ud\u00f8velse af rettigheder eller opfyldelse af juridiske forpligtelser i henhold til arbejdsret, socialsikringsret og socialbeskyttelsesret (f.eks. levering af sundhedsdata til sygesikringsselskabet, registrering af sv\u00e6r invaliditet p\u00e5 grund af ekstra orlov og fasts\u00e6ttelse af sv\u00e6r invaliditetsafgift) inden for rammerne af ans\u00e6ttelsesforholdet. Dette sker p\u00e5 grundlag af art. 9, stk. 2, litra b), i GDPR sammenholdt med. \u00a7 26 stk. 3 BDSG. Derudover sker behandlingen af helbredsoplysninger til vurdering af din arbejdsevne i henhold til art. 9 stk. 2 h) sammenholdt med \u00a7 22 stk. 1 b) BDSG. \u00a7 22 stk. 1 b) BDSG kan v\u00e6re n\u00f8dvendig.<\/p>\n<p>Derudover kan behandlingen af s\u00e6rlige kategorier af personoplysninger v\u00e6re baseret p\u00e5 samtykke i overensstemmelse med artikel 9, stk. 2, litra a), i GDPR i forbindelse med \u00a7 26, stk. 2, i BDSG (f.eks. virksomhedens sundhedsstyring). \u00a7 26 (2) BDSG (f.eks. virksomhedens sundhedsstyring).<\/p>\n<p>Hvis vi \u00f8nsker at behandle dine personoplysninger til et form\u00e5l, der ikke er n\u00e6vnt ovenfor, vil vi informere dig p\u00e5 forh\u00e5nd.<\/p>\n<ul>\n<li>Hvis du f\u00e5r afslag p\u00e5 din jobans\u00f8gning, slettes de data, du har indsendt, seks m\u00e5neder efter meddelelsen om afslaget. Dette g\u00e6lder ikke, hvis l\u00e6ngere opbevaring er n\u00f8dvendig p\u00e5 grund af lovkrav (f.eks. bevisbyrden i henhold til den generelle ligebehandlingslov), eller hvis du udtrykkeligt har givet samtykke til l\u00e6ngere opbevaring i vores database over interesserede parter.<\/li>\n<li>Opbevaringsperioden for de indsamlede data er begr\u00e6nset til ans\u00e6ttelsesforholdet. Vi sletter dine personoplysninger, s\u00e5 snart de ikke l\u00e6ngere er n\u00f8dvendige til de ovenn\u00e6vnte form\u00e5l. Efter ans\u00e6ttelsesforholdets oph\u00f8r vil dataene blive gemt og derefter slettet i overensstemmelse med de lovbestemte eller officielle opbevaringsperioder, som blandt andet f\u00f8lger af den tyske handelslov og den tyske skattelov. Opbevaringsperioderne er derefter op til ti \u00e5r. Derudover kan personoplysninger gemmes i den lovbestemte for\u00e6ldelsesfrist p\u00e5 tre eller op til 30 \u00e5r, hvis der kan g\u00f8res krav g\u00e6ldende mod os.<\/li>\n<li>Du har ret til at f\u00e5 oplysninger fra din arbejdsgiver om de personoplysninger, der er gemt om dig. Under visse betingelser kan du anmode om rettelse eller sletning af dine data. Du kan ogs\u00e5 have ret til at begr\u00e6nse behandlingen af dine data og ret til at modtage de data, du har givet, i et struktureret, almindeligt anvendt og maskinl\u00e6sbart format.<\/li>\n<\/ul>\n<h3>Ret til at g\u00f8re indsigelse:<\/h3>\n<p>Du har ogs\u00e5 ret til at g\u00f8re indsigelse mod behandling af dine personoplysninger til direkte markedsf\u00f8ringsform\u00e5l uden at angive \u00e5rsager. Hvis vi behandler dine data for at beskytte legitime interesser, kan du g\u00f8re indsigelse mod denne behandling af grunde, der vedr\u00f8rer din s\u00e6rlige situation. Vi vil s\u00e5 ikke l\u00e6ngere behandle dine personoplysninger, medmindre vi kan p\u00e5vise tvingende legitime grunde til behandlingen, som g\u00e5r forud for dine interesser, rettigheder og friheder, eller behandlingen tjener til etablering, ud\u00f8velse eller forsvar af juridiske krav.<\/p>\n<ul>\n<li>Du har ret til at indgive en klage over h\u00e5ndteringen af dine personoplysninger til den ovenn\u00e6vnte databeskyttelsesansvarlige eller databeskyttelsestilsynsmyndigheden. Den tilsynsmyndighed, der er ansvarlig for dig, er (for virksomheder med base i Rheinland-Pfalz):<br \/>\n\u00d8verste tilsynsmyndighed<br \/>\nIndenrigs- og sportsministeriet<br \/>\nSchillerplatz 3 - 5<br \/>\n55116 Mainz<br \/>\nTelefon: 06131\/163259<br \/>\nFax: 06131\/163369<\/li>\n<li>Levering af personoplysninger er n\u00f8dvendig for etablering, udf\u00f8relse og afslutning af ans\u00e6ttelsesforholdet og udg\u00f8r en sekund\u00e6r kontraktlig forpligtelse for medarbejderen. Hvis vi ikke modtager de n\u00f8dvendige data, vil det ikke v\u00e6re muligt at opfylde ans\u00e6ttelsesforholdet med dig.<\/li>\n<\/ul>","protected":false},"excerpt":{"rendered":"<p>Informationspflichten gem. Art. 13 DSGVO Der Schutz Ihrer pers\u00f6nlichen Daten ist uns ein besonderes Anliegen. Wir verarbeiten Ihre personenbezogenen Daten (kurz \u201eDaten\u201c) daher ausschlie\u00dflich auf Grundlage der gesetzlichen Bestimmungen. Mit dieser Datenschutzerkl\u00e4rung wollen wir Sie \u00fcber die Verarbeitung Ihrer Daten in unserem Unternehmen und die Ihnen zustehenden datenschutzrechtlichen Anspr\u00fcche und Rechte umfassend im Sinne des [&hellip;]<\/p>\n","protected":false},"author":1,"featured_media":0,"parent":0,"menu_order":0,"comment_status":"closed","ping_status":"closed","template":"","meta":{"_acf_changed":false,"_seopress_robots_primary_cat":"","_seopress_titles_title":"Informationspflichten gem. Art. 13 DSGVO | K\u00dcBLER GmbH","_seopress_titles_desc":"Der Schutz Ihrer pers\u00f6nlichen Daten ist uns ein besonderes Anliegen. Wir verarbeiten diese auf Grundlage der gesetzlichen Bestimmungen.","_seopress_robots_index":"","footnotes":""},"class_list":["post-30889","page","type-page","status-publish","hentry"],"acf":[],"_links":{"self":[{"href":"https:\/\/www.kuebler-hallenheizungen.de\/da\/wp-json\/wp\/v2\/pages\/30889","targetHints":{"allow":["GET"]}}],"collection":[{"href":"https:\/\/www.kuebler-hallenheizungen.de\/da\/wp-json\/wp\/v2\/pages"}],"about":[{"href":"https:\/\/www.kuebler-hallenheizungen.de\/da\/wp-json\/wp\/v2\/types\/page"}],"author":[{"embeddable":true,"href":"https:\/\/www.kuebler-hallenheizungen.de\/da\/wp-json\/wp\/v2\/users\/1"}],"replies":[{"embeddable":true,"href":"https:\/\/www.kuebler-hallenheizungen.de\/da\/wp-json\/wp\/v2\/comments?post=30889"}],"version-history":[{"count":0,"href":"https:\/\/www.kuebler-hallenheizungen.de\/da\/wp-json\/wp\/v2\/pages\/30889\/revisions"}],"wp:attachment":[{"href":"https:\/\/www.kuebler-hallenheizungen.de\/da\/wp-json\/wp\/v2\/media?parent=30889"}],"curies":[{"name":"wp","href":"https:\/\/api.w.org\/{rel}","templated":true}]}}