{"id":81157,"date":"2026-01-21T09:04:38","date_gmt":"2026-01-21T08:04:38","guid":{"rendered":"https:\/\/www.kuebler-hallenheizungen.de\/?post_type=referenzen&#038;p=81157"},"modified":"2026-01-21T09:08:10","modified_gmt":"2026-01-21T08:08:10","slug":"vi-vil-have-et-opvarmningssystem-til-hallen-der-ser-fremad","status":"publish","type":"referenzen","link":"https:\/\/www.kuebler-hallenheizungen.de\/da\/referenzen\/wir-wollen-eine-hallenheizung-die-in-die-zukunft-blickt\/","title":{"rendered":"\"Vi vil have et varmesystem til hallen, der ser fremad.\""},"content":{"rendered":"<p>GROUP7 er en international logistikvirksomhed med hovedkontor i M\u00fcnchen og er repr\u00e6senteret i hele verden med over 195 afdelinger og baser. Premium-serviceudbyderens sortiment omfatter intelligente logistikl\u00f8sninger til luftfragt, s\u00f8fragt, jernbanetransport til og fra Asien, s\u00f8-luft- og landtransport samt skr\u00e6ddersyede koncepter til outsourcing inden for logistiktjenester. Med fokus p\u00e5 maksimal fleksibilitet og kundeorienteret procesh\u00e5ndtering genererer omkring 750 medarbejdere en oms\u00e6tning p\u00e5 190 millioner euro. GROUP7 stiller de samme h\u00f8je krav til b\u00e6redygtigheden af sin portef\u00f8lje som til sine bygninger: Logistikcentrene hos den anerkendte logistikudbyder er certificeret i henhold til DGNB Gold Standard.<\/p>\n<p><strong>Den oprindelige situation<\/strong><br \/>\nMed udvidelsen af hovedkvarteret i Schwaig ved M\u00fcnchens lufthavn har GROUP7 2024 skabt et nyt logistikomr\u00e5de i overensstemmelse med DGNB Gold Standard, som vil give arbejde til mere end 200 nye medarbejdere. Ud over en 5.000 m\u00b2 stor kontorbygning og en gr\u00f8n park i campus-stil d\u00e6kker det ekstra omr\u00e5de et areal p\u00e5 over 100.000 m\u00b2 og omfatter en 60.000 m\u00b2 stor logistikhal med en loftsh\u00f8jde p\u00e5 ca. 13 meter. P\u00e5 grund af det meget store luftrum og de i alt 82 d\u00f8re var det en s\u00e6rlig udfordring med hensyn til opvarmningsteknologi at holde interi\u00f8ret behageligt varmt og samtidig forblive \u00f8konomisk. Derudover bet\u00f8d \u00e6ndringen i forsyningssituationen, at gas som energikilde og dermed den velafpr\u00f8vede m\u00f8rke radiatorteknologi ikke l\u00e6ngere var en mulighed for den nye bygning. Forskellige alternative l\u00f8sninger blev derfor unders\u00f8gt.<\/p>\n<blockquote><p>\u201eVi inds\u00e5, at FUTURA simpelthen er den perfekte l\u00f8sning for os med hensyn til brug.\u201c.<\/p><\/blockquote>\n<p>&nbsp;<\/p>\n<p><strong>De testede varianter af varmeteknologi<\/strong><\/p>\n<p><strong>Variant 1:<\/strong> Varmepumper installeret p\u00e5 taget og udstyret med gulvvarme. GROUP7 havde dog tidligere haft d\u00e5rlige erfaringer med denne variant, da \u201evarmen nedefra\u201c havde f\u00e5et medarbejderne til at f\u00f8le sig utilpas og urolige. Der var ogs\u00e5 andre grunde til, at denne variant ikke skulle overvejes:<br \/>\nA) Den n\u00f8dvendige variable reolops\u00e6tning: Hver gang det interne logistiksystem tilpasses nye kundekrav, er der risiko for at bore i vandr\u00f8rene i gulvet, n\u00e5r de 10 til 11 meter h\u00f8je stolper skal forankres.<br \/>\nB) De store m\u00e6ngder beton, der kr\u00e6ves over vandr\u00f8rene, ville have gjort systemerne mere og mere ineffektive og langsomme. Og<\/p>\n<p><strong>Variant 2:<\/strong> Varmepumper med jetdyser i loftet, som presser varm luft ned p\u00e5 gulvpladen. Ulempen ved denne l\u00f8sning var, at den varme luft stiger opad, samler st\u00f8v op fra gulvpladen og spreder det over varerne - et s\u00e6rligt problem med s\u00e5kaldte C-varer, som opbevares i lange perioder. For premium-logistikudbyderen GROUP7 var den varmerulle, der ville blive skabt i bygningen, ikke acceptabel, \u201e... fordi vi \u00f8nsker at tilbyde logistik af h\u00f8j kvalitet og ikke st\u00f8vede varer - det er ikke vores kvalitetsstandard og ikke vores kunders\u201c, siger Daniel Jocher, projektleder hos GROUP7.<\/p>\n<p><strong>Variant 3:<\/strong> En systemkonfiguration best\u00e5ende af gasdrevne m\u00f8rke radiatorer, ved siden af hvilke der er placeret elektriske IR-radiatorer. Denne variant ville have givet de velkendte fordele ved str\u00e5levarme, s\u00e5som den ensartede varmefornemmelse uden st\u00f8vcirkulation og uden varme fra gulvpladen. Fra GROUP7's synspunkt var dette dog heller ikke en fornuftig l\u00f8sning, da antallet af radiatorer i hallen og vedligeholdelsesindsatsen ville blive fordoblet.<br \/>\nville have. Varmefordelingen ville ogs\u00e5 v\u00e6re problematisk, da de skiftevis installerede m\u00f8rke og elektriske radiatorer ikke m\u00e5tte v\u00e6re i drift p\u00e5 samme tid, og der ville opst\u00e5 k\u00f8lighed i mellemrummene. Derudover \u00f8nskede GROUP7 ikke at bruge rent gasdrevne apparater.<\/p>\n<p><strong>Den innovative l\u00f8sning<\/strong><br \/>\nS\u00f8gningen efter en passende varmeteknologi f\u00f8rte til den nye Fair.AIdH-teknologi* FUTURA. Det prisbel\u00f8nnede system kombinerer alle fordelene ved m\u00f8rk radiatorteknologi i haller med energifleksibel drift: Det bruger ekstremt lidt energi, hvirvler ikke st\u00f8v op, sikrer en behagelig, j\u00e6vn varmefornemmelse og kombinerer variabelt el- og gasdrift i \u00e9n enhed. \u201eVi inds\u00e5, at det simpelthen var den perfekte l\u00f8sning for os med hensyn til brug\u201c, siger Daniel Jocher. For det var klart, at vi havde brug for gas som et redundansmedie til at d\u00e6kke den m\u00f8rke tid. FUTURA drives i vid udstr\u00e6kning af billig elektricitet fra virksomhedens eget solcelleanl\u00e6g. Fremadrettet tilbyder den innovative teknologi ogs\u00e5 en l\u00f8sning med brint, som senere kan distribueres via elnettet. \u201eDette produkt er en fantastisk kombination, fordi det samler alle tre medier.\u201c<\/p>\n<p>* Fair.AIdH st\u00e5r for energifleksibel, adaptiv, infrar\u00f8d, AI-drevet hallopvarmning og<br \/>\nrefererer til en ny infrar\u00f8d opvarmningsteknologi, der blandt andet er kendetegnet ved sin<br \/>\nenergifleksibilitet (multi-energi IR-halopvarmning) og gennem AI-st\u00f8ttet<br \/>\nkontrolfunktioner er fundamentalt forskellige fra den konventionelle gasdrevne<br \/>\nm\u00f8rk radiatorteknologi.<\/p>\n<p>&nbsp;<\/p>\n<p><strong>Grundlaget for beslutningen<\/strong><\/p>\n<div id=\"attachment_30864\" style=\"width: 618px\" class=\"wp-caption alignright\"><img decoding=\"async\" aria-describedby=\"caption-attachment-30864\" class=\"wp-image-30864\" src=\"https:\/\/www.kuebler-hallenheizungen.de\/wp-content\/uploads\/2025\/07\/fav_img_3584_dunkler-300x225.jpg\" alt=\"Moderne lagerbygning med tr\u00e6bj\u00e6lker og infrar\u00f8d opvarmning af hallen\" width=\"608\" height=\"456\" srcset=\"https:\/\/www.kuebler-hallenheizungen.de\/wp-content\/uploads\/2025\/07\/fav_img_3584_dunkler-300x225.jpg 300w, https:\/\/www.kuebler-hallenheizungen.de\/wp-content\/uploads\/2025\/07\/fav_img_3584_dunkler-1024x768.jpg 1024w, https:\/\/www.kuebler-hallenheizungen.de\/wp-content\/uploads\/2025\/07\/fav_img_3584_dunkler-768x576.jpg 768w, https:\/\/www.kuebler-hallenheizungen.de\/wp-content\/uploads\/2025\/07\/fav_img_3584_dunkler-60x45.jpg 60w, https:\/\/www.kuebler-hallenheizungen.de\/wp-content\/uploads\/2025\/07\/fav_img_3584_dunkler-100x75.jpg 100w, https:\/\/www.kuebler-hallenheizungen.de\/wp-content\/uploads\/2025\/07\/fav_img_3584_dunkler-240x180.jpg 240w, https:\/\/www.kuebler-hallenheizungen.de\/wp-content\/uploads\/2025\/07\/fav_img_3584_dunkler-360x270.jpg 360w, https:\/\/www.kuebler-hallenheizungen.de\/wp-content\/uploads\/2025\/07\/fav_img_3584_dunkler-480x360.jpg 480w, https:\/\/www.kuebler-hallenheizungen.de\/wp-content\/uploads\/2025\/07\/fav_img_3584_dunkler-560x420.jpg 560w, https:\/\/www.kuebler-hallenheizungen.de\/wp-content\/uploads\/2025\/07\/fav_img_3584_dunkler-640x480.jpg 640w, https:\/\/www.kuebler-hallenheizungen.de\/wp-content\/uploads\/2025\/07\/fav_img_3584_dunkler-720x540.jpg 720w, https:\/\/www.kuebler-hallenheizungen.de\/wp-content\/uploads\/2025\/07\/fav_img_3584_dunkler-960x720.jpg 960w, https:\/\/www.kuebler-hallenheizungen.de\/wp-content\/uploads\/2025\/07\/fav_img_3584_dunkler-1168x876.jpg 1168w, https:\/\/www.kuebler-hallenheizungen.de\/wp-content\/uploads\/2025\/07\/fav_img_3584_dunkler-1440x1080.jpg 1440w, https:\/\/www.kuebler-hallenheizungen.de\/wp-content\/uploads\/2025\/07\/fav_img_3584_dunkler-1920x1440.jpg 1920w, https:\/\/www.kuebler-hallenheizungen.de\/wp-content\/uploads\/2025\/07\/fav_img_3584_dunkler-1536x1152.jpg 1536w, https:\/\/www.kuebler-hallenheizungen.de\/wp-content\/uploads\/2025\/07\/fav_img_3584_dunkler-2048x1536.jpg 2048w, https:\/\/www.kuebler-hallenheizungen.de\/wp-content\/uploads\/2025\/07\/fav_img_3584_dunkler-16x12.jpg 16w, https:\/\/www.kuebler-hallenheizungen.de\/wp-content\/uploads\/2025\/07\/fav_img_3584_dunkler.jpg 2560w\" sizes=\"(max-width: 608px) 100vw, 608px\" \/><p id=\"caption-attachment-30864\" class=\"wp-caption-text\">Energifleksible infrar\u00f8de halvarmere fra FUTURA-serien<\/p><\/div>\n<p>\u201eBeslutningen blev truffet p\u00e5 grund af muligheden for at kombinere el og gas,\u201c siger Daniel Jocher. Aspekterne driftssikkerhed og omskiftelig str\u00f8m var ogs\u00e5 relevante, da det var tydeligt, at gas er et relevant redundansmedie for at forblive uafh\u00e6ngig af dyr netelektricitet p\u00e5 grund af m\u00f8rketid eller mulige blackouts. Det var ogs\u00e5 interessant at se p\u00e5 brint, som kunne distribueres i nettene i fremtiden. \u201eMuligheden for at kombinere el og gas som redundansmedie giver driftssikkerhed p\u00e5 m\u00f8rke dage, eller n\u00e5r der er snebelastning, da vi ikke beh\u00f8ver at tr\u00e6kke dyr el fra nettet. Selv p\u00e5 baggrund af et muligt blackout vil forsyningssikkerheden stadig v\u00e6re garanteret med redundansmediet og solceller.<br \/>\ngaranteret. Det var vigtigt for os.\u201c<\/p>\n<p><strong>Kort sagt var disse faktorer ogs\u00e5 afg\u00f8rende for beslutningen:<\/strong><\/p>\n<ul>\n<li>Evnen til at kombinere elektricitet, brint og gas i \u00e9n enhed (energifleksibilitet)<\/li>\n<li>Lokal opvarmning kun i de omr\u00e5der, hvor der rent faktisk arbejdes (fleksibel zoneopvarmning)<\/li>\n<li>P\u00e5lidelig grundl\u00e6ggende temperaturstyring som frostsikring af varer<\/li>\n<li>Konstant varmeforsyning, selv n\u00e5r det er m\u00f8rkt (driftssikkerhed)<\/li>\n<li>Investering og fremtidssikring i de kommende \u00e5rtier<\/li>\n<\/ul>\n<p>\u201eVi ville have et produkt, der ser fremad.\u201c FUTURA kan drives fleksibelt med forskellige (vedvarende) energikilder som elektricitet, brint eller (biogene) gasser og giver derfor GROUP7 absolut investeringssikkerhed.<br \/>\np\u00e5 vej mod en CO2-fri \u00e6ra - langt efter 2045.<\/p>\n<p>&nbsp;<\/p>\n<p><strong>Realiseringen<\/strong><br \/>\nSiden 31. december 2024 har de fem halsektioner v\u00e6ret opvarmet med apparater fra de energifleksible Fair.AIdH-systemer (FUTURA multi-energi-IR-varme med CELESTRA digital styring), som udelukkende forsynes med elektricitet via et solcelleanl\u00e6g med en kapacitet p\u00e5 ca. 3 MWp.<\/p>\n<p>Logistikcentret \u00abSchwaig 2\u00bb blev opdelt i 12 varmezoner i henhold til hallens sektioner. Det g\u00f8r det muligt at styre de forskellige anvendelsesomr\u00e5der i den imponerende halbygning individuelt afh\u00e6ngigt af varmebehovet, hvilket yderligere \u00f8ger systemets allerede h\u00f8je energieffektivitet. Varmeapparaterne i de enkelte zoner styres hver is\u00e6r af en AI-underst\u00f8ttet CELESTRA digital controller. Systemerne kan intelligent styre, hvilke varmemedier der bruges i hver zone.<br \/>\nog planl\u00e6gge de lagrede tariffer. Der tages automatisk h\u00f8jde for ikke-arbejdstider som weekender og helligdage.<\/p>\n<p>EMMAs energistyringssystem overv\u00e5ger hele opvarmningsprocessen og temperaturkurven indefra og udefra for hvert varmesystem i realtid og analyserer og dokumenterer dataene til revisioner, f.eks. i overensstemmelse med DIN EN 50001, i henhold til<br \/>\nsom ogs\u00e5 er GROUP7-certificeret. Det betyder, at forbrug, temperaturer, luftfugtighed og andre kvalitetsindikatorer altid er tilg\u00e6ngelige for dokumentation og verifikation.<\/p>\n<p>&nbsp;<\/p>\n<p><strong>De f\u00f8rste erfaringer fra praksis<\/strong><br \/>\nVarmesystemet k\u00f8rer om dagen fra kl. 9 til 17 i elektrisk tilstand ved 20 \u00b0C. De f\u00f8rste m\u00e5neders drift har vist, at det ca. 3 MWp store solcelleanl\u00e6g nemt d\u00e6kker elbehovet p\u00e5 760 kWh i dette tidsrum, selv n\u00e5r det er overskyet. Fra kl. 17.00 slukkes systemet p\u00e5 denne m\u00e5de, og varmesystemet reguleres teoretisk ned fra 20 \u00b0C arbejdstemperatur til 17 \u00b0C (indstillet m\u00e5ltemperatur om natten). I virkeligheden har det dog vist sig, at der stort set ikke er nogen temperaturreduktion overhovedet p\u00e5 grund af bygningens gode varmelagringskapacitet.<\/p>\n<p>&nbsp;<\/p>\n<p><strong>DGNB Guldstandard<\/strong><\/p>\n<p><img decoding=\"async\" class=\"wp-image-20968\" src=\"https:\/\/www.kuebler-hallenheizungen.de\/wp-content\/uploads\/2024\/06\/dgnb_mitglied_verein-300x93.png\" alt=\"Medlem af DGNB&quot;-logo med bl\u00e5gr\u00f8nne ringe.\" width=\"545\" height=\"169\" srcset=\"https:\/\/www.kuebler-hallenheizungen.de\/wp-content\/uploads\/2024\/06\/dgnb_mitglied_verein-300x93.png 300w, https:\/\/www.kuebler-hallenheizungen.de\/wp-content\/uploads\/2024\/06\/dgnb_mitglied_verein-1024x317.png 1024w, https:\/\/www.kuebler-hallenheizungen.de\/wp-content\/uploads\/2024\/06\/dgnb_mitglied_verein-768x237.png 768w, https:\/\/www.kuebler-hallenheizungen.de\/wp-content\/uploads\/2024\/06\/dgnb_mitglied_verein-60x19.png 60w, https:\/\/www.kuebler-hallenheizungen.de\/wp-content\/uploads\/2024\/06\/dgnb_mitglied_verein-100x31.png 100w, https:\/\/www.kuebler-hallenheizungen.de\/wp-content\/uploads\/2024\/06\/dgnb_mitglied_verein-240x74.png 240w, https:\/\/www.kuebler-hallenheizungen.de\/wp-content\/uploads\/2024\/06\/dgnb_mitglied_verein-360x111.png 360w, https:\/\/www.kuebler-hallenheizungen.de\/wp-content\/uploads\/2024\/06\/dgnb_mitglied_verein-480x148.png 480w, https:\/\/www.kuebler-hallenheizungen.de\/wp-content\/uploads\/2024\/06\/dgnb_mitglied_verein-560x173.png 560w, https:\/\/www.kuebler-hallenheizungen.de\/wp-content\/uploads\/2024\/06\/dgnb_mitglied_verein-640x198.png 640w, https:\/\/www.kuebler-hallenheizungen.de\/wp-content\/uploads\/2024\/06\/dgnb_mitglied_verein-720x223.png 720w, https:\/\/www.kuebler-hallenheizungen.de\/wp-content\/uploads\/2024\/06\/dgnb_mitglied_verein-960x297.png 960w, https:\/\/www.kuebler-hallenheizungen.de\/wp-content\/uploads\/2024\/06\/dgnb_mitglied_verein-1168x361.png 1168w, https:\/\/www.kuebler-hallenheizungen.de\/wp-content\/uploads\/2024\/06\/dgnb_mitglied_verein-18x6.png 18w, https:\/\/www.kuebler-hallenheizungen.de\/wp-content\/uploads\/2024\/06\/dgnb_mitglied_verein.png 1417w\" sizes=\"(max-width: 545px) 100vw, 545px\" \/><\/p>\n<p>Halvarmesystemet i den nye logistikejendom \u00abSchwaig 2\u00bb, der best\u00e5r af Fair.AIdH FUTURA-apparater og digitale styringer fra CELESTRA-serien, passer perfekt ind i GROUP7's b\u00e6redygtighedskoncept, der er baseret p\u00e5 f\u00f8lgende principper for alle deres logistikfaciliteter<\/p>\n<p>Det tyske r\u00e5d for b\u00e6redygtigt byggeri (DGNB) er engageret i \u00f8konomisk og \u00f8kologisk fremsynet planl\u00e6gning og anvendelse og certificerer derfor alle nye byggeprojekter i overensstemmelse med DGNB. Det tyske r\u00e5d for b\u00e6redygtigt byggeri (DGNB) vurderer \u00f8kologi, \u00f8konomi, teknologi, proces og placering og evaluerer ogs\u00e5 infrastrukturen og livscyklussen for GROUP7-logistikejendomme.<\/p>\n<blockquote><p>\u201eDet var vigtigt for os, at vi kun opvarmede de omr\u00e5der, hvor folk rent faktisk arbejder.\u201c<\/p><\/blockquote>\n<p>&nbsp;<\/p>\n<p><strong>Konklusion<\/strong><\/p>\n<p><strong>Resultaterne<\/strong><br \/>\n\u201eVores f\u00f8rste konklusion er, at vi er meget tilfredse med b\u00e5de den m\u00e5de, varmen er installeret p\u00e5, og med implementeringen. Samarbejdet var meget partnerskabs- og l\u00f8sningsorienteret,\u201c siger Daniel Jocher. Realiseringen gik glat i to byggefaser med en fast tidsplan. Hal C, D og E blev taget i brug den 23. december 2024, hal A og B den 31. marts 2025.<\/p>\n<p>Da der stadig var for f\u00e5 p\u00e5lidelige tal til r\u00e5dighed efter de f\u00f8rste par m\u00e5neders drift, blev der udarbejdet en sammenlignende beregning til effektivitetsvurderingen, og det ledsagende arkitektfirma Jochen Peitz, Remscheid, blev bestilt til at g\u00f8re dette. I beregningen blev<br \/>\nDe teoretiske forbrugsv\u00e6rdier for FUTURA Fair.AIdH-systemet blev sammenlignet med andre opvarmningsvarianter.<\/p>\n<p><strong>Konklusion p\u00e5 den sammenlignende beregning:<\/strong><br \/>\nDen gigantiske hal med en loftsh\u00f8jde p\u00e5 omkring 13 meter er betydeligt lavere end energiforbruget i en KfW40-bygning, har en \u00e5rlig besparelse p\u00e5 324 MWh, hvilket er 14,25 procent bedre med hensyn til prim\u00e6renergiforbrug end alternativet varmepumpe-luftvarme, og er p\u00e5 niveau med sidstn\u00e6vnte med hensyn til det endelige energibehov (21,9 vs. 21,10 kWh\/m\u00b2a). Konklusionen: I en teoretisk sammenligning af det endelige energibehov i henhold til DIN V 18599 ligger FUTURA Fair.AIdH og varmepumpesystemerne p\u00e5 samme niveau.<\/p>\n<p>I praksis forventes det, at FUTURA-systemet vil adskille sig endnu tydeligere fra varmepumpe-luftvarme-varianten med hensyn til energi. Dette skyldes, at den teoretiske beregning ikke tager h\u00f8jde for a) det faktum, at der her blev antaget 50 % gasdrift, men at 100 % faktisk kun opvarmes med elektricitet, og b) de mere effektive funktioner i nye, digitaliserede systemer. En unders\u00f8gelse fra Fraunhofer Institute for Solar Energy Systems (ISE) viser, at de m\u00e5lte besparelsesv\u00e6rdier i virkeligheden er mere end 1,6 gange bedre, end man i \u00f8jeblikket ville forvente p\u00e5 grundlag af den for\u00e6ldede DIN V 18599-standard.<\/p>\n<p>&nbsp;<\/p>\n<p><strong>GROUP7 Projekt \u00abSchwaig 2\u00bb | Resultater af de sammenlignende beregninger<\/strong><\/p>\n<p>I den sammenlignende beregning af arkitekterne Jochen Peitz blev det prim\u00e6re og endelige energibehov for den nye Fair.AIdH-teknologi FUTURA (driftstilstand el\/gas 50:50) sammenlignet med fire andre varmesystemer: Autonom luftopvarmning,<br \/>\nM\u00f8rke radiatorer gasdrevne, luftvarmer-varmepumpe el-drevet og luftvarmer-varmepumpe gasdrevet.<\/p>\n<div id=\"attachment_81184\" style=\"width: 643px\" class=\"wp-caption alignnone\"><img decoding=\"async\" aria-describedby=\"caption-attachment-81184\" class=\"wp-image-81184\" src=\"https:\/\/www.kuebler-hallenheizungen.de\/wp-content\/uploads\/2026\/01\/group7_grafik_1-300x119.png\" alt=\"S\u00f8jlediagram over det prim\u00e6re energibehov for forskellige varmesystemer\" width=\"633\" height=\"251\" srcset=\"https:\/\/www.kuebler-hallenheizungen.de\/wp-content\/uploads\/2026\/01\/group7_grafik_1-300x119.png 300w, https:\/\/www.kuebler-hallenheizungen.de\/wp-content\/uploads\/2026\/01\/group7_grafik_1-60x24.png 60w, https:\/\/www.kuebler-hallenheizungen.de\/wp-content\/uploads\/2026\/01\/group7_grafik_1-100x40.png 100w, https:\/\/www.kuebler-hallenheizungen.de\/wp-content\/uploads\/2026\/01\/group7_grafik_1-240x95.png 240w, https:\/\/www.kuebler-hallenheizungen.de\/wp-content\/uploads\/2026\/01\/group7_grafik_1-360x143.png 360w, https:\/\/www.kuebler-hallenheizungen.de\/wp-content\/uploads\/2026\/01\/group7_grafik_1-18x7.png 18w, https:\/\/www.kuebler-hallenheizungen.de\/wp-content\/uploads\/2026\/01\/group7_grafik_1.png 453w\" sizes=\"(max-width: 633px) 100vw, 633px\" \/><p id=\"caption-attachment-81184\" class=\"wp-caption-text\">Noter og resultater:<br \/>Det elektriske infrar\u00f8de varmesystem = Fair.AidH-teknologi<br \/>FUTURA har det laveste prim\u00e6re energibehov.<\/p><\/div>\n<p>&nbsp;<\/p>\n<div id=\"attachment_81185\" style=\"width: 645px\" class=\"wp-caption alignleft\"><img decoding=\"async\" aria-describedby=\"caption-attachment-81185\" class=\"wp-image-81185\" src=\"https:\/\/www.kuebler-hallenheizungen.de\/wp-content\/uploads\/2026\/01\/group7_grafik_2-300x121.png\" alt=\"S\u00f8jlediagram viser det endelige energiforbrug for forskellige varmesystemer\" width=\"635\" height=\"256\" srcset=\"https:\/\/www.kuebler-hallenheizungen.de\/wp-content\/uploads\/2026\/01\/group7_grafik_2-300x121.png 300w, https:\/\/www.kuebler-hallenheizungen.de\/wp-content\/uploads\/2026\/01\/group7_grafik_2-60x24.png 60w, https:\/\/www.kuebler-hallenheizungen.de\/wp-content\/uploads\/2026\/01\/group7_grafik_2-100x40.png 100w, https:\/\/www.kuebler-hallenheizungen.de\/wp-content\/uploads\/2026\/01\/group7_grafik_2-240x97.png 240w, https:\/\/www.kuebler-hallenheizungen.de\/wp-content\/uploads\/2026\/01\/group7_grafik_2-360x145.png 360w, https:\/\/www.kuebler-hallenheizungen.de\/wp-content\/uploads\/2026\/01\/group7_grafik_2-18x7.png 18w, https:\/\/www.kuebler-hallenheizungen.de\/wp-content\/uploads\/2026\/01\/group7_grafik_2.png 449w\" sizes=\"(max-width: 635px) 100vw, 635px\" \/><p id=\"caption-attachment-81185\" class=\"wp-caption-text\">Noter og resultater:<br \/>Hallens varmesystem med Fair.AidH-teknologien FUTURA er n\u00e6sten<br \/>\u00e6kvivalent sammenlignet med det el-drevne varmepumpesystem.<\/p><\/div>","protected":false},"featured_media":30864,"template":"","categories":[1],"class_list":["post-81157","referenzen","type-referenzen","status-publish","has-post-thumbnail","hentry","category-allgemein"],"acf":[],"_links":{"self":[{"href":"https:\/\/www.kuebler-hallenheizungen.de\/da\/wp-json\/wp\/v2\/referenzen\/81157","targetHints":{"allow":["GET"]}}],"collection":[{"href":"https:\/\/www.kuebler-hallenheizungen.de\/da\/wp-json\/wp\/v2\/referenzen"}],"about":[{"href":"https:\/\/www.kuebler-hallenheizungen.de\/da\/wp-json\/wp\/v2\/types\/referenzen"}],"wp:featuredmedia":[{"embeddable":true,"href":"https:\/\/www.kuebler-hallenheizungen.de\/da\/wp-json\/wp\/v2\/media\/30864"}],"wp:attachment":[{"href":"https:\/\/www.kuebler-hallenheizungen.de\/da\/wp-json\/wp\/v2\/media?parent=81157"}],"wp:term":[{"taxonomy":"category","embeddable":true,"href":"https:\/\/www.kuebler-hallenheizungen.de\/da\/wp-json\/wp\/v2\/categories?post=81157"}],"curies":[{"name":"wp","href":"https:\/\/api.w.org\/{rel}","templated":true}]}}