{"id":17846,"date":"2021-03-19T17:17:32","date_gmt":"2021-03-19T16:17:32","guid":{"rendered":"https:\/\/kuebler.werbe-sofa.de\/referenzen\/rund-30-weniger-co2-mit-dieser-hallenheizung-sind-wir-fuer-jahre-auf-der-sicheren-seite\/"},"modified":"2024-06-19T03:15:55","modified_gmt":"2024-06-19T01:15:55","slug":"ut-umwelt-und-transporttechnik-ag","status":"publish","type":"referenzen","link":"https:\/\/www.kuebler-hallenheizungen.de\/fi\/referenzen\/ut-umwelt-und-transporttechnik-ag\/","title":{"rendered":"\"Noin 30 % v\u00e4hemm\u00e4n hiilidioksidia - t\u00e4m\u00e4n hallin l\u00e4mmitysj\u00e4rjestelm\u00e4n ansiosta olemme varmalla puolella tulevina vuosina.\""},"content":{"rendered":"<p>Tunnettu liechtensteinil\u00e4inen yritys UT Umwelt- und Transporttechnik AG on rakentanut l\u00e4mmitysj\u00e4rjestelm\u00e4ns\u00e4 nykyaikaistamisen my\u00f6t\u00e4 kauaskantoisen ratkaisun tulevaisuutta varten. Siihen asennettiin infrapunal\u00e4mmitykseen erikoistuneen K\u00dcBLERin energiaa s\u00e4\u00e4st\u00e4v\u00e4 j\u00e4rjestelm\u00e4. Vuodesta 2012 l\u00e4htien t\u00e4m\u00e4 ratkaisu on varmistanut luotettavasti kest\u00e4v\u00e4n energian ja hiilidioksidip\u00e4\u00e4st\u00f6jen v\u00e4hent\u00e4misen l\u00e4mmitystoiminnan.<br \/>\n<H\u2082>L\u00e4mmitysongelma<\/H\u2082><br \/>\nNosturirata ja l\u00e4mmittimet hallin katossa? Vuonna 1987 Ruggellin kokoonpanohallin pime\u00e4t l\u00e4mp\u00f6patterit sijoitettiin t\u00f6rm\u00e4ysten pelossa 3-4 metrin korkeudelle suoraan ty\u00f6pisteiden yl\u00e4puolelle, eik\u00e4 pakokaasujen reitityst\u00e4 ollut asennettu. T\u00e4ll\u00e4 v\u00e4lin laitteet olivat vanhentuneet, varaosia ei ollut en\u00e4\u00e4 saatavilla ja t\u00e4ysin uudet ymp\u00e4rist\u00f6nsuojelu- ja energiatehokkuusvaatimukset olivat tulleet voimaan. L\u00e4mmitysj\u00e4rjestelm\u00e4n nykyaikaistaminen oli kiireellisesti tarpeen.<br \/>\n<H\u2082>Asiakkaan vaatimukset<\/H\u2082><\/p>\n<ul>\n<li>Nykyaikainen tekniikka, joka t\u00e4ytt\u00e4\u00e4 lakis\u00e4\u00e4teiset vaatimukset tulevina vuosina.<\/li>\n<li>Ratkaisu l\u00e4mmitys-\/nosturiradan t\u00f6rm\u00e4ysongelmaan<\/li>\n<li>Korkea luotettavuus<\/li>\n<li>Yksinkertainen k\u00e4ytt\u00f6, nopeat asetusmuutokset<\/li>\n<li>Luotettavat varaosat<\/li>\n<\/ul>\n<p><H\u2082>Ratkaisu<\/H\u2082><br \/>\nVanhan ty\u00f6paikkal\u00e4mmitysmallin mukaan pakokaasujen reitityst\u00e4 ei voitu toteuttaa. Jo pelk\u00e4st\u00e4\u00e4n nosturiradan vuoksi. Siksi noudatettiin Vaduzissa toimivan Ospelt Haustechnik AG:n suositusta. UT toteutti K\u00dcBLER-konseptin hallin kokonaisl\u00e4mmityst\u00e4 varten. T\u00e4ss\u00e4 ratkaisussa eritt\u00e4in tehokkaat infrapunas\u00e4teilij\u00e4t ripustettiin hallin kattoon valaistuksen ja nosturin v\u00e4liin. Niit\u00e4 ohjattiin keskitetysti nykyaikaisella ja helppok\u00e4ytt\u00f6isell\u00e4 digitaalisella ohjausj\u00e4rjestelm\u00e4ll\u00e4.<br \/>\n<H\u2082>Haasteet<\/H\u2082><br \/>\nKoko j\u00e4rjestelm\u00e4 valmistui 14 p\u00e4iv\u00e4ss\u00e4. Haasteena oli, ett\u00e4 asennusty\u00f6t oli suoritettava k\u00e4ynniss\u00e4 olevan toiminnan aikana. My\u00f6s olosuhteet olivat vaikeat: J\u00e4nnitettyyn betonikattoon oli tuskin mahdollista porata reiki\u00e4 infrapunal\u00e4mmittimien ripustamista varten. Kaikki hankkeeseen osallistuneet - UT, Ospelt, silloinen arkkitehti, rakennesuunnittelutoimisto, HILTI:n ja K\u00dcBLERin kiinnitysasiantuntijat - tekiv\u00e4t yhteisty\u00f6t\u00e4. Yhdess\u00e4 l\u00f6ydettiin ihanteellinen kiinnitysratkaisu. My\u00f6s UT:n itse suorittama koko s\u00e4hk\u00f6j\u00e4rjestelm\u00e4n laaja purku ja uudelleenasennus saatiin nopeasti ja suunnitelmien mukaisesti p\u00e4\u00e4t\u00f6kseen.<\/p>\n<blockquote><p>\"Olemme investoineet energiatehokkuuden kannalta uraauurtavaan teknologiaan\".<\/p>\n<p>\"En olisi uskonut, ett\u00e4 yhteisty\u00f6 ei-paikallisen yrityksen kanssa toimisi n\u00e4in sujuvasti.\"<br \/>\nWalter Rohrer, Ospelt Haustechnik AG, Ospelt Haustechnik AG<\/p><\/blockquote>\n<p><H\u2082>Tulos<\/H\u2082><br \/>\n\u201eEnergians\u00e4\u00e4st\u00f6 ei ollut meille ensisijainen tavoite. Mutta tietysti hyv\u00e4ksymme mielell\u00e4mme 29 %:n v\u00e4hennyksen CO\u2082-p\u00e4\u00e4st\u00f6iss\u00e4 ja energiakustannuksissa*\u201c, sanoo UT:n tekninen johtaja Edi Veith. \u201eOlemme tyytyv\u00e4isi\u00e4, ett\u00e4 olemme tehneet t\u00e4m\u00e4n p\u00e4\u00e4t\u00f6ksen.\u201c \u201eYksinkertaisesti hienoa\u201c, tiivist\u00e4\u00e4 Walter Rohrer Ospeltist\u00e4 vaikutelmansa ja viittaa uuden hallien l\u00e4mmitysj\u00e4rjestelm\u00e4n yleiseen toimivuuteen. Sek\u00e4 asiakkaaseen ett\u00e4 taloteknikkoon teki kuitenkin erityisen vaikutuksen erinomainen yhteisty\u00f6 ja koordinointi toteutusvaiheen aikana. \u201eOlemme tottuneet muihin asioihin\u201c, Walter Rohrer sanoo. J\u00e4rjestelm\u00e4 toimii nyt kolmatta vuotta luotettavasti. Ymp\u00e4rist\u00f6vaatimusten ja energiatehokkuuden suhteen yritys on laillisesti varmalla puolella tulevina vuosina. My\u00f6s ty\u00f6ntekij\u00f6iden palaute on ollut eritt\u00e4in my\u00f6nteist\u00e4. \u201eEi ole mit\u00e4\u00e4n keskusteluja. P\u00e4invastoin, ty\u00f6ilmapiiri koetaan eritt\u00e4in miellytt\u00e4v\u00e4ksi\u201c, Edi Veith sanoo. UT on eritt\u00e4in tyytyv\u00e4inen my\u00f6s valvontaj\u00e4rjestelm\u00e4\u00e4n. Guido Ritter UT:st\u00e4: \u201eYksinkertaisen keskitetyn ohjausj\u00e4rjestelm\u00e4n ansiosta voimme ohjata l\u00e4mmitysprosessia kohdennetusti niin, ett\u00e4 hallien vesi ei j\u00e4\u00e4dy kuten ennen.\u201c<\/p>\n<p><img decoding=\"async\" class=\"alignnone wp-image-2330 size-full\" src=\"https:\/\/www.kuebler-hallenheizungen.de\/wp-content\/uploads\/2021\/03\/bildschirmfoto-2021-03-19-um-18.14.39-optimiert.jpg\" alt=\"Keskim\u00e4\u00e4r\u00e4iset s\u00e4\u00e4st\u00f6t\" width=\"1904\" height=\"476\" srcset=\"https:\/\/www.kuebler-hallenheizungen.de\/wp-content\/uploads\/2021\/03\/bildschirmfoto-2021-03-19-um-18.14.39-optimiert.jpg 1904w, https:\/\/www.kuebler-hallenheizungen.de\/wp-content\/uploads\/2021\/03\/bildschirmfoto-2021-03-19-um-18.14.39-optimiert-300x75.jpg 300w, https:\/\/www.kuebler-hallenheizungen.de\/wp-content\/uploads\/2021\/03\/bildschirmfoto-2021-03-19-um-18.14.39-optimiert-1024x256.jpg 1024w, https:\/\/www.kuebler-hallenheizungen.de\/wp-content\/uploads\/2021\/03\/bildschirmfoto-2021-03-19-um-18.14.39-optimiert-768x192.jpg 768w, https:\/\/www.kuebler-hallenheizungen.de\/wp-content\/uploads\/2021\/03\/bildschirmfoto-2021-03-19-um-18.14.39-optimiert-60x15.jpg 60w, https:\/\/www.kuebler-hallenheizungen.de\/wp-content\/uploads\/2021\/03\/bildschirmfoto-2021-03-19-um-18.14.39-optimiert-100x25.jpg 100w, https:\/\/www.kuebler-hallenheizungen.de\/wp-content\/uploads\/2021\/03\/bildschirmfoto-2021-03-19-um-18.14.39-optimiert-240x60.jpg 240w, https:\/\/www.kuebler-hallenheizungen.de\/wp-content\/uploads\/2021\/03\/bildschirmfoto-2021-03-19-um-18.14.39-optimiert-360x90.jpg 360w, https:\/\/www.kuebler-hallenheizungen.de\/wp-content\/uploads\/2021\/03\/bildschirmfoto-2021-03-19-um-18.14.39-optimiert-480x120.jpg 480w, https:\/\/www.kuebler-hallenheizungen.de\/wp-content\/uploads\/2021\/03\/bildschirmfoto-2021-03-19-um-18.14.39-optimiert-560x140.jpg 560w, https:\/\/www.kuebler-hallenheizungen.de\/wp-content\/uploads\/2021\/03\/bildschirmfoto-2021-03-19-um-18.14.39-optimiert-640x160.jpg 640w, https:\/\/www.kuebler-hallenheizungen.de\/wp-content\/uploads\/2021\/03\/bildschirmfoto-2021-03-19-um-18.14.39-optimiert-720x180.jpg 720w, https:\/\/www.kuebler-hallenheizungen.de\/wp-content\/uploads\/2021\/03\/bildschirmfoto-2021-03-19-um-18.14.39-optimiert-960x240.jpg 960w, https:\/\/www.kuebler-hallenheizungen.de\/wp-content\/uploads\/2021\/03\/bildschirmfoto-2021-03-19-um-18.14.39-optimiert-1168x292.jpg 1168w, https:\/\/www.kuebler-hallenheizungen.de\/wp-content\/uploads\/2021\/03\/bildschirmfoto-2021-03-19-um-18.14.39-optimiert-1440x360.jpg 1440w, https:\/\/www.kuebler-hallenheizungen.de\/wp-content\/uploads\/2021\/03\/bildschirmfoto-2021-03-19-um-18.14.39-optimiert-1536x384.jpg 1536w, https:\/\/www.kuebler-hallenheizungen.de\/wp-content\/uploads\/2021\/03\/bildschirmfoto-2021-03-19-um-18.14.39-optimiert-18x5.jpg 18w\" sizes=\"(max-width: 1904px) 100vw, 1904px\" \/><\/p>\n<p>* Keskim\u00e4\u00e4r\u00e4iset s\u00e4\u00e4st\u00f6t vuodessa: (laskettu vanhan j\u00e4rjestelm\u00e4n kulutusarvoista 2007-2011 verrattuna kulutusarvoihin kunnostuksen j\u00e4lkeen 2012-2014).<\/p>","protected":false},"featured_media":19337,"template":"","categories":[1],"class_list":["post-17846","referenzen","type-referenzen","status-publish","has-post-thumbnail","hentry","category-allgemein"],"acf":[],"_links":{"self":[{"href":"https:\/\/www.kuebler-hallenheizungen.de\/fi\/wp-json\/wp\/v2\/referenzen\/17846","targetHints":{"allow":["GET"]}}],"collection":[{"href":"https:\/\/www.kuebler-hallenheizungen.de\/fi\/wp-json\/wp\/v2\/referenzen"}],"about":[{"href":"https:\/\/www.kuebler-hallenheizungen.de\/fi\/wp-json\/wp\/v2\/types\/referenzen"}],"wp:featuredmedia":[{"embeddable":true,"href":"https:\/\/www.kuebler-hallenheizungen.de\/fi\/wp-json\/wp\/v2\/media\/19337"}],"wp:attachment":[{"href":"https:\/\/www.kuebler-hallenheizungen.de\/fi\/wp-json\/wp\/v2\/media?parent=17846"}],"wp:term":[{"taxonomy":"category","embeddable":true,"href":"https:\/\/www.kuebler-hallenheizungen.de\/fi\/wp-json\/wp\/v2\/categories?post=17846"}],"curies":[{"name":"wp","href":"https:\/\/api.w.org\/{rel}","templated":true}]}}