{"id":17852,"date":"2021-03-19T17:04:22","date_gmt":"2021-03-19T16:04:22","guid":{"rendered":"https:\/\/kuebler.werbe-sofa.de\/referenzen\/reiners-fuerst-gmbh-co-kg\/"},"modified":"2024-06-19T03:16:04","modified_gmt":"2024-06-19T01:16:04","slug":"reiners-fuerst-gmbh-co-kg","status":"publish","type":"referenzen","link":"https:\/\/www.kuebler-hallenheizungen.de\/fi\/referenzen\/reiners-fuerst-gmbh-co-kg\/","title":{"rendered":"\"Uusi hallien l\u00e4mmitys s\u00e4\u00e4st\u00e4\u00e4 noin 65 % kustannuksissa.\""},"content":{"rendered":"<p>Reiners + F\u00fcrst on yksi johtavista kansainv\u00e4lisist\u00e4 yrityksist\u00e4 tekstiilikoneiden rakentamisessa. M\u00f6nchengladbachissa sijaitsevasta p\u00e4\u00e4konttoristaan k\u00e4sin se toimittaa vaativalle tekstiiliteollisuudelle maailmanlaajuisesti korkealaatuisia kehruurenkaita ja rengasmatkustajia. Innovaatiovetoisen yrityksen vuotuinen liikevaihto on noin 15 miljoonaa euroa. Reiners + F\u00fcrst on nyt nelj\u00e4nness\u00e4 sukupolvessa perhejohdossa.<\/p>\n<p><img decoding=\"async\" class=\"alignright wp-image-2327\" src=\"https:\/\/www.kuebler-hallenheizungen.de\/wp-content\/uploads\/2021\/03\/kuebler_reiners_fuerst_success_story.jpg\" alt=\"Reiners + F\u00fcrst kev\u00e4\u00e4ll\u00e4 2011\" width=\"498\" height=\"461\" srcset=\"https:\/\/www.kuebler-hallenheizungen.de\/wp-content\/uploads\/2021\/03\/kuebler_reiners_fuerst_success_story.jpg 778w, https:\/\/www.kuebler-hallenheizungen.de\/wp-content\/uploads\/2021\/03\/kuebler_reiners_fuerst_success_story-300x278.jpg 300w, https:\/\/www.kuebler-hallenheizungen.de\/wp-content\/uploads\/2021\/03\/kuebler_reiners_fuerst_success_story-768x711.jpg 768w, https:\/\/www.kuebler-hallenheizungen.de\/wp-content\/uploads\/2021\/03\/kuebler_reiners_fuerst_success_story-60x56.jpg 60w, https:\/\/www.kuebler-hallenheizungen.de\/wp-content\/uploads\/2021\/03\/kuebler_reiners_fuerst_success_story-100x93.jpg 100w, https:\/\/www.kuebler-hallenheizungen.de\/wp-content\/uploads\/2021\/03\/kuebler_reiners_fuerst_success_story-240x222.jpg 240w, https:\/\/www.kuebler-hallenheizungen.de\/wp-content\/uploads\/2021\/03\/kuebler_reiners_fuerst_success_story-360x333.jpg 360w, https:\/\/www.kuebler-hallenheizungen.de\/wp-content\/uploads\/2021\/03\/kuebler_reiners_fuerst_success_story-480x444.jpg 480w, https:\/\/www.kuebler-hallenheizungen.de\/wp-content\/uploads\/2021\/03\/kuebler_reiners_fuerst_success_story-560x518.jpg 560w, https:\/\/www.kuebler-hallenheizungen.de\/wp-content\/uploads\/2021\/03\/kuebler_reiners_fuerst_success_story-640x592.jpg 640w, https:\/\/www.kuebler-hallenheizungen.de\/wp-content\/uploads\/2021\/03\/kuebler_reiners_fuerst_success_story-720x666.jpg 720w, https:\/\/www.kuebler-hallenheizungen.de\/wp-content\/uploads\/2021\/03\/kuebler_reiners_fuerst_success_story-13x12.jpg 13w\" sizes=\"(max-width: 498px) 100vw, 498px\" \/><\/p>\n<p>ja on edustanut korkeaa laatua, luotettavuutta ja kest\u00e4vyytt\u00e4 yritysarvojensa avulla jo yli 65 vuoden ajan.<\/p>\n<p>Kun Reiners + F\u00fcrst suunnitteli kev\u00e4\u00e4ll\u00e4 2011 uutta investointia hallien l\u00e4mmitykseen, yksi ensimm\u00e4isist\u00e4 askeleista oli vierailla Effertz Toressa M\u00f6nchengladbachissa. Euroopan johtava palosuojarullaporttivalmistaja on k\u00e4ytt\u00e4nyt K\u00dcBLERin energiaa s\u00e4\u00e4st\u00e4v\u00e4\u00e4 hallien l\u00e4mmitysj\u00e4rjestelm\u00e4\u00e4 vuodesta 2008 l\u00e4htien. Kun riippumattomasti tilattu energiakonsultti suositteli K\u00dcBLER-j\u00e4rjestelm\u00e4\u00e4, p\u00e4\u00e4t\u00f6s oli tehty. Vanha \u00f6ljyl\u00e4mmitysj\u00e4rjestelm\u00e4 korvattiin H.Y.B.R.I.D.-j\u00e4rjestelm\u00e4ll\u00e4.<\/p>\n<blockquote><p>\"Infrapunal\u00e4mmitysj\u00e4rjestelmien ja j\u00e4\u00e4nn\u00f6sl\u00e4mm\u00f6n hy\u00f6dynt\u00e4misen yhdistelm\u00e4 yhdist\u00e4\u00e4 l\u00e4mmityksen, kovetusuunien ja kompressorien energiavirrat.\"<\/p><\/blockquote>\n<p><H\u2082>L\u00e4ht\u00f6tilanne<\/H\u2082><br \/>\nM\u00f6nchengladbachissa sijaitsevan kehruukehiin erikoistuneen Reiners + F\u00fcrstin L-muotoinen, pitk\u00e4nomainen rakennuskompleksi k\u00e4sitt\u00e4\u00e4 noin 6 300 m\u00b2 tuotanto- ja varastotilaa, jossa on yhteens\u00e4 viisi hallia ja 1 200 m\u00b2:n hallintorakennus. Kaikkia rakennuksia on 1980-luvulta l\u00e4htien l\u00e4mmitetty ilmal\u00e4mmittimill\u00e4, joissa on kaksi \u00f6ljyl\u00e4mmitteist\u00e4 j\u00e4rjestelm\u00e4\u00e4, joiden teho on 465 kW. Talvikuukausina siell\u00e4 poltettiin p\u00e4ivitt\u00e4in jopa 1 000 litraa l\u00e4mmitys\u00f6ljy\u00e4. J\u00e4rjestelm\u00e4 oli my\u00f6s muuttumassa yh\u00e4 ep\u00e4luotettavammaksi. Kev\u00e4\u00e4ll\u00e4 2011 Reiners + F\u00fcrst totesi, ett\u00e4 uusi investointi oli tarpeen.<\/p>\n<p><img decoding=\"async\" class=\"wp-image-2316 size-full\" src=\"https:\/\/www.kuebler-hallenheizungen.de\/wp-content\/uploads\/2021\/03\/haerteofen.png\" alt=\"Haerteofen\" width=\"196\" height=\"164\" srcset=\"https:\/\/www.kuebler-hallenheizungen.de\/wp-content\/uploads\/2021\/03\/haerteofen.png 196w, https:\/\/www.kuebler-hallenheizungen.de\/wp-content\/uploads\/2021\/03\/haerteofen-60x50.png 60w, https:\/\/www.kuebler-hallenheizungen.de\/wp-content\/uploads\/2021\/03\/haerteofen-100x84.png 100w, https:\/\/www.kuebler-hallenheizungen.de\/wp-content\/uploads\/2021\/03\/haerteofen-14x12.png 14w\" sizes=\"(max-width: 196px) 100vw, 196px\" \/> Kovetusuuni - my\u00f6s t\u00e4t\u00e4 tuotantol\u00e4mp\u00f6\u00e4 hy\u00f6dynnet\u00e4\u00e4n.<br \/>\n<H\u2082>Vaatimukset<\/H\u2082><br \/>\n\"Sis\u00e4llytimme kysymyksen 'Mik\u00e4 on meille t\u00e4ydellinen hallien l\u00e4mmitysj\u00e4rjestelm\u00e4?' energians\u00e4\u00e4st\u00f6\u00e4 koskeviin perustavanlaatuisiin pohdintoihin\", sanoo Benjamin Reiners, joka johtaa Reiners + F\u00fcrst -yhti\u00f6t\u00e4 nelj\u00e4nness\u00e4 sukupolvessa. Kaikkien mahdollisten energians\u00e4\u00e4st\u00f6mahdollisuuksien selvitt\u00e4miseksi hy\u00f6dynnettiin valtakunnallisen \"Pk-yritysten energiatehokkuus\" -aloitteen tarjoamia rahoitusmahdollisuuksia ja turvauduttiin alusta alkaen valtuutetun energiakonsultin apuun. Yhdess\u00e4 laadittiin vaatimusluettelo:<\/p>\n<ul>\n<li>Energiavirtojen yhdist\u00e4minen<\/li>\n<li>Hukkal\u00e4mm\u00f6n maksimaalinen hy\u00f6dynt\u00e4minen integroidun l\u00e4mm\u00f6nvaihtimen ansiosta.<\/li>\n<li>S\u00e4\u00e4st\u00f6potentiaalin optimaalinen hy\u00f6dynt\u00e4minen<\/li>\n<li>Energiankulutuksen ja kustannusten merkitt\u00e4v\u00e4 v\u00e4hent\u00e4minen<\/li>\n<li>Ekologisten vaatimusten t\u00e4ytt\u00e4minen v\u00e4himm\u00e4isvaatimuksena.<\/li>\n<li>Ilman kosteuden v\u00e4hent\u00e4minen<\/li>\n<li>Eri ty\u00f6pisteiden pistekohtainen l\u00e4mmitys tarpeen mukaan.<\/li>\n<li>Taattu luotettava j\u00e4rjestelm\u00e4n saatavuus<\/li>\n<li>Helppo k\u00e4ytt\u00e4\u00e4 ja yksinkertaiset huolto-olosuhteet<\/li>\n<li>5-6 vuotta Poistoaika<\/li>\n<li>Valmistettu Saksassa<\/li>\n<\/ul>\n<p>Samalla Reiners + F\u00fcrst k\u00e4ytti l\u00e4heisi\u00e4 yhteyksi\u00e4\u00e4n Effertz Tore M\u00f6nchengladbachiin tarkastellakseen K\u00dcBLERin H.Y.B.R.I.D. -infrapunal\u00e4mmitysj\u00e4rjestelm\u00e4\u00e4, jossa on integroitu j\u00e4\u00e4nn\u00f6sl\u00e4mm\u00f6n hy\u00f6dynt\u00e4minen.<br \/>\n<H\u2082>Haasteet<\/H\u2082><br \/>\nTalvella tehdyt muutosty\u00f6t, erityisesti k\u00e4ynniss\u00e4 olevan toiminnan aikana, olivat hieman huolestuttavia. Benjamin Reiners oli aluksi huolissaan my\u00f6s suunnitteluty\u00f6st\u00e4. Loppujen lopuksi eri l\u00e4mp\u00f6virrat oli yhdistett\u00e4v\u00e4 yhteen paikkaan pitkien et\u00e4isyyksien ja eri tuotantoalueiden, kuten ter\u00e4sroottorien valmistuksen, metallinty\u00f6st\u00f6n, l\u00e4hetyksen ja rengastuotannon, yli.<\/p>\n<p>\"Loppujen lopuksi h\u00e4iri\u00f6it\u00e4 ei ollut lainkaan. Projektinhallinta oli moitteetonta, ja kaikki haasteet voitettiin yhdess\u00e4\", Reiners sanoo.<\/p>\n<p>Ratkaisu<\/p>\n<p>Tehokkaimman ratkaisun l\u00f6yt\u00e4miseksi Reiners + F\u00fcrst analysoi koko l\u00e4mp\u00f6virran. Tavoitteena oli ime\u00e4 energia siell\u00e4, miss\u00e4 se syntyy, varastoida se tarvittaessa v\u00e4liaikaisesti ja siirt\u00e4\u00e4 se sinne, miss\u00e4 sit\u00e4 tarvitaan. K\u00dcBLERin H.Y.B.R.I.D.-infrapunal\u00e4mmitysj\u00e4rjestelm\u00e4, jossa on integroitu j\u00e4\u00e4nn\u00f6sl\u00e4mm\u00f6n hy\u00f6dynt\u00e4minen, osoittautui ihanteelliseksi ratkaisuksi tunnetulle tekstiilikonevalmistajalle:<\/p>\n<ul>\n<li>O.P.U.S.X-l\u00e4mm\u00f6n talteenottoj\u00e4rjestelm\u00e4 voi hy\u00f6dynt\u00e4\u00e4 optimaalisesti karkaisuuunien ja paineilmaj\u00e4rjestelm\u00e4n hukkal\u00e4mp\u00f6\u00e4.<\/li>\n<li>Eritt\u00e4in tehokkaat infrapunal\u00e4mmittimet tuottavat vain sen verran lis\u00e4l\u00e4mp\u00f6\u00e4, mit\u00e4 rakennuksessa tarvitaan.<\/li>\n<li>Hajautettua infrapunal\u00e4mp\u00f6\u00e4 voidaan k\u00e4ytt\u00e4\u00e4 juuri siell\u00e4, miss\u00e4 sit\u00e4 tarvitaan.<\/li>\n<li>Yhteisest\u00e4 viem\u00e4r\u00f6intij\u00e4rjestelm\u00e4st\u00e4 johtuvien kattojen l\u00e4pimurtojen v\u00e4h\u00e4inen m\u00e4\u00e4r\u00e4.<\/li>\n<li>Tehokkaan infrapunatekniikan suuri joustavuus ja luotettavuus<\/li>\n<li>Ep\u00e4suora itsest\u00e4\u00e4n selv\u00e4 asetus<\/li>\n<li>Innovatiivisen j\u00e4rjestelm\u00e4n poikkeuksellisen hyv\u00e4 kustannustehokkuus<\/li>\n<\/ul>\n<blockquote><p>\"J\u00e4\u00e4nn\u00f6sl\u00e4mm\u00f6n hy\u00f6dynt\u00e4minen kattaa t\u00e4ysin 1200 m2:n toimistotilan l\u00e4mmitystarpeen.\"<\/p><\/blockquote>\n<p>Valtakunnallinen aloite \"Energiatehokkuus pk-yrityksiss\u00e4\" on liittovaltion talous- ja teknologiaministeri\u00f6n ja KfW:n yhteinen rahoitusohjelma. Ohjelmaan sis\u00e4ltyy konsultointitukea (avustuksia alustavaan ja yksityiskohtaiseen konsultointiin) sek\u00e4 investointitukea (edullisia lainoja). Rahoitustoimenpiteit\u00e4 voivat hy\u00f6dynt\u00e4\u00e4 kaikki yritykset, jotka t\u00e4ytt\u00e4v\u00e4t EU:n pk-yrityskriteerit.<\/p>\n<blockquote><p><img decoding=\"async\" class=\"alignnone wp-image-2324\" src=\"https:\/\/www.kuebler-hallenheizungen.de\/wp-content\/uploads\/2021\/03\/heizungsmodernisierung-bei-reiners-fuerst-optimiert.jpg\" alt=\"Reiners + F\u00fcrstin l\u00e4mmityksen modernisointi\" width=\"617\" height=\"472\" srcset=\"https:\/\/www.kuebler-hallenheizungen.de\/wp-content\/uploads\/2021\/03\/heizungsmodernisierung-bei-reiners-fuerst-optimiert.jpg 800w, https:\/\/www.kuebler-hallenheizungen.de\/wp-content\/uploads\/2021\/03\/heizungsmodernisierung-bei-reiners-fuerst-optimiert-300x230.jpg 300w, https:\/\/www.kuebler-hallenheizungen.de\/wp-content\/uploads\/2021\/03\/heizungsmodernisierung-bei-reiners-fuerst-optimiert-768x588.jpg 768w, https:\/\/www.kuebler-hallenheizungen.de\/wp-content\/uploads\/2021\/03\/heizungsmodernisierung-bei-reiners-fuerst-optimiert-60x46.jpg 60w, https:\/\/www.kuebler-hallenheizungen.de\/wp-content\/uploads\/2021\/03\/heizungsmodernisierung-bei-reiners-fuerst-optimiert-100x77.jpg 100w, https:\/\/www.kuebler-hallenheizungen.de\/wp-content\/uploads\/2021\/03\/heizungsmodernisierung-bei-reiners-fuerst-optimiert-240x184.jpg 240w, https:\/\/www.kuebler-hallenheizungen.de\/wp-content\/uploads\/2021\/03\/heizungsmodernisierung-bei-reiners-fuerst-optimiert-360x275.jpg 360w, https:\/\/www.kuebler-hallenheizungen.de\/wp-content\/uploads\/2021\/03\/heizungsmodernisierung-bei-reiners-fuerst-optimiert-480x367.jpg 480w, https:\/\/www.kuebler-hallenheizungen.de\/wp-content\/uploads\/2021\/03\/heizungsmodernisierung-bei-reiners-fuerst-optimiert-560x428.jpg 560w, https:\/\/www.kuebler-hallenheizungen.de\/wp-content\/uploads\/2021\/03\/heizungsmodernisierung-bei-reiners-fuerst-optimiert-640x490.jpg 640w, https:\/\/www.kuebler-hallenheizungen.de\/wp-content\/uploads\/2021\/03\/heizungsmodernisierung-bei-reiners-fuerst-optimiert-720x551.jpg 720w, https:\/\/www.kuebler-hallenheizungen.de\/wp-content\/uploads\/2021\/03\/heizungsmodernisierung-bei-reiners-fuerst-optimiert-16x12.jpg 16w\" sizes=\"(max-width: 617px) 100vw, 617px\" \/><\/p>\n<p>\"Talvikuukausina vanha j\u00e4rjestelm\u00e4 poltti jopa 1 000 litraa l\u00e4mmitys\u00f6ljy\u00e4 p\u00e4iv\u00e4ss\u00e4.\"<\/p><\/blockquote>\n<p>1) Vuonna 2004 resurssioptimoiva ohjausj\u00e4rjestelm\u00e4 R.O.S.S.Y\u00ae sai liittovaltion talousministeri\u00f6n innovaatiopalkinnon korkeasta toimivuudestaan, helppok\u00e4ytt\u00f6isyydest\u00e4\u00e4n ja mitattavasta panoksestaan hallien l\u00e4mmitysj\u00e4rjestelmien taloudellisempaan toimintaan.<\/p>\n<blockquote><p>\"Oletimme, ett\u00e4 s\u00e4\u00e4st\u00f6 olisi 40 %, mutta toteutuikin 65 %.\"<\/p><\/blockquote>\n<p><H\u2082>Infrapunal\u00e4mmittimet: Tehokkaat energiaa s\u00e4\u00e4st\u00e4v\u00e4t j\u00e4rjestelm\u00e4t<\/H\u2082><br \/>\nHallien l\u00e4mmitt\u00e4miseen k\u00e4ytet\u00e4\u00e4n tehokkaita OPTIMA plus -linjoja, joita t\u00e4ydennet\u00e4\u00e4n tavallisilla AR-tyyppisill\u00e4 yksik\u00f6ill\u00e4. Auringon l\u00e4mmitysperiaatteen tavoin K\u00dcBLERin energiatehokkaat infrapunal\u00e4mmitysj\u00e4rjestelm\u00e4t takaavat miellytt\u00e4v\u00e4t, vedottomat ty\u00f6olosuhteet ja tasaiset l\u00e4mp\u00f6tilat tuotanto- ja varastohalleissa. 18 ja 22 \u00b0C:n v\u00e4lill\u00e4 ty\u00f6ntekij\u00f6iden tarpeiden mukaan.<\/p>\n<h3>J\u00e4\u00e4nn\u00f6sl\u00e4mm\u00f6n hy\u00f6dynt\u00e4minen: lis\u00e4energia l\u00e4mpim\u00e4n veden valmistukseen<\/h3>\n<p>J\u00e4\u00e4nn\u00f6sl\u00e4mm\u00f6n hy\u00f6dynt\u00e4misess\u00e4 yhdistet\u00e4\u00e4n useita j\u00e4rjestelmi\u00e4 samanaikaisesti: infrapunal\u00e4mmittimet, karkaisuuunit, jotka toimivat 24 tuntia vuorokaudessa liekkiverhoineen, ja paineilmaj\u00e4rjestelm\u00e4, jossa on kaksi kompressoria. Hukkal\u00e4mm\u00f6st\u00e4 tuotettu energia varastoidaan kahteen puskuris\u00e4ili\u00f6\u00f6n. Se kattaa t\u00e4ysin 1 200 m\u00b2:n toimistotilan l\u00e4mmitystarpeen. Kellariin on asennettu ylim\u00e4\u00e4r\u00e4inen kaasukattila vain tuotantovapaiden p\u00e4ivien, esimerkiksi joulun aikaan, varalle.<\/p>\n<h3>Ohjaus: \u00e4lykkyys ja helppok\u00e4ytt\u00f6isyys<\/h3>\n<p>Koko j\u00e4rjestelm\u00e4\u00e4 ohjaa itseoppiva ohjausj\u00e4rjestelm\u00e4 R.O.S.S.Y\u00ae 1). Sen avulla eri l\u00e4mmitysvy\u00f6hykkeit\u00e4 voidaan ohjata yksil\u00f6llisesti nopeasti ja helposti tietokoneen kautta. R.O.S.S.Y\u00ae m\u00e4\u00e4ritt\u00e4\u00e4 itsen\u00e4isesti optimaaliset p\u00e4\u00e4lle- ja poiskytkent\u00e4ajat ja k\u00e4ytt\u00e4\u00e4 l\u00e4mmittimi\u00e4 maksimiteholla ty\u00f6vuorojen, viikonloppu- ja loma-aikojen mukaan. Reiners + F\u00fcrstin R.O.S.S.Y\u00ae -j\u00e4rjestelm\u00e4\u00e4 t\u00e4ydennet\u00e4\u00e4n lis\u00e4moduuleilla, kuten ParkOff, joka kytkee l\u00e4mmittimet automaattisesti pois p\u00e4\u00e4lt\u00e4 heti, kun nosturit j\u00e4\u00e4v\u00e4t niiden varjoon. Kokonaisj\u00e4rjestelm\u00e4n optimoitu ohjaus v\u00e4hent\u00e4\u00e4 osaltaan Reiners + F\u00fcrstin energiankulutusta.<br \/>\n<H\u2082>Tulos<\/H\u2082><br \/>\n\"Voimme olla vain tyytyv\u00e4isi\u00e4\", Benjamin Reiners tiivist\u00e4\u00e4. L\u00e4mmityskustannukset ovat v\u00e4hentyneet kest\u00e4v\u00e4sti 71 500 eurosta vuonna 2010 noin 25 000 euroon vuodessa. Innovatiiviseen ja eritt\u00e4in tehokkaaseen l\u00e4mmitysj\u00e4rjestelm\u00e4\u00e4n kohdistuneet odotukset ovat t\u00e4yttyneet my\u00f6s muilta osin kahden l\u00e4mmityskauden j\u00e4lkeen. \"Ty\u00f6ilmapiiri on eritt\u00e4in miellytt\u00e4v\u00e4\", sanoo Reiners + F\u00fcrstin k\u00e4ytt\u00f6p\u00e4\u00e4llikk\u00f6 Heinz Willi Berger. My\u00f6s aluksi ep\u00e4ilev\u00e4t ty\u00f6ntekij\u00e4t ovat innostuneita. Sis\u00e4ilmasto ei ole en\u00e4\u00e4 niin ylikuumentunut. Lopputulos on, ett\u00e4 sek\u00e4 yritt\u00e4j\u00e4 Benjamin Reiners ett\u00e4 energiakonsultti ovat tyytyv\u00e4isi\u00e4: \"P\u00e4\u00e4t\u00f6s oli oikea.\"<\/p>","protected":false},"featured_media":2314,"template":"","categories":[1],"class_list":["post-17852","referenzen","type-referenzen","status-publish","has-post-thumbnail","hentry","category-allgemein"],"acf":[],"_links":{"self":[{"href":"https:\/\/www.kuebler-hallenheizungen.de\/fi\/wp-json\/wp\/v2\/referenzen\/17852","targetHints":{"allow":["GET"]}}],"collection":[{"href":"https:\/\/www.kuebler-hallenheizungen.de\/fi\/wp-json\/wp\/v2\/referenzen"}],"about":[{"href":"https:\/\/www.kuebler-hallenheizungen.de\/fi\/wp-json\/wp\/v2\/types\/referenzen"}],"wp:featuredmedia":[{"embeddable":true,"href":"https:\/\/www.kuebler-hallenheizungen.de\/fi\/wp-json\/wp\/v2\/media\/2314"}],"wp:attachment":[{"href":"https:\/\/www.kuebler-hallenheizungen.de\/fi\/wp-json\/wp\/v2\/media?parent=17852"}],"wp:term":[{"taxonomy":"category","embeddable":true,"href":"https:\/\/www.kuebler-hallenheizungen.de\/fi\/wp-json\/wp\/v2\/categories?post=17852"}],"curies":[{"name":"wp","href":"https:\/\/api.w.org\/{rel}","templated":true}]}}