{"id":17854,"date":"2021-03-19T17:38:30","date_gmt":"2021-03-19T16:38:30","guid":{"rendered":"https:\/\/kuebler.werbe-sofa.de\/referenzen\/uvex-winter-holding-gmbh-co-kg\/"},"modified":"2024-06-19T03:15:34","modified_gmt":"2024-06-19T01:15:34","slug":"uvex-winter-holding-gmbh-co-kg","status":"publish","type":"referenzen","link":"https:\/\/www.kuebler-hallenheizungen.de\/fi\/referenzen\/uvex-winter-holding-gmbh-co-kg\/","title":{"rendered":"\"Kaikki UVEXin ty\u00f6ntekij\u00e4t ovat tyytyv\u00e4isi\u00e4 uuden hallien l\u00e4mmityksen l\u00e4mp\u00f6mukavuuteen.\""},"content":{"rendered":"<p>\"uvex on hiihtolasien nimi\" - t\u00e4m\u00e4n v\u00e4itteen nojalla UVEX WINTER HOLDING GmbH &amp; Co. KG:st\u00e4 on tullut talviurheilun harrastajien tuotemerkki. Pohjois-Baijerissa F\u00fcrthiss\u00e4 sijaitseva perheyritys on perustamisestaan vuonna 1926 l\u00e4htien edustanut korkealaatuisia ja innovatiivisia tuotteita, jotka suojaavat ihmisi\u00e4 p\u00e4\u00e4st\u00e4 varpaisiin urheilussa, vapaa-ajalla ja ty\u00f6ss\u00e4. uvex-konserni ty\u00f6llist\u00e4\u00e4 kansainv\u00e4lisesti noin 2 100 henkil\u00f6\u00e4, ja sen liikevaihto oli 331 miljoonaa euroa vuosina 2011\/2012.<\/p>\n<p>uvex on luottanut K\u00dcBLERin energiaa s\u00e4\u00e4st\u00e4v\u00e4\u00e4n hallien l\u00e4mmitystekniikkaan vuodesta 2008 l\u00e4htien, ja siit\u00e4 l\u00e4htien l\u00e4hetysalue on l\u00e4mmitetty infrapunatekniikalla. Kolme vuotta my\u00f6hemmin my\u00f6s toinen modernisointihanke annettiin infrapunal\u00e4mmityksen asiantuntijalle. Syyskuun 8. p\u00e4iv\u00e4n\u00e4 2011 otettiin k\u00e4ytt\u00f6\u00f6n F\u00fcrthiss\u00e4 sijaitsevan lava- ja korkeavaraston l\u00e4mmitysremontti. Kunnianhimoinen hanke, joka toteutettiin hyvin lyhyess\u00e4 ajassa kesken kausiliiketoiminnan, k\u00e4ynniss\u00e4 olevan toiminnan aikana ja staattisista ongelmista huolimatta.<\/p>\n<blockquote><p>\"Uuden l\u00e4mmitysj\u00e4rjestelm\u00e4n my\u00f6t\u00e4 olemme valinneet tekniikan, joka on osoittautunut hyv\u00e4ksi jo vuodesta 2008 l\u00e4htien.\"<br \/>\nFritz G\u00fcllich, uvex<\/p><\/blockquote>\n<p><H\u2082>Hanke<\/H\u2082><br \/>\nVuoteen 2008 asti F\u00fcrthiss\u00e4 sijaitsevan varasto- ja logistiikkakeskuksen kuormalavavarastoa ja korkeahyllyvarastoa l\u00e4mmitettiin yksinomaan kahdella suurella \u00f6ljyl\u00e4mmitteisell\u00e4 kuumailmal\u00e4mmittimell\u00e4. Riitt\u00e4v\u00e4\u00e4 l\u00e4mm\u00f6ntuottoa ei koskaan saavutettu. Vuodesta 2008 l\u00e4htien l\u00e4hetyshallissa on vakuuttanut K\u00dcBLERin infrapunal\u00e4mmitysj\u00e4rjestelm\u00e4, joka voitti energiankulutuksen suorassa vertailussa edelt\u00e4j\u00e4\u00e4ns\u00e4 verrattuna huomattavasti paremman energiank\u00e4yt\u00f6n ansiosta. L\u00e4hes 4 400 m2 :n alue, jonka huonekorkeus on 13 metri\u00e4, mukaan lukien toimistogalleria, varustettiin seitsem\u00e4ll\u00e4 energiaa s\u00e4\u00e4st\u00e4v\u00e4ll\u00e4 Optima 38 -infrapunal\u00e4mmittimell\u00e4. Toinen modernisointivaihe oli m\u00e4\u00e4r\u00e4 toteuttaa vuonna 2011: Vuodelta 1973 per\u00e4isin olevissa varastorakennuksissa, jotka eiv\u00e4t en\u00e4\u00e4 vastanneet voimassa olevia ty\u00f6paikkoja koskevia ohjeita, ei saavutettu vanhalla l\u00e4mmitysj\u00e4rjestelm\u00e4ll\u00e4 sellaista l\u00e4mp\u00f6viihtyvyytt\u00e4, joka olisi mahdollistanut hyv\u00e4n ja tehokkaan ty\u00f6skentelyn intensiivisess\u00e4 ty\u00f6ymp\u00e4rist\u00f6ss\u00e4.<br \/>\n<H\u2082>Teht\u00e4v\u00e4<\/H\u2082><br \/>\nF\u00fcrthiss\u00e4 sijaitseva varasto- ja logistiikkakeskus toimittaa tavaraa v\u00e4hitt\u00e4iskauppiaille kuutena p\u00e4iv\u00e4n\u00e4 viikossa 52 viikon ajan vuodessa 24 tuntia vuorokaudessa. Ty\u00f6ntekij\u00f6idens\u00e4 hyvinvointi on uvexin perheyritykselle eritt\u00e4in t\u00e4rke\u00e4\u00e4. Asiakkaan vaatimuksena oli siksi varmistaa optimaalinen l\u00e4mm\u00f6nsaanti ja hyv\u00e4 sis\u00e4ilmasto molemmissa halleissa kaikkina aikoina. Ja t\u00e4m\u00e4 jatkuvassa 15 \u00b0C:n huonel\u00e4mp\u00f6tilassa korkeavarastossa ja 18 \u00b0C:n huonel\u00e4mp\u00f6tilassa l\u00e4hetysalueella. Lis\u00e4ksi uvex otti huomioon vain eritt\u00e4in energiatehokkaan, resursseja s\u00e4\u00e4st\u00e4v\u00e4n tekniikan. K\u00dcBLERin energiaa s\u00e4\u00e4st\u00e4vist\u00e4 infrapunal\u00e4mmitysj\u00e4rjestelmist\u00e4 saatujen my\u00f6nteisten kokemusten perusteella tilaus l\u00e4hes 10 000 m2 :n suuruisten hallien l\u00e4mmityksen modernisoinnista annettiin Ludwigshafenin hallien l\u00e4mmitysasiantuntijalle yhteisty\u00f6ss\u00e4 Peter Sendelbeck Haustechnik GmbH:n l\u00e4mmitysrakennusyrityksen kanssa.<br \/>\n<H\u2082>Haasteet<\/H\u2082><br \/>\nTalvikauden alussa lokakuussa 2011 annettiin vihre\u00e4\u00e4 valoa F\u00fcrthiss\u00e4 sijaitsevan kuormalavavaraston ja korkeahyllyvaraston l\u00e4mmitysj\u00e4rjestelm\u00e4n uusimiselle. Kunnianhimoisena tavoitteena oli saada ty\u00f6t valmiiksi ennen l\u00e4mmityskauden alkua, joulun toimitusaikana. Kuuden viikon aikana oli asennettava 27 laitetta, 500 metri\u00e4 pakoputkia ja 1,2 kilometri\u00e4 kaasuputkia ja s\u00e4hk\u00f6johtoja. Asennusta vaikeuttivat kapeat varastok\u00e4yt\u00e4v\u00e4t ja raskas trukkiliikenne. Kaikkien projektiin osallistuvien tahojen oikea-aikainen ja yhteinen ennakkosuunnittelu mahdollisti l\u00e4hes saumattoman p\u00e4ivitt\u00e4isen logistisen prosessin.<\/p>\n<p>40 vuotta vanhan rakennuksen, jota rasitti my\u00f6s katolle asennettu aurinkos\u00e4hk\u00f6j\u00e4rjestelm\u00e4, staattiset ominaisuudet joutuivat kuitenkin j\u00e4lleen kerran koetukselle asennuksen aikana. Kun kiinnitysvaihtoehdot oli tarkistettu ja hyv\u00e4ksytty, hallin lattialla jo valmiiksi asennetut laitteet asennettiin asianmukaisiin paikkoihin ty\u00f6tasojen ja nostolavojen avulla. Sill\u00e4 v\u00e4lin voitiin ty\u00f6skennell\u00e4 kaasuputkien ja oheislaitteiden parissa. K\u00dcBLERin infrapunal\u00e4mmittimien modulaarisen rakenteen ansiosta Sendelbeckin teknikot pystyiv\u00e4t reagoimaan joustavasti ja nopeasti, mik\u00e4 minimoi viiv\u00e4stykset.<\/p>\n<blockquote><p>\"Meille on eritt\u00e4in t\u00e4rke\u00e4\u00e4, ett\u00e4 teemme hyv\u00e4\u00e4 yhteisty\u00f6t\u00e4 ty\u00f6maalla asentajien kanssa.\"<br \/>\nThomas Lo\u00dfe, K\u00dcBLER GmbH<\/p>\n<p>\"Tilausten k\u00e4sittely K\u00dcBLERin kanssa suunniteltiin viimeist\u00e4 yksityiskohtaa my\u00f6ten ja aikataulutettiin tarkasti.\"<\/p>\n<p>\"Ty\u00f6ntekij\u00e4mme ovat iloisia. Infrapunal\u00e4mmittimien l\u00e4mm\u00f6n tuntee heti, kun ne kytkee p\u00e4\u00e4lle.\"<br \/>\nFritz G\u00fcllich, uvex<\/p><\/blockquote>\n<p><H\u2082>Toimenpiteet: L\u00e4mmitysj\u00e4rjestelm\u00e4<\/H\u2082><br \/>\n<img decoding=\"async\" class=\"wp-image-2335 size-full\" src=\"https:\/\/www.kuebler-hallenheizungen.de\/wp-content\/uploads\/2021\/03\/kuebler_uvex_success_story-2.jpg\" alt=\"WinTec-kauko-ohjausmoduuli\" width=\"536\" height=\"340\" srcset=\"https:\/\/www.kuebler-hallenheizungen.de\/wp-content\/uploads\/2021\/03\/kuebler_uvex_success_story-2.jpg 536w, https:\/\/www.kuebler-hallenheizungen.de\/wp-content\/uploads\/2021\/03\/kuebler_uvex_success_story-2-300x190.jpg 300w, https:\/\/www.kuebler-hallenheizungen.de\/wp-content\/uploads\/2021\/03\/kuebler_uvex_success_story-2-60x38.jpg 60w, https:\/\/www.kuebler-hallenheizungen.de\/wp-content\/uploads\/2021\/03\/kuebler_uvex_success_story-2-100x63.jpg 100w, https:\/\/www.kuebler-hallenheizungen.de\/wp-content\/uploads\/2021\/03\/kuebler_uvex_success_story-2-240x152.jpg 240w, https:\/\/www.kuebler-hallenheizungen.de\/wp-content\/uploads\/2021\/03\/kuebler_uvex_success_story-2-360x228.jpg 360w, https:\/\/www.kuebler-hallenheizungen.de\/wp-content\/uploads\/2021\/03\/kuebler_uvex_success_story-2-480x304.jpg 480w, https:\/\/www.kuebler-hallenheizungen.de\/wp-content\/uploads\/2021\/03\/kuebler_uvex_success_story-2-18x12.jpg 18w\" sizes=\"(max-width: 536px) 100vw, 536px\" \/> WinTec-kauko-ohjausmoduulin avulla uwexin varastop\u00e4\u00e4llikk\u00f6 Fritz G\u00fcllich voi ohjata koko j\u00e4rjestelm\u00e4\u00e4 k\u00e4tev\u00e4sti tietokoneeltaan.<\/p>\n<p>L\u00e4mmitysj\u00e4rjestelm\u00e4n kunnostussuunnitelma edellytti vanhentuneen \u00f6ljyl\u00e4mmitysj\u00e4rjestelm\u00e4n purkamista kokonaan. Tilalle asennettiin nykyaikainen, energiaa s\u00e4\u00e4st\u00e4v\u00e4 infrapunal\u00e4mmitysj\u00e4rjestelm\u00e4 K\u00dcBLERilt\u00e4. Infrapunal\u00e4mmitystekniikka on verrattavissa auringonvalon toimintaan. Se ei l\u00e4mmit\u00e4 ymp\u00e4r\u00f6iv\u00e4\u00e4 ilmaa, vaan valaistua kohdetta. T\u00e4m\u00e4 tarkoittaa, ett\u00e4 l\u00e4mp\u00f6 p\u00e4\u00e4see suoraan sinne, miss\u00e4 sit\u00e4 tarvitaan. Nousevan l\u00e4mpim\u00e4n ilman aiheuttamat l\u00e4mmitysh\u00e4vi\u00f6t j\u00e4\u00e4v\u00e4t k\u00e4yt\u00e4nn\u00f6ss\u00e4 kokonaan pois. T\u00e4m\u00e4 on yksi syy t\u00e4m\u00e4n l\u00e4mmitysperiaatteen erityiseen energiatehokkuuteen.<\/p>\n<p>Lavavarastossa k\u00e4ytettiin yksitoista yksikk\u00f6\u00e4 OPTIMA plus 40 -suorituskykymallistosta, ja yhdeks\u00e4n NRV 38 -yksikk\u00f6\u00e4 k\u00e4ytettiin erityisesti k\u00e4yt\u00e4vien l\u00e4mmitykseen korkeahyllyvarastossa. Lis\u00e4ksi oli seitsem\u00e4n vuoden 2008 laitetta, jotka voitiin teknisesti j\u00e4lkiasentaa K\u00dcBLERin taatun varaosatoimituksen ansiosta ja joita voitiin k\u00e4ytt\u00e4\u00e4 uudelleen vuoden 2011 modernisointisuunnitelmissa.<\/p>\n<p>L\u00e4hetys- ja poiminta-alueen lis\u00e4l\u00e4mmityst\u00e4 ei tarvittu, koska 12 metrin korkeudelta tulevien tehokkaiden yksik\u00f6iden s\u00e4teilykulmat ja s\u00e4teilyteho riittiv\u00e4t toimittamaan l\u00e4mp\u00f6\u00e4 toimistogallerian alapuolella oleviin tiloihin. Kokonaisteho on 1 048 kW. Vaikka nykyaikaiset infrapunaj\u00e4rjestelm\u00e4t ovat eritt\u00e4in energiatehokkaita, vaaditut 15 \u00b0C:n huonel\u00e4mp\u00f6tilat varastossa ja 18 \u00b0C:n huonel\u00e4mp\u00f6tilat l\u00e4hetysalueella ylittyiv\u00e4t: Valmistumisen j\u00e4lkeen l\u00e4mmitysj\u00e4rjestelm\u00e4 on suunniteltu jopa 20 \u00b0C:n teholle.<\/p>\n<blockquote><p>\"Voin ohjata jokaista l\u00e4mmityskaapelia ty\u00f6asemaltani, mik\u00e4 on eritt\u00e4in k\u00e4tev\u00e4\u00e4.\"<br \/>\nFritz G\u00fcllich, uvex<\/p><\/blockquote>\n<p><H\u2082>Toimenpiteet: Valvontaj\u00e4rjestelm\u00e4<\/H\u2082><br \/>\nuvex valitsi R.O.S.S.Y.\u00ae II:n, joka on K\u00dcBLERin resurssioptimoivan ohjausj\u00e4rjestelm\u00e4n uusin sukupolvi. \u00c4lyk\u00e4s j\u00e4rjestelm\u00e4 optimoi koko l\u00e4mmitysj\u00e4rjestelm\u00e4n toiminnan ja edist\u00e4\u00e4 siten ratkaisevasti energiatehokkuutta. Varasto-, l\u00e4hetys- ja ker\u00e4ily- sek\u00e4 varastotiloja varten on luotu yhteens\u00e4 kahdeksan l\u00e4mmitysvy\u00f6hykett\u00e4 rakennuksen ulkopuolen ja keskusvy\u00f6hykkeen v\u00e4lille, joita voidaan s\u00e4\u00e4t\u00e4\u00e4 erikseen k\u00e4ytt\u00f6profiilin ja kulloisenkin l\u00e4mmitystarpeen mukaan. Kahdeksan m\u00e4\u00e4ritellyn l\u00e4mmitysvy\u00f6hykkeen yksil\u00f6llisell\u00e4 ohjauksella varmistetaan optimaalinen l\u00e4mmitysteho ja sy\u00f6tetyn energian paras mahdollinen hy\u00f6dynt\u00e4minen. Molempia halleja ohjataan k\u00e4tev\u00e4sti ja tehokkaasti WinTec-kaukos\u00e4\u00e4timell\u00e4 t\u00e4t\u00e4 tarkoitusta varten perustetusta PC-ty\u00f6asemasta. L\u00e4mmitystehon nopeaa s\u00e4\u00e4t\u00f6\u00e4 koskevat vaatimukset voidaan t\u00e4ytt\u00e4\u00e4 l\u00e4hes v\u00e4litt\u00f6m\u00e4sti. Suuri m\u00e4\u00e4r\u00e4 parametreja mahdollistaa hyvin yksil\u00f6llisen s\u00e4\u00e4d\u00f6n jokaiseen tilanteeseen. R.O.S.S.Y.\u00ae II ohjaa kaikkea: viikonloppu- ja pyh\u00e4p\u00e4iv\u00e4k\u00e4yt\u00f6st\u00e4 aina l\u00e4mmitysaikojen itsen\u00e4iseen optimointiin ulkol\u00e4mp\u00f6tilan mukaan.<br \/>\n<H\u2082>Tulokset<\/H\u2082><br \/>\nVain kahdeksan viikon suunnittelu- ja asennusty\u00f6n j\u00e4lkeen uusi integroitu l\u00e4mmitys- ja ohjausj\u00e4rjestelm\u00e4 otettiin k\u00e4ytt\u00f6\u00f6n aikataulun mukaisesti l\u00e4mmityskauden alussa. Ja t\u00e4m\u00e4 huolimatta rakenneanalyysin uudelleenarvioinnin aiheuttamasta viiv\u00e4styksest\u00e4. T\u00e4m\u00e4 johtuu siit\u00e4, ett\u00e4 K\u00dcBLERin energiatehokkaalle infrapunal\u00e4mmitysj\u00e4rjestelm\u00e4lle on ominaista my\u00f6s \u00e4lyk\u00e4s moduulij\u00e4rjestelm\u00e4, joka mahdollistaa nopean, yksil\u00f6llisen ja joustavan asennuksen.<\/p>\n<p>F\u00fcrthiss\u00e4 sijaitsevien 40 vuotta vanhojen hallien l\u00e4mmitysj\u00e4rjestelm\u00e4n kunnostuksessa keskityttiin l\u00e4mp\u00f6viihtyvyyteen ja ty\u00f6ymp\u00e4rist\u00f6n laatuun liittyviin tekij\u00f6ihin. K\u00dcBLERin infrapunal\u00e4mmitys jopa ylitti n\u00e4m\u00e4 vaatimukset. Koko l\u00e4mmitys- ja ohjausj\u00e4rjestelm\u00e4n hyvin r\u00e4\u00e4t\u00e4l\u00f6it\u00e4viss\u00e4 olevat vaihtoehdot takaavat miellytt\u00e4v\u00e4n ja tasaisen ilmapiirin halleissa. Uusi l\u00e4mmitysj\u00e4rjestelm\u00e4 toimii t\u00e4ysin ilman h\u00e4iritsev\u00e4\u00e4 vetoa tai p\u00f6lypy\u00f6rteit\u00e4, ja se voidaan mukauttaa nopeasti ja tehokkaasti ty\u00f6ntekij\u00f6iden erityistarpeisiin. Ihanteelliset olosuhteet uvexin varasto- ja logistiikkakeskukselle, joka takaa ymp\u00e4rivuorokautisen palvelun.<\/p>\n<blockquote><p>\"Olemme t\u00e4ysin tyytyv\u00e4isi\u00e4 uuteen l\u00e4mmitysj\u00e4rjestelm\u00e4\u00e4n.\"<br \/>\nFritz G\u00fcllich, UVEX WINTER HOLDING GmbH &amp; Co. KG<\/p><\/blockquote>\n<p><H\u2082>Tietoja K\u00dcBLER<\/H\u2082><br \/>\nInnovatiivisten infrapunaj\u00e4rjestelmiens\u00e4 avulla K\u00dcBLER GmbH kehitt\u00e4\u00e4 ja myy huipputeknologiaa energiatehokkaaseen hallien l\u00e4mmitykseen. Avaimet k\u00e4teen -ratkaisujen kokonaispalvelun tarjoajana yritys tarjoaa kattavan tuotevalikoiman monenlaisiin hallien tyyppeihin ja tilaymp\u00e4rist\u00f6ihin. K\u00dcBLER on vaikuttanut merkitt\u00e4v\u00e4sti nykyaikaisten infrapunal\u00e4mmitysj\u00e4rjestelmien l\u00e4pimurtoon Saksassa ja on jo yli 20 vuoden ajan ollut t\u00e4m\u00e4n tekniikan t\u00e4rke\u00e4 veturi ja suunnann\u00e4ytt\u00e4j\u00e4.<\/p>\n<p>K\u00dcBLER saa s\u00e4\u00e4nn\u00f6llisesti tunnustusta innovatiivisista saavutuksistaan. Kansallisiin ja kansainv\u00e4lisiin palkintoihin kuuluvat muun muassa talousministeri\u00f6n my\u00f6nt\u00e4m\u00e4 liittovaltion palkinto erinomaisista innovatiivisista saavutuksista vuonna 2004, Baijerin osavaltion palkinto vuonna 2006, Rheinland-Pfalzin osavaltion innovaatiopalkinto vuonna 2012 ja Saksan kest\u00e4v\u00e4n kehityksen palkinto. K\u00dcBLER sai korkeimman saksalaisen palkinnon kest\u00e4v\u00e4st\u00e4 yritt\u00e4jyydest\u00e4 kategoriassa \"Saksan kest\u00e4vin tuote\" H.Y.B.R.I.D.-j\u00e4rjestelm\u00e4n erityisest\u00e4 energiatehokkuudesta. Vuonna 1989 perustettu yritys ty\u00f6llist\u00e4\u00e4 yli 100 ty\u00f6ntekij\u00e4\u00e4, ja se on yksi alan johtavista yrityksist\u00e4 Euroopassa. Yrityksell\u00e4 on toimipaikat Ludwigshafenissa, Dresdeniss\u00e4, Hagenissa, Hampurissa, Ingolstadtissa, Prahassa (T\u0161ekki), Fegyvernekiss\u00e4 (Unkari), lukuisia ulkomaisia edustustoja ja valtakunnallinen huoltoverkosto.<\/p>","protected":false},"featured_media":19522,"template":"","categories":[1],"class_list":["post-17854","referenzen","type-referenzen","status-publish","has-post-thumbnail","hentry","category-allgemein"],"acf":[],"_links":{"self":[{"href":"https:\/\/www.kuebler-hallenheizungen.de\/fi\/wp-json\/wp\/v2\/referenzen\/17854","targetHints":{"allow":["GET"]}}],"collection":[{"href":"https:\/\/www.kuebler-hallenheizungen.de\/fi\/wp-json\/wp\/v2\/referenzen"}],"about":[{"href":"https:\/\/www.kuebler-hallenheizungen.de\/fi\/wp-json\/wp\/v2\/types\/referenzen"}],"wp:featuredmedia":[{"embeddable":true,"href":"https:\/\/www.kuebler-hallenheizungen.de\/fi\/wp-json\/wp\/v2\/media\/19522"}],"wp:attachment":[{"href":"https:\/\/www.kuebler-hallenheizungen.de\/fi\/wp-json\/wp\/v2\/media?parent=17854"}],"wp:term":[{"taxonomy":"category","embeddable":true,"href":"https:\/\/www.kuebler-hallenheizungen.de\/fi\/wp-json\/wp\/v2\/categories?post=17854"}],"curies":[{"name":"wp","href":"https:\/\/api.w.org\/{rel}","templated":true}]}}