{"id":81157,"date":"2026-01-21T09:04:38","date_gmt":"2026-01-21T08:04:38","guid":{"rendered":"https:\/\/www.kuebler-hallenheizungen.de\/?post_type=referenzen&#038;p=81157"},"modified":"2026-01-21T09:08:10","modified_gmt":"2026-01-21T08:08:10","slug":"haluamme-tulevaisuuteen-katsovan-laemmitysjaerjestelmaen","status":"publish","type":"referenzen","link":"https:\/\/www.kuebler-hallenheizungen.de\/fi\/referenzen\/wir-wollen-eine-hallenheizung-die-in-die-zukunft-blickt\/","title":{"rendered":"\"Wir wollen eine Hallenheizung, die in die Zukunft blickt.\""},"content":{"rendered":"<p>GROUP7 on kansainv\u00e4linen logistiikkayritys, jonka p\u00e4\u00e4konttori sijaitsee M\u00fcncheniss\u00e4 ja jolla on maailmanlaajuisesti yli 195 toimipistett\u00e4 ja tukikohtaa. Ensiluokkaisen palveluntarjoajan palveluvalikoimaan kuuluvat \u00e4lykk\u00e4\u00e4t logistiikkaratkaisut lentorahtia, merirahtia, rautatiekuljetuksia Aasiaan ja Aasiasta, meri-ilma- ja maakuljetuksia varten sek\u00e4 r\u00e4\u00e4t\u00e4l\u00f6ityj\u00e4 konsepteja logistiikkapalvelujen ulkoistamiseen. Noin 750 ty\u00f6ntekij\u00e4\u00e4 tuottaa 190 miljoonan euron liikevaihdon keskittyen maksimaaliseen joustavuuteen ja asiakasl\u00e4ht\u00f6iseen prosessien k\u00e4sittelyyn. GROUP7 asettaa salkkunsa kest\u00e4vyydelle samat korkeat vaatimukset kuin rakennuksilleen: tunnetun logistiikkapalveluntarjoajan logistiikkakeskukset on sertifioitu DGNB Gold Standard -standardin mukaisesti.<\/p>\n<p><strong>L\u00e4ht\u00f6tilanne<\/strong><br \/>\nM\u00fcnchenin lentoaseman Schwaigissa sijaitsevan p\u00e4\u00e4konttorin laajennuksen my\u00f6t\u00e4 GROUP7 2024 on luonut uuden DGNB Gold Standard -standardin mukaisen logistiikkapaikan, joka tarjoaa ty\u00f6t\u00e4 yli 200 uudelle ty\u00f6ntekij\u00e4lle. Lis\u00e4toimipaikan pinta-ala on yli 100 000 m\u00b2, ja siihen kuuluu 5 000 m\u00b2:n toimistorakennuksen ja kampustyylisen viherpuiston lis\u00e4ksi 60 000 m\u00b2:n logistiikkahalli, jonka kattokorkeus on noin 13 metri\u00e4. Eritt\u00e4in suuren ilmatilan ja yhteens\u00e4 82 oven vuoksi l\u00e4mmitystekniikan kannalta oli erityisen haastavaa pit\u00e4\u00e4 sis\u00e4tilat miellytt\u00e4v\u00e4n l\u00e4mpimin\u00e4 ja samalla taloudellisesti. Lis\u00e4ksi toimitustilanteen muuttuminen merkitsi kuitenkin sit\u00e4, ett\u00e4 kaasu energial\u00e4hteen\u00e4 ja siten hyv\u00e4ksi havaittu pime\u00e4 patteritekniikka ei ollut en\u00e4\u00e4 p\u00e4iv\u00e4st\u00e4 toiseen vaihtoehto uudessa hallissa. Sen vuoksi tutkittiin erilaisia vaihtoehtoisia ratkaisuja.<\/p>\n<blockquote><p>\u201eOlemme huomanneet, ett\u00e4 FUTURA on yksinkertaisesti t\u00e4ydellinen ratkaisu meille k\u00e4yt\u00f6n kannalta.\u201c.<\/p><\/blockquote>\n<p>&nbsp;<\/p>\n<p><strong>Testatut l\u00e4mmitystekniikan vaihtoehdot<\/strong><\/p>\n<p><strong>Vaihtoehto 1:<\/strong> Katolle asennetut l\u00e4mp\u00f6pumput ja lattial\u00e4mmitys. GROUP7:ll\u00e4 oli kuitenkin aiemmin ollut huonoja kokemuksia t\u00e4st\u00e4 vaihtoehdosta, sill\u00e4 \u201ealhaalta tuleva l\u00e4mp\u00f6\u201c oli aiheuttanut ty\u00f6ntekij\u00f6ille ep\u00e4miellytt\u00e4v\u00e4n ja ep\u00e4mukavan olon. Oli my\u00f6s muita syit\u00e4, miksi t\u00e4t\u00e4 vaihtoehtoa ei pit\u00e4isi harkita:<br \/>\nA) Tarvittava muuttuva telineasetus: Aina kun intralogistiikkaj\u00e4rjestelm\u00e4 mukautetaan uusiin asiakasvaatimuksiin, on vaarana, ett\u00e4 10-11 metri\u00e4 korkeita pystytolppia ankkuroitaessa poraudutaan lattiassa oleviin vesiputkiin.<br \/>\nB) Vesijohtojen yl\u00e4puolella tarvittava suuri betonim\u00e4\u00e4r\u00e4 olisi tehnyt j\u00e4rjestelmist\u00e4 yh\u00e4 tehottomampia ja hitaampia. Ja<\/p>\n<p><strong>Vaihtoehto 2:<\/strong> L\u00e4mp\u00f6pumput, joissa on katossa suihkusuuttimet, jotka painavat l\u00e4mmint\u00e4 ilmaa lattialaattaan. T\u00e4m\u00e4n ratkaisun haittapuolena oli, ett\u00e4 l\u00e4mmin ilma nousee yl\u00f6sp\u00e4in, ker\u00e4\u00e4 p\u00f6ly\u00e4 lattialaatasta ja levitt\u00e4\u00e4 sit\u00e4 tavaroiden p\u00e4\u00e4lle - t\u00e4m\u00e4 on erityinen ongelma niin sanotuissa C-tavaroissa, joita varastoidaan pitki\u00e4 aikoja. Premium-logistiikkapalvelujen tarjoaja GROUP7 ei voinut hyv\u00e4ksy\u00e4 rakennukseen syntyv\u00e4\u00e4 l\u00e4mp\u00f6rullaa, \u201e... koska haluamme tarjota korkealaatuista logistiikkaa emmek\u00e4 p\u00f6lyisi\u00e4 tavaroita - se ei ole meid\u00e4n eik\u00e4 asiakkaidemme laatuvaatimus\u201c, sanoo GROUP7:n projektip\u00e4\u00e4llikk\u00f6 Daniel Jocher.<\/p>\n<p><strong>Vaihtoehto 3:<\/strong> J\u00e4rjestelm\u00e4kokoonpano, joka koostuu kaasuk\u00e4ytt\u00f6isist\u00e4 pimeist\u00e4 pattereista, joiden viereen on sijoitettu s\u00e4hk\u00f6iset infrapunas\u00e4teilij\u00e4t. T\u00e4m\u00e4 vaihtoehto olisi tarjonnut s\u00e4teilyl\u00e4mmityksen tunnetut edut, kuten tasaisen l\u00e4mp\u00f6aistimuksen ilman p\u00f6lykiertoa ja ilman lattialaatan l\u00e4mp\u00f6\u00e4. GROUP7:n n\u00e4k\u00f6kulmasta t\u00e4m\u00e4k\u00e4\u00e4n ei kuitenkaan ollut j\u00e4rkev\u00e4 ratkaisu, koska salin pattereiden m\u00e4\u00e4r\u00e4 ja yll\u00e4pitokustannukset olisivat kaksinkertaistuneet.<br \/>\nolisi. L\u00e4mm\u00f6njakelu olisi my\u00f6s ongelmallista, koska vuorotellen asennettuja pimeit\u00e4 ja s\u00e4hk\u00f6pattereita ei saisi k\u00e4ytt\u00e4\u00e4 samanaikaisesti ja v\u00e4litilaan syntyisi viileytt\u00e4. Lis\u00e4ksi GROUP7 ei halunnut k\u00e4ytt\u00e4\u00e4 puhtaasti kaasuk\u00e4ytt\u00f6isi\u00e4 laitteita.<\/p>\n<p><strong>Innovatiivinen ratkaisu<\/strong><br \/>\nSopivan l\u00e4mmitystekniikan etsint\u00e4 johti uuteen Fair.AIdH-tekniikkaan* FUTURA. Moninkertaisesti palkitussa j\u00e4rjestelm\u00e4ss\u00e4 yhdistyv\u00e4t kaikki pime\u00e4n patteritekniikan edut halleissa ja energiajoustava toiminta: se kuluttaa eritt\u00e4in v\u00e4h\u00e4n energiaa, ei sekoita p\u00f6ly\u00e4, takaa miellytt\u00e4v\u00e4n, tasaisen l\u00e4mm\u00f6ntunteen ja yhdist\u00e4\u00e4 s\u00e4hk\u00f6- ja kaasuk\u00e4yt\u00f6n vaihtelevasti yhteen laitteeseen. \u201eTajusimme, ett\u00e4 se oli yksinkertaisesti k\u00e4yt\u00f6n kannalta t\u00e4ydellinen ratkaisu meille\u201c, Daniel Jocher sanoo. Oli nimitt\u00e4in selv\u00e4\u00e4, ett\u00e4 tarvitsimme kaasua varavoimana pime\u00e4n pimeyden peitt\u00e4miseksi. FUTURA toimii suurelta osin yrityksen oman aurinkos\u00e4hk\u00f6j\u00e4rjestelm\u00e4n edullisella s\u00e4hk\u00f6ll\u00e4. Tulevaisuutta ajatellen innovatiivinen teknologia tarjoaa my\u00f6s ratkaisun vedyn avulla, jota voitaisiin my\u00f6hemmin jakaa verkkojen kautta. \u201eT\u00e4m\u00e4 tuote on loistava yhdistelm\u00e4, koska se yhdist\u00e4\u00e4 kaikki kolme mediaa.\u201c<\/p>\n<p>* Fair.AIdH tarkoittaa energiaa Joustava, mukautuva, infrapuna, teko\u00e4lyohjattu hallien l\u00e4mmitys ja<br \/>\nviittaa uuteen infrapunal\u00e4mmitystekniikkaan, jolle on ominaista muun muassa sen<br \/>\nenergiajoustavuus (monien energial\u00e4hteiden IR-hallien l\u00e4mmitys) ja teko\u00e4lyn tukeman<br \/>\nohjaustoiminnot eroavat olennaisesti perinteisest\u00e4 kaasuk\u00e4ytt\u00f6isest\u00e4 polttomoottorista.<br \/>\npime\u00e4 patteritekniikka.<\/p>\n<p>&nbsp;<\/p>\n<p><strong>P\u00e4\u00e4t\u00f6ksen perusteet<\/strong><\/p>\n<div id=\"attachment_30864\" style=\"width: 618px\" class=\"wp-caption alignright\"><img decoding=\"async\" aria-describedby=\"caption-attachment-30864\" class=\"wp-image-30864\" src=\"https:\/\/www.kuebler-hallenheizungen.de\/wp-content\/uploads\/2025\/07\/fav_img_3584_dunkler-300x225.jpg\" alt=\"Moderni varasto, jossa on puupalkit ja infrapunahallien l\u00e4mmitys.\" width=\"608\" height=\"456\" srcset=\"https:\/\/www.kuebler-hallenheizungen.de\/wp-content\/uploads\/2025\/07\/fav_img_3584_dunkler-300x225.jpg 300w, https:\/\/www.kuebler-hallenheizungen.de\/wp-content\/uploads\/2025\/07\/fav_img_3584_dunkler-1024x768.jpg 1024w, https:\/\/www.kuebler-hallenheizungen.de\/wp-content\/uploads\/2025\/07\/fav_img_3584_dunkler-768x576.jpg 768w, https:\/\/www.kuebler-hallenheizungen.de\/wp-content\/uploads\/2025\/07\/fav_img_3584_dunkler-60x45.jpg 60w, https:\/\/www.kuebler-hallenheizungen.de\/wp-content\/uploads\/2025\/07\/fav_img_3584_dunkler-100x75.jpg 100w, https:\/\/www.kuebler-hallenheizungen.de\/wp-content\/uploads\/2025\/07\/fav_img_3584_dunkler-240x180.jpg 240w, https:\/\/www.kuebler-hallenheizungen.de\/wp-content\/uploads\/2025\/07\/fav_img_3584_dunkler-360x270.jpg 360w, https:\/\/www.kuebler-hallenheizungen.de\/wp-content\/uploads\/2025\/07\/fav_img_3584_dunkler-480x360.jpg 480w, https:\/\/www.kuebler-hallenheizungen.de\/wp-content\/uploads\/2025\/07\/fav_img_3584_dunkler-560x420.jpg 560w, https:\/\/www.kuebler-hallenheizungen.de\/wp-content\/uploads\/2025\/07\/fav_img_3584_dunkler-640x480.jpg 640w, https:\/\/www.kuebler-hallenheizungen.de\/wp-content\/uploads\/2025\/07\/fav_img_3584_dunkler-720x540.jpg 720w, https:\/\/www.kuebler-hallenheizungen.de\/wp-content\/uploads\/2025\/07\/fav_img_3584_dunkler-960x720.jpg 960w, https:\/\/www.kuebler-hallenheizungen.de\/wp-content\/uploads\/2025\/07\/fav_img_3584_dunkler-1168x876.jpg 1168w, https:\/\/www.kuebler-hallenheizungen.de\/wp-content\/uploads\/2025\/07\/fav_img_3584_dunkler-1440x1080.jpg 1440w, https:\/\/www.kuebler-hallenheizungen.de\/wp-content\/uploads\/2025\/07\/fav_img_3584_dunkler-1920x1440.jpg 1920w, https:\/\/www.kuebler-hallenheizungen.de\/wp-content\/uploads\/2025\/07\/fav_img_3584_dunkler-1536x1152.jpg 1536w, https:\/\/www.kuebler-hallenheizungen.de\/wp-content\/uploads\/2025\/07\/fav_img_3584_dunkler-2048x1536.jpg 2048w, https:\/\/www.kuebler-hallenheizungen.de\/wp-content\/uploads\/2025\/07\/fav_img_3584_dunkler-16x12.jpg 16w, https:\/\/www.kuebler-hallenheizungen.de\/wp-content\/uploads\/2025\/07\/fav_img_3584_dunkler.jpg 2560w\" sizes=\"(max-width: 608px) 100vw, 608px\" \/><p id=\"caption-attachment-30864\" class=\"wp-caption-text\">Energiajoustavat infrapunahallin l\u00e4mmittimet FUTURA-sarjasta<\/p><\/div>\n<p>\u201eP\u00e4\u00e4t\u00f6s tehtiin s\u00e4hk\u00f6n ja kaasun yhdistett\u00e4vyyden vuoksi\u201c, Daniel Jocher sanoo. Toimintavarmuuden ja kytkett\u00e4viss\u00e4 olevan tehon n\u00e4k\u00f6kohdat olivat my\u00f6s merkityksellisi\u00e4, sill\u00e4 oli selv\u00e4\u00e4, ett\u00e4 kaasu on asianmukainen varavoimakeino, jotta voidaan pysy\u00e4 riippumattomana kalliista verkkos\u00e4hk\u00f6st\u00e4 pime\u00e4n pimeyden tai mahdollisten s\u00e4hk\u00f6katkosten vuoksi. Oli my\u00f6s mielenkiintoista tarkastella vety\u00e4, jota voitaisiin tulevaisuudessa jakaa s\u00e4hk\u00f6verkkoihin. \u201eMahdollisuus yhdist\u00e4\u00e4 s\u00e4hk\u00f6 ja kaasu redundanssiv\u00e4lineen\u00e4 tarjoaa toimintavarmuutta pimein\u00e4 p\u00e4ivin\u00e4 tai lumikuorman aikana, koska meid\u00e4n ei tarvitse ottaa kallista s\u00e4hk\u00f6\u00e4 verkosta. Mahdollisen s\u00e4hk\u00f6katkoksenkin varalta toimitusvarmuus olisi taattu redundanssimedian ja aurinkos\u00e4hk\u00f6n avulla.<br \/>\ntaattu. Se oli meille t\u00e4rke\u00e4\u00e4.\u201c<\/p>\n<p><strong>Yhteenvetona voidaan todeta, ett\u00e4 my\u00f6s n\u00e4m\u00e4 tekij\u00e4t olivat ratkaisevia p\u00e4\u00e4t\u00f6ksen kannalta:<\/strong><\/p>\n<ul>\n<li>Kyky yhdist\u00e4\u00e4 s\u00e4hk\u00f6, vety ja kaasu samassa laitteessa (energiajoustavuus).<\/li>\n<li>Paikallinen l\u00e4mmitys vain niiss\u00e4 tiloissa, joissa ty\u00f6t\u00e4 todella tehd\u00e4\u00e4n (joustava vy\u00f6hykel\u00e4mmitys).<\/li>\n<li>Luotettava perusl\u00e4mp\u00f6tilan s\u00e4\u00e4t\u00f6 tavaroiden pakkassuojana<\/li>\n<li>Jatkuva l\u00e4mm\u00f6ntuotto my\u00f6s pime\u00e4ss\u00e4 (toimintavarmuus).<\/li>\n<li>Investoinnit ja tulevaisuuden turvallisuus tulevina vuosikymmenin\u00e4<\/li>\n<\/ul>\n<p>\u201eHalusimme tuotteen, joka katsoo tulevaisuuteen.\u201c FUTURAa voidaan k\u00e4ytt\u00e4\u00e4 joustavasti erilaisilla (uusiutuvilla) energial\u00e4hteill\u00e4, kuten s\u00e4hk\u00f6ll\u00e4, vedyll\u00e4 tai (biogeenisill\u00e4) kaasuilla, ja se tarjoaa GROUP7:lle ehdotonta investointivarmuutta.<br \/>\nsiirtym\u00e4vaiheessa kohti hiilidioksidip\u00e4\u00e4st\u00f6t\u00f6nt\u00e4 aikakautta - pitk\u00e4lle vuoden 2045 j\u00e4lkeen.<\/p>\n<p>&nbsp;<\/p>\n<p><strong>Toteutuminen<\/strong><br \/>\nJoulukuun 31. p\u00e4iv\u00e4st\u00e4 2024 l\u00e4htien viisi halliosastoa on l\u00e4mmitetty energiajoustavien Fair.AIdH-j\u00e4rjestelmien laitteilla (FUTURA-monienergial\u00e4mmitysj\u00e4rjestelm\u00e4, jossa on CELESTRA-digitaalinen ohjaus), jotka saavat s\u00e4hk\u00f6ns\u00e4 kokonaan noin 3 MWp:n aurinkos\u00e4hk\u00f6j\u00e4rjestelm\u00e4st\u00e4.<\/p>\n<p>Schwaig 2 -logistiikkakeskus jaettiin 12 l\u00e4mmitysvy\u00f6hykkeeseen halliosuuksien mukaan. N\u00e4in vaikuttavan hallirakennuksen eri k\u00e4ytt\u00f6alueita voidaan ohjata erikseen l\u00e4mm\u00f6ntarpeen mukaan, mik\u00e4 lis\u00e4\u00e4 entisest\u00e4\u00e4n j\u00e4rjestelm\u00e4n jo ennest\u00e4\u00e4n korkeaa energiatehokkuutta. Yksitt\u00e4isten vy\u00f6hykkeiden l\u00e4mmittimi\u00e4 ohjataan kukin AI-tuella digitaalisella CELESTRA-s\u00e4\u00e4timell\u00e4. J\u00e4rjestelm\u00e4t voivat \u00e4lykk\u00e4\u00e4sti ohjata, mit\u00e4 l\u00e4mmitysv\u00e4lineit\u00e4 kullakin vy\u00f6hykkeell\u00e4 k\u00e4ytet\u00e4\u00e4n.<br \/>\nja suunnitella varastoidut tariffit. Ty\u00f6ajan ulkopuoliset ajat, kuten viikonloput ja yleiset vapaap\u00e4iv\u00e4t, otetaan automaattisesti huomioon.<\/p>\n<p>EMMA-energianhallintaj\u00e4rjestelm\u00e4 valvoo koko l\u00e4mmitysprosessia ja l\u00e4mp\u00f6tilak\u00e4yr\u00e4\u00e4 sis\u00e4lt\u00e4 ja ulkoa kunkin l\u00e4mmitysj\u00e4rjestelm\u00e4n osalta reaaliaikaisesti ja analysoi ja dokumentoi tiedot auditointeja varten esimerkiksi DIN EN 50001 -standardin mukaisesti seuraavien standardien mukaisesti.<br \/>\njoka on my\u00f6s GROUP7-sertifioitu. T\u00e4m\u00e4 tarkoittaa, ett\u00e4 kulutus, l\u00e4mp\u00f6tila, kosteus ja muut laatuindikaattorit ovat aina saatavilla dokumentointia ja todentamista varten.<\/p>\n<p>&nbsp;<\/p>\n<p><strong>Ensimm\u00e4iset kokemukset k\u00e4yt\u00e4nn\u00f6n toiminnasta<\/strong><br \/>\nL\u00e4mmitysj\u00e4rjestelm\u00e4 toimii p\u00e4ivisin klo 9.00-17.00 s\u00e4hk\u00f6toimisena 20 \u00b0C:n l\u00e4mp\u00f6tilassa, ja ensimm\u00e4iset k\u00e4ytt\u00f6kuukaudet ovat osoittaneet, ett\u00e4 noin 3 MWp:n aurinkos\u00e4hk\u00f6j\u00e4rjestelm\u00e4 kattaa helposti 760 kWh:n s\u00e4hk\u00f6ntarpeen t\u00e4n\u00e4 aikana, vaikka olisi pilvist\u00e4kin. Kello 17:00 alkaen j\u00e4rjestelm\u00e4 kytkeytyy t\u00e4ll\u00e4 tavoin pois p\u00e4\u00e4lt\u00e4 ja l\u00e4mmitysj\u00e4rjestelm\u00e4 s\u00e4\u00e4det\u00e4\u00e4n teoreettisesti 20 \u00b0C:n k\u00e4ytt\u00f6l\u00e4mp\u00f6tilasta 17 \u00b0C:een (asetettu tavoitel\u00e4mp\u00f6tila y\u00f6ll\u00e4). Todellisuudessa on kuitenkin osoitettu, ett\u00e4 l\u00e4mp\u00f6tilaa ei k\u00e4yt\u00e4nn\u00f6ss\u00e4 alenneta lainkaan rakennuksen hyv\u00e4n l\u00e4mm\u00f6nvarastointikapasiteetin ansiosta.<\/p>\n<p>&nbsp;<\/p>\n<p><strong>DGNB Gold Standard<\/strong><\/p>\n<p><img decoding=\"async\" class=\"wp-image-20968\" src=\"https:\/\/www.kuebler-hallenheizungen.de\/wp-content\/uploads\/2024\/06\/dgnb_mitglied_verein-300x93.png\" alt=\"DGNB:n j\u00e4sen&quot; -logo sinivihreill\u00e4 renkailla.\" width=\"545\" height=\"169\" srcset=\"https:\/\/www.kuebler-hallenheizungen.de\/wp-content\/uploads\/2024\/06\/dgnb_mitglied_verein-300x93.png 300w, https:\/\/www.kuebler-hallenheizungen.de\/wp-content\/uploads\/2024\/06\/dgnb_mitglied_verein-1024x317.png 1024w, https:\/\/www.kuebler-hallenheizungen.de\/wp-content\/uploads\/2024\/06\/dgnb_mitglied_verein-768x237.png 768w, https:\/\/www.kuebler-hallenheizungen.de\/wp-content\/uploads\/2024\/06\/dgnb_mitglied_verein-60x19.png 60w, https:\/\/www.kuebler-hallenheizungen.de\/wp-content\/uploads\/2024\/06\/dgnb_mitglied_verein-100x31.png 100w, https:\/\/www.kuebler-hallenheizungen.de\/wp-content\/uploads\/2024\/06\/dgnb_mitglied_verein-240x74.png 240w, https:\/\/www.kuebler-hallenheizungen.de\/wp-content\/uploads\/2024\/06\/dgnb_mitglied_verein-360x111.png 360w, https:\/\/www.kuebler-hallenheizungen.de\/wp-content\/uploads\/2024\/06\/dgnb_mitglied_verein-480x148.png 480w, https:\/\/www.kuebler-hallenheizungen.de\/wp-content\/uploads\/2024\/06\/dgnb_mitglied_verein-560x173.png 560w, https:\/\/www.kuebler-hallenheizungen.de\/wp-content\/uploads\/2024\/06\/dgnb_mitglied_verein-640x198.png 640w, https:\/\/www.kuebler-hallenheizungen.de\/wp-content\/uploads\/2024\/06\/dgnb_mitglied_verein-720x223.png 720w, https:\/\/www.kuebler-hallenheizungen.de\/wp-content\/uploads\/2024\/06\/dgnb_mitglied_verein-960x297.png 960w, https:\/\/www.kuebler-hallenheizungen.de\/wp-content\/uploads\/2024\/06\/dgnb_mitglied_verein-1168x361.png 1168w, https:\/\/www.kuebler-hallenheizungen.de\/wp-content\/uploads\/2024\/06\/dgnb_mitglied_verein-18x6.png 18w, https:\/\/www.kuebler-hallenheizungen.de\/wp-content\/uploads\/2024\/06\/dgnb_mitglied_verein.png 1417w\" sizes=\"(max-width: 545px) 100vw, 545px\" \/><\/p>\n<p>Uuden \u00abSchwaig 2\u00bb -logistiikkakiinteist\u00f6n hallien l\u00e4mmitysj\u00e4rjestelm\u00e4, joka koostuu Fair.AIdH FUTURA -laitteista ja CELESTRA-sarjan digitaalisista ohjauksista, sopii t\u00e4ydellisesti GROUP7:n kest\u00e4v\u00e4n kehityksen konseptiin, joka perustuu seuraaviin periaatteisiin kaikissa sen logistiikkakiinteist\u00f6iss\u00e4.<\/p>\n<p>Saksan kest\u00e4v\u00e4n rakentamisen neuvosto (DGNB) on sitoutunut taloudellisesti ja ekologisesti kaukon\u00e4k\u00f6iseen suunnitteluun ja k\u00e4ytt\u00f6\u00f6n, ja siksi se sertifioi kaikki uudet rakennushankkeet DGNB:n mukaisesti. Saksan kest\u00e4v\u00e4n rakentamisen neuvosto (DGNB) arvioi ekologiaa, taloutta, tekniikkaa, prosessia ja sijaintia sek\u00e4 arvioi my\u00f6s GROUP7-logistiikkakiinteist\u00f6jen infrastruktuuria ja elinkaarta.<\/p>\n<blockquote><p>\u201eMeille oli t\u00e4rke\u00e4\u00e4, ett\u00e4 l\u00e4mmit\u00e4mme vain alueita, joissa ihmiset todella ty\u00f6skentelev\u00e4t.\u201c<\/p><\/blockquote>\n<p>&nbsp;<\/p>\n<p><strong>P\u00e4\u00e4telm\u00e4<\/strong><\/p>\n<p><strong>Tulokset<\/strong><br \/>\n\u201eEnsimm\u00e4inen johtop\u00e4\u00e4t\u00f6ksemme on, ett\u00e4 olemme eritt\u00e4in tyytyv\u00e4isi\u00e4 sek\u00e4 l\u00e4mmityksen asennustapaan ett\u00e4 toteutukseen. Yhteisty\u00f6 oli hyvin kumppanuus- ja ratkaisukeskeist\u00e4\u201c, Daniel Jocher sanoo. Toteutus sujui sujuvasti kahdessa rakennusvaiheessa kiinte\u00e4ss\u00e4 aikataulussa. Salit C, D ja E otettiin k\u00e4ytt\u00f6\u00f6n 23. joulukuuta 2024, salit A ja B 31. maaliskuuta 2025.<\/p>\n<p>Koska ensimm\u00e4isten k\u00e4ytt\u00f6kuukausien j\u00e4lkeen oli viel\u00e4 liian v\u00e4h\u00e4n luotettavia lukuja saatavilla, tehokkuuden arviointia varten laadittiin vertailulaskelma, jonka laatimisesta annettiin toimeksianto arkkitehtitoimisto Jochen Peitzille, Remscheid. Laskelmassa on otettu huomioon<br \/>\nFUTURA Fair.AIdH -j\u00e4rjestelm\u00e4n teoreettisia kulutusarvoja verrattiin muihin l\u00e4mmitysvaihtoehtoihin.<\/p>\n<p><strong>Vertailulaskelman p\u00e4\u00e4telm\u00e4t:<\/strong><br \/>\nJ\u00e4ttim\u00e4inen halli, jonka kattokorkeus on noin 13 metri\u00e4, on huomattavasti pienempi kuin KfW40-rakennuksen energiankulutus, sen vuotuinen s\u00e4\u00e4st\u00f6 on 324 MWh, mik\u00e4 on 14,25 prosenttia parempi prim\u00e4\u00e4rienergiankulutuksen osalta kuin l\u00e4mp\u00f6pumppuilmal\u00e4mmitysvaihtoehdossa, ja se on j\u00e4lkimm\u00e4isen kanssa samalla tasolla loppuenergiantarpeen osalta (21,9 vs. 21,10 kWh\/m\u00b2a). Johtop\u00e4\u00e4t\u00f6s: DIN V 18599 -standardin mukaisessa teoreettisessa loppuenergiantarpeen vertailussa FUTURA Fair.AIdH ja l\u00e4mp\u00f6pumppuj\u00e4rjestelm\u00e4t ovat tasavertaisia.<\/p>\n<p>K\u00e4yt\u00e4nn\u00f6ss\u00e4 FUTURA-j\u00e4rjestelm\u00e4n odotetaan eroavan energiankulutuksen osalta viel\u00e4 selvemmin l\u00e4mp\u00f6pumppuilmal\u00e4mmitysvaihtoehdosta. T\u00e4m\u00e4 johtuu siit\u00e4, ett\u00e4 teoreettisessa laskelmassa ei ole otettu huomioon a) sit\u00e4, ett\u00e4 t\u00e4ss\u00e4 oletettiin 50 %:n kaasuk\u00e4ytt\u00f6, mutta todellisuudessa 100 %:n l\u00e4mmitys tapahtuu pelk\u00e4st\u00e4\u00e4n s\u00e4hk\u00f6ll\u00e4 ja b) uusien, digitalisoitujen j\u00e4rjestelmien tehokkaampia toimintoja. Fraunhofer Institute for Solar Energy Systems (ISE) -instituutin tutkimus osoittaa, ett\u00e4 todellisuudessa mitatut s\u00e4\u00e4st\u00f6arvot ovat yli 1,6 kertaa paremmat kuin mit\u00e4 nykyisin odotetaan vanhentuneen DIN V 18599 -standardin perusteella.<\/p>\n<p>&nbsp;<\/p>\n<p><strong>GROUP7 Hanke \u00abSchwaig 2\u00bb | Vertailulaskelmien tulokset<\/strong><\/p>\n<p>Arkkitehti Jochen Peitzin vertailulaskelmassa verrattiin uuden Fair.AIdH FUTURA-tekniikan (k\u00e4ytt\u00f6tapa s\u00e4hk\u00f6\/kaasu 50:50) prim\u00e4\u00e4ri- ja loppuenergiantarvetta nelj\u00e4\u00e4n muuhun l\u00e4mmitysj\u00e4rjestelm\u00e4\u00e4n: Autonominen ilmal\u00e4mmitys,<br \/>\nTummat patterit kaasuk\u00e4ytt\u00f6iset, ilmal\u00e4mmitin-l\u00e4mp\u00f6pumppu s\u00e4hk\u00f6k\u00e4ytt\u00f6inen ja ilmal\u00e4mmitin-l\u00e4mp\u00f6pumppu kaasuk\u00e4ytt\u00f6inen.<\/p>\n<div id=\"attachment_81184\" style=\"width: 643px\" class=\"wp-caption alignnone\"><img decoding=\"async\" aria-describedby=\"caption-attachment-81184\" class=\"wp-image-81184\" src=\"https:\/\/www.kuebler-hallenheizungen.de\/wp-content\/uploads\/2026\/01\/group7_grafik_1-300x119.png\" alt=\"Pylv\u00e4sdiagrammi eri l\u00e4mmitysj\u00e4rjestelmien prim\u00e4\u00e4rienergiantarpeesta.\" width=\"633\" height=\"251\" srcset=\"https:\/\/www.kuebler-hallenheizungen.de\/wp-content\/uploads\/2026\/01\/group7_grafik_1-300x119.png 300w, https:\/\/www.kuebler-hallenheizungen.de\/wp-content\/uploads\/2026\/01\/group7_grafik_1-60x24.png 60w, https:\/\/www.kuebler-hallenheizungen.de\/wp-content\/uploads\/2026\/01\/group7_grafik_1-100x40.png 100w, https:\/\/www.kuebler-hallenheizungen.de\/wp-content\/uploads\/2026\/01\/group7_grafik_1-240x95.png 240w, https:\/\/www.kuebler-hallenheizungen.de\/wp-content\/uploads\/2026\/01\/group7_grafik_1-360x143.png 360w, https:\/\/www.kuebler-hallenheizungen.de\/wp-content\/uploads\/2026\/01\/group7_grafik_1-18x7.png 18w, https:\/\/www.kuebler-hallenheizungen.de\/wp-content\/uploads\/2026\/01\/group7_grafik_1.png 453w\" sizes=\"(max-width: 633px) 100vw, 633px\" \/><p id=\"caption-attachment-81184\" class=\"wp-caption-text\">Huomautukset ja tulokset:<br \/>S\u00e4hk\u00f6inen infrapunal\u00e4mmitysj\u00e4rjestelm\u00e4 = Fair.AidH-tekniikka<br \/>FUTURAn prim\u00e4\u00e4rienergiantarve on alhaisin.<\/p><\/div>\n<p>&nbsp;<\/p>\n<div id=\"attachment_81185\" style=\"width: 645px\" class=\"wp-caption alignleft\"><img decoding=\"async\" aria-describedby=\"caption-attachment-81185\" class=\"wp-image-81185\" src=\"https:\/\/www.kuebler-hallenheizungen.de\/wp-content\/uploads\/2026\/01\/group7_grafik_2-300x121.png\" alt=\"Pylv\u00e4sdiagrammi osoittaa eri l\u00e4mmitysj\u00e4rjestelmien lopullisen energiankulutuksen.\" width=\"635\" height=\"256\" srcset=\"https:\/\/www.kuebler-hallenheizungen.de\/wp-content\/uploads\/2026\/01\/group7_grafik_2-300x121.png 300w, https:\/\/www.kuebler-hallenheizungen.de\/wp-content\/uploads\/2026\/01\/group7_grafik_2-60x24.png 60w, https:\/\/www.kuebler-hallenheizungen.de\/wp-content\/uploads\/2026\/01\/group7_grafik_2-100x40.png 100w, https:\/\/www.kuebler-hallenheizungen.de\/wp-content\/uploads\/2026\/01\/group7_grafik_2-240x97.png 240w, https:\/\/www.kuebler-hallenheizungen.de\/wp-content\/uploads\/2026\/01\/group7_grafik_2-360x145.png 360w, https:\/\/www.kuebler-hallenheizungen.de\/wp-content\/uploads\/2026\/01\/group7_grafik_2-18x7.png 18w, https:\/\/www.kuebler-hallenheizungen.de\/wp-content\/uploads\/2026\/01\/group7_grafik_2.png 449w\" sizes=\"(max-width: 635px) 100vw, 635px\" \/><p id=\"caption-attachment-81185\" class=\"wp-caption-text\">Huomautukset ja tulokset:<br \/>Hallin l\u00e4mmitysj\u00e4rjestelm\u00e4 Fair.AidH teknologia FUTURA on l\u00e4hes<br \/>verrattuna s\u00e4hk\u00f6ll\u00e4 toimivaan l\u00e4mp\u00f6pumppuj\u00e4rjestelm\u00e4\u00e4n.<\/p><\/div>","protected":false},"featured_media":30864,"template":"","categories":[1],"class_list":["post-81157","referenzen","type-referenzen","status-publish","has-post-thumbnail","hentry","category-allgemein"],"acf":[],"_links":{"self":[{"href":"https:\/\/www.kuebler-hallenheizungen.de\/fi\/wp-json\/wp\/v2\/referenzen\/81157","targetHints":{"allow":["GET"]}}],"collection":[{"href":"https:\/\/www.kuebler-hallenheizungen.de\/fi\/wp-json\/wp\/v2\/referenzen"}],"about":[{"href":"https:\/\/www.kuebler-hallenheizungen.de\/fi\/wp-json\/wp\/v2\/types\/referenzen"}],"wp:featuredmedia":[{"embeddable":true,"href":"https:\/\/www.kuebler-hallenheizungen.de\/fi\/wp-json\/wp\/v2\/media\/30864"}],"wp:attachment":[{"href":"https:\/\/www.kuebler-hallenheizungen.de\/fi\/wp-json\/wp\/v2\/media?parent=81157"}],"wp:term":[{"taxonomy":"category","embeddable":true,"href":"https:\/\/www.kuebler-hallenheizungen.de\/fi\/wp-json\/wp\/v2\/categories?post=81157"}],"curies":[{"name":"wp","href":"https:\/\/api.w.org\/{rel}","templated":true}]}}