{"id":29296,"date":"2025-02-02T21:30:58","date_gmt":"2025-02-02T20:30:58","guid":{"rendered":"https:\/\/www.kuebler-hallenheizungen.de\/?post_type=awards&#038;p=29296"},"modified":"2026-01-12T15:20:18","modified_gmt":"2026-01-12T14:20:18","slug":"premier-doentos-kis-es-koezepvallalkozasok-nagydija","status":"publish","type":"awards","link":"https:\/\/www.kuebler-hallenheizungen.de\/hu\/auszeichnungen\/premier-finalist-grossen-preis-des-mittelstandes\/","title":{"rendered":"Premier d\u00f6nt\u0151s"},"content":{"rendered":"<p>A dena j\u00f3 gyakorlat p\u00e9ld\u00e1jak\u00e9nt kit\u00fcntetett: A K\u00dcBLER f\u0171t\u00e9si projekt a \u201eDie Kanter &amp; Schlosser\u201c \u00faj \u00e9p\u00fclet\u00e9ben.\u201c<\/p>\n<p>Ism\u00e9t egy K\u00dcBLER-projektet ismert el a N\u00e9met Energia\u00fcgyn\u00f6ks\u00e9g (dena) j\u00f3 gyakorlatk\u00e9nt: a trieri sz\u00e9khely\u0171 Die Kanter &amp; Schlosser f\u00e9mfeldolgoz\u00f3 v\u00e1llalat \u00faj \u00e9p\u00fclet\u00e9nek f\u0171t\u00e9s\u00e9t. A K\u00dcBLER legkorszer\u0171bb FUTURA multienergetikus infrav\u00f6r\u00f6s technol\u00f3gi\u00e1j\u00e1t integr\u00e1lt csarnokvil\u00e1g\u00edt\u00e1ssal alkalmazt\u00e1k.<\/p>\n<p>\u00datt\u00f6r\u0151 fejleszt\u00e9s, amely m\u00e1r 6 d\u00edjat nyert. A trieri f\u0171t\u00e9si projekt leny\u0171g\u00f6z\u0151en mutatja be, hogy a legmodernebb infrav\u00f6r\u00f6s f\u0171t\u00e9si rendszerek hogyan cs\u00f6kkenthetik drasztikusan az energiafogyaszt\u00e1st \u00e9s a CO\u2082-kibocs\u00e1t\u00e1st.<\/p>\n<ul>\n<li>85 % Energiatakar\u00e9koss\u00e1g<\/li>\n<li>C\u00e9lzott z\u00f3naf\u0171t\u00e9s<\/li>\n<li>Gazdas\u00e1gos f\u0171t\u00e9si \u00fczemm\u00f3d<\/li>\n<li>J\u00f6v\u0151biztos \u00e9s GEG-kompatibilis<\/li>\n<\/ul>\n<p>Ez a p\u00e9lda mutatja: Aki a megfelel\u0151 f\u0171t\u00e9si technol\u00f3gi\u00e1t v\u00e1lasztja \u00faj h\u00e1za \u00e9p\u00edt\u00e9s\u00e9n\u00e9l, hossz\u00fa t\u00e1von energi\u00e1t \u00e9s k\u00f6lts\u00e9geket takar\u00edt meg. A d\u00edjr\u00f3l \u00e9s a f\u0171t\u00e9si projektr\u0151l b\u0151vebben itt olvashat:<\/p>\n<p><a href=\"https:\/\/www.dena.de\/energy-efficiency-award\/good-practice\/trier-die-kanter-schlosser\/\">\u2192 kuebler-hallenheizungen.de\/diekanter-dena<\/a><\/p>\n<p>&nbsp;<\/p>","protected":false},"featured_media":29297,"template":"","awards-year":[367],"class_list":["post-29296","awards","type-awards","status-publish","has-post-thumbnail","hentry","awards-year-367"],"acf":[],"_links":{"self":[{"href":"https:\/\/www.kuebler-hallenheizungen.de\/hu\/wp-json\/wp\/v2\/awards\/29296","targetHints":{"allow":["GET"]}}],"collection":[{"href":"https:\/\/www.kuebler-hallenheizungen.de\/hu\/wp-json\/wp\/v2\/awards"}],"about":[{"href":"https:\/\/www.kuebler-hallenheizungen.de\/hu\/wp-json\/wp\/v2\/types\/awards"}],"wp:featuredmedia":[{"embeddable":true,"href":"https:\/\/www.kuebler-hallenheizungen.de\/hu\/wp-json\/wp\/v2\/media\/29297"}],"wp:attachment":[{"href":"https:\/\/www.kuebler-hallenheizungen.de\/hu\/wp-json\/wp\/v2\/media?parent=29296"}],"wp:term":[{"taxonomy":"awards-year","embeddable":true,"href":"https:\/\/www.kuebler-hallenheizungen.de\/hu\/wp-json\/wp\/v2\/awards-year?post=29296"}],"curies":[{"name":"wp","href":"https:\/\/api.w.org\/{rel}","templated":true}]}}