{"id":29488,"date":"2025-02-27T13:51:51","date_gmt":"2025-02-27T12:51:51","guid":{"rendered":"https:\/\/www.kuebler-hallenheizungen.de\/?post_type=event&#038;p=29488"},"modified":"2025-02-27T13:51:51","modified_gmt":"2025-02-27T12:51:51","slug":"hungarotherm-09-13-04-2025","status":"publish","type":"event","link":"https:\/\/www.kuebler-hallenheizungen.de\/hu\/event\/hungarotherm-09-13-04-2025\/","title":{"rendered":"HUNGAROTHERM 09 - 13.04.2025"},"content":{"rendered":"<p>Budapesten a <strong data-start=\"94\" data-end=\"110\">HUNGAROTHERM<\/strong> a f\u0171t\u00e9si, szell\u0151z\u00e9si, l\u00e9gkondicion\u00e1l\u00e1si \u00e9s szanitertechnika vezet\u0151 nemzetk\u00f6zi szakki\u00e1ll\u00edt\u00e1sa. Az energiahat\u00e9kony csarnokf\u0171t\u00e9si megold\u00e1sok specialist\u00e1jak\u00e9nt a K\u00dcBLER ott lesz, hogy bemutassa az ipari \u00e9s kereskedelmi csarnokok fenntarthat\u00f3 f\u0171t\u00e9s\u00e9nek \u00fatt\u00f6r\u0151 technol\u00f3gi\u00e1it. L\u00e1togasson el standunkra, \u00e9s ismerje meg, hogy innovat\u00edv rendszereink hogyan k\u00edn\u00e1lnak maxim\u00e1lis hat\u00e9konys\u00e1got, rugalmass\u00e1got \u00e9s j\u00f6v\u0151biztoss\u00e1got. Hagyja, hogy szak\u00e9rt\u0151ink tan\u00e1csot adjanak \u00d6nnek, \u00e9s fedezze fel \u00e9l\u0151ben, hogyan m\u0171k\u00f6dik a modern csarnokf\u0171t\u00e9s!<\/p>\n<p><strong data-start=\"643\" data-end=\"668\">\u00c1llv\u00e1ny: A Pavilon 101H<\/strong><\/p>","protected":false},"excerpt":{"rendered":"<p>A HUNGAROTHERM Budapesten ker\u00fcl megrendez\u00e9sre - a f\u0171t\u00e9s, szell\u0151z\u00e9s, l\u00e9gkondicion\u00e1l\u00e1s \u00e9s szanitertechnika vezet\u0151 nemzetk\u00f6zi szakv\u00e1s\u00e1ra. L\u00e1togasson el a K\u00dcBLER-hez, \u00e9s tal\u00e1lkozzon a modern belt\u00e9ri f\u0171t\u00e9si rendszerek szak\u00e9rt\u0151ivel!<\/p>","protected":false},"featured_media":28258,"template":"","event-type":[460],"class_list":["post-29488","event","type-event","status-publish","has-post-thumbnail","hentry","event-type-messe"],"acf":[],"_links":{"self":[{"href":"https:\/\/www.kuebler-hallenheizungen.de\/hu\/wp-json\/wp\/v2\/event\/29488","targetHints":{"allow":["GET"]}}],"collection":[{"href":"https:\/\/www.kuebler-hallenheizungen.de\/hu\/wp-json\/wp\/v2\/event"}],"about":[{"href":"https:\/\/www.kuebler-hallenheizungen.de\/hu\/wp-json\/wp\/v2\/types\/event"}],"wp:featuredmedia":[{"embeddable":true,"href":"https:\/\/www.kuebler-hallenheizungen.de\/hu\/wp-json\/wp\/v2\/media\/28258"}],"wp:attachment":[{"href":"https:\/\/www.kuebler-hallenheizungen.de\/hu\/wp-json\/wp\/v2\/media?parent=29488"}],"wp:term":[{"taxonomy":"event-type","embeddable":true,"href":"https:\/\/www.kuebler-hallenheizungen.de\/hu\/wp-json\/wp\/v2\/event-type?post=29488"}],"curies":[{"name":"wp","href":"https:\/\/api.w.org\/{rel}","templated":true}]}}