{"id":17820,"date":"2021-03-10T11:58:34","date_gmt":"2021-03-10T10:58:34","guid":{"rendered":"https:\/\/kuebler.werbe-sofa.de\/referenzen\/bohnacker-systeme-gmbh\/"},"modified":"2024-09-06T10:21:21","modified_gmt":"2024-09-06T08:21:21","slug":"bohnacker-systems-gmbh","status":"publish","type":"referenzen","link":"https:\/\/www.kuebler-hallenheizungen.de\/hu\/referenzen\/bohnacker-systeme-gmbh\/","title":{"rendered":"\"Mintegy 570 tonn\u00e1val kevesebb CO\u2082-kibocs\u00e1t\u00e1s, kb. 49 % kevesebb energiafogyaszt\u00e1s - az \u00faj csarnokf\u0171t\u00e9s a k\u00f6rnyezet \u00e9s a k\u00f6lts\u00e9gm\u00e9rleg\u00fcnk szempontj\u00e1b\u00f3l is megt\u00e9r\u00fcl.\""},"content":{"rendered":"<p>Az Element-System r\u00e9v\u00e9n a Bohnacker Systeme GmbH a v\u00e9gfelhaszn\u00e1l\u00f3knak sz\u00e1nt polc- \u00e9s t\u00e1rol\u00f3rendszerek ter\u00e9n az els\u0151 sz\u00e1m\u00fa v\u00e1llalat. Az 1954-ben alap\u00edtott v\u00e1llalat rottenacker-i sz\u00e9khely\u00e9r\u0151l koordin\u00e1lja \u00fczleti tev\u00e9kenys\u00e9g\u00e9t az \u00f6sszes kontinens t\u00f6bb mint 60 orsz\u00e1g\u00e1ban, \u00e9s garant\u00e1lja \u00fcgyfelei sz\u00e1m\u00e1ra a szem\u00e9lyre szabott megold\u00e1sok sz\u00e1ll\u00edt\u00e1s\u00e1t. A n\u00e9metorsz\u00e1gi, magyarorsz\u00e1gi \u00e9s k\u00ednai gy\u00e1rt\u00f3\u00fczemekben \u00e9vente az Eiffel-torony s\u00faly\u00e1nak k\u00e9tszeres\u00e9t kitev\u0151 ac\u00e9lb\u00f3l gerend\u00e1k, s\u00ednek, polcok, b\u00fatorl\u00e1bak \u00e9s polcok k\u00e9sz\u00fclnek. A Bohnacker Systeme GmbH \u00e9ves forgalma 60 milli\u00f3 eur\u00f3, \u00e9s vil\u00e1gszerte t\u00f6bb mint 500 embert foglalkoztat.<\/p>\n<p>A Bohnacker Systeme GmbH-n\u00e1l 2008 decembere \u00f3ta \u00faj decentraliz\u00e1lt f\u0171t\u00e9si rendszer m\u0171k\u00f6dik. A K\u00dcBLER csarnokf\u0171t\u00e9si specialist\u00e1j\u00e1nak koncepci\u00f3ja, amely kifejezetten a rottenacker-i f\u0151 telephely komplex \u00e9p\u00fcletszerkezet\u00e9hez igazodik, nemcsak kiv\u00e1l\u00f3 hat\u00e1sfok\u00e1val, hanem egy innovat\u00edv hibrid \u00f6sszmegold\u00e1ssal is leny\u0171g\u00f6z, amelyet k\u00eds\u00e9rleti projektk\u00e9nt az 1-es csarnokban telep\u00edtettek. Az infrav\u00f6r\u00f6s f\u0171t\u00e9sb\u0151l, szab\u00e1lyoz\u00e1sb\u00f3l \u00e9s az \u00fajonnan kifejlesztett O.P.U.S.X marad\u00e9kh\u0151-hasznos\u00edt\u00f3 rendszerb\u0151l \u00e1ll\u00f3 integr\u00e1lt rendszer az infrav\u00f6r\u00f6s f\u0171t\u00e9si technol\u00f3gi\u00e1t a hagyom\u00e1nyos hidraulikus melegv\u00edz-f\u0171t\u00e9ssel kombin\u00e1lja. Az \u00f6sszesen 18 csarnokot mag\u00e1ban foglal\u00f3 gy\u00e1rt\u00f3\u00fczem f\u0171t\u00e9si rendszer\u00e9nek teljes fel\u00faj\u00edt\u00e1sa jav\u00edtja a hat\u00e9konys\u00e1got, \u00e9s d\u00f6nt\u0151en hozz\u00e1j\u00e1rul a k\u00f6rnyezetv\u00e9delemhez \u00e9s a fenntarthat\u00f3s\u00e1ghoz.<br \/>\n<H\u2082>A kiindul\u00e1si helyzet<\/H\u2082><br \/>\nA Bohnacker Systeme GmbH gy\u00e1rt\u00f3\u00fczem\u00e9t t\u00f6bb mint 30 \u00e9ve egy klasszikus melegleveg\u0151s f\u0171t\u00e9si rendszer f\u0171ti. A 18 gy\u00e1rt\u00f3csarnokb\u00f3l \u00e1ll\u00f3 \u00e9p\u00fcletkomplexumot, amely a rakt\u00e1roz\u00e1st\u00f3l a komissi\u00f3z\u00e1son \u00e9s csomagol\u00e1son \u00e1t a gy\u00e1rt\u00e1sig k\u00fcl\u00f6nb\u00f6z\u0151 felhaszn\u00e1l\u00e1si profilokkal rendelkezik, k\u00e9t, egyenk\u00e9nt 3500 kW teljes\u00edtm\u00e9ny\u0171 kaz\u00e1nnal f\u0171t\u00f6tt\u00e9k egy k\u00f6zponti kaz\u00e1nh\u00e1zon kereszt\u00fcl. Ez megnehez\u00edtette az egyes csarnokok f\u0171t\u00e9s\u00e9nek ig\u00e9ny szerinti szab\u00e1lyoz\u00e1s\u00e1t. A 23 265 m2 alapter\u00fclet\u0171 \u00e9s 4-13 m\u00e9teres csarnokmagass\u00e1g\u00fa csarnokok eset\u00e9ben a fogyaszt\u00e1s ennek megfelel\u0151en magas volt.<br \/>\n<H\u2082>A k\u00f6vetelm\u00e9nyek<\/H\u2082><br \/>\nA lehet\u0151 legt\u00f6bb primerenergia megtakar\u00edt\u00e1sa volt a f\u0151 k\u00f6vetelm\u00e9ny a gy\u00e1rt\u00f3\u00fczem f\u0171t\u00e9si rendszer\u00e9nek fel\u00faj\u00edt\u00e1s\u00e1val kapcsolatban, amikor az \u00e1tfog\u00f3 projektet 2008. okt\u00f3ber 20-\u00e1n beind\u00edtott\u00e1k. Ugyanakkor az \u00faj f\u0171t\u00e9si rendszernek decentraliz\u00e1ltnak kellett lennie, figyelembe kellett vennie a megl\u00e9v\u0151 csarnokszerkezeteket, nagyobb \u00e1talak\u00edt\u00e1si munk\u00e1latok n\u00e9lk\u00fcl kellett megval\u00f3s\u00edthat\u00f3nak lennie, \u00e9s integr\u00e1lnia kellett a megl\u00e9v\u0151 melegv\u00edz-rendszert az irod\u00e1k f\u0171t\u00e9s\u00e9re. A c\u00e9l az volt, hogy az \u00faj rendszert m\u00e9g kar\u00e1csony el\u0151tt \u00fczembe helyezz\u00e9k - egyr\u00e9szt az\u00e9rt, hogy az \u00fcnnepek alatt biztos\u00edtva legyen a f\u0171t\u00e9s, m\u00e1sr\u00e9szt az\u00e9rt, hogy az \u00faj f\u0171t\u00e9si id\u0151szakot a lehet\u0151 legjobban kihaszn\u00e1lj\u00e1k. Ambici\u00f3zus v\u00e1llalkoz\u00e1s - nem csak a projekt \u00f6sszetetts\u00e9ge miatt, amelyben egy teljes megl\u00e9v\u0151 szivatty\u00fas melegv\u00edzrendszert kellett az \u00f6sszes cs\u0151vezet\u00e9kkel egy\u00fctt az \u00faj f\u0171t\u00e9si rendszerbe integr\u00e1lni. A logisztika is k\u00fcl\u00f6nleges kih\u00edv\u00e1st jelentett. Az egym\u00e1ssal \u00f6sszekapcsolt csarnokkomplexumok nagy t\u00e1vols\u00e1gokat jelentettek, m\u00e1r csak a helysz\u00ednen beszerelend\u0151 alkatr\u00e9szek sz\u00e1ll\u00edt\u00e1sa miatt is. A telep\u00edt\u00e9st k\u00e9t m\u0171szakban v\u00e9gezt\u00e9k, \u00e9jszaka, a folyamatban l\u00e9v\u0151 m\u0171veletek alatt. Id\u0151nk\u00e9nt \u00f6t szakma dolgozott egyszerre.<\/p>\n<h3>Fel\u00faj\u00edt\u00e1si int\u00e9zked\u00e9s 1: A csarnok f\u0171t\u00e9si rendszer\u00e9nek decentraliz\u00e1l\u00e1sa<\/h3>\n<p>A Bohnacker Systeme GmbH fel\u00faj\u00edt\u00e1si koncepci\u00f3ja mag\u00e1ban foglalta az elavult melegleveg\u0151s f\u0171t\u00e9si rendszer teljes cser\u00e9j\u00e9t egy modern, energiatakar\u00e9kos infrav\u00f6r\u00f6s f\u0171t\u00e9si rendszerre. A Rottenackerben mostant\u00f3l a K\u00dcBLER hat\u00e9kony f\u0171t\u00e9si technol\u00f3gi\u00e1ja m\u0171k\u00f6dik. A rendszer elemei r\u00e9szletesen:<\/p>\n<p><strong>Infrav\u00f6r\u00f6s f\u0171t\u0151testek.<\/strong> \u00d6sszesen 123 energiatakar\u00e9kos infrav\u00f6r\u00f6s k\u00e9sz\u00fcl\u00e9ket szereltek fel. A 18 csarnok egyedi haszn\u00e1lati profilj\u00e1hoz \u00e9s f\u0171t\u00e9si ig\u00e9nyeihez igaz\u00edtva a K\u00dcBLER \u00e1tfog\u00f3 koncepci\u00f3ja k\u00fcl\u00f6nb\u00f6z\u0151 k\u00e9sz\u00fcl\u00e9kt\u00edpusokat kombin\u00e1l: 63 k\u00e9sz\u00fcl\u00e9ket az Optima nagy teljes\u00edtm\u00e9ny\u0171 rendszerb\u0151l 25 vagy 38 kW teljes\u00edtm\u00e9ny\u0171, 56 NRV t\u00f6bb\u00e9g\u0151s rendszert 24 \u00e9s 32 kW teljes\u00edtm\u00e9ny\u0171, valamint n\u00e9gy AR k\u00e9sz\u00fcl\u00e9ket egyenk\u00e9nt 13 kW teljes\u00edtm\u00e9ny\u0171. A teljes rendszer kialak\u00edt\u00e1sa egyenletes, por- \u00e9s huzatmentes h\u0151eloszl\u00e1st biztos\u00edt r\u00f6vid felf\u0171t\u00e9si id\u0151vel \u00e9s magas energiahat\u00e9konys\u00e1ggal a k\u00fcl\u00f6nb\u00f6z\u0151, 4 m-n\u00e9l kisebb \u00e9s 13 m-n\u00e9l kisebb belmagass\u00e1g\u00fa helyis\u00e9gek eset\u00e9ben.<\/p>\n<p><strong>vez\u00e9rl\u0151rendszer.<\/strong> Rottenackerben mostant\u00f3l h\u00e9t R.O.S.S.Y\u00ae rendszer biztos\u00edtja a komplex f\u0171t\u00e9si rendszer k\u00e9nyelmes \u00e9s hat\u00e9kony m\u0171k\u00f6d\u00e9s\u00e9t. \u00d6sszesen 34 egyedi f\u0171t\u00e9si z\u00f3n\u00e1t hat\u00e1roztak meg, amelyek k\u00fcl\u00f6n-k\u00fcl\u00f6n szab\u00e1lyozhat\u00f3k, hogy a k\u00fcl\u00f6nb\u00f6z\u0151 h\u0151m\u00e9rs\u00e9kleti ig\u00e9nyekre reag\u00e1lni lehessen, \u00e9s hogy az \u00e9jszakai, h\u00e9tv\u00e9gi vagy \u00fcnnepnapi be- \u00e9s kikapcsol\u00e1si pontokat pontosan az ig\u00e9nyeknek megfelel\u0151en lehessen meghat\u00e1rozni. Az er\u0151forr\u00e1s-optimaliz\u00e1l\u00f3 R.O.S.S.Y\u00ae vez\u00e9rl\u0151rendszer k\u00f6zvetlen\u00fcl kapcsol\u00f3dik a K\u00dcBLER vez\u00e9rl\u0151\u00e1llom\u00e1s\u00e1hoz a v\u00e1llalat ludwigshafeni k\u00f6zpontj\u00e1ban. Ez biztos\u00edtja az \u00f6sszes l\u00e9nyeges \u00fczemeltet\u00e9si \u00e9s fogyaszt\u00e1si adat mindenkori \u00e1tl\u00e1that\u00f3s\u00e1g\u00e1t, \u00e9s a primerenergia, a karbantart\u00e1s \u00e9s a p\u00f3talkatr\u00e9szek \u00fczemeltet\u00e9si k\u00f6lts\u00e9geinek cs\u00f6kkent\u00e9se r\u00e9v\u00e9n garant\u00e1lja a teljes rendszer maxim\u00e1lisan hat\u00e9kony m\u0171k\u00f6d\u00e9s\u00e9t.<\/p>\n<p><strong>Marad\u00e9kh\u0151-hasznos\u00edt\u00e1s.<\/strong> Az infrav\u00f6r\u00f6s f\u0171t\u00e9sb\u0151l \u00e9s f\u0171t\u00e9sszab\u00e1lyoz\u00e1sb\u00f3l \u00e1ll\u00f3 432 kW-os rendszert az 1-es csarnokban k\u00eds\u00e9rleti jelleggel kieg\u00e9sz\u00edtett\u00e9k a K\u00dcBLER egyik \u00faj\u00edt\u00e1s\u00e1val: az O.P.U.S.X h\u0151cser\u00e9l\u0151vel. Ez az \u00faj marad\u00e9kh\u0151-hasznos\u00edt\u00f3 rendszer a csarnokf\u0171t\u00e9si rendszerek kipufog\u00f3g\u00e1z\u00e1ban l\u00e9v\u0151 energi\u00e1t hidraulikus melegv\u00edz-k\u00e9sz\u00edt\u00e9sre tudja felhaszn\u00e1lni, \u00e9s ez az alapja a K\u00dcBLER \u00faj \u00e9s eddigi leghat\u00e9konyabb f\u0171t\u00e9si koncepci\u00f3j\u00e1nak: a H.Y.B.R.I.D. hibrid rendszernek.<\/p>\n<h3>Fel\u00faj\u00edt\u00e1si int\u00e9zked\u00e9s 2: A szivatty\u00fas melegv\u00edz-rendszer decentraliz\u00e1l\u00e1sa az irod\u00e1k f\u0171t\u00e9s\u00e9hez<\/h3>\n<p>A megl\u00e9v\u0151 szivatty\u00fas melegv\u00edz-rendszert teljesen decentraliz\u00e1lt\u00e1k az irodah\u00e1zak f\u0171t\u00e9s\u00e9re. \u00d6t hat\u00e9kony kondenz\u00e1ci\u00f3s g\u00e1zkaz\u00e1n \u00e9s egy 833 kW \u00f6sszteljes\u00edtm\u00e9ny\u0171 kaz\u00e1n v\u00e1ltja fel a k\u00e9t r\u00e9gi 3500 kW-os kaz\u00e1nt \u00e9s a k\u00f6zponti kaz\u00e1nh\u00e1zat. Ezek biztos\u00edtj\u00e1k a r\u00f6vid t\u00e1vols\u00e1gokat \u00e9s a cs\u00f6kkentett energiafogyaszt\u00e1st.<\/p>\n<p>A megl\u00e9v\u0151 perif\u00e9ri\u00e1kat nagyr\u00e9szt felhaszn\u00e1lt\u00e1k, de \u00faj szivatty\u00fakat \u00e9s cs\u0151vezet\u00e9keket \u00e9p\u00edtettek be. M\u00edg kor\u00e1bban csak egy komplex szivatty\u00farendszer l\u00e1tta el az egyes aleloszt\u00f3kat, ezt is decentraliz\u00e1lt\u00e1k, hogy az egyes f\u0171t\u00e9si folyamatokat c\u00e9lzottabban lehessen vez\u00e9relni.<br \/>\n<H\u2082>A f\u0171t\u00e9si rendszer fel\u00faj\u00edt\u00e1s\u00e1nak eredm\u00e9nyei<\/H\u2082><br \/>\nA szerz\u0151d\u00e9s 2008. okt\u00f3ber 20-i oda\u00edt\u00e9l\u00e9s\u00e9t k\u00f6vet\u0151en a telep\u00edt\u00e9s okt\u00f3ber 24-\u00e9n kezd\u0151d\u00f6tt meg. Az \u00faj csarnokf\u0171t\u00e9si rendszert kar\u00e1csony el\u0151tt helyezt\u00e9k \u00fczembe. 2009. febru\u00e1r 15-\u00e9n adt\u00e1k \u00e1t a korszer\u0171s\u00edtett infrav\u00f6r\u00f6s f\u0171t\u00e9si rendszert, bele\u00e9rtve a legkorszer\u0171bb szivatty\u00fas melegv\u00edz-f\u0171t\u00e9si rendszert is, a megrendel\u0151nek. A teljes telep\u00edt\u00e9st a termel\u00e9s megszak\u00edt\u00e1sa n\u00e9lk\u00fcl v\u00e9gezt\u00e9k el a folyamatban l\u00e9v\u0151 m\u0171veletek sor\u00e1n. Az \u00faj rendszert a r\u00e9gi rendszer kikapcsol\u00e1s\u00e1val egy id\u0151ben helyezt\u00e9k \u00fczembe. A Bohnacker Systeme GmbH sz\u00e1m\u00e1ra az energiatakar\u00e9kos infrav\u00f6r\u00f6s f\u0171t\u00e9s mell\u00e9khat\u00e1sa a tekercsek t\u00e1rol\u00e1sa: a p\u00e1ratartalmat az infrav\u00f6r\u00f6s f\u0171t\u0151berendez\u00e9sek \u00fagy cs\u00f6kkentik, hogy a kondenz\u00e1ci\u00f3 megb\u00edzhat\u00f3an elker\u00fclhet\u0151.<\/p>\n<p>A fel\u00faj\u00edt\u00e1s f\u0151 c\u00e9lja azonban az volt, hogy jelent\u0151s megtakar\u00edt\u00e1st \u00e9rjenek el a primerenergia-fogyaszt\u00e1sban. Mintegy 40 % energiamegtakar\u00edt\u00e1st prognosztiz\u00e1ltak \u00e9s garant\u00e1ltak. Az \u00fczemeltet\u00e9s els\u0151 n\u00e9h\u00e1ny h\u00f3napja ut\u00e1n egy\u00e9rtelm\u0171 volt, hogy az elv\u00e1r\u00e1sok teljes\u00fcltek. Az \u00e9vi 6 500 000 kWh \u00e1tlagos primerenergia-fogyaszt\u00e1s helyett a fel\u00faj\u00edt\u00e1s ut\u00e1n az \u00e9ves fogyaszt\u00e1s m\u00e1r csak 3 344 000 kWh. Ez 0,07 eur\u00f3 k\u00f6r\u00fcli kWh-\u00e1r mellett t\u00f6bb mint 220 000 eur\u00f3 \u00e9ves k\u00f6lts\u00e9gmegtakar\u00edt\u00e1st eredm\u00e9nyez. Ez k\u00f6r\u00fclbel\u00fcl 49 %-nek felel meg. Ezenk\u00edv\u00fcl jelent\u0151s, \u00f6sszesen mintegy 40 000 eur\u00f3s k\u00f6lts\u00e9get takar\u00edtottak meg, amely 2009-ben a r\u00e9gi rendszer jav\u00edt\u00e1s\u00e1val kapcsolatban mer\u00fclt volna fel. Ez azt jelenti, hogy az \u00fczemeltet\u00e9s els\u0151 \u00e9v\u00e9ben a megtakar\u00edt\u00e1sok \u00f6sszesen mintegy 260 000 eur\u00f3t tettek ki.<\/p>\n<h3>Ugyanakkor m\u00e1s kiad\u00e1sok is cs\u00f6kkentek:<\/h3>\n<ul>\n<li>Megtakar\u00edt\u00e1s a kaz\u00e1nh\u00e1z \u00fczemeltet\u00e9s\u00e9vel kapcsolatos szem\u00e9lyi k\u00f6lts\u00e9geken<\/li>\n<li>Megtakar\u00edt\u00e1s a karbantart\u00e1si \u00e9s szervizk\u00f6lts\u00e9geken<\/li>\n<li>Megtakar\u00edt\u00e1s az \u00fczemeltet\u00e9si anyagok k\u00f6lts\u00e9geiben<\/li>\n<li>\u00daj hasznos t\u00e9rnyer\u00e9s a r\u00e9gi kaz\u00e1nh\u00e1z leszerel\u00e9s\u00e9vel<\/li>\n<\/ul>\n<p>A mintegy 700 000 eur\u00f3s beruh\u00e1z\u00e1s a Bohnacker Systeme GmbH sz\u00e1m\u00e1ra k\u00f6r\u00fclbel\u00fcl h\u00e1rom \u00e9v alatt amortiz\u00e1l\u00f3dik.<\/p>\n<h3>Eredm\u00e9nyek<\/h3>\n<p><img decoding=\"async\" class=\"alignnone wp-image-778 size-full\" src=\"https:\/\/www.kuebler-hallenheizungen.de\/wp-content\/uploads\/2021\/03\/die-energieverbrauchswerte-vor-und-nach-der-sanierung.png\" alt=\"Az energiafogyaszt\u00e1s \u00e9rt\u00e9kei a fel\u00faj\u00edt\u00e1s el\u0151tt \u00e9s ut\u00e1n | Bohnacker Systeme GmbH\" width=\"949\" height=\"458\" srcset=\"https:\/\/www.kuebler-hallenheizungen.de\/wp-content\/uploads\/2021\/03\/die-energieverbrauchswerte-vor-und-nach-der-sanierung.png 949w, https:\/\/www.kuebler-hallenheizungen.de\/wp-content\/uploads\/2021\/03\/die-energieverbrauchswerte-vor-und-nach-der-sanierung-300x145.png 300w, https:\/\/www.kuebler-hallenheizungen.de\/wp-content\/uploads\/2021\/03\/die-energieverbrauchswerte-vor-und-nach-der-sanierung-768x371.png 768w, https:\/\/www.kuebler-hallenheizungen.de\/wp-content\/uploads\/2021\/03\/die-energieverbrauchswerte-vor-und-nach-der-sanierung-60x29.png 60w, https:\/\/www.kuebler-hallenheizungen.de\/wp-content\/uploads\/2021\/03\/die-energieverbrauchswerte-vor-und-nach-der-sanierung-100x48.png 100w, https:\/\/www.kuebler-hallenheizungen.de\/wp-content\/uploads\/2021\/03\/die-energieverbrauchswerte-vor-und-nach-der-sanierung-240x116.png 240w, https:\/\/www.kuebler-hallenheizungen.de\/wp-content\/uploads\/2021\/03\/die-energieverbrauchswerte-vor-und-nach-der-sanierung-360x174.png 360w, https:\/\/www.kuebler-hallenheizungen.de\/wp-content\/uploads\/2021\/03\/die-energieverbrauchswerte-vor-und-nach-der-sanierung-480x232.png 480w, https:\/\/www.kuebler-hallenheizungen.de\/wp-content\/uploads\/2021\/03\/die-energieverbrauchswerte-vor-und-nach-der-sanierung-560x270.png 560w, https:\/\/www.kuebler-hallenheizungen.de\/wp-content\/uploads\/2021\/03\/die-energieverbrauchswerte-vor-und-nach-der-sanierung-640x309.png 640w, https:\/\/www.kuebler-hallenheizungen.de\/wp-content\/uploads\/2021\/03\/die-energieverbrauchswerte-vor-und-nach-der-sanierung-720x347.png 720w, https:\/\/www.kuebler-hallenheizungen.de\/wp-content\/uploads\/2021\/03\/die-energieverbrauchswerte-vor-und-nach-der-sanierung-18x9.png 18w\" sizes=\"(max-width: 949px) 100vw, 949px\" \/><\/p>\n<p><em>Az eredm\u00e9nyek a 2008 december\u00e9t\u0151l 2009 \u00e1prilis\u00e1ig tart\u00f3 m\u0171k\u00f6d\u00e9s els\u0151 h\u00f3napjainak t\u00e9nyleges \u00e9rt\u00e9kein alapulnak. Az okt\u00f3ber-decemberi \u00e9s a janu\u00e1r-\u00e1prilisi h\u00f3napok elt\u00e9r\u0151 hideg id\u0151szakaihoz igaz\u00edtva ezek az \u00e9rt\u00e9kek a m\u0171k\u00f6d\u00e9s els\u0151 \u00e9v\u00e9ben \u00f6sszesen mintegy 220 000 eur\u00f3 megtakar\u00edt\u00e1st eredm\u00e9nyeznek a primerenergia-felhaszn\u00e1l\u00e1s tekintet\u00e9ben, \u00e9s tov\u00e1bbi 40 000 eur\u00f3t a r\u00e9gi melegleveg\u0151s f\u0171t\u00e9si rendszer sz\u00fcks\u00e9ges jav\u00edt\u00e1saira.<\/em><\/p>\n<p>Eredm\u00e9nyek Marad\u00e9kh\u0151-hasznos\u00edt\u00e1s A Bohnacker Systeme GmbH-n\u00e1l az O.P.U.S.X 69 kW teljes\u00edtm\u00e9nyt t\u00e1pl\u00e1lt az 1. csarnok melegv\u00edz-rendszer\u00e9be cs\u00facsid\u0151ben egy 3000 literes puffertart\u00e1lyon kereszt\u00fcl, sz\u00fcks\u00e9g szerint. Ez a teljes korszer\u0171s\u00edtett szivatty\u00fas melegv\u00edz-rendszer teljes\u00edtm\u00e9ny\u00e9nek mintegy 8 sz\u00e1zal\u00e9k\u00e1nak felel meg.<br \/>\n<H\u2082>\u00dcgyf\u00e9linterj\u00fa Fernando Gomes-Anjo-val, Bohnacker Systeme GmbH<\/H\u2082><br \/>\n<strong>Fernando Gomes-Anjo a Bohnacker Systeme GmbH m\u0171szaki termel\u00e9si igazgat\u00f3ja \u00e9s a vezet\u0151s\u00e9g tagja. A baden-w\u00fcrttembergi gy\u00e1rt\u00f3\u00fczem f\u0171t\u00e9si rendszer\u00e9nek teljes korszer\u0171s\u00edt\u00e9se \u00e9rdek\u00e9ben a K\u00dcBLER \u00e1ltal k\u00edn\u00e1lt legmodernebb megold\u00e1st v\u00e1lasztotta: H.Y.B.R.R.I.D. - egy \u00e1tfog\u00f3 koncepci\u00f3, amely a f\u0171t\u00e9st, a szab\u00e1lyoz\u00e1st \u00e9s a marad\u00e9kh\u0151-hasznos\u00edt\u00e1st foglalja mag\u00e1ban. Szerkeszt\u0151s\u00e9g\u00fcnk Rottenackerben besz\u00e9lgetett vele a tervez\u00e9sr\u0151l, a telep\u00edt\u00e9sr\u0151l \u00e9s a kezdeti \u00fczemeltet\u00e9si tapasztalatokr\u00f3l.<\/strong><\/p>\n<p><strong>K\u00fcl\u00f6nb\u00f6z\u0151 f\u0171t\u00e9sgy\u00e1rt\u00f3kt\u00f3l t\u00f6bb koncepci\u00f3t is bemutattak \u00d6nnek egy versenyen. Milyen t\u00e9nyez\u0151k voltak d\u00f6nt\u0151ek abban, hogy v\u00e9g\u00fcl a K\u00dcBLER GmbH kapta a megb\u00edz\u00e1st?<\/strong><\/p>\n<p>\u00d6sszess\u00e9g\u00e9ben a K\u00dcBLER GmbH leny\u0171g\u00f6z\u00f6tt minket egy technikailag r\u00e9szletes alkalmaz\u00e1ssal \u00e9s a szem\u00e9lyre szabott \u00e1tfog\u00f3 koncepci\u00f3val. A megb\u00edz\u00e1s oda\u00edt\u00e9l\u00e9se szempontj\u00e1b\u00f3l d\u00f6nt\u0151 t\u00e9nyez\u0151 volt egyr\u00e9szt az, hogy a K\u00dcBLER GmbH olyan megold\u00e1st tudott k\u00edn\u00e1lni, amely kifejezetten a mi csarnokszerkezeteinkre szabott, \u00e9s nem ig\u00e9nyelt nagyobb \u00e1talak\u00edt\u00e1si munk\u00e1latokat. M\u00e1sr\u00e9szt megl\u00e1togattam egy olyan v\u00e1llalatot, amelynek csaknem azonos csarnokai voltak, \u00e9s amely szint\u00e9n K\u00dcBLER-berendez\u00e9seket telep\u00edtett. Ott leny\u0171g\u00f6z\u00f6tt ezeknek a berendez\u00e9seknek a hat\u00e9konys\u00e1ga, \u00e9s v\u00e9g\u00fcl a hat\u00e9konys\u00e1gi t\u00e9nyez\u0151 volt az, ami a legink\u00e1bb meggy\u0151z\u00f6tt.<\/p>\n<p>Milyen k\u00f6vetelm\u00e9nyeket t\u00e1masztott az \u00faj f\u0171t\u00e9si rendszerrel szemben a korszer\u0171s\u00edt\u00e9st megel\u0151z\u0151en? A legfontosabb k\u00f6vetelm\u00e9ny\u00fcnk a gy\u00e1rt\u00f3\u00fczem korszer\u0171s\u00edt\u00e9sekor az volt, hogy a r\u00e9gi l\u00e9gkeringtet\u0151 rendszer gyenge hat\u00e9konys\u00e1g\u00e1hoz k\u00e9pest maximaliz\u00e1ljuk a megtakar\u00edt\u00e1si lehet\u0151s\u00e9geket. Az \u00faj f\u0171t\u00e9si rendszernek integr\u00e1lnia kellett az irodah\u00e1zak ell\u00e1t\u00e1s\u00e1t, \u00e9s decentraliz\u00e1ltnak kellett lennie, hogy a r\u00f6vid t\u00e1vols\u00e1gokon kereszt\u00fcl a lehet\u0151 legkisebb legyen a vesztes\u00e9g. A vez\u00e9rl\u0151rendszernek k\u00f6nnyen kezelhet\u0151nek \u00e9s k\u00f6nnyen hozz\u00e1f\u00e9rhet\u0151nek kellett lennie. A K\u00dcBLER t\u00f6k\u00e9letesen teljes\u00edtette ezeket a k\u00f6vetelm\u00e9nyeket, \u00e9s a gyors, termel\u00e9skies\u00e9s n\u00e9lk\u00fcli megval\u00f3s\u00edt\u00e1st is biztos\u00edtotta.<\/p>\n<p><strong>\u00c9s milyen el\u0151ny\u00f6kkel j\u00e1r az infrav\u00f6r\u00f6s technol\u00f3gia haszn\u00e1lata a kor\u00e1bbi rendszerhez k\u00e9pest?<\/strong><\/p>\n<p>Nemcsak hogy a K\u00dcBLER berendez\u00e9sekkel m\u00e1r h\u00e1rom \u00e9v ut\u00e1n megt\u00e9r\u00fcltek a beruh\u00e1z\u00e1si k\u00f6lts\u00e9gek, hanem az infrav\u00f6r\u00f6s technol\u00f3gi\u00e1nak k\u00f6sz\u00f6nhet\u0151en a CO\u2082-kibocs\u00e1t\u00e1s is k\u00f6r\u00fclbel\u00fcl 570 tonn\u00e1val cs\u00f6kken \u00e9vente. Mivel a k\u00f6rnyezetv\u00e9delem \u00e9s a fenntarthat\u00f3s\u00e1g szil\u00e1rdan be\u00e9p\u00fclt v\u00e1llalati filoz\u00f3fi\u00e1nkba, ez tov\u00e1bbi fontos el\u0151nyt jelent. K\u00fcl\u00f6n\u00f6sen a f\u00e9m alkatr\u00e9szek t\u00e1rol\u00e1sa sor\u00e1n d\u00f6nt\u0151 el\u0151ny, hogy a berendez\u00e9sek por- \u00e9s l\u00e9g\u00e1raml\u00e1smentesen m\u0171k\u00f6dnek, \u00e9s a sz\u00e1raz helyis\u00e9gleveg\u0151 miatt nem keletkezik kondenzv\u00edz.<\/p>\n<p><strong>A teljes korszer\u0171s\u00edt\u00e9sre a folyamatban l\u00e9v\u0151 m\u0171veletek sor\u00e1n ker\u00fclt sor. Voltak fennakad\u00e1sok a telep\u00edt\u00e9s sor\u00e1n?<\/strong><\/p>\n<p>Nem, egy\u00e1ltal\u00e1n nem. Nem volt termel\u00e9skies\u00e9s, \u00e9s az \u00faj rendszert a terveknek megfelel\u0151en helyezt\u00e9k \u00fczembe, amikor a r\u00e9git kikapcsolt\u00e1k. Az eg\u00e9sz megval\u00f3s\u00edt\u00e1s rendk\u00edv\u00fcl professzion\u00e1lis volt, \u00e9s a tervet, hogy el\u0151sz\u00f6r a legnagyobb megtakar\u00edt\u00e1si potenci\u00e1llal rendelkez\u0151 csarnokokat alak\u00edts\u00e1k \u00e1t, pontosan betartott\u00e1k, a mi megel\u00e9ged\u00e9s\u00fcnkre. A K\u00dcBLER-t\u0151l el\u0151zetesen r\u00e9szletes tan\u00e1csokat kaptunk, \u00e9s pontos le\u00edr\u00e1st kaptunk a rendszerr\u0151l \u00e9s a vez\u00e9rl\u00e9sr\u0151l, \u00edgy m\u00e1r a kezdetekt\u0151l fogva j\u00f3l tudtunk dolgozni a rendszerrel.<\/p>\n<p><strong>\u00c9s hogyan reag\u00e1ltak az alkalmazottak a v\u00e1ltoz\u00e1sokra? Volt-e m\u00e1r visszajelz\u00e9s t\u0151l\u00fck?<\/strong><\/p>\n<p>Az itteni v\u00e9lem\u00e9nyek egy\u00f6ntet\u0171en pozit\u00edvak. Mindenki egy\u00f6ntet\u0171en kiemeli a sokkal kellemesebb meleget, amely nem sz\u00f6kik el azonnal, ha a folyos\u00f3kon nyitva hagyj\u00e1k az ablakot. K\u00fcl\u00f6n\u00f6sen a padl\u00f3ban t\u00e1rolt h\u0151, amely alulr\u00f3l t\u00e1vozik, hasonl\u00f3 a padl\u00f3f\u0171t\u00e9shez, \u00e9s mindenki sokkal kellemesebbnek \u00e9rz\u00e9keli. Sokan azt is mondj\u00e1k, hogy sokkal gyorsabban melegszik fel, \u00e9s hogy az \u00faj f\u0171t\u00e9si rendszerek sokkal hat\u00e9konyabbak.<br \/>\n<H\u2082>A K\u00dcBLER<\/H\u2082><br \/>\nA K\u00dcBLER GmbH innovat\u00edv infrav\u00f6r\u00f6s rendszereivel a legmodernebb \u00e9s leggazdas\u00e1gosabb technol\u00f3gi\u00e1t fejleszti \u00e9s forgalmazza a nagy terek f\u0171t\u00e9s\u00e9re, \u00e9s ma m\u00e1r a kulcsrak\u00e9sz megold\u00e1sok teljes k\u00f6r\u0171 szolg\u00e1ltat\u00f3jak\u00e9nt \u00e1tfog\u00f3 term\u00e9kpalett\u00e1t k\u00edn\u00e1l a k\u00fcl\u00f6nb\u00f6z\u0151 csarnokok \u00e9s helyis\u00e9gek sz\u00e1m\u00e1ra. A K\u00dcBLER jelent\u0151sen hozz\u00e1j\u00e1rult a modern infrav\u00f6r\u00f6s technol\u00f3gia \u00e1tt\u00f6r\u00e9s\u00e9hez. A v\u00e1llalatot az ipar\u00e1g innov\u00e1ci\u00f3s vezet\u0151jek\u00e9nt tartj\u00e1k sz\u00e1mon, \u00e9s rendszeresen elismerik innovat\u00edv eredm\u00e9nyeit. A nemzeti \u00e9s nemzetk\u00f6zi d\u00edjak k\u00f6z\u00e9 tartozik Az \u00e9v ipari f\u0171t\u0151berendez\u00e9se 1996, Sz\u00f6vets\u00e9gi d\u00edj a kiemelked\u0151 innovat\u00edv teljes\u00edtm\u00e9ny\u00e9rt 2004, Az \u00e9v v\u00e1llalkoz\u00e1sa Ludwigshafenben, d\u00f6nt\u0151s az \u00e9v v\u00e1llalkoz\u00f3ja 2005, Bajororsz\u00e1g \u00e1llami d\u00edja 2006, a k\u00f6z\u00e9pv\u00e1llalkoz\u00e1sok nagyd\u00edja 2008 \u00e9s a Rajna-vid\u00e9k-Pfalz innov\u00e1ci\u00f3s d\u00edj 2008. A K\u00dcBLER hat szabadalmat \u00e9s tizenk\u00e9t v\u00e9djegyet jegyeztetett be. Az 1989-ben alap\u00edtott v\u00e1llalat mintegy 100 embert foglalkoztat, \u00e9s telephelyei vannak Ludwigshafenben, Drezd\u00e1ban, a Cseh K\u00f6zt\u00e1rsas\u00e1gban \u00e9s Magyarorsz\u00e1gon.<\/p>","protected":false},"featured_media":769,"template":"","categories":[1],"class_list":["post-17820","referenzen","type-referenzen","status-publish","has-post-thumbnail","hentry","category-allgemein"],"acf":[],"_links":{"self":[{"href":"https:\/\/www.kuebler-hallenheizungen.de\/hu\/wp-json\/wp\/v2\/referenzen\/17820","targetHints":{"allow":["GET"]}}],"collection":[{"href":"https:\/\/www.kuebler-hallenheizungen.de\/hu\/wp-json\/wp\/v2\/referenzen"}],"about":[{"href":"https:\/\/www.kuebler-hallenheizungen.de\/hu\/wp-json\/wp\/v2\/types\/referenzen"}],"wp:featuredmedia":[{"embeddable":true,"href":"https:\/\/www.kuebler-hallenheizungen.de\/hu\/wp-json\/wp\/v2\/media\/769"}],"wp:attachment":[{"href":"https:\/\/www.kuebler-hallenheizungen.de\/hu\/wp-json\/wp\/v2\/media?parent=17820"}],"wp:term":[{"taxonomy":"category","embeddable":true,"href":"https:\/\/www.kuebler-hallenheizungen.de\/hu\/wp-json\/wp\/v2\/categories?post=17820"}],"curies":[{"name":"wp","href":"https:\/\/api.w.org\/{rel}","templated":true}]}}