{"id":17822,"date":"2021-03-10T14:23:17","date_gmt":"2021-03-10T13:23:17","guid":{"rendered":"https:\/\/kuebler.werbe-sofa.de\/referenzen\/eiffel-deutschland-stahltechnologie\/"},"modified":"2024-09-06T10:17:28","modified_gmt":"2024-09-06T08:17:28","slug":"eiffel-nemet-aceltechnologia","status":"publish","type":"referenzen","link":"https:\/\/www.kuebler-hallenheizungen.de\/hu\/referenzen\/eiffel-deutschland-stahltechnologie\/","title":{"rendered":"\"A v\u00e1ls\u00e1g ellen\u00e9re beruh\u00e1z\u00e1sokat hajtottunk v\u00e9gre, \u00e9s \u00edgy 200 000 eur\u00f3val jav\u00edtottuk a p\u00e9nzforgalmat.\""},"content":{"rendered":"<p>Aki el\u0151sz\u00f6r l\u00e9p be az Eiffel Deutschland Stahltechnologie hannoveri gy\u00e1rter\u00fclet\u00e9re, az \u00f3hatatlanul \u00faj m\u00e9retar\u00e1nyokat \u00e9rz\u00e9kel. A gy\u00e1rt\u00f3csarnokok \u00e9s az iroda\u00e9p\u00fcletek hatalmas, 53 000 n\u00e9gyzetm\u00e9teres ter\u00fcleten ter\u00fclnek el. Minden, amit itt gy\u00e1rtanak, gigantikus m\u00e9ret\u0171: h\u00eddszerkezetekhez, magas\u00e9p\u00edt\u00e9si projektekhez, er\u0151m\u0171\u00e9p\u00fcletekhez, v\u00edz\u00e9p\u00edt\u00e9shez vagy sz\u00e1ll\u00edt\u00f3szalag-technik\u00e1hoz sz\u00fcks\u00e9ges ac\u00e9lalkatr\u00e9szek. Ezekben az \u00f3ri\u00e1sokban olyan precizit\u00e1s rejlik, amely a tradicion\u00e1lis v\u00e1llalatot a vil\u00e1g kev\u00e9s ac\u00e9l\u00e9p\u00edt\u00e9si szak\u00e9rt\u0151j\u00e9nek egyik\u00e9v\u00e9 tette. Olyan \u00e9p\u00fcletek, mint a p\u00e1rizsi Centre Pompidou, a m\u00fcncheni olimpiai stadion \u00e9s a durbani vil\u00e1gbajnoks\u00e1g stadionja a v\u00e1llalat nemzetk\u00f6zi h\u00edrnev\u00e9r\u0151l besz\u00e9lnek. A v\u00e1llalat \u00e9ves forgalma 90 milli\u00f3 eur\u00f3.<\/p>\n<p>A 2009-es v\u00e1ls\u00e1g\u00e9v k\u00f6zep\u00e9n az Eiffel Deutschland Stahltechnologie megb\u00edz\u00e1st adott a hannoveri telephely teljes csarnok- \u00e9s irodaf\u0171t\u00e9si rendszer\u00e9nek fel\u00faj\u00edt\u00e1s\u00e1ra, ami 600 000 eur\u00f3s beruh\u00e1z\u00e1st jelentett. A H.Y.B.R.R.I.D.-et els\u0151 alkalommal telep\u00edtett\u00e9k ilyen nagys\u00e1grendben. Az els\u0151 f\u0171t\u00e9si id\u0151szak ut\u00e1n a p\u00e9nzforgalom 200 000 eur\u00f3val javult.<\/p>\n<p>Az Eiffel azonban nem csak a javul\u00f3 likvidit\u00e1s miatt \u00f6r\u00fcl annak, hogy a gazdas\u00e1gi vil\u00e1gv\u00e1ls\u00e1g ellen\u00e9re j\u00f3 befektet\u00e9st hajtott v\u00e9gre. A r\u00e9gi rendszer teljes \u00f6sszeoml\u00e1s\u00e1nak kock\u00e1zata t\u00fal nagy lett volna - a r\u00f6gt\u00f6nz\u00f6tt jav\u00edt\u00e1sokra ford\u00edtott beruh\u00e1z\u00e1s nem lett volna tart\u00f3san \u00e9rt\u00e9kes. Most ezt is meg lehetett sp\u00f3rolni. A hannoveri \u00e1tfog\u00f3 korszer\u0171s\u00edt\u00e9si projekt megmutatja, hogy \u00fczleti szempontb\u00f3l mennyire fontos lehet a modern energiatakar\u00e9kos technol\u00f3gi\u00e1ba val\u00f3 beruh\u00e1z\u00e1s, k\u00fcl\u00f6n\u00f6sen a recesszi\u00f3 idej\u00e9n. Jelent\u0151s mennyis\u00e9g\u0171 CO\u2082-kibocs\u00e1t\u00e1s megtakar\u00edt\u00e1sa \u00e9rdek\u00e9ben - \u00e9s mint az egyik legfontosabb int\u00e9zked\u00e9s a fogyaszt\u00e1s \u00e9s a fix k\u00f6lts\u00e9gek fenntarthat\u00f3 cs\u00f6kkent\u00e9s\u00e9re v\u00e1ls\u00e1g idej\u00e9n.<br \/>\n<H\u2082>A projekt: 17.292 m\u00b2 szigeteletlen t\u00e9len<\/H\u2082><br \/>\nAz Eiffel Deutschland Stahltechnologie v\u00e1llalat Brinker Hafen ipari parkban tal\u00e1lhat\u00f3, mintegy 100 \u00e9ves gy\u00e1rt\u00f3csarnokai eredetileg puszt\u00e1n id\u0151j\u00e1r\u00e1sv\u00e9delemre k\u00e9sz\u00fcltek. Az 1960-as \u00e9vekben az \u00e9p\u00fcletszerkezetet jelent\u0151sen kib\u0151v\u00edtett\u00e9k, \u00e9s ezzel egyidej\u0171leg mindk\u00e9t f\u0151\u00e9p\u00fcletet egy 1500 kW-os, k\u00e9t kaz\u00e1nnal m\u0171k\u00f6d\u0151 f\u0171t\u00e9si rendszerrel l\u00e1tt\u00e1k el, valamint a csarnokokba az els\u0151 melegleveg\u0151s f\u0171t\u0151berendez\u00e9seket szerelt\u00e9k be. A 70-es, 80-as \u00e9s 90-es \u00e9vekben tov\u00e1bbi b\u0151v\u00edt\u00e9sek \u00e9s a melegleveg\u0151s f\u0171t\u00e9si rendszer b\u0151v\u00edt\u00e9se k\u00f6vetkezett. Amikor 2008 tavasz\u00e1n a f\u0171t\u00e9si rendszer korszer\u0171s\u00edt\u00e9s\u00e9r\u0151l d\u00f6nt\u00f6ttek, \u00f6sszesen 17 egyedileg szab\u00e1lyozhat\u00f3, 5,1 MW \u00f6sszteljes\u00edtm\u00e9ny\u0171 melegleveg\u0151-f\u0171t\u0151berendez\u00e9s m\u0171k\u00f6d\u00f6tt, amelyek 7 csarnokot, \u00f6sszesen 17 292 m\u00b2 alapter\u00fclet\u0171 termet, 460 m\u00b2 k\u00e9pz\u00e9si \u00e9s karbantart\u00e1si m\u0171helyt, valamint 2 860 m\u00b2 irodater\u00fcletet f\u0171t\u00f6ttek.<br \/>\n<H\u2082>A feladat: 40 % kevesebb k\u00f6lts\u00e9g, 100 % t\u00f6bb k\u00e9nyelem<\/H\u2082><br \/>\nAz Eiffel \u00e9vente mintegy 400 000 eur\u00f3 f\u0171t\u00e9si k\u00f6lts\u00e9ggel j\u00e1rt. Ez a hatalmas \u00f6sszeg volt a f\u0151 motiv\u00e1ci\u00f3 arra, hogy \u00faj f\u0171t\u00e9si rendszert keressenek. A c\u00e9l az volt, hogy a primerenergia-fogyaszt\u00e1st legal\u00e1bb 40 sz\u00e1zal\u00e9kkal cs\u00f6kkents\u00e9k. Ugyanakkor egy m\u00e1sik probl\u00e9m\u00e1t is k\u00e9zben akartak tartani: A r\u00e9gi melegleveg\u0151s f\u0171t\u00e9si rendszereket egyenk\u00e9nt kellett szab\u00e1lyozni - ami a c\u00e9g telephely\u00e9nek m\u00e9ret\u00e9t tekintve szinte sportos v\u00e1llalkoz\u00e1s volt. Az \u00faj f\u0171t\u00e9si rendszer vez\u00e9rl\u0151rendszer\u00e9nek intuit\u00edvnak \u00e9s mindenekel\u0151tt egy k\u00f6zpontb\u00f3l k\u00f6nnyen kezelhet\u0151nek kellett lennie.<br \/>\n<H\u2082>A megold\u00e1s: a csarnokf\u0171t\u00e9s, amely az irod\u00e1kat is f\u0171ti.<\/H\u2082><br \/>\nKezdetben a feladat kiz\u00e1r\u00f3lag a gy\u00e1rt\u00f3csarnokok f\u0171t\u00e9s\u00e9re \u00f6sszpontos\u00edtott. A H.Y.B.R.I.D. 2009-es term\u00e9kbevezet\u00e9s\u00e9vel azonban a f\u00f3kusz kib\u0151v\u00fclt: egyr\u00e9szt a magas tov\u00e1bbi megtakar\u00edt\u00e1si potenci\u00e1l, m\u00e1sr\u00e9szt a k\u00e9t fel\u00faj\u00edt\u00e1si projekt egy l\u00e9p\u00e9sben t\u00f6rt\u00e9n\u0151 megval\u00f3s\u00edt\u00e1s\u00e1nak lehet\u0151s\u00e9ge tette \u00e9rdekess\u00e9 az irod\u00e1k f\u0171t\u00e9si rendszereinek egyidej\u0171 korszer\u0171s\u00edt\u00e9s\u00e9t. A projekt 2009. j\u00falius 16-i al\u00e1\u00edr\u00e1sakor a megrendel\u00e9s kiterjedt tov\u00e1bbi 3320 m\u00b2 marad\u00e9kh\u0151 felhaszn\u00e1l\u00e1s\u00e1val f\u0171t\u00f6tt ter\u00fcletre, bele\u00e9rtve az iroda\u00e9p\u00fcleteket, valamint a tanm\u0171helyt \u00e9s a karbantart\u00e1st is.<br \/>\n<H\u2082>Az energiatakar\u00e9koss\u00e1gi int\u00e9zked\u00e9s: h\u00e1rom komponens - egy hibrid rendszer<\/H\u2082><br \/>\nNagy teljes\u00edtm\u00e9ny\u0171 f\u0171t\u0151rendszereket haszn\u00e1ltak, maximaliz\u00e1lt infrav\u00f6r\u00f6s komponenssel. A marad\u00e9k energia, amely nem haszn\u00e1lhat\u00f3 fel a csarnok infrav\u00f6r\u00f6s f\u0171t\u00e9s\u00e9re, \u00e9s amely kor\u00e1bban az elsz\u00edvott leveg\u0151n kereszt\u00fcl elveszett, az innovat\u00edv marad\u00e9kh\u0151-hasznos\u00edt\u00e1s r\u00e9v\u00e9n a melegv\u00edz-el\u0151k\u00e9sz\u00edt\u00e9shez nyerhet\u0151 vissza. Ez azt jelenti, hogy a f\u0171t\u00e9sre haszn\u00e1lt energia szinte teljes eg\u00e9sz\u00e9ben hasznos\u00edthat\u00f3 - az Eiffel sz\u00e1m\u00e1ra ez optim\u00e1lis energiafelhaszn\u00e1l\u00e1s. A H.Y.B.R.R.I.D. \u00f6sszetev\u0151i r\u00e9szletesen:<br \/>\n<H\u2082>Az Optima nagy teljes\u00edtm\u00e9ny\u0171 infrav\u00f6r\u00f6s rendszer<\/H\u2082><br \/>\n\u00d6sszesen 84 Optima 38 egys\u00e9get telep\u00edtettek, amelyek \u00f6sszteljes\u00edtm\u00e9nye 3 192 kW. A kialak\u00edt\u00e1s a hideg id\u0151szakokban - a k\u00fcls\u0151 h\u0151m\u00e9rs\u00e9klett\u0151l f\u00fcggetlen\u00fcl - nagyon kellemes, egyenletes, pormentes \u00e9s huzatmentes h\u0151eloszt\u00e1st biztos\u00edt 14 \u00b0C-on. R\u00f6vid felf\u0171t\u00e9si idej\u00e9vel \u00e9s hat\u00e9konys\u00e1gra optimaliz\u00e1lt kialak\u00edt\u00e1s\u00e1val a nagyteljes\u00edtm\u00e9ny\u0171 Optima sorozat a K\u00dcBLER leger\u0151sebb \u00e9s leghat\u00e9konyabb infrav\u00f6r\u00f6s f\u0171t\u0151berendez\u00e9sei k\u00f6z\u00e9 tartozik.<br \/>\n<H\u2082>A marad\u00e9kh\u0151-hasznos\u00edt\u00e1s O.P.U.S.X.<\/H\u2082><br \/>\nA t\u00e9li h\u00f3napokban az oktat\u00f3m\u0171hely \u00e9s a karbantart\u00e1sra haszn\u00e1lt k\u00e9t \u00e9p\u00fclet melegv\u00edz-ell\u00e1t\u00e1s\u00e1t ma m\u00e1r szinte teljes eg\u00e9sz\u00e9ben az infrav\u00f6r\u00f6s f\u0171t\u0151berendez\u00e9sek kipufog\u00f3g\u00e1z-\u00e1ram\u00e1b\u00f3l sz\u00e1rmaz\u00f3 marad\u00e9k h\u0151 felhaszn\u00e1l\u00e1s\u00e1val biztos\u00edtj\u00e1k. Ehhez a K\u00dcBLER \u00fajonnan kifejlesztett O.P.U.S.X h\u0151cser\u00e9l\u0151 rendszer\u00e9nek 6 darab, \u00f6sszesen 405 kW teljes\u00edtm\u00e9ny\u0171 egys\u00e9g\u00e9t telep\u00edtett\u00e9k \u00e9s csatlakoztatt\u00e1k a megl\u00e9v\u0151 szivatty\u00fas melegv\u00edz-f\u0171t\u00e9si h\u00e1l\u00f3zatokhoz. A rendszer ak\u00e1r 15 sz\u00e1zal\u00e9kos t\u00f6bbletenergi\u00e1t biztos\u00edt a hidraulikus f\u0171t\u00e9si rendszerek sz\u00e1m\u00e1ra - \u00e9s gyakorlatilag k\u00f6lts\u00e9gmentesen.<br \/>\n<H\u2082>A R.O.S.S.Y\u00ae digit\u00e1lis vez\u00e9rl\u0151egys\u00e9g<\/H\u2082><br \/>\nA K\u00dcBLER er\u0151forr\u00e1s-optimaliz\u00e1l\u00f3 R.O.S.S.Y\u00ae vez\u00e9rl\u0151rendszer\u00e9nek leg\u00fajabb gener\u00e1ci\u00f3ja szab\u00e1lyozza az Eiffel teljes f\u0171t\u00e9si rendszer\u00e9t. A mar\u00f3-, v\u00e1g\u00f3-, \u00f6sszeszerel\u0151- \u00e9s hegeszt\u0151 r\u00e9szlegek elt\u00e9r\u0151 kihaszn\u00e1lts\u00e1gi profiljainak megfelel\u0151en a csarnokokat 18 f\u0171t\u00e9si z\u00f3n\u00e1ra osztott\u00e1k, amelyek mindegyike ig\u00e9ny szerint k\u00fcl\u00f6n-k\u00fcl\u00f6n szab\u00e1lyozhat\u00f3. A R.O.S.S.S.Y\u00ae* magas szint\u0171 \u00fczemeltet\u00e9si k\u00e9nyelmet \u00e9s jelent\u0151s hat\u00e9konys\u00e1gn\u00f6veked\u00e9st jelent. Egyed\u00fcl a be- \u00e9s kikapcsol\u00e1si id\u0151k \u00e9s a h\u0151m\u00e9rs\u00e9kleti g\u00f6rbe optimaliz\u00e1l\u00e1s\u00e1val ak\u00e1r 20 % primerenergia is megtakar\u00edthat\u00f3.<\/p>\n<p>* R.O.S.S.Y\u00ae, a K\u00dcBLER er\u0151forr\u00e1s-optimaliz\u00e1l\u00f3 vez\u00e9rl\u0151rendszere 2004-ben elnyerte a Sz\u00f6vets\u00e9gi Gazdas\u00e1gi Miniszt\u00e9rium innov\u00e1ci\u00f3s d\u00edj\u00e1t.<br \/>\n<H\u2082>Az eredm\u00e9ny: lelkesed\u00e9s minden tekintetben<\/H\u2082><br \/>\nA hibrid rendszert okt\u00f3ber 15-\u00e9n adt\u00e1k \u00e1t id\u0151ben. Ez azt jelenti, hogy az els\u0151, 2009\/2010-es f\u0171t\u00e9si id\u0151szakot m\u00e1r teljes eg\u00e9sz\u00e9ben kihaszn\u00e1lt\u00e1k. A korszer\u0171s\u00edt\u00e9si projekt eredm\u00e9nyei minden tekintetben fel\u00fclm\u00falt\u00e1k a v\u00e1rakoz\u00e1sokat.<br \/>\n<H\u2082>K\u00f6lts\u00e9gek \u00e9s megtakar\u00edt\u00e1sok<\/H\u2082><br \/>\nA f\u0171t\u00e9si rendszerek g\u00e1zfogyaszt\u00e1sa 367 339 k\u00f6bm\u00e9terrel 50 sz\u00e1zal\u00e9kkal alacsonyabb, mint az el\u0151z\u0151 \u00e9vben, ami mintegy 200 000 eur\u00f3 megtakar\u00edt\u00e1st jelent.<\/p>\n<p>A t\u00e9nyleges megtakar\u00edt\u00e1s azonban val\u00f3sz\u00edn\u0171leg sokkal nagyobb, ha a k\u00f6vetkez\u0151 szempontokat vessz\u00fck figyelembe:<\/p>\n<ul>\n<li>kiigaz\u00edt\u00e1s a 2008. t\u00e9l elt\u00e9r\u0151 id\u0151j\u00e1r\u00e1si k\u00f6r\u00fclm\u00e9nyeihez k\u00e9pest a 2009-es hossz\u00fa \u00e9s hideg t\u00e9lhez k\u00e9pest<\/li>\n<li>a villamosenergia-k\u00f6lts\u00e9gek kb. 20 000 eur\u00f3val t\u00f6rt\u00e9n\u0151 cs\u00f6kkent\u00e9se.<\/li>\n<li>A f\u0171t\u00e9si komfort jelent\u0151sen javult, tekintettel a meleg helyis\u00e9gek be\u00e1ll\u00edt\u00e1s\u00e1ra \u00e9s a huzat hi\u00e1ny\u00e1ra:<\/li>\n<li>Nincsenek t\u00f6bb\u00e9 hideg ter\u00fcletek<\/li>\n<li>a h\u0151m\u00e9rs\u00e9kleti szintet m\u00e9g sz\u00e9ls\u0151s\u00e9ges k\u00f6r\u00fclm\u00e9nyek k\u00f6z\u00f6tt is megemelt\u00e9k, \u00e9s a k\u00edv\u00e1nt h\u0151m\u00e9rs\u00e9kletet el\u00e9rt\u00e9k.<\/li>\n<\/ul>\n<p>K\u00f6rnyezetv\u00e9delem \u00e9s jogszab\u00e1lyok Az Eiffelben el\u00e9rt energiamegtakar\u00edt\u00e1s k\u00f6zvetlen hat\u00e1ssal van a szennyez\u0151anyag-kibocs\u00e1t\u00e1s szintj\u00e9re. Az optimaliz\u00e1lt energiafelhaszn\u00e1l\u00e1s a CO\u2082-kibocs\u00e1t\u00e1st is 50 sz\u00e1zal\u00e9kkal cs\u00f6kkenti a r\u00e9gi rendszer \u00e9rt\u00e9keihez k\u00e9pest.<br \/>\n<H\u2082>Belt\u00e9ri kl\u00edma \u00e9s betegszabads\u00e1g<\/H\u2082><br \/>\nA kemenc\u00e9k k\u00f6zvetlen k\u00f6zel\u00e9ben uralkod\u00f3 magas h\u0151m\u00e9rs\u00e9klet miatt a dolgoz\u00f3k ruh\u00e1zata a t\u00e9li h\u00f3napokban ennek megfelel\u0151en k\u00f6nny\u0171 volt. Az eredm\u00e9ny a kemenc\u00e9kt\u0151l t\u00e1volod\u00f3 magas h\u0151m\u00e9rs\u00e9kleti delta miatt viszonylag magas megbeteged\u00e9si ar\u00e1ny volt. Az egys\u00e9ges helyis\u00e9gkl\u00edma, k\u00fcl\u00f6n\u00f6sen a huzat hi\u00e1nya \u00e9s az \u00e1lland\u00f3an meleg csarnokpadl\u00f3 r\u00f6vid megszok\u00e1si id\u0151 ut\u00e1n gyorsan nagyon kellemesnek bizonyult - a megbeteged\u00e9si ar\u00e1ny cs\u00f6kkent.<br \/>\n<H\u2082>K\u00f6nny\u0171 haszn\u00e1lat \u00e9s optimaliz\u00e1lt vezet\u00e9si st\u00edlus<\/H\u2082><br \/>\nA digit\u00e1lis, er\u0151forr\u00e1s-optimaliz\u00e1lt R.O.S.S.Y\u00ae vez\u00e9rl\u0151rendszerre val\u00f3 \u00e1t\u00e1ll\u00e1s gyakorlatilag egyetlen gombnyom\u00e1ssal megt\u00f6rt\u00e9nt. Az Eiffeln\u00e9l a teljes hibrid rendszer vez\u00e9rl\u00e9se mostant\u00f3l egyszer\u0171 Windows-fel\u00fcleten kereszt\u00fcl t\u00f6rt\u00e9nik - egyetlen, szabadon defini\u00e1lhat\u00f3 PC-munka\u00e1llom\u00e1sr\u00f3l. M\u00e1r csak ez\u00e9rt is \u00f3ri\u00e1si a t\u00f6bbletk\u00e9nyelem a felel\u0151s\u00f6k sz\u00e1m\u00e1ra. A be\u00e1ll\u00edt\u00e1si param\u00e9terek a lehet\u0151s\u00e9gek sz\u00e9les sk\u00e1l\u00e1j\u00e1t k\u00edn\u00e1lj\u00e1k - a h\u00e9tv\u00e9gi \u00e9s \u00fcnnepnapi vez\u00e9rl\u00e9st\u0151l kezdve a f\u0171t\u00e9si id\u0151k optimaliz\u00e1l\u00e1s\u00e1ig a mindenkori k\u00fcls\u0151 h\u0151m\u00e9rs\u00e9klet f\u00fcggv\u00e9ny\u00e9ben. A f\u0171t\u00e9s\u00fczem ilyen m\u00f3don t\u00f6rt\u00e9n\u0151 optimaliz\u00e1l\u00e1s\u00e1val az R.O.S.S.Y\u00ae nagym\u00e9rt\u00e9kben hozz\u00e1j\u00e1rul a teljes rendszer k\u00f6lts\u00e9ghat\u00e9konys\u00e1g\u00e1hoz. V\u00e9g\u00fcl is, m\u00e9g az Eiffel eset\u00e9ben is az a f\u0171t\u00e9si rendszer a leghat\u00e9konyabb, amelyik nem \u00fczemel.<br \/>\n<H\u2082>Eredm\u00e9nyek<\/H\u2082><br \/>\n<strong>\u00dcgyf\u00e9linterj\u00fa Antonio De Lazzarival, Eiffel Germany Steel Technology<\/strong><br \/>\n<strong>Egy nagyszab\u00e1s\u00fa projekt sikeres megval\u00f3s\u00edt\u00e1s\u00e1hoz olyan csapatra van sz\u00fcks\u00e9g, amely nagy tapasztalattal rendelkezik a rendszerintegr\u00e1ci\u00f3 ter\u00e9n. A szoros \u00fctemterv \u00e9s a korszer\u0171s\u00edt\u00e9si int\u00e9zked\u00e9sek sikere azonban nem lett volna lehets\u00e9ges az Eiffel illet\u00e9keseinek \u00e9s alkalmazottainak konstrukt\u00edv egy\u00fcttm\u0171k\u00f6d\u00e9se n\u00e9lk\u00fcl. Ez tette lehet\u0151v\u00e9, hogy a moderniz\u00e1ci\u00f3t a folyamatban l\u00e9v\u0151 gy\u00e1rt\u00e1si folyamat k\u00f6zben, jelent\u0151s fennakad\u00e1sok n\u00e9lk\u00fcl lehessen v\u00e9grehajtani. Antonio De Lazzari, az Eiffel Deutschland Stahltechnologie karbantart\u00e1si vezet\u0151je a projektet az aj\u00e1nlatt\u00f3l az \u00fczembe helyez\u00e9sig ir\u00e1ny\u00edtotta. Szerkeszt\u0151s\u00e9g\u00fcnk vele besz\u00e9lgetett tapasztalatair\u00f3l.<\/strong><\/p>\n<p><strong>Egy ilyen nagys\u00e1grend\u0171 moderniz\u00e1ci\u00f3s projekt megval\u00f3s\u00edt\u00e1s\u00e1r\u00f3l nem egyik napr\u00f3l a m\u00e1sikra sz\u00fcletik d\u00f6nt\u00e9s. Hogyan j\u00f6tt l\u00e9tre?<\/strong><\/p>\n<p>A r\u00e9gi f\u0171t\u00e9si rendszer\u00fcnkkel \u00e9vente nagyj\u00e1b\u00f3l k\u00e9t nagyon j\u00f3l felszerelt csal\u00e1di h\u00e1z \u00e9rt\u00e9k\u00e9t \u00e9gett\u00fck el. A korszer\u0171s\u00edt\u00e9s m\u00e1r r\u00e9g\u00f3ta esed\u00e9kes volt, \u00e9s tulajdonk\u00e9ppen 2008-ra tervezt\u00fck, de azt\u00e1n el kellett halasztani. Tekintettel a mostani megtakar\u00edt\u00e1saink \u00f6sszeg\u00e9re, nagyon bosszant\u00f3, hogy nem tudtuk magunkkal vinni az el\u0151z\u0151 \u00e9vet. M\u00e1sr\u00e9szt 2008-ban nem volt H.Y.B.R.R.I.D..<\/p>\n<p><strong>Eml\u00edti a H.Y.B.R.I.D.-t: mi\u00e9rt d\u00f6nt\u00f6tt az \u00faj K\u00dcBLER rendszer mellett?<\/strong><\/p>\n<p>Eredetileg csak a csarnok f\u0171t\u00e9si rendszer\u00e9nek korszer\u0171s\u00edt\u00e9se \u00e9rdekelt benn\u00fcnket. M\u00e1r akkor tudtuk, hogy az irodai f\u0171t\u00e9si rendszerek is esed\u00e9kesek lesznek valamikor. De sz\u00e1munkra ez k\u00e9t k\u00fcl\u00f6nb\u00f6z\u0151 \u00e9p\u00edtkez\u00e9s volt. Amikor a K\u00dcBLER bevezette a H.Y.B.R.I.D.-t, teljesen \u00faj lehet\u0151s\u00e9geket nyitott meg sz\u00e1munkra. Mindk\u00e9t projektet eleg\u00e1nsan, egy l\u00e9p\u00e9sben tudtuk megval\u00f3s\u00edtani. Ez m\u00e1r \u00f6nmag\u00e1ban is kifizet\u0151d\u00f6tt. Az a t\u00e9ny, hogy az irod\u00e1k f\u0171t\u00e9si rendszerei a marad\u00e9kh\u0151 hasznos\u00edt\u00e1s\u00e1nak k\u00f6sz\u00f6nhet\u0151en most sokkal olcs\u00f3bban \u00fczemeltethet\u0151k, gazdas\u00e1gi siker.<\/p>\n<p><strong>Milyen alternat\u00edv\u00e1k voltak? <\/strong><\/p>\n<p>Term\u00e9szetesen megn\u00e9zt\u00fcnk m\u00e1s szolg\u00e1ltat\u00f3kat \u00e9s technol\u00f3gi\u00e1kat is. Az egyik alternat\u00edva p\u00e9ld\u00e1ul a sug\u00e1rz\u00f3 mennyezeti technol\u00f3gia volt. Ehhez azonban csak a mennyezethez 2500 m\u00b2 ter\u00fcletre lett volna sz\u00fcks\u00e9g. R\u00e1ad\u00e1sul ez a technol\u00f3gia sokkal dr\u00e1g\u00e1bb volt, \u00e9s nem tudott megtakar\u00edt\u00e1si potenci\u00e1lt felmutatni. V\u00e9g\u00fcl a K\u00dcBLER volt az \u00e1ltalunk v\u00e1lasztott szolg\u00e1ltat\u00f3, amely a legjobb megtakar\u00edt\u00e1si koncepci\u00f3t tudta bemutatni.<\/p>\n<p><strong>Mit tud mondani az \u00f6sszeszerel\u00e9si folyamatr\u00f3l?<\/strong><\/p>\n<p>A projekt nagyon z\u00f6kken\u0151mentesen zajlott - neh\u00e9z elhinni, ha figyelembe vessz\u00fck a projekt \u00f6sszetetts\u00e9g\u00e9t. V\u00e9g\u00fcl is a hibrid rendszer a K\u00dcBLER sz\u00e1m\u00e1ra is \u00faj ter\u00fclet volt. De l\u00e1tszott, hogy egy nagyszab\u00e1s\u00fa projektek ter\u00e9n tapasztalt c\u00e9ggel \u00e1llunk szemben. Nagyszer\u0171 csapatunk volt a helysz\u00ednen. A kommunik\u00e1ci\u00f3 hib\u00e1tlanul m\u0171k\u00f6d\u00f6tt, mindig volt valaki a helysz\u00ednen, aki sz\u00fcks\u00e9g eset\u00e9n gyorsan \u00e9s b\u00fcrokr\u00e1ciamentesen tudott megold\u00e1st tal\u00e1lni. Nem hiszem, hogy a K\u00dcBLER m\u00e1sk\u00e9pp k\u00e9pes lett volna egy ekkora projektet ilyen gyorsan \u00e9s gyakorlatilag ut\u00f3lagos fejleszt\u00e9sek n\u00e9lk\u00fcl befejezni.<\/p>\n<p><strong>Milyen tapasztalatokat szerzett a gyakorlatban?<\/strong><\/p>\n<p>A rendszert telep\u00edtett\u00e9k \u00e9s \u00e1tadt\u00e1k. Az\u00f3ta a rendszer a tervek szerint m\u0171k\u00f6dik. \u00c1lland\u00f3 14 \u00b0C minden id\u0151j\u00e1r\u00e1si k\u00f6r\u00fclm\u00e9nyek k\u00f6z\u00f6tt. Az egyenletes h\u0151eloszt\u00e1snak k\u00f6sz\u00f6nhet\u0151en a munkahelyi l\u00e9gk\u00f6r \u00e9rezhet\u0151en javult - \u00e9s a megbeteged\u00e9sek sz\u00e1ma is cs\u00f6kkent. Amit igaz\u00e1n szeretek, az a vez\u00e9rl\u0151rendszer. Az a t\u00e9ny, hogy most m\u00e1r a teljes f\u0171t\u00e9si rendszert a monitoromr\u00f3l tudom kezelni, igazi el\u0151ny.<\/p>\n<p><strong>A H.Y.B.R.I.D. a K\u00dcBLER leghat\u00e9konyabb megold\u00e1s\u00e1nak sz\u00e1m\u00edt. Megfeleltek az \u00d6n elv\u00e1r\u00e1sainak?<\/strong><\/p>\n<p>Sz\u00e1munkra a H.Y.B.R.R.I.D. nem csak a K\u00dcBLER leghat\u00e9konyabb megold\u00e1sa, hanem a legjobb koncepci\u00f3 is, amellyel eddig tal\u00e1lkoztunk. Minden szempontb\u00f3l: tan\u00e1csad\u00e1s, megval\u00f3s\u00edt\u00e1s, \u00fczemeltet\u00e9s \u00e9s term\u00e9szetesen a megtakar\u00edt\u00e1s. A k\u00f6zel 200.000 eur\u00f3s plusz p\u00e9nzforgalom meleg zuhany minden v\u00e1llalat sz\u00e1m\u00e1ra - k\u00fcl\u00f6n\u00f6sen v\u00e1ls\u00e1g idej\u00e9n. Elv\u00e1r\u00e1saink t\u00f6bb mint teljes\u00fcltek.<br \/>\n<H\u2082>H.Y.B.R.R.I.D.: H\u00e1rom komponens - 108 sz\u00e1zal\u00e9kos t\u00fczel\u00e9si hat\u00e1sfok<\/H\u2082><br \/>\nA H.Y.B.R.R.I.D. a h\u00e1rom komponens, a marad\u00e9kh\u0151-hasznos\u00edt\u00e1s, az infrav\u00f6r\u00f6s f\u0171t\u00e9s \u00e9s a digit\u00e1lis vez\u00e9rl\u00e9s \u00f6sszess\u00e9ge - a K\u00dcBLER eddigi leg\u00fajabb \u00e9s leghat\u00e9konyabb f\u0171t\u00e9si koncepci\u00f3ja. A H.Y.B.R.I.D. \u00f6tv\u00f6zi az infrav\u00f6r\u00f6s f\u0171t\u00e9si technol\u00f3gi\u00e1t a hagyom\u00e1nyos hidraulikus melegv\u00edz-f\u0171t\u00e9ssel. Ennek alapj\u00e1t az O.P.U.S.X. marad\u00e9kh\u0151-hasznos\u00edt\u00e1s adja. Az innovat\u00edv h\u0151cser\u00e9l\u0151 rendszer lehet\u0151v\u00e9 teszi a kor\u00e1bban az infrav\u00f6r\u00f6s f\u0171t\u0151berendez\u00e9sek hullad\u00e9kh\u0151j\u00e9vel elveszett energia ak\u00e1r 15 sz\u00e1zal\u00e9k\u00e1nak visszanyer\u00e9s\u00e9t. Gyakorlatilag tov\u00e1bbi fogyaszt\u00e1si k\u00f6lts\u00e9gek n\u00e9lk\u00fcl ez a visszanyert energia felhaszn\u00e1lhat\u00f3 a szomsz\u00e9dos irod\u00e1k melegv\u00edz alap\u00fa f\u0171t\u00e9s\u00e9re vagy meleg haszn\u00e1lati v\u00edzre. Tov\u00e1bbi alkalmaz\u00e1si lehet\u0151s\u00e9gek vannak p\u00e9ld\u00e1ul a (friss) leveg\u0151 f\u0171t\u00e9se ter\u00fclet\u00e9n. A H.Y.B.R.R.I.D. \u00edgy \u00faj m\u00e9rc\u00e9t \u00e1ll\u00edt fel a csarnokok gazdas\u00e1gos f\u0171t\u00e9se ter\u00e9n: a teljes rendszer ak\u00e1r 108 sz\u00e1zal\u00e9kra n\u00f6veli a t\u00fczel\u00e9si hat\u00e9konys\u00e1got.<\/p>\n<p><img decoding=\"async\" class=\"alignnone wp-image-819 size-large\" src=\"https:\/\/www.kuebler-hallenheizungen.de\/wp-content\/uploads\/2021\/03\/bildschirmfoto-2021-03-10-um-15.17.32.jpg\" alt=\"Infrav\u00f6r\u00f6s f\u0171t\u00e9si rendszer\" width=\"840\" height=\"541\" srcset=\"https:\/\/www.kuebler-hallenheizungen.de\/wp-content\/uploads\/2021\/03\/bildschirmfoto-2021-03-10-um-15.17.32.jpg 1380w, https:\/\/www.kuebler-hallenheizungen.de\/wp-content\/uploads\/2021\/03\/bildschirmfoto-2021-03-10-um-15.17.32-300x193.jpg 300w, https:\/\/www.kuebler-hallenheizungen.de\/wp-content\/uploads\/2021\/03\/bildschirmfoto-2021-03-10-um-15.17.32-1024x659.jpg 1024w, https:\/\/www.kuebler-hallenheizungen.de\/wp-content\/uploads\/2021\/03\/bildschirmfoto-2021-03-10-um-15.17.32-768x494.jpg 768w, https:\/\/www.kuebler-hallenheizungen.de\/wp-content\/uploads\/2021\/03\/bildschirmfoto-2021-03-10-um-15.17.32-60x39.jpg 60w, https:\/\/www.kuebler-hallenheizungen.de\/wp-content\/uploads\/2021\/03\/bildschirmfoto-2021-03-10-um-15.17.32-100x64.jpg 100w, https:\/\/www.kuebler-hallenheizungen.de\/wp-content\/uploads\/2021\/03\/bildschirmfoto-2021-03-10-um-15.17.32-240x154.jpg 240w, https:\/\/www.kuebler-hallenheizungen.de\/wp-content\/uploads\/2021\/03\/bildschirmfoto-2021-03-10-um-15.17.32-360x232.jpg 360w, https:\/\/www.kuebler-hallenheizungen.de\/wp-content\/uploads\/2021\/03\/bildschirmfoto-2021-03-10-um-15.17.32-480x309.jpg 480w, https:\/\/www.kuebler-hallenheizungen.de\/wp-content\/uploads\/2021\/03\/bildschirmfoto-2021-03-10-um-15.17.32-560x360.jpg 560w, https:\/\/www.kuebler-hallenheizungen.de\/wp-content\/uploads\/2021\/03\/bildschirmfoto-2021-03-10-um-15.17.32-640x412.jpg 640w, https:\/\/www.kuebler-hallenheizungen.de\/wp-content\/uploads\/2021\/03\/bildschirmfoto-2021-03-10-um-15.17.32-720x463.jpg 720w, https:\/\/www.kuebler-hallenheizungen.de\/wp-content\/uploads\/2021\/03\/bildschirmfoto-2021-03-10-um-15.17.32-960x618.jpg 960w, https:\/\/www.kuebler-hallenheizungen.de\/wp-content\/uploads\/2021\/03\/bildschirmfoto-2021-03-10-um-15.17.32-1168x752.jpg 1168w, https:\/\/www.kuebler-hallenheizungen.de\/wp-content\/uploads\/2021\/03\/bildschirmfoto-2021-03-10-um-15.17.32-18x12.jpg 18w\" sizes=\"(max-width: 840px) 100vw, 840px\" \/><br \/>\n<H\u2082>A projekt adatai<\/H\u2082><br \/>\n<img decoding=\"async\" class=\"alignnone wp-image-823 size-full\" src=\"https:\/\/www.kuebler-hallenheizungen.de\/wp-content\/uploads\/2021\/03\/bildschirmfoto-2021-03-10-um-15.19.48.jpg\" alt=\"A projekt adatai\" width=\"900\" height=\"429\" srcset=\"https:\/\/www.kuebler-hallenheizungen.de\/wp-content\/uploads\/2021\/03\/bildschirmfoto-2021-03-10-um-15.19.48.jpg 900w, https:\/\/www.kuebler-hallenheizungen.de\/wp-content\/uploads\/2021\/03\/bildschirmfoto-2021-03-10-um-15.19.48-300x143.jpg 300w, https:\/\/www.kuebler-hallenheizungen.de\/wp-content\/uploads\/2021\/03\/bildschirmfoto-2021-03-10-um-15.19.48-768x366.jpg 768w, https:\/\/www.kuebler-hallenheizungen.de\/wp-content\/uploads\/2021\/03\/bildschirmfoto-2021-03-10-um-15.19.48-60x29.jpg 60w, https:\/\/www.kuebler-hallenheizungen.de\/wp-content\/uploads\/2021\/03\/bildschirmfoto-2021-03-10-um-15.19.48-100x48.jpg 100w, https:\/\/www.kuebler-hallenheizungen.de\/wp-content\/uploads\/2021\/03\/bildschirmfoto-2021-03-10-um-15.19.48-240x114.jpg 240w, https:\/\/www.kuebler-hallenheizungen.de\/wp-content\/uploads\/2021\/03\/bildschirmfoto-2021-03-10-um-15.19.48-360x172.jpg 360w, https:\/\/www.kuebler-hallenheizungen.de\/wp-content\/uploads\/2021\/03\/bildschirmfoto-2021-03-10-um-15.19.48-480x229.jpg 480w, https:\/\/www.kuebler-hallenheizungen.de\/wp-content\/uploads\/2021\/03\/bildschirmfoto-2021-03-10-um-15.19.48-560x267.jpg 560w, https:\/\/www.kuebler-hallenheizungen.de\/wp-content\/uploads\/2021\/03\/bildschirmfoto-2021-03-10-um-15.19.48-640x305.jpg 640w, https:\/\/www.kuebler-hallenheizungen.de\/wp-content\/uploads\/2021\/03\/bildschirmfoto-2021-03-10-um-15.19.48-720x343.jpg 720w, https:\/\/www.kuebler-hallenheizungen.de\/wp-content\/uploads\/2021\/03\/bildschirmfoto-2021-03-10-um-15.19.48-18x9.jpg 18w\" sizes=\"(max-width: 900px) 100vw, 900px\" \/><br \/>\n<H\u2082>A K\u00dcBLER csoport<\/H\u2082><br \/>\nA K\u00dcBLER GmbH egy nemzetk\u00f6zileg akt\u00edv v\u00e1llalatcsoport. F\u0151 tev\u00e9kenys\u00e9g\u00fcnk az energiatakar\u00e9kos csarnokf\u0171t\u00e9s nagy hat\u00e9konys\u00e1g\u00fa pr\u00e9mium technol\u00f3gi\u00e1inak fejleszt\u00e9se \u00e9s gy\u00e1rt\u00e1sa. Rendk\u00edv\u00fcl sz\u00e9les term\u00e9kv\u00e1laszt\u00e9kkal szinte minden csarnokt\u00edpushoz \u00e9s helyis\u00e9gk\u00f6rnyezethez. A K\u00dcBLER-t a modern infrav\u00f6r\u00f6s f\u0171t\u00e9stechnika \u00fatt\u00f6r\u0151j\u00e9nek \u00e9s innov\u00e1ci\u00f3s vezet\u0151j\u00e9nek tekintik.<\/p>\n<p>Term\u00e9keinket \u00e9s fejleszt\u00e9si eredm\u00e9nyeinket rendszeresen d\u00edjazz\u00e1k. A nemzeti \u00e9s nemzetk\u00f6zi elismer\u00e9sek k\u00f6z\u00f6tt szerepel a Gazdas\u00e1gi Miniszt\u00e9rium kiemelked\u0151 innovat\u00edv eredm\u00e9nyek\u00e9rt j\u00e1r\u00f3 sz\u00f6vets\u00e9gi d\u00edja, a bajor \u00e1llami d\u00edj \u00e9s a N\u00e9met Fenntarthat\u00f3s\u00e1gi D\u00edj. A K\u00dcBLER a H.Y.B.R.I.D. rendszer k\u00fcl\u00f6nleges energiahat\u00e9konys\u00e1g\u00e1\u00e9rt a \"N\u00e9metorsz\u00e1g legfenntarthat\u00f3bb term\u00e9ke\" kateg\u00f3ri\u00e1ban megkapta a fenntarthat\u00f3 v\u00e1llalkoz\u00e1s\u00e9rt j\u00e1r\u00f3 legmagasabb n\u00e9met d\u00edjat.<\/p>\n<p>2018-ban a K\u00dcBLER harmadik alkalommal kapta meg a Rajna-vid\u00e9k-Pfalz innov\u00e1ci\u00f3s d\u00edjat. Az elismer\u00e9st az innovat\u00edv W\u00c4RME 4.0 strat\u00e9gi\u00e1\u00e9rt - a digit\u00e1lis csarnokf\u0171t\u00e9si rendszer\u00e9rt kapta. Az 1989-ben alap\u00edtott c\u00e9gcsoport t\u00f6bb mint 120 f\u0151t foglalkoztat, \u00e9s az ipar\u00e1g egyik vezet\u0151 v\u00e1llalata Eur\u00f3p\u00e1ban, telephelyeivel Ludwigshafenben, Drezd\u00e1ban, Hagenben, Hamburgban, Pr\u00e1g\u00e1ban (Csehorsz\u00e1g), Fegyverneken (Magyarorsz\u00e1g), sz\u00e1mos k\u00fclf\u00f6ldi k\u00e9pviselettel \u00e9s orsz\u00e1gos szervizh\u00e1l\u00f3zattal.<\/p>","protected":false},"featured_media":17784,"template":"","categories":[1],"class_list":["post-17822","referenzen","type-referenzen","status-publish","has-post-thumbnail","hentry","category-allgemein"],"acf":[],"_links":{"self":[{"href":"https:\/\/www.kuebler-hallenheizungen.de\/hu\/wp-json\/wp\/v2\/referenzen\/17822","targetHints":{"allow":["GET"]}}],"collection":[{"href":"https:\/\/www.kuebler-hallenheizungen.de\/hu\/wp-json\/wp\/v2\/referenzen"}],"about":[{"href":"https:\/\/www.kuebler-hallenheizungen.de\/hu\/wp-json\/wp\/v2\/types\/referenzen"}],"wp:featuredmedia":[{"embeddable":true,"href":"https:\/\/www.kuebler-hallenheizungen.de\/hu\/wp-json\/wp\/v2\/media\/17784"}],"wp:attachment":[{"href":"https:\/\/www.kuebler-hallenheizungen.de\/hu\/wp-json\/wp\/v2\/media?parent=17822"}],"wp:term":[{"taxonomy":"category","embeddable":true,"href":"https:\/\/www.kuebler-hallenheizungen.de\/hu\/wp-json\/wp\/v2\/categories?post=17822"}],"curies":[{"name":"wp","href":"https:\/\/api.w.org\/{rel}","templated":true}]}}