{"id":17837,"date":"2024-03-28T22:10:12","date_gmt":"2024-03-28T21:10:12","guid":{"rendered":"https:\/\/kuebler.werbe-sofa.de\/referenzen\/diese-heizung-ist-unschlagbar\/"},"modified":"2024-09-10T00:21:35","modified_gmt":"2024-09-09T22:21:35","slug":"golfklub-mannheim-viernheim","status":"publish","type":"referenzen","link":"https:\/\/www.kuebler-hallenheizungen.de\/hu\/referenzen\/golfclub-mannheim-viernheim\/","title":{"rendered":"\"Ez a f\u0171t\u0151berendez\u00e9s verhetetlen.\""},"content":{"rendered":"<p>Ted Long szenved\u00e9lyes golfszakember \u00e9s edz\u0151. Ez az edz\u00e9sst\u00edlus\u00e1n is megl\u00e1tszik. Szem\u00e9lyes sikereiben. Csapata sikereiben. \u00c9s a lelkesed\u00e9se. Amikor a h\u0151s\u00f6kr\u0151l besz\u00e9l. Konkr\u00e9tan: a K\u00dcBLER infrav\u00f6r\u00f6s f\u0171t\u0151rendszereir\u0151l, amelyek t\u00e9len f\u0171tenek az edz\u0151f\u00fclk\u00e9kben az otthoni klubj\u00e1ban, a Mannheim-Viernheim 1930 e. V. golfklubban.<br \/>\n<H\u2082>Majdnem 5 h\u00f3napos k\u00e9nyszersz\u00fcnet. A kezdeti helyzet<\/H\u2082><br \/>\nTed Long meg van gy\u0151z\u0151dve arr\u00f3l, hogy a golf \u00f6r\u00f6me a legjobb motiv\u00e1ci\u00f3 az edz\u00e9sre. Nem csoda, hogy a mi vid\u00e9k\u00fcnk\u00f6n n\u00e9gy-\u00f6t t\u00e9li h\u00f3napra gyakorlatilag kihal a driving range. \"A gyerekek d\u00e9lut\u00e1n n\u00e9gykor j\u00f6nnek haza az iskol\u00e1b\u00f3l. Senki sem akar a s\u00f6t\u00e9tben \u00e9s fagyos hidegben a tee boxokban \u00e1lldog\u00e1lni\" - mondja Ted Long. Eltekintve att\u00f3l, hogy a vastag t\u00e9li ruh\u00e1zat akad\u00e1lyozza a lend\u00edt\u00e9st. \u00c9s egyszer\u0171en minden m\u00e1sk\u00e9pp reag\u00e1l a hidegben: az ember, az \u00fct\u0151k, a labd\u00e1k. De ha a sportstadionok, a teniszp\u00e1ly\u00e1k vagy a lovard\u00e1k gond n\u00e9lk\u00fcl f\u0171thet\u0151k, \u00e9s \u00edgy eg\u00e9sz \u00e9vben haszn\u00e1lhat\u00f3k - mi\u00e9rt ne lehetne a tee boxokat is?<br \/>\n<H\u2082>Nyilv\u00e1nval\u00f3. A vezet\u00e9si p\u00e1lya f\u0171t\u00e9si megold\u00e1sa<\/H\u2082><br \/>\nA v\u00e1lasz erre a k\u00e9rd\u00e9sre sz\u00f3 szerint nyilv\u00e1nval\u00f3 volt a GCMV igazgat\u00f3tan\u00e1csa sz\u00e1m\u00e1ra. Az infrav\u00f6r\u00f6s f\u0171t\u00e9sre specializ\u00e1l\u00f3dott K\u00dcBLER k\u00f6zpontja a Rajna t\u00faloldal\u00e1n tal\u00e1lhat\u00f3. A ludwigshafeni sz\u00e9khely\u0171 v\u00e1llalat f\u0171t\u00e9si rendszereivel az ipar\u00e1g egyik technol\u00f3giai vezet\u0151je. A v\u00e1llalat t\u00f6bbsz\u00f6r\u00f6sen kit\u00fcntetett a k\u00fcl\u00f6nleges energiahat\u00e9konys\u00e1g\u00e9rt \u00e9s megold\u00e1sainak innovat\u00edv tartalm\u00e1\u00e9rt. T\u00f6bbek k\u00f6z\u00f6tt a N\u00e9met Fenntarthat\u00f3s\u00e1gi D\u00edjat is. A rendszerek energiahat\u00e9konys\u00e1ga volt az egyik oka az igazgat\u00f3tan\u00e1cs d\u00f6nt\u00e9s\u00e9nek. De ez is fontos volt: \"Mindenekel\u0151tt az volt sz\u00e1munkra fontos, hogy a dobozok val\u00f3ban mindenhol egyenletesen melegek legyenek\" - mondja Michael Stetter, a klub aleln\u00f6ke. \"\u00c9s hogy egy megb\u00edzhat\u00f3an m\u0171k\u00f6d\u0151, hossz\u00fa t\u00e1vra tervezett megold\u00e1sba fektess\u00fcnk be.\"<br \/>\n<H\u2082>Napenergia a dobozokban. A technol\u00f3gia<\/H\u2082><br \/>\nA csarnokok energiatakar\u00e9kos f\u0171t\u00e9s\u00e9n\u00e9l az infrav\u00f6r\u00f6s a legmegfelel\u0151bb f\u0171t\u00e9si elv. Az iparban \u00e9pp\u00fagy, mint a rendezv\u00e9ny-, ki\u00e1ll\u00edt\u00e1si \u00e9s sport\u00e1gazatban. Mit\u0151l olyan hat\u00e9kony az infrav\u00f6r\u00f6s f\u0171t\u00e9s? Olyan kellemes? V\u00e1lasz: A nap h\u0151elv\u00e9t\u0151l. Az infrav\u00f6r\u00f6s sugarak nem termelnek meleg leveg\u0151t. Felmeleg\u00edtik a testet \u00e9s a t\u00e1rgyakat, amelyeket \u00e9rnek (ezt minden s\u00edel\u0151 tudja a napoz\u00e1sb\u00f3l a fagyos hideg leveg\u0151 h\u0151m\u00e9rs\u00e9klete ellen\u00e9re). Ez azt jelenti, hogy nincs kellemetlen huzat. \u00c9s a tet\u0151 alatt sincsenek kihaszn\u00e1latlan h\u0151gubancok - ez a d\u00f6nt\u0151 hat\u00e9konys\u00e1gi t\u00e9nyez\u0151. R\u00e1ad\u00e1sul az infrav\u00f6r\u00f6s sugarak a f\u00e9nyhez hasonl\u00f3an ir\u00e1ny\u00edthat\u00f3k. \u00cdgy eg\u00e9sz fel\u00fcletek egyenletesen \"megvil\u00e1g\u00edthat\u00f3k\".<\/p>\n<blockquote><p>\"Mi tart vissza minket? Legfeljebb n\u00e9h\u00e1ny nap h\u00f3. Egy\u00e9bk\u00e9nt most m\u00e1r eg\u00e9sz \u00e9vben edz\u00fcnk. \u00c9s ez el\u0151ny\u00f6s a csapatoknak, a tagoknak, a klub eg\u00e9sz \u00e9let\u00e9nek.\"<br \/>\nMichael Stetter, GCMV aleln\u00f6k<\/p><\/blockquote>\n<p>A Mannheim-Viernheim Golf Club N\u00e9metorsz\u00e1g egyik legr\u00e9gebbi klubja. Nyilv\u00e1nval\u00f3, hogy a Rajna-Neckar h\u00e1romsz\u00f6gben tal\u00e1lhat\u00f3 nyugodt mag\u00e1nklub egyben az egyik legambici\u00f3zusabb is. Ambici\u00f3zus sportc\u00e9lokat k\u00f6vet. Ted Long, N\u00e9metorsz\u00e1g egyik legjobb edz\u0151je (1) 2012 \u00f3ta a klub vezet\u0151 profija. A f\u00e9rfi csapat \u00e9vek \u00f3ta orsz\u00e1gos bajnoki szinten j\u00e1tszik - 2014-ben megnyerte a n\u00e9met csapatbajnoks\u00e1got (2). Nagy elk\u00f6telezetts\u00e9get ford\u00edtanak a feln\u00f6vekv\u0151 ifj\u00fas\u00e1gi csapatokra. A klub az edz\u00e9sk\u00f6r\u00fclm\u00e9nyek tekintet\u00e9ben is a cs\u00facsteljes\u00edtm\u00e9nyre \u00f6sszpontos\u00edt: t\u00e9len a golfp\u00e1lya tee boxait a K\u00dcBLER nagy teljes\u00edtm\u00e9ny\u0171 OPTIMA plus sorozat\u00e1nak n\u00e9gy infrav\u00f6r\u00f6s rendszere f\u0171ti.<\/p>\n<p>(1) Ted Longot a n\u00e9met PGA 2014-ben N\u00e9metorsz\u00e1g legjobb edz\u0151jek\u00e9nt ismerte el.<br \/>\n\"Az \u00e9v edz\u0151je\" d\u00edj.<\/p>\n<p>(2) Az els\u0151 f\u00e9rficsapat a 2014-es n\u00e9met csapatbajnoks\u00e1got a N\u00e9met Klubkupa n\u00e9gyes d\u00f6nt\u0151j\u00e9ben nyerte meg.<br \/>\n<H\u2082>Golfra szabva. A vez\u00e9rl\u0151rendszer<\/H\u2082><br \/>\nAz igazgat\u00f3tan\u00e1csnak k\u00fcl\u00f6nleges elk\u00e9pzel\u00e9sei voltak az ellen\u0151rz\u00e9si rendszerrel kapcsolatban. \"A goly\u00f3s g\u00e9peinket egy elektronikus sz\u00e1ml\u00e1z\u00e1si rendszerbe integr\u00e1ltuk. Term\u00e9szetesen ugyanezt a k\u00e9nyelmet v\u00e1rtuk el a f\u0171t\u00e9s eset\u00e9ben is\" - mondja J\u00fcrgen Bichelmeier, a klub p\u00e9nzt\u00e1rosa. Az intuit\u00edvan kezelhet\u0151 vez\u00e9rl\u0151szekr\u00e9ny-koncepci\u00f3 most egy teljesen \u00fajonnan programozott megold\u00e1st rejt, amelyet kifejezetten a Mannheim-Viernheim Golf Club sz\u00e1m\u00e1ra terveztek. A f\u0171t\u00e9s \u00e9s a vil\u00e1g\u00edt\u00e1s minden egyes box eset\u00e9ben k\u00fcl\u00f6n-k\u00fcl\u00f6n aktiv\u00e1l\u00f3dik \u00e9s sz\u00e1ml\u00e1z\u00f3dik. K\u00e9t h\u0151fokozatban, a k\u00fcls\u0151 h\u0151m\u00e9rs\u00e9klett\u0151l f\u00fcgg\u0151en. A szabadid\u0151s golfoz\u00f3k a DGV tags\u00e1gi k\u00e1rty\u00e1t haszn\u00e1lj\u00e1k - ak\u00e1rcsak a labdag\u00e9pek. A profik a f\u0171t\u00e9st a kulcsukkal \u00e9s a ProAktiv gombbal m\u0171k\u00f6dtetik.<\/p>\n<p><img decoding=\"async\" class=\"wp-image-914 size-medium\" src=\"https:\/\/www.kuebler-hallenheizungen.de\/wp-content\/uploads\/2021\/03\/kuebler_projekt_golf_lowres-3-optimiert.jpg\" alt=\"Az infrav\u00f6r\u00f6s f\u0171t\u0151berendez\u00e9sek \u00e9s vil\u00e1g\u00edt\u00e1s vez\u00e9rl\u0151rendszer\u00e9t kifejezetten a GCMV sz\u00e1m\u00e1ra fejlesztett\u00e9k ki. K\u00f6nnyen kezelhet\u0151 \u00e9s a klub elektronikus sz\u00e1ml\u00e1z\u00e1si rendszer\u00e9be integr\u00e1lt.\" width=\"300\" height=\"252\" srcset=\"https:\/\/www.kuebler-hallenheizungen.de\/wp-content\/uploads\/2021\/03\/kuebler_projekt_golf_lowres-3-optimiert.jpg 600w, https:\/\/www.kuebler-hallenheizungen.de\/wp-content\/uploads\/2021\/03\/kuebler_projekt_golf_lowres-3-optimiert-300x252.jpg 300w, https:\/\/www.kuebler-hallenheizungen.de\/wp-content\/uploads\/2021\/03\/kuebler_projekt_golf_lowres-3-optimiert-60x50.jpg 60w, https:\/\/www.kuebler-hallenheizungen.de\/wp-content\/uploads\/2021\/03\/kuebler_projekt_golf_lowres-3-optimiert-100x84.jpg 100w, https:\/\/www.kuebler-hallenheizungen.de\/wp-content\/uploads\/2021\/03\/kuebler_projekt_golf_lowres-3-optimiert-240x201.jpg 240w, https:\/\/www.kuebler-hallenheizungen.de\/wp-content\/uploads\/2021\/03\/kuebler_projekt_golf_lowres-3-optimiert-360x302.jpg 360w, https:\/\/www.kuebler-hallenheizungen.de\/wp-content\/uploads\/2021\/03\/kuebler_projekt_golf_lowres-3-optimiert-480x402.jpg 480w, https:\/\/www.kuebler-hallenheizungen.de\/wp-content\/uploads\/2021\/03\/kuebler_projekt_golf_lowres-3-optimiert-560x469.jpg 560w, https:\/\/www.kuebler-hallenheizungen.de\/wp-content\/uploads\/2021\/03\/kuebler_projekt_golf_lowres-3-optimiert-14x12.jpg 14w\" sizes=\"(max-width: 300px) 100vw, 300px\" \/><\/p>\n<p>Az infrav\u00f6r\u00f6s f\u0171t\u0151berendez\u00e9sek \u00e9s vil\u00e1g\u00edt\u00e1s vez\u00e9rl\u0151rendszer\u00e9t kifejezetten a GCMV sz\u00e1m\u00e1ra fejlesztett\u00e9k ki. K\u00f6nnyen kezelhet\u0151 \u00e9s a klub elektronikus sz\u00e1ml\u00e1z\u00e1si rendszer\u00e9be integr\u00e1lt.<\/p>\n<p>A K\u00dcBLER nagy teljes\u00edtm\u00e9ny\u0171 rendszerei az eszt\u00e9tikai k\u00f6vetelm\u00e9nyeknek is megfelelnek. T\u00f6bbf\u00e9le sz\u00ednben kaphat\u00f3k, \u00e9s diszkr\u00e9ten elrejthet\u0151k a tet\u0151szerkezetben. Vagy akcentusk\u00e9nt \u00e9rtelmezve.<br \/>\n<H\u2082>Besz\u00e9lget\u00e9s Ted Longgal<\/H\u2082><br \/>\n<strong>Ted, a n\u00e9gy K\u00dcBLER-f\u0171t\u00e9si rendszer m\u00e1r h\u00e1rom t\u00e9len \u00e1t volt haszn\u00e1latban. Hogyan j\u00f6tt ez l\u00e9tre?<\/strong><\/p>\n<p>Tudtam, hogy a K\u00dcBLER csarnokf\u0171t\u00e9si rendszereket a sport ter\u00fclet\u00e9n is haszn\u00e1lj\u00e1k. \u00cdgy Michael \u00e9s \u00e9n egyszer\u0171en megn\u00e9zt\u00fck, hogy a rendszerek alkalmasak lehetnek-e sz\u00e1munkra. Ludwigshafenben kifejezetten erre a c\u00e9lra szerveztek egy szimul\u00e1ci\u00f3t. Ez nagyszer\u0171 volt. Nyugodtan fel tudtam m\u00e9retezni. Eg\u00e9szen addig, am\u00edg azt nem mondtam: Igen. \u00c9n \u00edgy akarom, \u00e9s semmi m\u00e1st! A K\u00dcBLER azt\u00e1n pontosan \u00edgy \u00e9p\u00edtette meg nek\u00fcnk a f\u0171t\u0151berendez\u00e9seket.<\/p>\n<p><strong>A klub kor\u00e1bban m\u00e1s technol\u00f3gi\u00e1kat is vizsg\u00e1lt?<\/strong><\/p>\n<p>Igen, nagyj\u00e1b\u00f3l minden. N\u00e9h\u00e1ny dolgot ki is pr\u00f3b\u00e1ltunk. Ismerem a vil\u00e1g legjobb vezet\u00e9si p\u00e1ly\u00e1it - de sehol sem l\u00e1ttam m\u00e9g olyan j\u00f3t, mint a mi megold\u00e1sunk.<\/p>\n<p><strong>Mik voltak az els\u0151 tapasztalataid az \u00faj f\u0171t\u0151testekkel kapcsolatban?<\/strong><\/p>\n<p>Nagyszer\u0171 az els\u0151 napt\u00f3l kezdve. Soha nem volt m\u00e9g ilyen nagy ar\u00e1ny\u00fa edz\u00e9s az ifj\u00fas\u00e1gi programunkban t\u00e9len - a gyerekek mind sz\u00edvesen j\u00f6nnek, mert most kellemesen meleg \u00e9s nyugodt k\u00f6rnyezetben edzhetnek. Ezek a f\u0171t\u0151testek egyszer\u0171en verhetetlen\u00fcl j\u00f3l m\u0171k\u00f6dnek.<\/p>\n<p><strong>\u00c9s a csapatok - hogyan reag\u00e1ltak az \u00faj edz\u00e9si k\u00f6r\u00fclm\u00e9nyekre?<\/strong><\/p>\n<p>A l\u00e1nyok \u00e9s a fi\u00fak, valamint mi, edz\u0151k is teljesen euf\u00f3rikusak voltunk. De t\u00e9ny: m\u00e9g a szabadid\u0151sportol\u00f3k is el vannak ragadtatva. A legt\u00f6bbj\u00fcket j\u00f3 negyed \u00e9ve nem l\u00e1ttad kint. Most m\u00e1r t\u00e9nyleg tele van a p\u00e1lya, m\u00e9g t\u00e9len is.<\/p>\n<p><strong>Mikor fogj\u00e1k haszn\u00e1lni a f\u0171t\u0151testeket?<\/strong><\/p>\n<p>A f\u0171t\u0151testeket sz\u00e1nd\u00e9kosan \u00fagy tervezt\u00fck, hogy a h\u0151m\u00e9rs\u00e9kletet k\u00fcl\u00f6nb\u00f6z\u0151k\u00e9ppen lehessen be\u00e1ll\u00edtani. Hideg \u00e9s nagyon hideg k\u00fcls\u0151 h\u0151m\u00e9rs\u00e9klethez. De a tapasztalat azt mutatja, hogy a f\u0171t\u0151testeket m\u00e1r akkor is haszn\u00e1lj\u00e1k, amikor \u00e9ppen hideg lehet.<\/p>\n<p><strong>A f\u0171t\u00e9si rendszerekkel a telet teljes edz\u00e9sszezonra v\u00e1ltottad. Ez strat\u00e9giai l\u00e9p\u00e9s volt a 2014-es bajnoki c\u00edmhez vezet\u0151 \u00faton?<\/strong><\/p>\n<p>Ha van strat\u00e9gia, akkor azt \u00fagy h\u00edvj\u00e1k, hogy \"sz\u00f3rakoz\u00e1s a golfban\". Nem k\u00f6telez\u0151 vel\u00fcnk edzeni. De term\u00e9szetesen sokkal sz\u00f3rakoztat\u00f3bb edzeni, ha kellemesek a k\u00f6r\u00fclm\u00e9nyek. \u00c9s tapasztalatom szerint el\u00e9g val\u00f3sz\u00edn\u0171, hogy a t\u00f6bb edz\u00e9s t\u00f6bb sikerhez vezet.<\/p>\n<p><strong>\"Az infrav\u00f6r\u00f6s f\u0171t\u0151testek hat\u00e1s\u00e1ra jobban akarsz edzeni\" - ez a k\u00f6vetkeztet\u00e9sed?<\/strong><\/p>\n<p>Term\u00e9szetesen. Edz\u0151k\u00e9nt soha t\u00f6bb\u00e9 nem dolgozn\u00e9k e rendszerek n\u00e9lk\u00fcl. B\u00fcszk\u00e9k is vagyunk r\u00e1juk. Tudom\u00e1som szerint mi vagyunk az egyetlen klub a vil\u00e1gon, amely ilyen ide\u00e1lis edz\u00e9sk\u00f6r\u00fclm\u00e9nyeket tud biztos\u00edtani.<\/p>\n<p>A GCMV az edz\u00e9sk\u00f6r\u00fclm\u00e9nyek tekintet\u00e9ben is a cs\u00facsteljes\u00edtm\u00e9nyre \u00f6sszpontos\u00edt: t\u00e9len a golfp\u00e1lya p\u00e1lyaf\u00fclk\u00e9it a K\u00dcBLER nagy teljes\u00edtm\u00e9ny\u0171 OPTIMA plus sorozat\u00e1nak n\u00e9gy infrav\u00f6r\u00f6s rendszere f\u0171ti.<br \/>\n<H\u2082>A K\u00dcBLER<\/H\u2082><br \/>\nInnovat\u00edv infrav\u00f6r\u00f6s rendszereivel a K\u00dcBLER GmbH az energiahat\u00e9kony csarnokf\u0171t\u00e9s \u00e9lvonalbeli technol\u00f3gi\u00e1it fejleszti \u00e9s \u00e9rt\u00e9kes\u00edti. A kulcsrak\u00e9sz megold\u00e1sok teljes k\u00f6r\u0171 szolg\u00e1ltat\u00f3jak\u00e9nt a v\u00e1llalat \u00e1tfog\u00f3 term\u00e9kv\u00e1laszt\u00e9kot k\u00edn\u00e1l a legk\u00fcl\u00f6nb\u00f6z\u0151bb csarnokt\u00edpusokhoz \u00e9s helyis\u00e9gk\u00f6rnyezetekhez. A K\u00dcBLER jelent\u0151sen hozz\u00e1j\u00e1rult a modern infrav\u00f6r\u00f6s technol\u00f3gia n\u00e9metorsz\u00e1gi \u00e1tt\u00f6r\u00e9s\u00e9hez, \u00e9s innovat\u00edv eredm\u00e9nyei\u00e9rt rendszeresen elismer\u00e9sben r\u00e9szes\u00fcl.<\/p>\n<p>Nemzeti \u00e9s nemzetk\u00f6zi elismer\u00e9sei k\u00f6z\u00f6tt szerepel a Gazdas\u00e1gi Miniszt\u00e9rium 2004-ben a kiemelked\u0151 innovat\u00edv eredm\u00e9nyek\u00e9rt j\u00e1r\u00f3 sz\u00f6vets\u00e9gi d\u00edja, 2006-ban a bajor \u00e1llami d\u00edj, 2012-ben Rajna-vid\u00e9k-Pfalz tartom\u00e1ny innov\u00e1ci\u00f3s d\u00edja \u00e9s a N\u00e9met Fenntarthat\u00f3s\u00e1gi D\u00edj. A K\u00dcBLER a H.Y.B.R.R.I.D. rendszer k\u00fcl\u00f6nleges energiahat\u00e9konys\u00e1g\u00e1\u00e9rt a \"N\u00e9metorsz\u00e1g legfenntarthat\u00f3bb term\u00e9ke\" kateg\u00f3ri\u00e1ban megkapta a fenntarthat\u00f3 v\u00e1llalkoz\u00e1s\u00e9rt j\u00e1r\u00f3 legmagasabb n\u00e9met d\u00edjat.<\/p>\n<p>Az 1989-ben alap\u00edtott v\u00e1llalat t\u00f6bb mint 100 embert foglalkoztat, \u00e9s az ipar\u00e1g egyik vezet\u0151 v\u00e1llalata Eur\u00f3p\u00e1ban Ludwigshafen, Drezda, Hagen, Hamburg, Ingolstadt, Pr\u00e1ga (Csehorsz\u00e1g), Fegyvernek (Magyarorsz\u00e1g), sz\u00e1mos k\u00fclf\u00f6ldi k\u00e9pviselettel \u00e9s orsz\u00e1gos szervizh\u00e1l\u00f3zattal.<\/p>","protected":false},"featured_media":28227,"template":"","categories":[1],"class_list":["post-17837","referenzen","type-referenzen","status-publish","has-post-thumbnail","hentry","category-allgemein"],"acf":[],"_links":{"self":[{"href":"https:\/\/www.kuebler-hallenheizungen.de\/hu\/wp-json\/wp\/v2\/referenzen\/17837","targetHints":{"allow":["GET"]}}],"collection":[{"href":"https:\/\/www.kuebler-hallenheizungen.de\/hu\/wp-json\/wp\/v2\/referenzen"}],"about":[{"href":"https:\/\/www.kuebler-hallenheizungen.de\/hu\/wp-json\/wp\/v2\/types\/referenzen"}],"wp:featuredmedia":[{"embeddable":true,"href":"https:\/\/www.kuebler-hallenheizungen.de\/hu\/wp-json\/wp\/v2\/media\/28227"}],"wp:attachment":[{"href":"https:\/\/www.kuebler-hallenheizungen.de\/hu\/wp-json\/wp\/v2\/media?parent=17837"}],"wp:term":[{"taxonomy":"category","embeddable":true,"href":"https:\/\/www.kuebler-hallenheizungen.de\/hu\/wp-json\/wp\/v2\/categories?post=17837"}],"curies":[{"name":"wp","href":"https:\/\/api.w.org\/{rel}","templated":true}]}}