{"id":17848,"date":"2021-03-11T09:57:53","date_gmt":"2021-03-11T08:57:53","guid":{"rendered":"https:\/\/kuebler.werbe-sofa.de\/referenzen\/tennisklub-gruen-weiss-mannheim-e-v\/"},"modified":"2024-06-19T03:16:45","modified_gmt":"2024-06-19T01:16:45","slug":"teniszklub-gruen-weiss-mannheim-e-v","status":"publish","type":"referenzen","link":"https:\/\/www.kuebler-hallenheizungen.de\/hu\/referenzen\/tennisklub-gruen-weiss-mannheim-e-v\/","title":{"rendered":"\"Az energiatakar\u00e9kos csarnokf\u0171t\u00e9si rendszer 47 % megtakar\u00edt\u00e1st jelent klubunknak.\""},"content":{"rendered":"<p>A Mannheim Neckarplattban nem v\u00e9letlen, hogy a Gr\u00fcn-Weiss Mannheim e.V. teniszklub a sz\u00e9lesk\u00f6r\u0171 klubf\u00e1radts\u00e1g idej\u00e9n is folyamatosan magas szinten tartja tagl\u00e9tsz\u00e1m\u00e1t. Ennek okai k\u00e9ts\u00e9gtelen\u00fcl a kiemelked\u0151 sporteredm\u00e9nyekben - k\u00fcl\u00f6n\u00f6sen az 1. f\u00e9rfi csapatban, amely 2010-ben a klub t\u00f6rt\u00e9net\u00e9ben hatodik alkalommal nyerte meg a n\u00e9met csapatbajnoks\u00e1got -, valamint az intenz\u00edv ifj\u00fas\u00e1gi munk\u00e1ban keresend\u0151k. A klub, amely mintegy 1000 taggal \u00e9s 46 csapattal az egyik legnagyobb Badenben, azonban nem csak a sportteljes\u00edtm\u00e9nyre \u00f6sszpontos\u00edt. A Leading Tennis Clubs of Germany exkluz\u00edv egy\u00fcttm\u0171k\u00f6d\u00e9si csoportj\u00e1nak tagja a rendszertechnika tekintet\u00e9ben is el\u0151kel\u0151 helyet foglal el: a klub a teljesen integr\u00e1lt H.Y.B.R.I.D. belt\u00e9ri f\u0171t\u00e9si rendszerrel a k\u00f6zelm\u00faltban a K\u00dcBLER jelenleg el\u00e9rhet\u0151 leggazdas\u00e1gosabb \u00e9s leghat\u00e9konyabb f\u0171t\u00e9si koncepci\u00f3j\u00e1ba fektetett be.<\/p>\n<p>Az idilli 50 000 n\u00e9gyzetm\u00e9teres, 18 k\u00fclt\u00e9ri \u00e9s h\u00e1rom fedett p\u00e1ly\u00e1val rendelkez\u0151 Gr\u00fcn-Weiss nem csak a sport szempontj\u00e1b\u00f3l j\u00e1tszik a legjobb lig\u00e1ban: minden gener\u00e1ci\u00f3 teniszrajong\u00f3i megtal\u00e1lj\u00e1k itt a t\u00f6k\u00e9letes k\u00f6rnyezetet a szabadid\u0151s tev\u00e9kenys\u00e9gekhez. <em>\"Tagjaink \u00e9rt\u00e9kelik a klub l\u00e9gk\u00f6r\u00e9t. Sokat tesz\u00fcnk az\u00e9rt, hogy a m\u0171k\u00f6d\u00e9s z\u00f6kken\u0151mentesen m\u0171k\u00f6dj\u00f6n. A terem k\u00e9nyelme a technik\u00e1val egy\u00fctt \u00e1ll \u00e9s bukik.\"<\/em><br \/>\n<H\u2082>Alacsonyabb k\u00f6lts\u00e9gek, nagyobb k\u00e9nyelem \u00e9s fenntarthat\u00f3s\u00e1g: a c\u00e9lok<\/H\u2082><br \/>\nAmikor \u00f6t \u00e9vvel ezel\u0151tt \u00e1tvette az ir\u00e1ny\u00edt\u00e1st, Dr. Ruckh felismerte, hogy a kor\u00e1bbi csarnokf\u0171t\u00e9si rendszer \u00f6kol\u00f3giai \u00e9s gazdas\u00e1gi szempontb\u00f3l m\u00e1r nem fenntarthat\u00f3. Az 1952\/53-ban \u00e9s 1972-ben \u00e9p\u00fclt, \u00f6sszesen h\u00e1rom teniszp\u00e1ly\u00e1t tartalmaz\u00f3 k\u00e9t klubcsarnokot k\u00f6zpontilag, olajjal f\u0171t\u00f6tt\u00e9k; mindk\u00e9t csarnok nagyon rosszul volt szigetelve. \u00c9vente 30 000-35 000 liter f\u0171t\u0151olajat \u00e9gettek el. Mivel a beruh\u00e1z\u00e1si k\u00f6lts\u00e9gekt\u0151l kezdetben \u00f3dzkodtak, az els\u0151 l\u00e9p\u00e9s az volt, hogy a csarnokokban \u00e1t\u00e1lltak a h\u0151m\u00e9rs\u00e9klet-szab\u00e1lyoz\u00e1sra. Ez azonban a v\u00e1rakoz\u00e1soknak megfelel\u0151en csak margin\u00e1lis hat\u00e1ssal volt az olajfogyaszt\u00e1sra. A klub csak egy teljesen \u00faj f\u0171t\u00e9si rendszerben l\u00e1tta a megold\u00e1st: \"A k\u00f6lts\u00e9gmegtakar\u00edt\u00e1s term\u00e9szetesen a legfontosabb volt sz\u00e1munkra. Ugyanakkor olyan rendszert szerett\u00fcnk volna, amelyet egy\u00e9nileg szab\u00e1lyozhatunk, amely v\u00e9di a k\u00f6rnyezetet \u00e9s kellemes meleg\u00e9rzetet biztos\u00edt a j\u00e1t\u00e9kosainknak.\"<\/p>\n<blockquote><p>\"Nem kellett agg\u00f3dnom a r\u00e9szletek miatt. Minden hib\u00e1tlanul ment.\"<br \/>\nDr. Peter Ruckh<\/p><\/blockquote>\n<p><H\u2082>Innovat\u00edv \u00e9s energiatakar\u00e9kos: az \u00faj f\u0171t\u00e9si megold\u00e1s<\/H\u2082><br \/>\nA K\u00dcBLER infrav\u00f6r\u00f6s csarnokf\u0171t\u00e9s-specialista egy szomsz\u00e9dos sportklubon kereszt\u00fcl ker\u00fclt a k\u00e9pbe a mannheimi Neckarplatton. Sok pozit\u00edv dolgot hallottak a csarnokf\u0171t\u00e9s hat\u00e9konys\u00e1g\u00e1r\u00f3l, szab\u00e1lyoz\u00e1si pontoss\u00e1g\u00e1r\u00f3l \u00e9s k\u00e9nyelm\u00e9r\u0151l. Az infrav\u00f6r\u00f6s k\u00fcl\u00f6n\u00f6sen a magas sportcsarnokok ide\u00e1lis f\u0171t\u00e9si elv\u00e9nek sz\u00e1m\u00edt. Ennek oka, hogy az infrav\u00f6r\u00f6s sugarak a naphoz hasonl\u00f3an nem a leveg\u0151t, hanem a t\u00e1rgyakat meleg\u00edtik, amelyeket \u00e9rnek - ez d\u00f6nt\u0151 el\u0151ny minden olyan berendez\u00e9ssel szemben, amely meleg leveg\u0151t termel, h\u0151p\u00e1rn\u00e1kat hoz l\u00e9tre a csarnok mennyezete alatt, \u00e9s \u00edgy fel nem haszn\u00e1lt energi\u00e1t \u00e9get el. A K\u00dcBLER szak\u00e9rt\u0151i a Gr\u00fcn-Weiss k\u00f6r\u00fclm\u00e9nyeihez igazodva olyan f\u0171t\u00e9si koncepci\u00f3t dolgoztak ki integr\u00e1lt marad\u00e9kh\u0151-hasznos\u00edt\u00e1ssal, amely minden r\u00e9szlet\u00e9ben leny\u0171g\u00f6zte a klub illet\u00e9keseit. \"A H.Y.B.R.R.I.D.-vel a technol\u00f3giai vezet\u0151 c\u00e9g leg\u00fajabb \u00e9s leghat\u00e9konyabb rendszer\u00e9t v\u00e1lasztottuk, mert a teljes\u00edtm\u00e9ny gondolat\u00e1t a technol\u00f3gi\u00e1nkba is \u00e1t\u00fcltetj\u00fck\" - indokolja a klub d\u00f6nt\u00e9s\u00e9t Dr. Ruckh.<\/p>\n<blockquote><p>\"Felt\u00e9telezz\u00fck, hogy az energiak\u00f6lts\u00e9gek tov\u00e1bb emelkednek. A beruh\u00e1z\u00e1s ez\u00e9rt gyorsan megt\u00e9r\u00fcl.\"<br \/>\nDr. Peter Ruckh<\/p><\/blockquote>\n<p><H\u2082>A Gr\u00fcn-Weiss teniszklubban most felforr\u00f3sodik a j\u00f6v\u0151: H.Y.B.R.I.D.<\/H\u2082><br \/>\nA h\u00e1rom teniszcsarnokot a 2010-es fedett szezon kezdete \u00f3ta H.Y.B.R.I.D.-vel f\u0171t\u00f6tt\u00e9k. A K\u00dcBLER fenntarthat\u00f3, energiatakar\u00e9kos f\u0171t\u00e9si koncepci\u00f3ja az infrav\u00f6r\u00f6s f\u0171t\u00e9si technol\u00f3gi\u00e1t az \u00fajonnan kifejlesztett O.P.U.S.X marad\u00e9kh\u0151-hasznos\u00edt\u00e1ssal \u00e9s az er\u0151forr\u00e1s-optimaliz\u00e1l\u00f3 R.O.S.S.Y \u00ae vez\u00e9rl\u0151rendszerrel kombin\u00e1lja. Az 1400 n\u00e9gyzetm\u00e9teres \u00e9s 6,8 m magas teljes ter\u00fcletet most hat energiatakar\u00e9kos Optima 28 infrav\u00f6r\u00f6s f\u0171t\u0151berendez\u00e9s f\u0171ti. A nagy teljes\u00edtm\u00e9ny\u0171 k\u00e9sz\u00fcl\u00e9keket magasan a tet\u0151 al\u00e1 szerelt\u00e9k, \u00e9s a DIN VDE 0710 13\/05.31 r\u00e9sz 13. r\u00e9sze szerint goly\u00f3 \u00fct\u00e9sbiztons\u00e1gra tesztelt\u00e9k. Az innovat\u00edv O.P.U.S.X marad\u00e9kh\u0151-hasznos\u00edt\u00f3 rendszerrel az infrav\u00f6r\u00f6s f\u0171t\u0151berendez\u00e9sek elhaszn\u00e1lt leveg\u0151j\u00e9t hidraulikus h\u0151termel\u00e9sre haszn\u00e1lj\u00e1k.<\/p>\n<p>Ennek a marad\u00e9kh\u0151-hasznos\u00edt\u00e1snak k\u00f6sz\u00f6nhet\u0151en ak\u00e1r 15 sz\u00e1zal\u00e9kos t\u00f6bbletenergia \u00e1ll rendelkez\u00e9sre szinte ingyenesen a melegv\u00edz-k\u00e9sz\u00edt\u00e9shez. A Gr\u00fcn-Weissn\u00e9l ezt a csarnok el\u0151ter\u00e9nek f\u0171t\u00e9s\u00e9re, valamint a mosd\u00f3k \u00e9s mosd\u00f3helyis\u00e9gek melegv\u00edz-ell\u00e1t\u00e1s\u00e1nak t\u00e1mogat\u00e1s\u00e1ra haszn\u00e1lj\u00e1k. Ez tov\u00e1bbi \u00e9rt\u00e9kes megtakar\u00edt\u00e1si lehet\u0151s\u00e9geket k\u00edn\u00e1l a klub sz\u00e1m\u00e1ra.<br \/>\n<H\u2082>Leny\u0171g\u00f6z\u0151en egyszer\u0171 haszn\u00e1lat \u00e9s funkcionalit\u00e1s: R.O.S.S.Y\u00ae<\/H\u2082><br \/>\nA sportcsarnokok f\u0171t\u00e9s\u00e9ben fontos szerepet j\u00e1tszik az egy\u00e9ni \u00e9s ig\u00e9nyorient\u00e1lt szab\u00e1lyoz\u00e1s az egyes f\u0171t\u00e9si z\u00f3n\u00e1k szerint. A Gr\u00fcn-Weissn\u00e9l a K\u00dcBLER leg\u00fajabb gener\u00e1ci\u00f3s vez\u00e9rl\u0151rendszereit alkalmazz\u00e1k, hogy megfeleljenek a csarnokok k\u00fcl\u00f6nb\u00f6z\u0151 haszn\u00e1lati idej\u00e9re vonatkoz\u00f3 k\u00fcl\u00f6nleges k\u00f6vetelm\u00e9nyeknek:<\/p>\n<p>R.O.S.S.S.Y\u00ae. A sz\u00f6vets\u00e9gi gazdas\u00e1gi miniszt\u00e9rium \u00e1ltal innov\u00e1ci\u00f3s d\u00edjjal kit\u00fcntetett rendszer lehet\u0151v\u00e9 teszi az infrav\u00f6r\u00f6s f\u0171t\u0151berendez\u00e9sek ig\u00e9ny szerinti vez\u00e9rl\u00e9s\u00e9t a csarnok el\u0151ter\u00e9ben elhelyezett LCD-kijelz\u0151n kereszt\u00fcl. A f\u0171t\u00e9si h\u0151m\u00e9rs\u00e9klet, valamint a be- \u00e9s kikapcsol\u00e1si id\u0151 mostant\u00f3l minden egyes csarnokhelyis\u00e9gben egyedileg, egyszer\u0171en szab\u00e1lyozhat\u00f3.<br \/>\n<H\u2082>PRIMAGAS - Szolg\u00e1ltat\u00e1s, k\u00f6zels\u00e9g, szak\u00e9rtelem<\/H\u2082><br \/>\nT\u00f6bb mint 80 000 \u00fcgyfel\u00e9vel a PRIMAGAS folyad\u00e9kg\u00e1z-specialista 60 \u00e9ve a n\u00e9metorsz\u00e1gi folyad\u00e9kg\u00e1z-\u00e1gazat egyik legfontosabb szerepl\u0151je. A v\u00e1llalat garant\u00e1lja a maxim\u00e1lis ell\u00e1t\u00e1sbiztons\u00e1got, \u00e9s azon kev\u00e9s szolg\u00e1ltat\u00f3k egyike, amelyek T\u00dcV-tan\u00fas\u00edtv\u00e1nnyal rendelkez\u0151 szolg\u00e1ltat\u00e1st ny\u00fajtanak. A K\u00dcBLER GmbH m\u00e1r sz\u00e1mos projektben dolgozott egy\u00fctt a PRIMAGAS-szal. Nagyon sikeresen!<\/p>\n<blockquote><p>\"Volt el\u00e9g hely a f\u00f6ld feletti foly\u00e9konyg\u00e1z-tart\u00e1ly sz\u00e1m\u00e1ra k\u00f6zvetlen\u00fcl a csarnokok mellett. A PRIMAGAS ezt teljesen \u00f6nell\u00e1t\u00f3an val\u00f3s\u00edtotta meg.\"<\/p><\/blockquote>\n<p><H\u2082>Sok el\u0151nnyel j\u00e1r\u00f3 energia: Foly\u00e9kony g\u00e1z<\/H\u2082><br \/>\nAz \u00faj f\u0171t\u00e9si rendszer energiaell\u00e1t\u00e1s\u00e1t cseppfoly\u00f3s\u00edtott g\u00e1z biztos\u00edtja. Ez a k\u00f6rnyezetbar\u00e1t \u00e9s nagym\u00e9rt\u00e9kben \u00e1rstabil energiaforr\u00e1s minden\u00fctt bev\u00e1lt, ahol fontos a f\u00f6ldg\u00e1zell\u00e1t\u00e1s h\u00e1l\u00f3zaton k\u00edv\u00fcli biztos\u00edt\u00e1sa, \u00edgy gyorsan megsz\u00fcletett a d\u00f6nt\u00e9s a foly\u00e9kony g\u00e1z mellett. A klub ebben az esetben is egy kiv\u00e1l\u00f3 szerepl\u0151 mellett d\u00f6nt\u00f6tt, \u00e9s a PB-g\u00e1zell\u00e1t\u00e1st a PRIMAGAS-nak adta \u00e1t, amely k\u00f6zvetlen\u00fcl a csarnokok mellett telep\u00edtette \u00e9s csatlakoztatta a f\u00f6ld feletti PB-g\u00e1ztart\u00e1lyt. Ezzel megsp\u00f3rolt\u00e1k az ell\u00e1t\u00f3h\u00e1l\u00f3zathoz val\u00f3 csatlakoz\u00e1s k\u00f6lts\u00e9ges d\u00edjait, \u00e9s a klub f\u00fcggetlenn\u00e9 v\u00e1lt a gyakran kisz\u00e1m\u00edthatatlanul megugr\u00f3 olaj\u00e1rakt\u00f3l.<br \/>\n<H\u2082>Nagy megtakar\u00edt\u00e1sok, gyors amortiz\u00e1ci\u00f3: az \u00faj szabads\u00e1g a k\u00f6lts\u00e9gvet\u00e9sben<\/H\u2082><br \/>\nKellemesen temper\u00e1lt, huzatmentes belt\u00e9ri kl\u00edma, k\u00e9nyelmes, ig\u00e9ny szerinti szab\u00e1lyoz\u00e1s, alacsony zajszint\u0171 f\u0171t\u00e9si \u00fczem, k\u00f6rnyezetbar\u00e1t, alacsony k\u00e1rosanyag-kibocs\u00e1t\u00e1s\u00fa \u00e9g\u00e9s \u00e9s az eszt\u00e9tikus design: ezeken az el\u0151ny\u00f6k\u00f6n t\u00fal, amelyeket az \u00faj f\u0171t\u00e9si rendszer a Gr\u00fcn-Weiss Mannheim klub sz\u00e1m\u00e1ra ny\u00fajt, a legfontosabb a rendszer gazdas\u00e1goss\u00e1ga. M\u00edg a r\u00e9gi rendszer \u00e9vente 30.000-35.000 liter f\u0171t\u0151olajat \u00e9getett el, a K\u00dcBLER \u00faj, foly\u00e9kony g\u00e1zzal m\u0171k\u00f6d\u0151 infrav\u00f6r\u00f6s f\u0171t\u00e9si rendszere kiemelked\u0151 hat\u00e9konys\u00e1g\u00e1val ny\u0171g\u00f6z le. A marad\u00e9kh\u0151-hasznos\u00edt\u00e1sb\u00f3l, az optimaliz\u00e1lt vez\u00e9rl\u00e9sb\u0151l \u00e9s a hat\u00e9konys\u00e1gra optimaliz\u00e1lt infrav\u00f6r\u00f6s f\u0171t\u0151testekb\u0151l sz\u00e1rmaz\u00f3, ak\u00e1r 15 sz\u00e1zal\u00e9kos t\u00f6bbletenergi\u00e1val a klubban \u00f6sszesen 47 sz\u00e1zal\u00e9kos megtakar\u00edt\u00e1si potenci\u00e1l rejlik. Legal\u00e1bb! Az igazgat\u00f3s\u00e1g term\u00e9szetesen el van ragadtatva:<\/p>\n<p><em>\"Arra sz\u00e1m\u00edtunk, hogy a rendszer n\u00e9h\u00e1ny \u00e9ven bel\u00fcl amortiz\u00e1l\u00f3dik\"<\/em>j\u00f3solja Dr. Ruckh \u00e9s hozz\u00e1teszi: <em>\"Ezek a megtakar\u00edt\u00e1sok fontos p\u00e9nz\u00fcgyi szabads\u00e1got biztos\u00edtanak sz\u00e1munkra p\u00e9ld\u00e1ul az egyes\u00fclet\u00fcnkben foly\u00f3 ifj\u00fas\u00e1gi munk\u00e1hoz.\"<\/em><br \/>\n<H\u2082>A technol\u00f3gia \u00e9s a projekt el\u0151rehalad\u00e1s\u00e1nak be\u00e1ll\u00edt\u00e1sa \u00e9s egyeztet\u00e9se: a k\u00f6vetkeztet\u00e9s<\/H\u2082><br \/>\nA klub vezet\u0151s\u00e9ge nagyon el\u00e9gedett a projekt teljes menet\u00e9vel, bele\u00e9rtve a konzult\u00e1ci\u00f3t, a telep\u00edt\u00e9st \u00e9s az \u00fczemeltet\u00e9st is, k\u00fcl\u00f6n\u00f6sen az\u00e9rt, mert az \u00faj rendszer telep\u00edt\u00e9s\u00e9re mind\u00f6ssze hat h\u00e9t \u00e1llt rendelkez\u00e9sre - az augusztus k\u00f6zepi \u00e9rmes m\u00e9rk\u0151z\u00e9sek befejez\u00e9se ut\u00e1n \u00e9s a fedett p\u00e1ly\u00e1s szezon kezdete el\u0151tt. A telep\u00edt\u00e9s v\u00e9g\u00fcl 14 nap alatt befejez\u0151d\u00f6tt. A jelenlegi fedett p\u00e1ly\u00e1s szezont arra haszn\u00e1lj\u00e1k, hogy tapasztalatokat gy\u0171jtsenek a f\u0171t\u00e9svez\u00e9rl\u0151 rendszerrel kapcsolatban. \"Jelenleg egy-k\u00e9t olyan dolgot pr\u00f3b\u00e1lunk ki, amit nagyon j\u00f3l lehet csin\u00e1lni a R.O.S.S.Y\u00ae seg\u00edts\u00e9g\u00e9vel. Nagyon tetszik a rendszer k\u00f6nny\u0171 kezelhet\u0151s\u00e9ge\" - hangs\u00falyozza Dr. Ruckh. Alig n\u00e9h\u00e1ny hetes f\u0171t\u00e9si \u00e9s j\u00e1t\u00e9k\u00fczem ut\u00e1n \u00edgy \u00f6sszegez: \"Meggy\u0151z\u0151d\u00e9s\u00fcnk, hogy az \u00faj f\u0171t\u00e9si rendszerrel el\u0151remutat\u00f3 d\u00f6nt\u00e9st hoztunk - klubunk \u00e9s a k\u00f6rnyezet\u00fcnk szempontj\u00e1b\u00f3l is. A K\u00dcBLER szem\u00e9ly\u00e9ben pedig megb\u00edzhat\u00f3 partner\u00fcnk volt. Az eg\u00e9sz projekt z\u00f6kken\u0151mentesen zajlott le az \u00fctemterv \u00e9s a k\u00f6lts\u00e9gvet\u00e9s tekintet\u00e9ben.\"<br \/>\n<H\u2082>A K\u00dcBLER<\/H\u2082><br \/>\nInnovat\u00edv infrav\u00f6r\u00f6s rendszereivel a K\u00dcBLER GmbH az energiahat\u00e9kony csarnokf\u0171t\u00e9s \u00e9lvonalbeli technol\u00f3gi\u00e1it fejleszti \u00e9s \u00e9rt\u00e9kes\u00edti. A kulcsrak\u00e9sz megold\u00e1sok teljes k\u00f6r\u0171 szolg\u00e1ltat\u00f3jak\u00e9nt a v\u00e1llalat \u00e1tfog\u00f3 term\u00e9kv\u00e1laszt\u00e9kot k\u00edn\u00e1l a legk\u00fcl\u00f6nb\u00f6z\u0151bb csarnokt\u00edpusokhoz \u00e9s helyis\u00e9gk\u00f6rnyezetekhez. A K\u00dcBLER jelent\u0151sen hozz\u00e1j\u00e1rult a modern infrav\u00f6r\u00f6s technol\u00f3gia n\u00e9metorsz\u00e1gi \u00e1tt\u00f6r\u00e9s\u00e9hez, \u00e9s innovat\u00edv eredm\u00e9nyei\u00e9rt rendszeresen elismer\u00e9sben r\u00e9szes\u00fcl.<\/p>\n<p>Nemzeti \u00e9s nemzetk\u00f6zi elismer\u00e9sei k\u00f6z\u00f6tt szerepel a Gazdas\u00e1gi Miniszt\u00e9rium 2004-ben a kiemelked\u0151 innovat\u00edv eredm\u00e9nyek\u00e9rt j\u00e1r\u00f3 sz\u00f6vets\u00e9gi d\u00edja, 2006-ban a bajor \u00e1llami d\u00edj, 2012-ben Rajna-vid\u00e9k-Pfalz tartom\u00e1ny innov\u00e1ci\u00f3s d\u00edja \u00e9s a N\u00e9met Fenntarthat\u00f3s\u00e1gi D\u00edj. A K\u00dcBLER a H.Y.B.R.I.D. rendszer k\u00fcl\u00f6nleges energiahat\u00e9konys\u00e1g\u00e1\u00e9rt megkapta a fenntarthat\u00f3 v\u00e1llalkoz\u00e1s\u00e9rt j\u00e1r\u00f3 legmagasabb n\u00e9met d\u00edjat \"N\u00e9metorsz\u00e1g legfenntarthat\u00f3bb term\u00e9ke\" kateg\u00f3ri\u00e1ban. A K\u00dcBLER hat szabadalmat \u00e9s tizenk\u00e9t v\u00e9djegyet jegyeztetett be.<\/p>\n<p>Az 1989-ben alap\u00edtott v\u00e1llalat t\u00f6bb mint 100 embert foglalkoztat, \u00e9s az ipar\u00e1g egyik vezet\u0151 v\u00e1llalata Eur\u00f3p\u00e1ban Ludwigshafen, Drezda, Hagen, Hamburg, Ingolstadt, Pr\u00e1ga (Csehorsz\u00e1g), Fegyvernek (Magyarorsz\u00e1g), sz\u00e1mos k\u00fclf\u00f6ldi k\u00e9pviselettel \u00e9s orsz\u00e1gos szervizh\u00e1l\u00f3zattal.<\/p>","protected":false},"featured_media":17811,"template":"","categories":[1],"class_list":["post-17848","referenzen","type-referenzen","status-publish","has-post-thumbnail","hentry","category-allgemein"],"acf":[],"_links":{"self":[{"href":"https:\/\/www.kuebler-hallenheizungen.de\/hu\/wp-json\/wp\/v2\/referenzen\/17848","targetHints":{"allow":["GET"]}}],"collection":[{"href":"https:\/\/www.kuebler-hallenheizungen.de\/hu\/wp-json\/wp\/v2\/referenzen"}],"about":[{"href":"https:\/\/www.kuebler-hallenheizungen.de\/hu\/wp-json\/wp\/v2\/types\/referenzen"}],"wp:featuredmedia":[{"embeddable":true,"href":"https:\/\/www.kuebler-hallenheizungen.de\/hu\/wp-json\/wp\/v2\/media\/17811"}],"wp:attachment":[{"href":"https:\/\/www.kuebler-hallenheizungen.de\/hu\/wp-json\/wp\/v2\/media?parent=17848"}],"wp:term":[{"taxonomy":"category","embeddable":true,"href":"https:\/\/www.kuebler-hallenheizungen.de\/hu\/wp-json\/wp\/v2\/categories?post=17848"}],"curies":[{"name":"wp","href":"https:\/\/api.w.org\/{rel}","templated":true}]}}