{"id":17856,"date":"2021-03-22T09:02:41","date_gmt":"2021-03-22T08:02:41","guid":{"rendered":"https:\/\/kuebler.werbe-sofa.de\/referenzen\/wippermann-jr-gmbh\/"},"modified":"2024-06-19T03:15:12","modified_gmt":"2024-06-19T01:15:12","slug":"wippermann-jr-gmbh","status":"publish","type":"referenzen","link":"https:\/\/www.kuebler-hallenheizungen.de\/hu\/referenzen\/wippermann-jr-gmbh\/","title":{"rendered":"\"A 340 000 eur\u00f3s megtakar\u00edt\u00e1s jelent\u0151s gazdas\u00e1gi t\u00e9nyez\u0151\""},"content":{"rendered":"<p>A Wippermann jr. GmbH a prec\u00edzi\u00f3s l\u00e1ncok \u00e9s l\u00e1nckerekek egyik vezet\u0151 eur\u00f3pai gy\u00e1rt\u00f3ja. A term\u00e9kv\u00e1laszt\u00e9k csak az egyedi gy\u00e1rt\u00e1s\u00fa term\u00e9kek n\u00e9lk\u00fcl 2.462 szabv\u00e1nyos term\u00e9ket tartalmaz, bele\u00e9rtve az ac\u00e9l l\u00e1ncszemes l\u00e1ncokat, l\u00e1ncl\u00e1ncokat, bokros l\u00e1ncokat, gall-l\u00e1ncokat \u00e9s ford\u00edtott fogaz\u00e1s\u00fa l\u00e1ncokat, valamint speci\u00e1lis l\u00e1ncokat a hajt\u00e1s- \u00e9s sz\u00e1ll\u00edt\u00f3technika minden ter\u00fclet\u00e9re. A v\u00e1llalatot 1883-ban alap\u00edtott\u00e1k Hagenben, \u00e9s ma m\u00e1r \u00f6t\u00f6dik gener\u00e1ci\u00f3s csal\u00e1di v\u00e1llalkoz\u00e1sk\u00e9nt m\u0171k\u00f6dik. A karbantart\u00e1smentes Marathon-l\u00e1ncok neves gy\u00e1rt\u00f3ja 36 milli\u00f3 eur\u00f3s \u00e9ves forgalmat bonyol\u00edt, \u00e9s t\u00f6bb mint 300 embert foglalkoztat Eur\u00f3pa-szerte.<\/p>\n<p>A v\u00e1llalat t\u00f6rt\u00e9net\u00e9nek legnagyobb fel\u00faj\u00edt\u00e1si koncepci\u00f3j\u00e1t Hagenben rekordid\u0151, t\u00edz h\u00e9t alatt val\u00f3s\u00edtott\u00e1k meg. A Wippermann jr. GmbH 62 \u00e9p\u00fcletr\u00e9sz\u00e9nek f\u0171t\u00e9s\u00e9re szolg\u00e1l\u00f3 k\u00f6zponti g\u0151zf\u0171t\u0151m\u0171vet mintegy 24 000 m2 ter\u00fcleten teljesen decentraliz\u00e1lt technol\u00f3gi\u00e1ra alak\u00edtott\u00e1k \u00e1t. A korszer\u0171s\u00edt\u00e9ssel a K\u00dcBLER GmbH-t b\u00edzt\u00e1k meg, mint f\u0151v\u00e1llalkoz\u00f3t. A ludwigshafeni sz\u00e9khely\u0171 csarnokf\u0171t\u00e9si szakember \u00e1tfog\u00f3 koncepci\u00f3ja a legmodernebb infrav\u00f6r\u00f6s f\u0171t\u00e9si rendszereket tartalmazza k\u00fcl\u00f6nb\u00f6z\u0151 teljes\u00edtm\u00e9nyoszt\u00e1lyokban, valamint a teljes perif\u00e9ri\u00e1s felszerel\u00e9st \u00e9s a komplex rendszer t\u00e1vvez\u00e9rl\u00e9s\u00e9t \u00e9s karbantart\u00e1s\u00e1t. Az eredm\u00e9nyek megfelelnek az integr\u00e1lt \u00f6sszkoncepci\u00f3val szemben t\u00e1masztott magas elv\u00e1r\u00e1soknak: az els\u0151 f\u0171t\u00e9si id\u0151szak ut\u00e1n a Wippermann mintegy 70 sz\u00e1zal\u00e9kos energiamegtakar\u00edt\u00e1st regisztr\u00e1lt.<br \/>\n<H\u2082>A projekt<\/H\u2082><br \/>\nA hageni sz\u00e9khely\u0171 Wippermann jr. GmbH prec\u00edzi\u00f3l\u00e1nc-gy\u00e1rt\u00f3 125 \u00e9ves \u00e9p\u00fcletszerkezete mintegy 70, r\u00e9szben t\u00f6bbszintes \u00e9p\u00fcletb\u0151l \u00e1ll, \u00f6sszesen mintegy 31 000 m2 ter\u00fcleten, bele\u00e9rtve rakt\u00e1rakat \u00e9s gy\u00e1rt\u00f3csarnokokat, valamint igazgat\u00e1si \u00e9s lak\u00f3\u00e9p\u00fcleteket. Az eg\u00e9sz gy\u00e1rat 1965 \u00f3ta 2 g\u0151zkaz\u00e1n (3,5 \u00e9s 5 MW) f\u0171ti k\u00f6zpontilag, amelyek g\u00e1z- vagy olajt\u00fczel\u00e9ssel m\u0171k\u00f6dtek. 2006. augusztus 20-\u00e1n a K\u00dcBLER GmbH-val k\u00f6t\u00f6tt\u00e9k meg a szerz\u0151d\u00e9st, ezzel megkezd\u0151d\u00f6tt a rendszer korszer\u0171s\u00edt\u00e9se 62 \u00e9p\u00fcletr\u00e9szben, \u00e9s ezzel az egyik leg\u00e1tfog\u00f3bb f\u0171t\u00e9sfel\u00faj\u00edt\u00e1si projekt.<br \/>\n<H\u2082>A feladat<\/H\u2082><br \/>\nA v\u00e1llalat saj\u00e1t f\u0171t\u0151m\u0171v\u00e9nek energiak\u00f6lts\u00e9gei ar\u00e1nytalanul magasak lettek. K\u00fcl\u00f6n\u00f6sen az energia\u00e1rak emelked\u00e9se \u00e9s a 2004\/2005-\u00f6s hossz\u00fa f\u0171t\u00e9si id\u0151szak k\u00e9nyszer\u00edtette a v\u00e1llalatot gyors d\u00f6nt\u00e9sre. A modern decentraliz\u00e1lt f\u0171t\u00e9si megold\u00e1sra val\u00f3 \u00e1tt\u00e9r\u00e9snek ez\u00e9rt egy\u00e9rtelm\u0171en meghat\u00e1rozott c\u00e9ljai voltak a Wippermann jr. sz\u00e1m\u00e1ra. 2. Rugalmas szab\u00e1lyoz\u00e1si lehet\u0151s\u00e9gek az ig\u00e9nyeknek \u00e9s a k\u00fcl\u00f6nb\u00f6z\u0151 f\u0171t\u00e9si z\u00f3n\u00e1knak megfelel\u0151en. 3. rugalmas b\u0151v\u00edt\u00e9si lehet\u0151s\u00e9gek \u00e9s a rendszerek egyszer\u0171 leszerel\u00e9se, p\u00e9ld\u00e1ul a csarnok \u00fajb\u00f3li haszn\u00e1latakor. A r\u00e9gi technol\u00f3gia \u00e9s a t\u00f6rt\u00e9nelmi \u00e9p\u00fcletek rossz szigetel\u00e9si \u00e1llapota miatt viszonylag magasak voltak az elv\u00e1r\u00e1sok az energiamegtakar\u00edt\u00e1si potenci\u00e1llal kapcsolatban.<br \/>\n<H\u2082>A kih\u00edv\u00e1sok<\/H\u2082><br \/>\nA c\u00e9l az volt, hogy az \u00faj f\u0171t\u00e9si id\u0151szakot teljes m\u00e9rt\u00e9kben kihaszn\u00e1lj\u00e1k. A 2006.08.20-i megrendel\u00e9st\u0151l a 2006.10.31-i kulcsrak\u00e9sz \u00e1tad\u00e1sig 10 h\u00e9t \u00e1llt rendelkez\u00e9sre a nagyszab\u00e1s\u00fa fel\u00faj\u00edt\u00e1si koncepci\u00f3 megval\u00f3s\u00edt\u00e1s\u00e1ra, az elk\u00e9pzel\u00e9st\u0151l az oda\u00edt\u00e9l\u00e9sen \u00e9s az alipari munk\u00e1k koordin\u00e1l\u00e1s\u00e1n \u00e1t a telep\u00edt\u00e9sig \u00e9s az \u00fczembe helyez\u00e9sig. A projekt \u00f6sszetetts\u00e9g\u00e9t tekintve ez ambici\u00f3zus c\u00e9l volt. A 125 \u00e9ves t\u00f6rt\u00e9nelmi \u00e9s r\u00e9szben m\u0171eml\u00e9k \u00e9p\u00fcletek sokf\u00e9le felhaszn\u00e1l\u00e1si m\u00f3dja mellett az \u00e9p\u00fcletek sokf\u00e9le alaprajz\u00e1t \u00e9s belmagass\u00e1g\u00e1t is figyelembe kellett venni. Szinte minden m\u00e1sodik helyis\u00e9gre elt\u00e9r\u0151 be\u00e9p\u00edt\u00e9si felt\u00e9telek vonatkoztak egyedi r\u00f6gz\u00edt\u00e9si rendszerekkel. K\u00fcl\u00f6n\u00f6sen nagy kih\u00edv\u00e1st jelentett a k\u00f6z\u00f6s f\u00fcstg\u00e1zrendszer egyes esetekben \u00f6t emeleten \u00e1t\u00edvel\u0151 telep\u00edt\u00e9se. A teljes projektet a folyamatban l\u00e9v\u0151 m\u0171veletek k\u00f6zben telep\u00edtett\u00e9k. A munk\u00e1latokat nappal, \u00e9jszaka \u00e9s h\u00e9tv\u00e9g\u00e9n v\u00e9gezt\u00e9k. Id\u0151nk\u00e9nt 40 szerel\u0151 volt egyszerre a helysz\u00ednen, hogy a k\u00fcl\u00f6nb\u00f6z\u0151 szakm\u00e1kat megval\u00f3s\u00edts\u00e1k, a g\u00e1z- \u00e9s villanyszerel\u00e9st\u0151l kezdve a tet\u0151- \u00e9s falny\u00edl\u00e1sokig.<br \/>\n<H\u2082>Az int\u00e9zked\u00e9sek<\/H\u2082><\/p>\n<h3>A f\u0171t\u00e9si rendszerek<\/h3>\n<p>189 Optima \u00e9s AR 13 HB infrav\u00f6r\u00f6s f\u0171t\u0151berendez\u00e9st telep\u00edtettek, \u00f6sszesen 3,1 MW teljes\u00edtm\u00e9nnyel. A teljes rendszer kialak\u00edt\u00e1sa egyenletes, por- \u00e9s huzatmentes h\u0151eloszt\u00e1st biztos\u00edt mind magas (20 m-ig), mind alacsony (4 m alatti) belmagass\u00e1gban. A modern infrav\u00f6r\u00f6s rendszerek r\u00f6vid felf\u0171t\u00e9si id\u0151vel energi\u00e1t takar\u00edtanak meg, \u00e9s a csarnok kihaszn\u00e1lts\u00e1gi profilj\u00e1t\u00f3l \u00e9s aktu\u00e1lis h\u0151ig\u00e9ny\u00e9t\u0151l f\u00fcgg\u0151en mintegy 100 f\u0171t\u00e9si z\u00f3na k\u00fcl\u00f6n vez\u00e9relhet\u0151. A mell\u00e9k- \u00e9s lak\u00f3terek energiatakar\u00e9kos f\u0171t\u00e9s\u00e9hez nyolc tov\u00e1bbi v\u00edzkezel\u0151 f\u0171t\u0151k\u00f6zpontot (kondenz\u00e1ci\u00f3s kaz\u00e1nokat) telep\u00edtettek.<\/p>\n<h3>Az ellen\u0151rz\u0151 rendszerek<\/h3>\n<p>A Wippermann jr. GmbH f\u0171t\u00e9si rendszerei a legmodernebb szab\u00e1lyoz\u00e1stechnika seg\u00edts\u00e9g\u00e9vel hat\u00e9konyan \u00e9s egyedileg, a csarnokok k\u00fcl\u00f6nb\u00f6z\u0151 haszn\u00e1lati profiljainak \u00e9s f\u0171t\u00e9si ig\u00e9nyeinek megfelel\u0151en m\u0171k\u00f6dnek. Ennek \u00e9rdek\u00e9ben 26 R.O.S.S.S.Y\u00ae rendszert telep\u00edtettek. A K\u00dcBLER GmbH kiv\u00e1l\u00f3* vez\u00e9rl\u0151rendszere PC-s munka\u00e1llom\u00e1sr\u00f3l vez\u00e9relhet\u0151.<br \/>\n<H\u2082>Interj\u00fa Christian Hamann-nal, Wippermann jr. GmbH<\/H\u2082><br \/>\n<strong>Christian Hamann a Wippermann jr. \u00fcgyvezet\u0151 igazgat\u00f3ja \u00e9s t\u00e1rstulajdonosa. Sz\u00e9lesk\u00f6r\u0171 tapasztalattal rendelkezik<\/strong><\/p>\n<p><img decoding=\"async\" class=\"wp-image-2375 size-full\" src=\"https:\/\/www.kuebler-hallenheizungen.de\/wp-content\/uploads\/2021\/03\/christian_hamann_wippermann_success_story.jpg\" alt=\"Christian Hamann\" width=\"319\" height=\"310\" srcset=\"https:\/\/www.kuebler-hallenheizungen.de\/wp-content\/uploads\/2021\/03\/christian_hamann_wippermann_success_story.jpg 319w, https:\/\/www.kuebler-hallenheizungen.de\/wp-content\/uploads\/2021\/03\/christian_hamann_wippermann_success_story-300x292.jpg 300w, https:\/\/www.kuebler-hallenheizungen.de\/wp-content\/uploads\/2021\/03\/christian_hamann_wippermann_success_story-60x58.jpg 60w, https:\/\/www.kuebler-hallenheizungen.de\/wp-content\/uploads\/2021\/03\/christian_hamann_wippermann_success_story-100x97.jpg 100w, https:\/\/www.kuebler-hallenheizungen.de\/wp-content\/uploads\/2021\/03\/christian_hamann_wippermann_success_story-240x233.jpg 240w, https:\/\/www.kuebler-hallenheizungen.de\/wp-content\/uploads\/2021\/03\/christian_hamann_wippermann_success_story-12x12.jpg 12w\" sizes=\"(max-width: 319px) 100vw, 319px\" \/> Christian Hamann, Wippermann jr. GmbH<\/p>\n<p><strong>\u00a0A f\u0171t\u00e9sfel\u00faj\u00edt\u00e1si projektet a v\u00e1llalat\u00e1n\u00e1l kiemelt priorit\u00e1ss\u00e1 nyilv\u00e1n\u00edtotta, \u00e9s szem\u00e9lyesen k\u00eds\u00e9rte v\u00e9gig a megval\u00f3s\u00edt\u00e1si f\u00e1zist a kezdetekt\u0151l az \u00fczembe helyez\u00e9sig. A K\u00dcBLER \u00faj integr\u00e1lt f\u0171t\u00e9si megold\u00e1s\u00e1val (infrav\u00f6r\u00f6s f\u0171t\u00e9s - vez\u00e9rl\u00e9s - folyamatir\u00e1ny\u00edt\u00e1s) kapcsolatos benyom\u00e1sair\u00f3l \u00e9s els\u0151 gyakorlati tapasztalatair\u00f3l besz\u00e9lt szerkeszt\u0151s\u00e9g\u00fcnknek Hagenben.<\/strong><\/p>\n<p><strong>\u00d6n kezdetben m\u00e1s koncepci\u00f3kat is vizsg\u00e1lt a f\u0171t\u00e9sfel\u00faj\u00edt\u00e1shoz. Mi volt a d\u00f6nt\u0151 t\u00e9nyez\u0151, hogy a K\u00dcBLER-t b\u00edzta meg a megb\u00edz\u00e1ssal?<\/strong><\/p>\n<p>Egy dolog vil\u00e1gos volt: 24 000 n\u00e9gyzetm\u00e9ter f\u0171t\u00e9se nagy beruh\u00e1z\u00e1si volument jelentene. K\u00f6zelebbr\u0151l meg kell n\u00e9zni. Az els\u0151 megfontol\u00e1s egy hagyom\u00e1nyos melegv\u00edz-f\u0171t\u00e9sen alapul\u00f3 szerz\u0151d\u00e9ses modell volt. Hamar k\u00e9ts\u00e9gess\u00e9 v\u00e1lt azonban, hogy ez a koncepci\u00f3 kiel\u00e9g\u00edt\u0151 megold\u00e1st jelenthet-e. R\u00e1ad\u00e1sul a k\u00f6vetkez\u0151 f\u0171t\u00e9si id\u0151szakra lehetetlen lett volna megval\u00f3s\u00edtani a telep\u00edt\u00e9st. Ez arra k\u00e9sztetett benn\u00fcnket, hogy egy alternat\u00edv koncepci\u00f3t vizsg\u00e1ljunk meg. A K\u00dcBLER eset\u00e9ben a funkcionalit\u00e1s azonnal meggy\u0151z\u00f6tt benn\u00fcnket. Ide\u00e1lis az \u00e9p\u00fcletszerkezeteinkhez. Tov\u00e1bbi el\u0151ny volt, hogy a teljes rendszert k\u00e9t h\u00f3nap alatt kellett telep\u00edteni. \u00c9s ez val\u00f3ban \u00edgy is lett. A k\u00f6zelg\u0151 f\u0171t\u00e9si id\u0151szakban alig m\u0171k\u00f6dtett\u00fck a kaz\u00e1nh\u00e1zat.<\/p>\n<p><strong>Milyen agg\u00e1lyok mer\u00fclnek fel, amikor egy ilyen nagy projekt f\u0171t\u00e9stechnol\u00f3gi\u00e1ja szempontj\u00e1b\u00f3l ismeretlen ter\u00fcletre l\u00e9p?<\/strong><\/p>\n<p>Nem voltak agg\u00e1lyaim a technol\u00f3gi\u00e1val kapcsolatban. A m\u0171k\u00f6d\u00e9s\u00e9t j\u00f3l \u00e9s meggy\u0151z\u0151en elmagyar\u00e1zt\u00e1k nek\u00fcnk. Ami igaz\u00e1n aggasztott, az az \u00e9p\u00fcletek szigetel\u00e9se volt. A nagyszab\u00e1s\u00fa szigetel\u00e9si int\u00e9zked\u00e9sek sz\u00e1munkra gazdas\u00e1gilag nem lettek volna megval\u00f3s\u00edthat\u00f3ak. A K\u00dcBLER-t\u0151l kapott tan\u00e1csok megnyugtattak benn\u00fcnket, nevezetesen, hogy a f\u0171t\u00e9st \u00e9s a szigetel\u00e9st hasonl\u00edtsuk \u00f6ssze. Mit fektessek be egy f\u0171t\u00e9si rendszerbe, milyen hat\u00e9konys\u00e1ggal, milyen hat\u00e1sfokkal? \u00c9s mit kellene beruh\u00e1znom szigetel\u00e9sbe, hogy ugyanazt a hat\u00e1st el\u00e9rjem? Ez meggy\u0151z\u00f6tt engem.<\/p>\n<p><strong>A teljes korszer\u0171s\u00edt\u00e9s a folyamatban l\u00e9v\u0151 m\u0171veletek sor\u00e1n: n\u00e9ha megroppant?<\/strong><\/p>\n<p>\u00c9ppen ellenkez\u0151leg! A helysz\u00ednen l\u00e9v\u0151 emberek \u00f6sszet\u00e9tele nagyon j\u00f3l szervezett volt. Mind a K\u00dcBLER alkalmazottai, mind az alv\u00e1llalkoz\u00f3k nagyon tapasztalt csapatok voltak. A projekt a) nagyon sz\u00f3rakoztat\u00f3 \u00e9s b) rendk\u00edv\u00fcl hat\u00e9kony volt. Ritk\u00e1n tapasztaltam ilyet, \u00e9s egy\u00e9rtelm\u0171en \u00e1ll\u00edthatom, hogy ez semmilyen \u00e9rezhet\u0151 hat\u00e1ssal nem volt a folyamatban l\u00e9v\u0151 m\u0171k\u00f6d\u00e9s\u00fcnkre.<\/p>\n<p><strong>Mik az els\u0151 benyom\u00e1sai az integr\u00e1lt f\u0171t\u00e9si koncepci\u00f3r\u00f3l?<\/strong><\/p>\n<p>El\u0151sz\u00f6r is, a rendszer nagyszer\u0171en n\u00e9z ki. Az eg\u00e9sz szoba m\u00e1sk\u00e9pp n\u00e9z ki. A nagy k\u00e9k Optim\u00e1k k\u00fcl\u00f6n\u00f6sen j\u00f3l mutatnak a magas termekben. A kisebb egys\u00e9gek pedig egyszer\u0171en nagyon eleg\u00e1nsak a rozsdamentes ac\u00e9lpanelekkel. R\u00e1ad\u00e1sul mostant\u00f3l b\u00e1rmikor \u00e1talak\u00edthatok egy termet, \u00e9s vagy kib\u0151v\u00edthetem a f\u0171t\u00e9st, vagy elt\u00e1vol\u00edthatom a k\u00e9sz\u00fcl\u00e9keket, \u00e9s m\u00e1shov\u00e1 telep\u00edthetem \u0151ket. A vez\u00e9rl\u0151rendszer sz\u00e1munkra egy revel\u00e1ci\u00f3. Most el\u0151sz\u00f6r tudjuk a sz\u00e1m\u00edt\u00f3g\u00e9p\u00fcnkr\u0151l k\u00e9nyelmesen vez\u00e9relni.<\/p>\n<p><strong>Alkalmazottai belemelegedtek m\u00e1r az \u00faj f\u0171t\u00e9si rendszerbe?<\/strong><\/p>\n<p>Kezdetben egy-k\u00e9t ember panaszkodott. N\u00e9h\u00e1nyan \u00fagy \u00e9rezt\u00e9k, hogy az \u00faj f\u0171t\u00e9s t\u00fal hideg. Nem csoda, hiszen az emberek kor\u00e1bban t\u00e9len is p\u00f3l\u00f3ban dolgoztak. A kaz\u00e1nh\u00e1zhoz k\u00f6zeli helyis\u00e9gekben n\u00e9ha szaunah\u0151m\u00e9rs\u00e9klet volt. Most mindenki \u00f6r\u00fcl. A kl\u00edma sokkal kellemesebb lett. Mellesleg senki sem t\u00e9pi ki az ablakot izzads\u00e1gt\u00f3l, vagy megy ki a fagypont alatti h\u0151m\u00e9rs\u00e9kleten. A korszer\u0171s\u00edt\u00e9st\u0151l azt is v\u00e1rom, hogy cs\u00f6kken a betegszabads\u00e1gok sz\u00e1ma.<\/p>\n<p><strong>Milyen k\u00f6vetkeztet\u00e9seket von le a korszer\u0171s\u00edt\u00e9si munk\u00e1latok ut\u00e1n?<\/strong><\/p>\n<p>Elv\u00e1r\u00e1saink teljes m\u00e9rt\u00e9kben teljes\u00fcltek. Az eg\u00e9sz rendszer egyszer\u0171en meggy\u0151z\u0151. J\u00f3l \u00e1tgondolt, j\u00f3l megtervezett \u00e9s szinte t\u00f6k\u00e9letes a funkcionalit\u00e1s szempontj\u00e1b\u00f3l. Annak is nagyon \u00f6r\u00fcl\u00f6k, hogy egy ilyen ingatlan sz\u00e1m\u00e1ra gazdas\u00e1gos megold\u00e1st tal\u00e1ltunk. Az els\u0151 f\u0171t\u00e9si id\u0151szak tapasztalatai alapj\u00e1n 70 sz\u00e1zal\u00e9kos megtakar\u00edt\u00e1st \u00e9rt\u00fcnk el a t\u00fczel\u0151anyagon. Term\u00e9szetesen a pontos sz\u00e1mokat m\u00e9g \u00f6ssze kell hasonl\u00edtanunk a 2005\/2006 tel\u00e9n m\u00e9rt h\u0151m\u00e9rs\u00e9kletekkel, de egy dolog m\u00e1r most vil\u00e1gos: t\u00falteljes\u00edtett\u00fck a kit\u0171z\u00f6tt c\u00e9lokat.<\/p>\n<p><strong>Aj\u00e1nlan\u00e1 a K\u00fcbler integr\u00e1lt f\u0171t\u00e9si koncepci\u00f3j\u00e1t?<\/strong><\/p>\n<p>Bizonyos \u00e9rtelemben m\u00e9rf\u00f6ldk\u00f6vet \u00e1ll\u00edtottunk fel a projekt\u00fcnkkel. Enn\u00e9l \u00f6sszetettebb \u00e9s nehezebb aligha lehetne. Bizony\u00e1ra rengeteg olyan terem van, ahol a rendszer jobban ki tudja haszn\u00e1lni a benne rejl\u0151 lehet\u0151s\u00e9geket, mint itt. Ez a technol\u00f3gia nagyon aj\u00e1nlott. Nemcsak a m\u0171k\u00f6d\u00e9se \u00e9s a nagyfok\u00fa hat\u00e9konys\u00e1ga miatt, hanem k\u00f6rnyezetv\u00e9delmi szempontb\u00f3l is.<\/p>\n<p><img decoding=\"async\" class=\"alignnone wp-image-2370 size-full\" src=\"https:\/\/www.kuebler-hallenheizungen.de\/wp-content\/uploads\/2021\/03\/energieverbrauchswerte-heizung-optimiert.jpg\" alt=\"F\u0171t\u00e9si energiafogyaszt\u00e1si \u00e9rt\u00e9kek a fel\u00faj\u00edt\u00e1s el\u0151tt \u00e9s ut\u00e1n\" width=\"1000\" height=\"506\" srcset=\"https:\/\/www.kuebler-hallenheizungen.de\/wp-content\/uploads\/2021\/03\/energieverbrauchswerte-heizung-optimiert.jpg 1000w, https:\/\/www.kuebler-hallenheizungen.de\/wp-content\/uploads\/2021\/03\/energieverbrauchswerte-heizung-optimiert-300x152.jpg 300w, https:\/\/www.kuebler-hallenheizungen.de\/wp-content\/uploads\/2021\/03\/energieverbrauchswerte-heizung-optimiert-768x389.jpg 768w, https:\/\/www.kuebler-hallenheizungen.de\/wp-content\/uploads\/2021\/03\/energieverbrauchswerte-heizung-optimiert-60x30.jpg 60w, https:\/\/www.kuebler-hallenheizungen.de\/wp-content\/uploads\/2021\/03\/energieverbrauchswerte-heizung-optimiert-100x51.jpg 100w, https:\/\/www.kuebler-hallenheizungen.de\/wp-content\/uploads\/2021\/03\/energieverbrauchswerte-heizung-optimiert-240x121.jpg 240w, https:\/\/www.kuebler-hallenheizungen.de\/wp-content\/uploads\/2021\/03\/energieverbrauchswerte-heizung-optimiert-360x182.jpg 360w, https:\/\/www.kuebler-hallenheizungen.de\/wp-content\/uploads\/2021\/03\/energieverbrauchswerte-heizung-optimiert-480x243.jpg 480w, https:\/\/www.kuebler-hallenheizungen.de\/wp-content\/uploads\/2021\/03\/energieverbrauchswerte-heizung-optimiert-560x283.jpg 560w, https:\/\/www.kuebler-hallenheizungen.de\/wp-content\/uploads\/2021\/03\/energieverbrauchswerte-heizung-optimiert-640x324.jpg 640w, https:\/\/www.kuebler-hallenheizungen.de\/wp-content\/uploads\/2021\/03\/energieverbrauchswerte-heizung-optimiert-720x364.jpg 720w, https:\/\/www.kuebler-hallenheizungen.de\/wp-content\/uploads\/2021\/03\/energieverbrauchswerte-heizung-optimiert-960x486.jpg 960w, https:\/\/www.kuebler-hallenheizungen.de\/wp-content\/uploads\/2021\/03\/energieverbrauchswerte-heizung-optimiert-18x9.jpg 18w\" sizes=\"(max-width: 1000px) 100vw, 1000px\" \/><br \/>\n<H\u2082>Az eredm\u00e9nyek<\/H\u2082><br \/>\nA legmodernebb f\u0171t\u00e9si \u00e9s vez\u00e9rl\u0151rendszereket, valamint innovat\u00edv folyamatir\u00e1ny\u00edt\u00e1st tartalmaz\u00f3 integr\u00e1lt megold\u00e1st 2006. okt\u00f3ber 31-\u00e9n, a tervezett id\u0151pontban helyezt\u00e9k \u00fczembe, \u00edgy biztos\u00edtva a teljes 2006\/2007-es f\u0171t\u00e9si id\u0151szakban t\u00f6rt\u00e9n\u0151 haszn\u00e1latot. Az els\u0151 f\u0171t\u00e9si id\u0151szak ut\u00e1n a sz\u00e1mok az \u00faj f\u0171t\u00e9si rendszer nagy hat\u00e9konys\u00e1g\u00e1t bizony\u00edtj\u00e1k: az enyhe t\u00e9l \u00e1ltal t\u00e1mogatott energiaig\u00e9ny 2,9 milli\u00f3 kWh k\u00f6r\u00fcl van, ami mind\u00f6ssze 30 % a r\u00e9gi rendszer fogyaszt\u00e1si \u00e9rt\u00e9keinek. A kWh k\u00f6r\u00fclbel\u00fcl 0,05 \u20ac \u00e1r\u00e1val sz\u00e1molva ez csak a primerenergia-fogyaszt\u00e1sban 340 000 \u20ac megtakar\u00edt\u00e1st eredm\u00e9nyez.<\/p>\n<p>A Wippermann sz\u00e1m\u00e1ra a K\u00dcBLER modern f\u0171t\u00e9si koncepci\u00f3j\u00e1ba val\u00f3 befektet\u00e9s a k\u00f6vetkez\u0151 gazdas\u00e1gi t\u00e9nyez\u0151k miatt is megt\u00e9r\u00fcl:<\/p>\n<ul>\n<li>Megtakar\u00edt\u00e1s a szem\u00e9lyzeti k\u00f6lts\u00e9gek ter\u00e9n: \u00e9vente mintegy 70 000 EUR.<\/li>\n<li>Megtakar\u00edt\u00e1s a karbantart\u00e1si \u00e9s szervizk\u00f6lts\u00e9geken: \u00e9vente mintegy 40 000 eur\u00f3.<\/li>\n<li>Megtakar\u00edt\u00e1s az \u00fczemeltet\u00e9si anyagk\u00f6lts\u00e9geken: k\u00f6r\u00fclbel\u00fcl 80 % \u00e9vente.<\/li>\n<li>\u00daj hasznos t\u00e9rnyer\u00e9s a kaz\u00e1nh\u00e1z leszerel\u00e9s\u00e9vel<\/li>\n<\/ul>\n<p><H\u2082>A K\u00dcBLER<\/H\u2082><br \/>\nA K\u00dcBLER egy nemzetk\u00f6zileg akt\u00edv v\u00e1llalatcsoport. F\u0151 tev\u00e9kenys\u00e9g\u00fcnk az energiatakar\u00e9kos csarnokf\u0171t\u00e9s nagy hat\u00e9konys\u00e1g\u00fa pr\u00e9mium technol\u00f3gi\u00e1inak fejleszt\u00e9se \u00e9s gy\u00e1rt\u00e1sa. Rendk\u00edv\u00fcl sz\u00e9les term\u00e9kv\u00e1laszt\u00e9kkal szinte minden csarnokt\u00edpushoz \u00e9s helyis\u00e9gk\u00f6rnyezethez. A K\u00dcBLER a modern infrav\u00f6r\u00f6s f\u0171t\u00e9stechnol\u00f3gia \u00fatt\u00f6r\u0151jek\u00e9nt \u00e9s innov\u00e1ci\u00f3s vezet\u0151jek\u00e9nt elismert. Term\u00e9keinket \u00e9s fejleszt\u00e9si eredm\u00e9nyeinket rendszeresen d\u00edjakkal ismerik el.<\/p>\n<p>A nemzeti \u00e9s nemzetk\u00f6zi d\u00edjak k\u00f6z\u00f6tt szerepel t\u00f6bbek k\u00f6z\u00f6tt a Gazdas\u00e1gi Miniszt\u00e9rium kiemelked\u0151 innovat\u00edv eredm\u00e9nyek\u00e9rt j\u00e1r\u00f3 sz\u00f6vets\u00e9gi d\u00edja, a bajor \u00e1llami d\u00edj, a Rajna-vid\u00e9k-Pfalz innov\u00e1ci\u00f3s d\u00edj \u00e9s a n\u00e9met fenntarthat\u00f3s\u00e1gi d\u00edj. A K\u00dcBLER a H.Y.B.R.R.I.D. rendszer k\u00fcl\u00f6nleges energiahat\u00e9konys\u00e1g\u00e1\u00e9rt a \"N\u00e9metorsz\u00e1g legfenntarthat\u00f3bb term\u00e9ke\" kateg\u00f3ri\u00e1ban megkapta a fenntarthat\u00f3 v\u00e1llalkoz\u00f3i tev\u00e9kenys\u00e9g\u00e9rt j\u00e1r\u00f3 legmagasabb n\u00e9met d\u00edjat.<\/p>\n<p>Az 1989-ben alap\u00edtott v\u00e1llalatcsoport t\u00f6bb mint 100 embert foglalkoztat, \u00e9s az ipar\u00e1g egyik vezet\u0151 v\u00e1llalata Eur\u00f3p\u00e1ban Ludwigshafen, Drezda, Hagen, Hamburg, Ingolstadt, Pr\u00e1ga (Csehorsz\u00e1g), Fegyvernek (Magyarorsz\u00e1g), sz\u00e1mos k\u00fclf\u00f6ldi k\u00e9pviselettel \u00e9s orsz\u00e1gos szervizh\u00e1l\u00f3zattal.<\/p>","protected":false},"featured_media":2373,"template":"","categories":[1],"class_list":["post-17856","referenzen","type-referenzen","status-publish","has-post-thumbnail","hentry","category-allgemein"],"acf":[],"_links":{"self":[{"href":"https:\/\/www.kuebler-hallenheizungen.de\/hu\/wp-json\/wp\/v2\/referenzen\/17856","targetHints":{"allow":["GET"]}}],"collection":[{"href":"https:\/\/www.kuebler-hallenheizungen.de\/hu\/wp-json\/wp\/v2\/referenzen"}],"about":[{"href":"https:\/\/www.kuebler-hallenheizungen.de\/hu\/wp-json\/wp\/v2\/types\/referenzen"}],"wp:featuredmedia":[{"embeddable":true,"href":"https:\/\/www.kuebler-hallenheizungen.de\/hu\/wp-json\/wp\/v2\/media\/2373"}],"wp:attachment":[{"href":"https:\/\/www.kuebler-hallenheizungen.de\/hu\/wp-json\/wp\/v2\/media?parent=17856"}],"wp:term":[{"taxonomy":"category","embeddable":true,"href":"https:\/\/www.kuebler-hallenheizungen.de\/hu\/wp-json\/wp\/v2\/categories?post=17856"}],"curies":[{"name":"wp","href":"https:\/\/api.w.org\/{rel}","templated":true}]}}