{"id":27820,"date":"2024-07-12T15:25:39","date_gmt":"2024-07-12T13:25:39","guid":{"rendered":"https:\/\/www.kuebler-hallenheizungen.de\/?post_type=referenzen&#038;p=27820"},"modified":"2025-07-14T12:06:32","modified_gmt":"2025-07-14T10:06:32","slug":"a-decentralizalt-infravoeroes-futesi-technologiara-valo-atteres-merfoeldko-volt-az-eghajlati-celjaink-elereseben","status":"publish","type":"referenzen","link":"https:\/\/www.kuebler-hallenheizungen.de\/hu\/referenzen\/fuer-das-erreichen-unserer-klimaziele-war-die-umstellung-auf-dezentrale-infrarotheizungstechnik-ein-meilenstein\/","title":{"rendered":"\"A decentraliz\u00e1lt infrav\u00f6r\u00f6s f\u0171t\u00e9si technol\u00f3gi\u00e1ra val\u00f3 \u00e1t\u00e1ll\u00e1s m\u00e9rf\u00f6ldk\u0151 volt az \u00e9ghajlati c\u00e9ljaink el\u00e9r\u00e9s\u00e9ben.\""},"content":{"rendered":"<p class=\"intro-text\">Az Autoterminal Neuss N\u00e9metorsz\u00e1g egyik legnagyobb aut\u00f3kezel\u0151 k\u00f6zpontja \u00e9s teljes k\u00f6r\u0171 szolg\u00e1ltat\u00e1st ny\u00fajt\u00f3 partnere a folyamatorient\u00e1lt szolg\u00e1ltat\u00e1sok sz\u00e9les sk\u00e1l\u00e1j\u00e1nak a felm\u00e9r\u00e9st\u0151l a fest\u00e9sig \u00e9s \u00e1talak\u00edt\u00e1sig. A t\u00f6bb mint 24 futballp\u00e1ly\u00e1nyi ter\u00fcletet lefed\u0151, \u00f6sszesen 11 900 rakt\u00e1rhelyis\u00e9ggel rendelkez\u0151 v\u00e1llalat egy modern logisztikai v\u00e1llalat minden lehet\u0151s\u00e9g\u00e9t k\u00edn\u00e1lja. A BLG Logistics \u00e9s a DB Cargo partnerek\u00e9nt az ATN er\u0151s \u00e9s nemzetk\u00f6zi h\u00e1l\u00f3zattal rendelkezik. Mintegy 100 alkalmazott biztos\u00edtja a szakszer\u0171 felk\u00e9sz\u00fcl\u00e9st<br \/>\na j\u00e1rm\u0171vek \u00e9s sz\u00e1ll\u00edt\u00e1suk vil\u00e1gszerte.<\/p>\n<p class=\"intro-text\">\"V\u00e9lem\u00e9nyem szerint a CELESTRA val\u00f3ban egyed\u00fcl\u00e1ll\u00f3 \u00e9rt\u00e9kes\u00edt\u00e9si pont.\"<\/p>\n<p>&nbsp;<br \/>\n<H\u2082><strong>A k\u00f6vetelm\u00e9nyek<\/strong><\/H\u2082><br \/>\n<strong>\u00a0<\/strong>Az ATN m\u00e1r rendelkezett tapasztalatokkal a decentraliz\u00e1lt infrav\u00f6r\u00f6s f\u0171t\u0151berendez\u00e9sekkel kapcsolatban. Egy K\u00dcBLER-rendszer 2017 \u00f3ta megb\u00edzhat\u00f3an m\u0171k\u00f6dik egy fi\u00f3kban. A hossz\u00fak\u00e1s csarnok\u00e9p\u00fcletek k\u00fcl\u00f6nb\u00f6z\u0151 haszn\u00e1lati ter\u00fcletei miatt m\u00e1r a kezdetekt\u0151l fogva egy decentraliz\u00e1lt f\u0171t\u00e9si rendszer mellett d\u00f6nt\u00f6ttek, amellyel az egyes f\u0171t\u00e9si z\u00f3n\u00e1k c\u00e9lzottan szab\u00e1lyozhat\u00f3k. Kor\u00e1bban a f\u0171t\u00e9si rendszer egy 400 m\u00e9ter hossz\u00fa, 80 m\u00e9teres cs\u00f6v\u00f6n kereszt\u00fcl volt bek\u00f6tve - csak ezen a hosszon a h\u0151vesztes\u00e9gek \u00f3ri\u00e1siak voltak, mondja Obladen. Tov\u00e1bbi k\u00f6vetelm\u00e9nyeket t\u00e1masztottak a k\u00e9nyelmes vez\u00e9rl\u00e9ssel \u00e9s az \u00faj f\u0171t\u00e9si rendszer energiahat\u00e9konys\u00e1g\u00e1val szemben. A g\u00e1zfogyaszt\u00e1sban 35 sz\u00e1zal\u00e9kos megtakar\u00edt\u00e1st \u00edrtak el\u0151 a specifik\u00e1ci\u00f3ban - ez alapvet\u0151 k\u00f6vetelm\u00e9ny volt ahhoz, hogy a beruh\u00e1z\u00e1st a csoport partnerei j\u00f3v\u00e1hagyj\u00e1k. A tapasztalt karbantart\u00e1si vezet\u0151nek az is fontos volt, hogy a f\u0171t\u00e9si rendszer k\u00f6nnyen karbantarthat\u00f3 legyen, \u00e9s megb\u00edzhat\u00f3, j\u00f3 h\u00edr\u0171 gy\u00e1rt\u00f3 legyen. A k\u00fcl\u00f6nb\u00f6z\u0151 aj\u00e1nlatok elemz\u00e9se ut\u00e1n ism\u00e9t a K\u00dcBLER mellett d\u00f6nt\u00f6ttek. V\u00e9g\u00fcl a bev\u00e1lt energiatakar\u00e9kos technol\u00f3gi\u00e1k mellett k\u00fcl\u00f6n\u00f6sen meggy\u0151z\u0151 volt a CELESTRA digit\u00e1lis vez\u00e9rl\u0151rendszer a ki\u00e9rt\u00e9kel\u00e9si lehet\u0151s\u00e9geivel \u00e9s az egyszer\u0171, mag\u00e1t\u00f3l \u00e9rtet\u0151d\u0151 kezel\u00e9si koncepci\u00f3val.<br \/>\n<H\u2082><strong>A m\u0171szaki megold\u00e1s<\/strong><\/H\u2082><br \/>\n<strong>\u00a0<\/strong>\"A csarnok\u00e9p\u00fcleteink viszonylag alacsony belmagass\u00e1ga miatt korl\u00e1tozott volt a f\u0171t\u00e9si rendszerek kiv\u00e1laszt\u00e1sa\" - mondja Obladen. Ez\u00e9rt PRIMA infrav\u00f6r\u00f6s rendszereket telep\u00edtett\u00fcnk az \u00f6t m\u00e9ter magas befejez\u0151, fest\u0151m\u0171helyi \u00e9s aut\u00f3mos\u00f3 sz\u00e1rnyakba, az aut\u00f3mos\u00f3ban pedig egy speci\u00e1lis, korr\u00f3zi\u00f3mentes, rozsdamentes ac\u00e9lb\u00f3l k\u00e9sz\u00fclt v\u00e1ltozatot. A magasabb j\u00e1rm\u0171csarnokban PRIMA plus f\u0171t\u0151rendszereket alkalmaztak. A K\u00dcBLER robusztus, karcs\u00fa, standard term\u00e9kcsal\u00e1dja viszonylag magas infrav\u00f6r\u00f6s hat\u00e9konys\u00e1g\u00e1val \u00e9s kiv\u00e1l\u00f3 \u00e1r-\u00e9rt\u00e9k ar\u00e1ny\u00e1val ny\u0171g\u00f6z le. Az \u00faj f\u0171t\u00e9si rendszert a CELESTRA vez\u00e9rli. A K\u00dcBLER szabadalmaztatott digit\u00e1lis vez\u00e9rl\u0151rendszere fontos hat\u00e9konys\u00e1gi t\u00e9nyez\u0151 az ATN f\u0171t\u00e9si koncepci\u00f3j\u00e1ban, mivel a k\u00fcl\u00f6nb\u00f6z\u0151 f\u0171t\u00e9si z\u00f3n\u00e1kban automatikusan az ide\u00e1lis vonalra \u00e1ll\u00edtja be a f\u0171t\u00e9si m\u0171veleteket. A r\u00f6videbb m\u0171szakok, a h\u00e9tv\u00e9gi vagy \u00fcnnepnapokon tartott pihen\u0151id\u0151k vagy egy\u00e9b v\u00e1ltoztat\u00e1sok nagyon egyszer\u0171en elv\u00e9gezhet\u0151k a grafikus vez\u00e9rl\u0151panelen vagy a PC-n kereszt\u00fcl. A mag\u00e1t\u00f3l \u00e9rtet\u0151d\u0151 \"kezel\u00e9si \u00fatmutat\u00f3 n\u00e9lk\u00fcli kezel\u00e9si koncepci\u00f3\" az intelligens vez\u00e9rl\u0151rendszer egyed\u00fcl\u00e1ll\u00f3 \u00e9rt\u00e9kes\u00edt\u00e9si pontja, ak\u00e1rcsak a modul\u00e1ris b\u0151v\u00edt\u00e9si koncepci\u00f3. Az ATN-n\u00e9l a WinTec b\u0151v\u00edt\u0151modult haszn\u00e1lj\u00e1k a t\u00e1vvez\u00e9rl\u00e9shez, m\u00edg a TorOff biztos\u00edtja, hogy a j\u00e1rm\u0171csarnokban a csarnokkapuk nyitva tart\u00e1sakor ne legyen energiavesztes\u00e9g. Az EMMA-t szint\u00e9n energiagazd\u00e1lkod\u00e1si rendszerk\u00e9nt telep\u00edtett\u00e9k. A CELESTRA modul val\u00f3s idej\u0171 \u00e1tl\u00e1that\u00f3s\u00e1got biztos\u00edt az ATN sz\u00e1m\u00e1ra a teljes f\u0171t\u00e9si folyamatr\u00f3l, \u00e9s a megfelel\u0151 elemz\u00e9si adatokat szolg\u00e1ltatja a jelent\u00e9shez, p\u00e9ld\u00e1ul a DIN EN 50001 szabv\u00e1nynak megfelel\u0151en. A teljes csarnokf\u0171t\u00e9si projektet kulcsrak\u00e9szen sz\u00e1ll\u00edtott\u00e1k, bele\u00e9rtve a s\u00f6t\u00e9t radi\u00e1torok elektromos \u00e9s g\u00e1zinfrastrukt\u00far\u00e1j\u00e1t is. A K\u00dcBLER Powerline technol\u00f3gi\u00e1nak k\u00f6sz\u00f6nhet\u0151en, amely szint\u00e9n szabadalmaztatott, az adatok most m\u00e1r az elektromos h\u00e1l\u00f3zaton kereszt\u00fcl tov\u00e1bb\u00edthat\u00f3k - ez a k\u00f6lts\u00e9ghat\u00e9konys\u00e1g szempontj\u00e1b\u00f3l fontos szempont, mivel mindk\u00e9t funkci\u00f3hoz csak egy k\u00e1belez\u00e9si vonalra volt sz\u00fcks\u00e9g. A t\u00f6bb mint 250 m\u00e9ter hossz\u00fa, t\u00f6bb g\u00e1zvez\u00e9rl\u0151 \u00e1llom\u00e1st is mag\u00e1ban foglal\u00f3 g\u00e1zeloszt\u00f3 vezet\u00e9ket a f\u00f6ldfelsz\u00edn f\u00f6l\u00e9 telep\u00edtett\u00e9k, hogy elker\u00fclj\u00e9k a f\u00f6ld alatti \u00e9p\u00edtkez\u00e9s k\u00f6lts\u00e9geit, \u00e9s hogy a csarnokokat rugalmasan hozz\u00e1 lehessen igaz\u00edtani a j\u00f6v\u0151beni \u00faj folyamatokhoz. Az ATN z\u00f6ldtet\u0151je miatt a kipufog\u00f3g\u00e1z-cs\u00f6veket a homlokzaton kereszt\u00fcl kellett elvezetni. A fest\u0151m\u0171hely ter\u00fclet\u00e9n l\u00e9v\u0151 s\u00f6t\u00e9t radi\u00e1torokat a megl\u00e9v\u0151 robban\u00e1sv\u00e9delmi k\u00f6vetelm\u00e9nyekkel val\u00f3 kompatibilit\u00e1s szempontj\u00e1b\u00f3l vizsg\u00e1lt\u00e1k \u00e9s telep\u00edtett\u00e9k. Az ATN \u00e9s a K\u00dcBLER csapatai k\u00f6z\u00f6tti egy\u00fcttm\u0171k\u00f6d\u00e9s a telep\u00edt\u00e9s sor\u00e1n z\u00f6kken\u0151mentes \u00e9s partners\u00e9gen alapul\u00f3 volt: a teljes telep\u00edt\u00e9st a folyamatban l\u00e9v\u0151 \u00fczem k\u00f6zben, \u00fctemezetten v\u00e9gezt\u00e9k el.<br \/>\n<H\u2082><strong>Az eredm\u00e9ny<\/strong><\/H\u2082><br \/>\nK\u00e9t f\u0171t\u00e9si id\u0151szak tapasztalatai alapj\u00e1n - a decentraliz\u00e1lt f\u0171t\u00e9si rendszer 2022 szeptember\u00e9ben ker\u00fclt \u00fczembe helyez\u00e9sre - az ATN elv\u00e1r\u00e1sai a h\u0151termel\u00e9s korszer\u0171s\u00edt\u00e9s\u00e9vel kapcsolatban t\u00f6bb mint teljes\u00fcltek. \"35 sz\u00e1zal\u00e9kos energiamegtakar\u00edt\u00e1st tervezt\u00fcnk, 40 sz\u00e1zal\u00e9kot rem\u00e9lt\u00fcnk, de t\u00f6bb mint 70 sz\u00e1zal\u00e9kot \u00e9rt\u00fcnk el\" - mondja Lutz Obladen. A fel\u00faj\u00edt\u00e1si projekt \u00e9vente mintegy 1431 MWh-val cs\u00f6kkentette az energiafogyaszt\u00e1st, a 2021-es 996 MWh-r\u00f3l 2023-ra 565 MWh-ra. Ezzel egyidej\u0171leg k\u00f6zel 97 MWh villamos energi\u00e1t takar\u00edtottak meg, a CO\u2082-kibocs\u00e1t\u00e1s pedig 344 tonn\u00e1val cs\u00f6kkent. Lutz Obladen: \"A decentraliz\u00e1lt infrav\u00f6r\u00f6s f\u0171t\u00e9si technol\u00f3gi\u00e1ra val\u00f3 \u00e1t\u00e1ll\u00e1s m\u00e9rf\u00f6ldk\u0151 a kl\u00edmac\u00e9ljaink el\u00e9r\u00e9s\u00e9ben!\"<\/p>\n<p>Lutz Obladen 35 \u00e9ve dolgozik a v\u00e1llalatn\u00e1l, \u00e9s az ATN m\u0171szaki rendszereinek karbantart\u00e1s\u00e1\u00e9rt felel\u0151s. A tapasztalt l\u00e9tes\u00edtm\u00e9nygazd\u00e1lkod\u00e1si vezet\u0151 a kezdetekt\u0151l fogva t\u00e1mogatta \u00e9s ir\u00e1ny\u00edtotta a neuss-i telephely energetikai fel\u00faj\u00edt\u00e1si projektj\u00e9t.<\/p>\n<h3>Milyen volt a kezdeti helyzet az ATN-n\u00e9l?<\/h3>\n<p>A mi r\u00e9gi f\u0171t\u00e9si rendszer\u00fcnk - finoman sz\u00f3lva - egy dinoszaurusz volt. M\u00e1r csak az\u00e9rt is, mert a k\u00f6zpontos\u00edtott rendszer miatt nem tudtuk szab\u00e1lyozni a k\u00fcl\u00f6nb\u00f6z\u0151 f\u0171t\u00e9si rendszereket.<br \/>\nA csarnokok vagy a munkater\u00fcletek f\u0171t\u00e9si ig\u00e9nyeinek szab\u00e1lyoz\u00e1sa \u00e9s a technol\u00f3giai h\u0151 el\u0151\u00e1ll\u00edt\u00e1sa szinte lehetetlenn\u00e9 tette az id\u0151j\u00e1r\u00e1si viszonyokhoz val\u00f3 alkalmazkod\u00e1st. V\u00e9gs\u0151 soron a magas g\u00e1zfogyaszt\u00e1s kett\u0151s csap\u00e1s volt sz\u00e1munkra: A k\u00f6lts\u00e9gterhek \u00e9s a k\u00f6rnyezeti hat\u00e1sok egyszer\u0171en t\u00fal magasak voltak. Ez m\u00e1r nem volt \u00f6sszeegyeztethet\u0151 a v\u00e1llalati c\u00e9lkit\u0171z\u00e9seinkkel.<\/p>\n<h3>\u00d6n m\u00e1r a kezdetekt\u0151l fogva infrav\u00f6r\u00f6s s\u00f6t\u00e9t sug\u00e1rz\u00f3kat hirdetett, mi\u00e9rt?<\/h3>\n<p>N\u00e9h\u00e1ny \u00e9ve v\u00e9gzem a munk\u00e1mat, \u00e9s ismerem a k\u00fcl\u00f6nb\u00f6z\u0151 technikai lehet\u0151s\u00e9geket. A K\u00dcBLER infrav\u00f6r\u00f6s rendszereivel is sok tapasztalatunk van. V\u00e9lem\u00e9nyem szerint a s\u00f6t\u00e9t sug\u00e1rz\u00f3k a legjobb megold\u00e1s, mert \u00edgy kifejezetten tudok reag\u00e1lni arra, hogy a terem melyik ter\u00fclet\u00e9t haszn\u00e1lj\u00e1k hosszabb-r\u00f6videbb ideig, vagy ahol t\u00f6bb\u00e9-kev\u00e9sb\u00e9 fizikai munka folyik, \u00e9s ez\u00e9rt m\u00e1s a h\u0151m\u00e9rs\u00e9kletig\u00e9ny. Az Enviconsult tan\u00e1csad\u00f3 m\u00e9rn\u00f6k\u00fcnkkel is teljesen egyet\u00e9rtettem.<\/p>\n<h3>Mi ny\u0171g\u00f6zte le k\u00fcl\u00f6n\u00f6sen a K\u00dcBLER megold\u00e1s\u00e1ban?<\/h3>\n<p>A K\u00dcBLER egy m\u00e1rkagy\u00e1rt\u00f3. Azt a megb\u00edzhat\u00f3s\u00e1got akartuk, hogy \u00f6t vagy t\u00edz \u00e9v m\u00falva is kaphassunk t\u00e1mogat\u00e1st \u00e9s sz\u00fcks\u00e9g eset\u00e9n p\u00f3talkatr\u00e9szeket. De igaz\u00e1n nagy hat\u00e1ssal volt r\u00e1m a vez\u00e9rl\u0151rendszer. V\u00e9lem\u00e9nyem szerint a CELESTRA val\u00f3ban egyed\u00fcl\u00e1ll\u00f3 \u00e9rt\u00e9kes\u00edt\u00e9si pont. M\u00e9g ut\u00f3lag is nagyszer\u0171 dolog, j\u00f3 elemz\u00e9si lehet\u0151s\u00e9gekkel, \u00e9s a nagyszer\u0171 vizu\u00e1lis megjelen\u00edt\u00e9snek k\u00f6sz\u00f6nhet\u0151en k\u00f6nnyen kezelhet\u0151 - an\u00e9lk\u00fcl, hogy 70 oldalnyi kezel\u00e9si \u00fatmutat\u00f3t kellene elolvasni. A be\u00e1ll\u00edt\u00e1sok egyszer\u0171en, n\u00e9h\u00e1ny kattint\u00e1ssal elv\u00e9gezhet\u0151k, hogy az utols\u00f3 sz\u00e1zal\u00e9knyi megtakar\u00edt\u00e1st is kicsikarjuk a rendszerb\u0151l.<\/p>\n<h3>Milyen volt a projekt?<\/h3>\n<p>Term\u00e9szetesen egy ilyen m\u00e9ret\u0171 projekt n\u00e9ha egy kicsit f\u00e1jdalmas lehet. De a tan\u00e1csad\u00e1s nagyszer\u0171 volt, \u00e9s a telep\u00edt\u00e9s kiv\u00e1l\u00f3an siker\u00fclt. A csapat a helysz\u00ednen val\u00f3ban els\u0151 oszt\u00e1ly\u00fa volt. Hozz\u00e1\u00e9rt\u0151,<br \/>\ntapasztalt \u00e9s gyakorlatias. Minden probl\u00e9m\u00e1ra tal\u00e1ltak megold\u00e1st. A meg\u00e1llapod\u00e1sok is j\u00f3l m\u0171k\u00f6dtek. V\u00e9g\u00fcl is, mi szerett\u00fck volna fenntartani az \u00fczletet. \u00c9s ez z\u00f6kken\u0151mentesen ment.<\/p>\n<h3>Hogyan \u00e9rt\u00e9kelik alkalmazottai az \u00faj f\u0171t\u00e9si rendszert?<\/h3>\n<p>Az els\u0151 t\u00e9len az energiav\u00e1ls\u00e1g \u00e9s a f\u0171t\u00e9si h\u0151m\u00e9rs\u00e9klet cs\u00f6kkent\u00e9s\u00e9nek k\u00f6vetelm\u00e9nye a rendszer \u00e1t\u00e1ll\u00edt\u00e1s\u00e1val egy\u00fctt j\u00e1rt. N\u00e9h\u00e1ny ember sz\u00e1m\u00e1ra ez eleinte megszok\u00e1st ig\u00e9nyelt. Mint minden v\u00e1ltoz\u00e1s. Ma m\u00e1r mindenki nagyon el\u00e9gedett, \u00e9s a t\u00e9li munkakl\u00edma m\u00e1r nem jelent probl\u00e9m\u00e1t.<\/p>\n<h3>Milyen k\u00f6vetkeztet\u00e9seket von le k\u00e9t f\u0171t\u00e9si id\u0151szak ut\u00e1n?<\/h3>\n<p>Nincs is jobb egy olyan t\u00e9m\u00e1n\u00e1l, amin nem kell t\u00f6bbet gondolkodnod. A rendszer t\u00f6k\u00e9letesen m\u0171k\u00f6dik, \u00e9s a megtakar\u00edt\u00e1sok maguk\u00e9rt besz\u00e9lnek. Mi m\u00e1st is k\u00edv\u00e1nhatn\u00e1nk? A l\u00e9nyeg az, hogy mindent pontosan ugyan\u00fagy csin\u00e1ln\u00e9k \u00fajra.<\/p>\n<h3>A f\u0171t\u00e9sfel\u00faj\u00edt\u00e1si projekt<\/h3>\n<p>Az ATN hossz\u00fak\u00e1s csarnok\u00e9p\u00fcleteit a neuss-i f\u0151 telephelyen, amelyek \u00f6sszter\u00fclete mintegy 4500 n\u00e9gyzetm\u00e9ter, 1994 \u00f3ta g\u00e1z\u00fczem\u0171 k\u00f6zponti melegv\u00edz-kaz\u00e1nrendszerrel \u00e9s melegleveg\u0151-f\u00fav\u00f3kkal f\u0171t\u00f6tt\u00e9k, amelyek energiafogyaszt\u00e1sa sz\u00f3 szerint az egekbe sz\u00f6k\u00f6tt. Ez, az ezzel j\u00e1r\u00f3 magas energiak\u00f6lts\u00e9gek \u00e9s a v\u00e1llalat \u00e9ghajlatv\u00e9delmi c\u00e9lkit\u0171z\u00e9sei - az ATN 2030-ig legal\u00e1bb 30 sz\u00e1zal\u00e9kos CO\u2082-megtakar\u00edt\u00e1st szeretne el\u00e9rni 1990-hez k\u00e9pest - voltak a d\u00f6nt\u0151 t\u00e9nyez\u0151k Lutz Obladen, a l\u00e9tes\u00edtm\u00e9nygazd\u00e1lkod\u00e1s vezet\u0151je sz\u00e1m\u00e1ra, hogy a \"dinoszauruszt\" egy modern decentraliz\u00e1lt f\u0171t\u00e9si rendszerre cser\u00e9lje le. Fiege \u00farral egy\u00fctt az Enviconsult GmbH &amp; Co. KG-vel k\u00f6z\u00f6sen elemezt\u00e9k a jelenlegi helyzetet 2021-ben, \u00e9s h\u0151sz\u00fcks\u00e9glet-elemz\u00e9st v\u00e9geztek, hogy ezt k\u00f6vet\u0151en kidolgozz\u00e1k a 2 x 1,5 MW-os, a technol\u00f3giai \u00e9s f\u0171t\u00e9si h\u0151 el\u0151\u00e1ll\u00edt\u00e1s\u00e1ra szolg\u00e1l\u00f3 melegv\u00edzkaz\u00e1nok le\u00e1ll\u00edt\u00e1s\u00e1nak koncepci\u00f3j\u00e1t. A csarnokf\u0171t\u00e9s modern, decentraliz\u00e1lt infrav\u00f6r\u00f6s technol\u00f3gi\u00e1ra val\u00f3 \u00e1t\u00e1ll\u00edt\u00e1sa mellett a fel\u00faj\u00edt\u00e1si koncepci\u00f3 a fest\u0151f\u00fclk\u00e9k k\u00f6zvetlen t\u00fczel\u00e9s\u00e9t \u00e9s egy j\u00f3val kisebb, 240 kW-os kaz\u00e1n telep\u00edt\u00e9s\u00e9t is tartalmazta, mivel csak a szoci\u00e1lis sz\u00e1rnyat \u00e9s egy kisebb iroda\u00e9p\u00fcletet akart\u00e1k tov\u00e1bbra is melegv\u00edzzel f\u0171teni.<br \/>\n<H\u2082><strong>R\u00e1n\u00e9z\u00e9sre: A K\u00dcBLER Csoport<\/strong><\/H\u2082><br \/>\nA K\u00dcBLER GmbH egy nemzetk\u00f6zileg akt\u00edv v\u00e1llalatcsoport, amely a modern infrav\u00f6r\u00f6s f\u0171t\u00e9si technol\u00f3gia \u00fatt\u00f6r\u0151jek\u00e9nt \u00e9s innov\u00e1ci\u00f3s vezet\u0151jek\u00e9nt ismert. Az alaptev\u00e9kenys\u00e9g az energiatakar\u00e9kos \u00e9s kl\u00edmabar\u00e1t csarnokf\u0171t\u00e9s nagy hat\u00e9konys\u00e1g\u00fa pr\u00e9mium technol\u00f3gi\u00e1inak fejleszt\u00e9se \u00e9s gy\u00e1rt\u00e1sa. A K\u00dcBLER rendk\u00edv\u00fcl sz\u00e9les term\u00e9kv\u00e1laszt\u00e9kot k\u00edn\u00e1l szinte minden csarnokt\u00edpushoz \u00e9s helyis\u00e9gk\u00f6rnyezethez.<\/p>\n<p>Az 1989-ben alap\u00edtott v\u00e1llalatcsoport t\u00f6bb mint 130 embert foglalkoztat, \u00e9s az ipar\u00e1g egyik vezet\u0151 v\u00e1llalata Eur\u00f3p\u00e1ban Ludwigshafenben, Drezd\u00e1ban, Hagenben \u00e9s Fegyvernekben (Magyarorsz\u00e1g) tal\u00e1lhat\u00f3 telephelyekkel, valamint sz\u00e1mos k\u00fclf\u00f6ldi k\u00e9pviselettel \u00e9s orsz\u00e1gos szervizh\u00e1l\u00f3zattal.<\/p>\n<p>A K\u00dcBLER term\u00e9keket \u00e9s fejleszt\u00e9si eredm\u00e9nyeket rendszeresen d\u00edjazz\u00e1k. A nemzeti \u00e9s nemzetk\u00f6zi elismer\u00e9sek k\u00f6z\u00f6tt szerepel a Sz\u00f6vets\u00e9gi Gazdas\u00e1gi Miniszt\u00e9rium kiemelked\u0151 innovat\u00edv eredm\u00e9nyek\u00e9rt j\u00e1r\u00f3 sz\u00f6vets\u00e9gi d\u00edja, a bajor \u00e1llami d\u00edj, a N\u00e9met Fenntarthat\u00f3s\u00e1gi d\u00edj \u00e9s Rajna-vid\u00e9k-Pfalz tartom\u00e1ny innov\u00e1ci\u00f3s d\u00edja. A K\u00dcBLER egyike a 2021-es pfalzi Rejtett Bajnokoknak, \u00e9s 2022-ben jel\u00f6lt\u00e9k a BMWK \"IKU - Az \u00e9ghajlat \u00e9s k\u00f6rnyezetv\u00e9delem innov\u00e1ci\u00f3s d\u00edj\u00e1ra\".<\/p>\n<p>A K\u00dcBLER innovat\u00edv f\u0171t\u00e9si technol\u00f3gi\u00e1j\u00e1\u00e9rt, a FUTURA multi-energetikai IR rendszer\u00e9rt t\u00f6bb rangos elismer\u00e9st is kapott: 2022-ben az ISB SUCCESS technol\u00f3giai verseny\u00e9n az \"Innovat\u00edv technol\u00f3gi\u00e1k az \u00e9ghajlatv\u00e9delem\u00e9rt\" k\u00fcl\u00f6nd\u00edjat, 2023-ban a \"Rajna-vid\u00e9k-Pfalz tartom\u00e1ny innov\u00e1ci\u00f3s d\u00edj\u00e1t\" (imm\u00e1r negyedik alkalommal), a \"N\u00e9met innov\u00e1ci\u00f3s d\u00edjat\" a \"Winner Excellence in Business to Business Energy Solutions\" kateg\u00f3ri\u00e1ban \u00e9s a FOCUS OPEN designd\u00edj FOCUS k\u00fcl\u00f6nd\u00edj\u00e1t. 2024-ben a FUTURA a PLUS X AWARD-on a legmagasabb elismer\u00e9st kapta az innov\u00e1ci\u00f3, a magas min\u0151s\u00e9g, a design, a felhaszn\u00e1l\u00f3bar\u00e1t \u00e9s a funkcionalit\u00e1s \u00f6t kateg\u00f3ri\u00e1j\u00e1ban. A K\u00dcBLER-t a \"Magas \u00fcgyf\u00e9lel\u00e9gedetts\u00e9g 2024\" d\u00edjjal t\u00fcntetik ki, \u00e9s a 2024-es KKV J\u00f6v\u0151 Napon a FUTURA fejleszt\u00e9si menedzsmentj\u00e9\u00e9rt megkapja a \"J\u00f6v\u0151 D\u00edja KKV-knak\" d\u00edjat.<\/p>","protected":false},"featured_media":27823,"template":"","categories":[],"class_list":["post-27820","referenzen","type-referenzen","status-publish","has-post-thumbnail","hentry"],"acf":[],"_links":{"self":[{"href":"https:\/\/www.kuebler-hallenheizungen.de\/hu\/wp-json\/wp\/v2\/referenzen\/27820","targetHints":{"allow":["GET"]}}],"collection":[{"href":"https:\/\/www.kuebler-hallenheizungen.de\/hu\/wp-json\/wp\/v2\/referenzen"}],"about":[{"href":"https:\/\/www.kuebler-hallenheizungen.de\/hu\/wp-json\/wp\/v2\/types\/referenzen"}],"wp:featuredmedia":[{"embeddable":true,"href":"https:\/\/www.kuebler-hallenheizungen.de\/hu\/wp-json\/wp\/v2\/media\/27823"}],"wp:attachment":[{"href":"https:\/\/www.kuebler-hallenheizungen.de\/hu\/wp-json\/wp\/v2\/media?parent=27820"}],"wp:term":[{"taxonomy":"category","embeddable":true,"href":"https:\/\/www.kuebler-hallenheizungen.de\/hu\/wp-json\/wp\/v2\/categories?post=27820"}],"curies":[{"name":"wp","href":"https:\/\/api.w.org\/{rel}","templated":true}]}}