{"id":81157,"date":"2026-01-21T09:04:38","date_gmt":"2026-01-21T08:04:38","guid":{"rendered":"https:\/\/www.kuebler-hallenheizungen.de\/?post_type=referenzen&#038;p=81157"},"modified":"2026-01-21T09:08:10","modified_gmt":"2026-01-21T08:08:10","slug":"olyan-csarnokfutesi-rendszert-akarunk-amely-a-joevobe-tekint","status":"publish","type":"referenzen","link":"https:\/\/www.kuebler-hallenheizungen.de\/hu\/referenzen\/wir-wollen-eine-hallenheizung-die-in-die-zukunft-blickt\/","title":{"rendered":"\"Olyan csarnokf\\u0171t\\u00e9si rendszert szeretn\\u00e9nk, amely a j\\u00f6v\\u0151be tekint.\""},"content":{"rendered":"<p>A GROUP7 egy nemzetk\u00f6zi logisztikai v\u00e1llalat, amelynek k\u00f6zpontja M\u00fcnchenben tal\u00e1lhat\u00f3, \u00e9s t\u00f6bb mint 195 fi\u00f3kteleppel \u00e9s b\u00e1zissal k\u00e9pviselteti mag\u00e1t vil\u00e1gszerte. A pr\u00e9mium szolg\u00e1ltat\u00f3 szolg\u00e1ltat\u00e1si palett\u00e1j\u00e1n intelligens logisztikai megold\u00e1sok szerepelnek a l\u00e9gi \u00e9s tengeri \u00e1rufuvaroz\u00e1s, az \u00c1zsi\u00e1ba ir\u00e1nyul\u00f3 \u00e9s onnan indul\u00f3 vas\u00fati sz\u00e1ll\u00edt\u00e1s, a tengeri, l\u00e9gi \u00e9s sz\u00e1razf\u00f6ldi sz\u00e1ll\u00edt\u00e1s, valamint a logisztikai szolg\u00e1ltat\u00e1sok kiszervez\u00e9s\u00e9nek szem\u00e9lyre szabott koncepci\u00f3i. A maxim\u00e1lis rugalmass\u00e1gra \u00e9s az \u00fcgyf\u00e9lk\u00f6zpont\u00fa folyamatkezel\u00e9sre \u00f6sszpontos\u00edtva a mintegy 750 alkalmazott 190 milli\u00f3 eur\u00f3s forgalmat bonyol\u00edt. A GROUP7 a portf\u00f3li\u00f3j\u00e1nak fenntarthat\u00f3s\u00e1g\u00e1val szemben ugyanolyan magas k\u00f6vetelm\u00e9nyeket t\u00e1maszt, mint az \u00e9p\u00fcleteivel szemben: a neves logisztikai szolg\u00e1ltat\u00f3 logisztikai k\u00f6zpontjai a DGNB Gold Standard szerint tan\u00fas\u00edtottak.<\/p>\n<p><strong>A kiindul\u00e1si helyzet<\/strong><br \/>\nA m\u00fcncheni rep\u00fcl\u0151t\u00e9r Schwaigban tal\u00e1lhat\u00f3 f\u0151hadisz\u00e1ll\u00e1s\u00e1nak b\u0151v\u00edt\u00e9s\u00e9vel a GROUP7 2024 egy \u00faj, a DGNB Gold Standardnak megfelel\u0151 logisztikai telephelyet hozott l\u00e9tre, amely t\u00f6bb mint 200 \u00faj alkalmazottnak ad munk\u00e1t. Az 5000 m\u00b2-es iroda\u00e9p\u00fclet \u00e9s egy campus-szer\u0171 z\u00f6ld park mellett a tov\u00e1bbi telephely t\u00f6bb mint 100 000 m\u00b2-es ter\u00fcletet foglal mag\u00e1ban, \u00e9s egy 60 000 m\u00b2-es logisztikai csarnokot is mag\u00e1ban foglal, amelynek belmagass\u00e1ga mintegy 13 m\u00e9ter. A nagyon nagy l\u00e9gt\u00e9r \u00e9s csak a 82 ajt\u00f3 \u00f6sszesen miatt a f\u0171t\u00e9stechnol\u00f3gia szempontj\u00e1b\u00f3l k\u00fcl\u00f6n\u00f6sen nagy kih\u00edv\u00e1st jelentett, hogy a bels\u0151 tereket kellemesen melegen tarts\u00e1k, mik\u00f6zben gazdas\u00e1gosak maradjanak. R\u00e1ad\u00e1sul a megv\u00e1ltozott ell\u00e1t\u00e1si helyzet miatt a g\u00e1z mint energiaforr\u00e1s, \u00e9s \u00edgy a j\u00f3l bev\u00e1lt s\u00f6t\u00e9t radi\u00e1toros technol\u00f3gia az \u00faj \u00e9p\u00fcletben m\u00e1r nem j\u00f6hetett sz\u00f3ba. Ez\u00e9rt k\u00fcl\u00f6nb\u00f6z\u0151 alternat\u00edv megold\u00e1sokat vizsg\u00e1ltak meg.<\/p>\n<blockquote><p>\u201eR\u00e1j\u00f6tt\u00fcnk, hogy a FUTURA egyszer\u0171en t\u00f6k\u00e9letes megold\u00e1s sz\u00e1munkra a felhaszn\u00e1l\u00e1s szempontj\u00e1b\u00f3l.\u201c.<\/p><\/blockquote>\n<p>&nbsp;<\/p>\n<p><strong>A vizsg\u00e1lt f\u0171t\u00e9stechnol\u00f3giai v\u00e1ltozatok<\/strong><\/p>\n<p><strong>1. v\u00e1ltozat:<\/strong> A tet\u0151n elhelyezett h\u0151szivatty\u00fak \u00e9s padl\u00f3f\u0171t\u00e9s. A GROUP7-nek azonban a m\u00faltban rossz tapasztalatai voltak ezzel a v\u00e1ltozattal kapcsolatban, mivel \u201ea lentr\u0151l j\u00f6v\u0151 h\u0151\u201c kellemetlen \u00e9s nyugtalan\u00edt\u00f3 \u00e9rz\u00e9st keltett az alkalmazottakban. M\u00e1s okok is sz\u00f3ltak amellett, hogy ezt a v\u00e1ltozatot ne vegy\u00e9k figyelembe:<br \/>\nA) A sz\u00fcks\u00e9ges v\u00e1ltoz\u00f3 \u00e1llv\u00e1ny be\u00e1ll\u00edt\u00e1sa: A 10-11 m\u00e9ter magas \u00e1llv\u00e1nyok r\u00f6gz\u00edt\u00e9sekor minden alkalommal, amikor az intralogisztikai rendszert az \u00fcgyfelek \u00faj ig\u00e9nyeihez igaz\u00edtj\u00e1k, fenn\u00e1ll a vesz\u00e9lye annak, hogy a padl\u00f3ban l\u00e9v\u0151 v\u00edzvezet\u00e9keket megf\u00farj\u00e1k.<br \/>\nB) A v\u00edzvezet\u00e9kek f\u00f6l\u00f6tt sz\u00fcks\u00e9ges nagy mennyis\u00e9g\u0171 beton egyre kev\u00e9sb\u00e9 hat\u00e9kony \u00e9s lass\u00fa rendszereket tett volna lehet\u0151v\u00e9. \u00c9s<\/p>\n<p><strong>2. v\u00e1ltozat:<\/strong> H\u0151szivatty\u00fak a mennyezeten elhelyezett sug\u00e1rf\u00fav\u00f3k\u00e1kkal, amelyek meleg leveg\u0151t nyomnak a padl\u00f3lemezre. Ennek a megold\u00e1snak az volt a h\u00e1tr\u00e1nya, hogy a meleg leveg\u0151 felfel\u00e9 emelkedik, felszedi a port a padl\u00f3lemezr\u0151l, \u00e9s sz\u00e9tter\u00edti az \u00e1rukon - ez k\u00fcl\u00f6n\u00f6sen a hossz\u00fa ideig t\u00e1rolt, \u00fagynevezett C-\u00e1ruk eset\u00e9ben jelent probl\u00e9m\u00e1t. A pr\u00e9mium logisztikai szolg\u00e1ltat\u00f3 GROUP7 sz\u00e1m\u00e1ra az \u00e9p\u00fcletben keletkez\u0151 h\u0151henger nem volt elfogadhat\u00f3, \u201e... mert mi min\u0151s\u00e9gi logisztik\u00e1t akarunk k\u00edn\u00e1lni, nem pedig poros \u00e1rut - ez nem a mi \u00e9s nem az \u00fcgyfeleink min\u0151s\u00e9gi k\u00f6vetelm\u00e9nye\u201c - mondja Daniel Jocher, a GROUP7 projektmenedzsere.<\/p>\n<p><strong>3. v\u00e1ltozat:<\/strong> G\u00e1zt\u00fczel\u00e9s\u0171 s\u00f6t\u00e9t sug\u00e1rz\u00f3kb\u00f3l \u00e1ll\u00f3 rendszerkonfigur\u00e1ci\u00f3, amely mellett elektromos IR-sug\u00e1rz\u00f3k vannak elhelyezve. Ez a v\u00e1ltozat a sug\u00e1rz\u00f3 f\u0171t\u00e9s j\u00f3l ismert el\u0151nyeit k\u00edn\u00e1lta volna, mint p\u00e9ld\u00e1ul az egyenletes h\u0151\u00e9rzetet porcirkul\u00e1ci\u00f3 n\u00e9lk\u00fcl \u00e9s a padl\u00f3lemezb\u0151l sz\u00e1rmaz\u00f3 h\u0151 n\u00e9lk\u00fcl. A GROUP7 szempontj\u00e1b\u00f3l azonban ez sem volt \u00e9sszer\u0171 megold\u00e1s, mivel a csarnokban a radi\u00e1torok sz\u00e1ma \u00e9s a karbantart\u00e1si r\u00e1ford\u00edt\u00e1s megdupl\u00e1z\u00f3dott volna.<br \/>\nlenne. A h\u0151eloszt\u00e1s is probl\u00e9m\u00e1s lenne, mivel a v\u00e1ltakoz\u00f3 s\u00f6t\u00e9t \u00e9s elektromos radi\u00e1torokat nem szabadna egyszerre m\u0171k\u00f6dtetni, \u00e9s a r\u00e9sekben h\u0171v\u00f6ss\u00e9g alakulna ki. R\u00e1ad\u00e1sul a GROUP7 nem akart tiszt\u00e1n g\u00e1z\u00fczem\u0171 k\u00e9sz\u00fcl\u00e9keket haszn\u00e1lni.<\/p>\n<p><strong>Az innovat\u00edv megold\u00e1s<\/strong><br \/>\nA megfelel\u0151 f\u0171t\u00e9si technol\u00f3gia keres\u00e9se vezetett az \u00faj Fair.AIdH technol\u00f3gi\u00e1hoz* FUTURA. A t\u00f6bbsz\u00f6r\u00f6sen d\u00edjnyertes rendszer egyes\u00edti a csarnokok s\u00f6t\u00e9t radi\u00e1tortechnol\u00f3gi\u00e1j\u00e1nak minden el\u0151ny\u00e9t az energiarugalmas m\u0171k\u00f6d\u00e9ssel: rendk\u00edv\u00fcl kev\u00e9s energi\u00e1t fogyaszt, nem kavarja fel a port, kellemes, egyenletes h\u0151\u00e9rzetet biztos\u00edt, \u00e9s vari\u00e1lhat\u00f3an kombin\u00e1lja az elektromos \u00e9s a g\u00e1z\u00fczemet egy k\u00e9sz\u00fcl\u00e9kben. \u201eR\u00e1j\u00f6tt\u00fcnk, hogy a haszn\u00e1lat szempontj\u00e1b\u00f3l egyszer\u0171en ez a t\u00f6k\u00e9letes megold\u00e1s sz\u00e1munkra\u201c - mondja Daniel Jocher. Egy\u00e9rtelm\u0171 volt, hogy sz\u00fcks\u00e9g\u00fcnk van a g\u00e1zra, mint redund\u00e1ns k\u00f6zegre a s\u00f6t\u00e9t lomok elfed\u00e9s\u00e9re. A FUTURA-t nagyr\u00e9szt a v\u00e1llalat saj\u00e1t PV-rendszer\u00e9b\u0151l sz\u00e1rmaz\u00f3 olcs\u00f3 villamos energi\u00e1val l\u00e1tj\u00e1k el. A j\u00f6v\u0151re n\u00e9zve az innovat\u00edv technol\u00f3gia hidrog\u00e9nnel is megold\u00e1st k\u00edn\u00e1l, amelyet k\u00e9s\u0151bb a h\u00e1l\u00f3zatokon kereszt\u00fcl lehetne elosztani. \u201eEz a term\u00e9k nagyszer\u0171 kombin\u00e1ci\u00f3, mert mindh\u00e1rom m\u00e9diumot egyes\u00edti\u201c.\u201c<\/p>\n<p>* Fair.AIdH jelent\u00e9se: Energia Rugalmas, adapt\u00edv, infrav\u00f6r\u00f6s, mesters\u00e9ges intelligencia vez\u00e9relt csarnokf\u0171t\u00e9s \u00e9s<br \/>\negy \u00faj infrav\u00f6r\u00f6s f\u0171t\u00e9si technol\u00f3gi\u00e1ra utal, amelyet t\u00f6bbek k\u00f6z\u00f6tt az jellemez, hogy<br \/>\naz energia rugalmass\u00e1ga (multi-energi\u00e1s IR csarnokf\u0171t\u00e9s) \u00e9s a mesters\u00e9ges intelligencia \u00e1ltal t\u00e1mogatott<br \/>\na vez\u00e9rl\u00e9si funkci\u00f3k alapvet\u0151en k\u00fcl\u00f6nb\u00f6znek a hagyom\u00e1nyos g\u00e1z\u00fczem\u0171<br \/>\ns\u00f6t\u00e9t sug\u00e1rz\u00f3 technol\u00f3gia.<\/p>\n<p>&nbsp;<\/p>\n<p><strong>A hat\u00e1rozat alapja<\/strong><\/p>\n<div id=\"attachment_30864\" style=\"width: 618px\" class=\"wp-caption alignright\"><img decoding=\"async\" aria-describedby=\"caption-attachment-30864\" class=\"wp-image-30864\" src=\"https:\/\/www.kuebler-hallenheizungen.de\/wp-content\/uploads\/2025\/07\/fav_img_3584_dunkler-300x225.jpg\" alt=\"Modern rakt\u00e1r\u00e9p\u00fclet fagerend\u00e1kkal \u00e9s infrav\u00f6r\u00f6s csarnokf\u0171t\u00e9ssel\" width=\"608\" height=\"456\" srcset=\"https:\/\/www.kuebler-hallenheizungen.de\/wp-content\/uploads\/2025\/07\/fav_img_3584_dunkler-300x225.jpg 300w, https:\/\/www.kuebler-hallenheizungen.de\/wp-content\/uploads\/2025\/07\/fav_img_3584_dunkler-1024x768.jpg 1024w, https:\/\/www.kuebler-hallenheizungen.de\/wp-content\/uploads\/2025\/07\/fav_img_3584_dunkler-768x576.jpg 768w, https:\/\/www.kuebler-hallenheizungen.de\/wp-content\/uploads\/2025\/07\/fav_img_3584_dunkler-60x45.jpg 60w, https:\/\/www.kuebler-hallenheizungen.de\/wp-content\/uploads\/2025\/07\/fav_img_3584_dunkler-100x75.jpg 100w, https:\/\/www.kuebler-hallenheizungen.de\/wp-content\/uploads\/2025\/07\/fav_img_3584_dunkler-240x180.jpg 240w, https:\/\/www.kuebler-hallenheizungen.de\/wp-content\/uploads\/2025\/07\/fav_img_3584_dunkler-360x270.jpg 360w, https:\/\/www.kuebler-hallenheizungen.de\/wp-content\/uploads\/2025\/07\/fav_img_3584_dunkler-480x360.jpg 480w, https:\/\/www.kuebler-hallenheizungen.de\/wp-content\/uploads\/2025\/07\/fav_img_3584_dunkler-560x420.jpg 560w, https:\/\/www.kuebler-hallenheizungen.de\/wp-content\/uploads\/2025\/07\/fav_img_3584_dunkler-640x480.jpg 640w, https:\/\/www.kuebler-hallenheizungen.de\/wp-content\/uploads\/2025\/07\/fav_img_3584_dunkler-720x540.jpg 720w, https:\/\/www.kuebler-hallenheizungen.de\/wp-content\/uploads\/2025\/07\/fav_img_3584_dunkler-960x720.jpg 960w, https:\/\/www.kuebler-hallenheizungen.de\/wp-content\/uploads\/2025\/07\/fav_img_3584_dunkler-1168x876.jpg 1168w, https:\/\/www.kuebler-hallenheizungen.de\/wp-content\/uploads\/2025\/07\/fav_img_3584_dunkler-1440x1080.jpg 1440w, https:\/\/www.kuebler-hallenheizungen.de\/wp-content\/uploads\/2025\/07\/fav_img_3584_dunkler-1920x1440.jpg 1920w, https:\/\/www.kuebler-hallenheizungen.de\/wp-content\/uploads\/2025\/07\/fav_img_3584_dunkler-1536x1152.jpg 1536w, https:\/\/www.kuebler-hallenheizungen.de\/wp-content\/uploads\/2025\/07\/fav_img_3584_dunkler-2048x1536.jpg 2048w, https:\/\/www.kuebler-hallenheizungen.de\/wp-content\/uploads\/2025\/07\/fav_img_3584_dunkler-16x12.jpg 16w, https:\/\/www.kuebler-hallenheizungen.de\/wp-content\/uploads\/2025\/07\/fav_img_3584_dunkler.jpg 2560w\" sizes=\"(max-width: 608px) 100vw, 608px\" \/><p id=\"caption-attachment-30864\" class=\"wp-caption-text\">Energiarugalmas infrav\u00f6r\u00f6s csarnokf\u0171t\u0151testek a FUTURA term\u00e9kcsal\u00e1db\u00f3l<\/p><\/div>\n<p>\u201eA d\u00f6nt\u00e9s a villamos energia \u00e9s a g\u00e1z kombin\u00e1lhat\u00f3s\u00e1ga miatt sz\u00fcletett\u201c - mondja Daniel Jocher. Az \u00fczembiztons\u00e1g \u00e9s a kapcsolhat\u00f3 \u00e1ram szempontjai is fontosak voltak, mivel egy\u00e9rtelm\u0171 volt, hogy a g\u00e1z relev\u00e1ns redundanci\u00e1t jelent, hogy a s\u00f6t\u00e9t lomok vagy esetleges \u00e1ramkimarad\u00e1sok miatt f\u00fcggetlenek maradjunk a dr\u00e1ga h\u00e1l\u00f3zati \u00e1ramt\u00f3l. \u00c9rdekes volt megvizsg\u00e1lni a hidrog\u00e9nt is, amelyet a j\u00f6v\u0151ben a h\u00e1l\u00f3zatokban lehetne elosztani. \u201eA villamos energia \u00e9s a g\u00e1z mint redund\u00e1ns k\u00f6zeg kombin\u00e1l\u00e1s\u00e1nak k\u00e9pess\u00e9ge m\u0171k\u00f6d\u00e9si megb\u00edzhat\u00f3s\u00e1got biztos\u00edt a s\u00f6t\u00e9t napokon vagy h\u00f3terhel\u00e9s eset\u00e9n, mivel nem kell dr\u00e1ga villamos energi\u00e1t venn\u00fcnk a h\u00e1l\u00f3zatb\u00f3l. M\u00e9g egy esetleges \u00e1ramsz\u00fcnet eset\u00e9n is garant\u00e1lt lenne az ell\u00e1t\u00e1s biztons\u00e1ga a redund\u00e1ns k\u00f6zeggel \u00e9s a PV-vel.<br \/>\ngarant\u00e1lt. Ez fontos volt sz\u00e1munkra.\u201c<\/p>\n<p><strong>\u00d6sszefoglalva, ezek a t\u00e9nyez\u0151k szint\u00e9n meghat\u00e1roz\u00f3ak voltak a d\u00f6nt\u00e9s szempontj\u00e1b\u00f3l:<\/strong><\/p>\n<ul>\n<li>A villamos energia, a hidrog\u00e9n \u00e9s a g\u00e1z egy eszk\u00f6zben t\u00f6rt\u00e9n\u0151 kombin\u00e1l\u00e1s\u00e1nak k\u00e9pess\u00e9ge (energia rugalmass\u00e1ga)<\/li>\n<li>Helyi f\u0171t\u00e9s csak azokon a ter\u00fcleteken, ahol a munk\u00e1t t\u00e9nylegesen v\u00e9gzik (rugalmas z\u00f3naf\u0171t\u00e9s).<\/li>\n<li>Megb\u00edzhat\u00f3 alaph\u0151m\u00e9rs\u00e9klet-szab\u00e1lyoz\u00e1s az \u00e1ruk fagyv\u00e9delmek\u00e9nt<\/li>\n<li>\u00c1lland\u00f3 h\u0151ell\u00e1t\u00e1s m\u00e9g s\u00f6t\u00e9tben is (\u00fczembiztons\u00e1g)<\/li>\n<li>Beruh\u00e1z\u00e1sok \u00e9s j\u00f6v\u0151beli biztons\u00e1g a k\u00f6vetkez\u0151 \u00e9vtizedekben<\/li>\n<\/ul>\n<p>\u201eOlyan term\u00e9ket akartunk, amely a j\u00f6v\u0151be tekint.\u201c A FUTURA rugalmasan m\u0171k\u00f6dtethet\u0151 k\u00fcl\u00f6nb\u00f6z\u0151 (meg\u00fajul\u00f3) energiaforr\u00e1sokkal, p\u00e9ld\u00e1ul villamos energi\u00e1val, hidrog\u00e9nnel vagy (biog\u00e9n) g\u00e1zokkal, \u00e9s ez\u00e9rt a GROUP7 sz\u00e1m\u00e1ra abszol\u00fat beruh\u00e1z\u00e1sbiztons\u00e1got ny\u00fajt.<br \/>\na CO2-mentes korszak fel\u00e9 vezet\u0151 \u00e1talakul\u00e1si \u00faton - j\u00f3val 2045 ut\u00e1n.<\/p>\n<p>&nbsp;<\/p>\n<p><strong>A megval\u00f3s\u00edt\u00e1s<\/strong><br \/>\nAz \u00f6t csarnokr\u00e9sz 2024. december 31. \u00f3ta az energiaf\u00fcggetlen Fair.AIdH rendszerek (FUTURA multienergetikus IR-f\u0171t\u00e9s CELESTRA digit\u00e1lis vez\u00e9rl\u00e9ssel) k\u00e9sz\u00fcl\u00e9keivel f\u0171t\u00f6tt, amelyek teljes eg\u00e9sz\u00e9ben egy k\u00f6r\u00fclbel\u00fcl 3 MWp teljes\u00edtm\u00e9ny\u0171 PV-rendszerr\u0151l kapj\u00e1k a villamos energi\u00e1t.<\/p>\n<p>A \u00abSchwaig 2\u00bb logisztikai k\u00f6zpontot 12 f\u0171t\u00e9si z\u00f3n\u00e1ra osztott\u00e1k a csarnokr\u00e9szek szerint. Ez lehet\u0151v\u00e9 teszi, hogy az impoz\u00e1ns csarnok\u00e9p\u00fclet k\u00fcl\u00f6nb\u00f6z\u0151 felhaszn\u00e1l\u00e1si ter\u00fcleteit a h\u0151ig\u00e9nyt\u0151l f\u00fcgg\u0151en k\u00fcl\u00f6n-k\u00fcl\u00f6n szab\u00e1lyozz\u00e1k, ami tov\u00e1bb n\u00f6veli a rendszer am\u00fagy is magas energiahat\u00e9konys\u00e1g\u00e1t. Az egyes z\u00f3n\u00e1k f\u0171t\u0151berendez\u00e9seit egy-egy AI-t\u00e1mogatott CELESTRA digit\u00e1lis vez\u00e9rl\u0151 vez\u00e9rli. A rendszerek intelligens m\u00f3don k\u00e9pesek szab\u00e1lyozni, hogy az egyes z\u00f3n\u00e1kban milyen f\u0171t\u0151k\u00f6zeget haszn\u00e1lnak.<br \/>\n\u00e9s tervezze meg a t\u00e1rolt tarif\u00e1kat. Az olyan munkasz\u00fcneti napokat, mint a h\u00e9tv\u00e9g\u00e9k \u00e9s \u00fcnnepnapok, automatikusan figyelembe veszi a rendszer.<\/p>\n<p>Az EMMA energiagazd\u00e1lkod\u00e1si rendszer val\u00f3s id\u0151ben figyeli a teljes f\u0171t\u00e9si folyamatot \u00e9s a k\u00fcls\u0151 \u00e9s bels\u0151 h\u0151m\u00e9rs\u00e9kleti g\u00f6rb\u00e9t minden egyes f\u0171t\u00e9si rendszer eset\u00e9ben, valamint elemzi \u00e9s dokument\u00e1lja az adatokat az audit\u00e1l\u00e1shoz, p\u00e9ld\u00e1ul a DIN EN 50001 szabv\u00e1nynak megfelel\u0151en, a k\u00f6vetkez\u0151k szerint<br \/>\namely szint\u00e9n GROUP7 tan\u00fas\u00edtv\u00e1nnyal rendelkezik. Ez azt jelenti, hogy a fogyaszt\u00e1s, a h\u0151m\u00e9rs\u00e9klet, a p\u00e1ratartalom \u00e9s m\u00e1s min\u0151s\u00e9gi mutat\u00f3k b\u00e1rmikor rendelkez\u00e9sre \u00e1llnak a dokument\u00e1l\u00e1s \u00e9s az ellen\u0151rz\u00e9s c\u00e9lj\u00e1b\u00f3l.<\/p>\n<p>&nbsp;<\/p>\n<p><strong>Els\u0151 tapasztalatok az operat\u00edv gyakorlatb\u00f3l<\/strong><br \/>\nA f\u0171t\u00e9si rendszer napk\u00f6zben 9 \u00f3r\u00e1t\u00f3l 17 \u00f3r\u00e1ig \u00fczemel elektromos \u00fczemm\u00f3dban, 20 \u00b0C-on. Az \u00fczemeltet\u00e9s els\u0151 n\u00e9h\u00e1ny h\u00f3napja azt mutatja, hogy a mintegy 3 MWp teljes\u00edtm\u00e9ny\u0171 fotovoltaikus rendszer ez id\u0151 alatt k\u00f6nnyed\u00e9n fedezi a 760 kWh villamos energia sz\u00fcks\u00e9gletet, m\u00e9g akkor is, ha felh\u0151s az id\u0151. 17:00 \u00f3r\u00e1t\u00f3l a rendszer ilyen m\u00f3don kikapcsol, \u00e9s a f\u0171t\u00e9si rendszer elm\u00e9letileg 20 \u00b0C-os \u00fczemi h\u0151m\u00e9rs\u00e9kletr\u0151l 17 \u00b0C-ra (\u00e9jszakai c\u00e9lh\u0151m\u00e9rs\u00e9klet) szab\u00e1lyoz\u00f3dik le. A val\u00f3s\u00e1gban azonban bebizonyosodott, hogy az \u00e9p\u00fclet j\u00f3 h\u0151t\u00e1rol\u00f3 kapacit\u00e1sa miatt gyakorlatilag egy\u00e1ltal\u00e1n nem cs\u00f6kken a h\u0151m\u00e9rs\u00e9klet.<\/p>\n<p>&nbsp;<\/p>\n<p><strong>DGNB Gold Standard<\/strong><\/p>\n<p><img decoding=\"async\" class=\"wp-image-20968\" src=\"https:\/\/www.kuebler-hallenheizungen.de\/wp-content\/uploads\/2024\/06\/dgnb_mitglied_verein-300x93.png\" alt=\"A DGNB tagja&quot; log\u00f3 k\u00e9k-z\u00f6ld gy\u0171r\u0171kkel.\" width=\"545\" height=\"169\" srcset=\"https:\/\/www.kuebler-hallenheizungen.de\/wp-content\/uploads\/2024\/06\/dgnb_mitglied_verein-300x93.png 300w, https:\/\/www.kuebler-hallenheizungen.de\/wp-content\/uploads\/2024\/06\/dgnb_mitglied_verein-1024x317.png 1024w, https:\/\/www.kuebler-hallenheizungen.de\/wp-content\/uploads\/2024\/06\/dgnb_mitglied_verein-768x237.png 768w, https:\/\/www.kuebler-hallenheizungen.de\/wp-content\/uploads\/2024\/06\/dgnb_mitglied_verein-60x19.png 60w, https:\/\/www.kuebler-hallenheizungen.de\/wp-content\/uploads\/2024\/06\/dgnb_mitglied_verein-100x31.png 100w, https:\/\/www.kuebler-hallenheizungen.de\/wp-content\/uploads\/2024\/06\/dgnb_mitglied_verein-240x74.png 240w, https:\/\/www.kuebler-hallenheizungen.de\/wp-content\/uploads\/2024\/06\/dgnb_mitglied_verein-360x111.png 360w, https:\/\/www.kuebler-hallenheizungen.de\/wp-content\/uploads\/2024\/06\/dgnb_mitglied_verein-480x148.png 480w, https:\/\/www.kuebler-hallenheizungen.de\/wp-content\/uploads\/2024\/06\/dgnb_mitglied_verein-560x173.png 560w, https:\/\/www.kuebler-hallenheizungen.de\/wp-content\/uploads\/2024\/06\/dgnb_mitglied_verein-640x198.png 640w, https:\/\/www.kuebler-hallenheizungen.de\/wp-content\/uploads\/2024\/06\/dgnb_mitglied_verein-720x223.png 720w, https:\/\/www.kuebler-hallenheizungen.de\/wp-content\/uploads\/2024\/06\/dgnb_mitglied_verein-960x297.png 960w, https:\/\/www.kuebler-hallenheizungen.de\/wp-content\/uploads\/2024\/06\/dgnb_mitglied_verein-1168x361.png 1168w, https:\/\/www.kuebler-hallenheizungen.de\/wp-content\/uploads\/2024\/06\/dgnb_mitglied_verein-18x6.png 18w, https:\/\/www.kuebler-hallenheizungen.de\/wp-content\/uploads\/2024\/06\/dgnb_mitglied_verein.png 1417w\" sizes=\"(max-width: 545px) 100vw, 545px\" \/><\/p>\n<p>Az \u00faj \u00abSchwaig 2\u00bb logisztikai ingatlanban a Fair.AIdH FUTURA k\u00e9sz\u00fcl\u00e9kekb\u0151l \u00e9s a CELESTRA term\u00e9kcsal\u00e1d digit\u00e1lis vez\u00e9rl\u00e9s\u00e9b\u0151l \u00e1ll\u00f3 csarnokf\u0171t\u00e9si rendszer t\u00f6k\u00e9letesen illeszkedik a GROUP7 fenntarthat\u00f3s\u00e1gi koncepci\u00f3j\u00e1ba, amely a k\u00f6vetkez\u0151 elveken alapul valamennyi logisztikai l\u00e9tes\u00edtm\u00e9nye eset\u00e9ben.<\/p>\n<p>A N\u00e9met Fenntarthat\u00f3 \u00c9p\u00edt\u00e9s\u00fcgyi Tan\u00e1cs (DGNB) elk\u00f6telezett a gazdas\u00e1gilag \u00e9s \u00f6kol\u00f3giailag el\u0151rel\u00e1t\u00f3 tervez\u00e9s \u00e9s felhaszn\u00e1l\u00e1s mellett, ez\u00e9rt minden \u00faj \u00e9p\u00edt\u00e9si projektet a DGNB szerint tan\u00fas\u00edt. A N\u00e9met Fenntarthat\u00f3 \u00c9p\u00edt\u00e9si Tan\u00e1cs (DGNB) \u00e9rt\u00e9keli az \u00f6kol\u00f3gi\u00e1t, a gazdas\u00e1goss\u00e1got, a technol\u00f3gi\u00e1t, a folyamatokat \u00e9s a helysz\u00ednt, valamint a GROUP7 logisztikai ingatlanok infrastrukt\u00far\u00e1j\u00e1t \u00e9s \u00e9letciklus\u00e1t.<\/p>\n<blockquote><p>\u201eFontos volt sz\u00e1munkra, hogy csak azokat a ter\u00fcleteket f\u0171ts\u00fck, ahol az emberek t\u00e9nylegesen dolgoznak.\u201c<\/p><\/blockquote>\n<p>&nbsp;<\/p>\n<p><strong>K\u00f6vetkeztet\u00e9s<\/strong><\/p>\n<p><strong>Az eredm\u00e9nyek<\/strong><br \/>\n\u201eAz els\u0151 k\u00f6vetkeztet\u00e9s\u00fcnk az, hogy nagyon el\u00e9gedettek vagyunk mind a f\u0171t\u00e9s telep\u00edt\u00e9s\u00e9nek m\u00f3dj\u00e1val, mind a kivitelez\u00e9ssel. Az egy\u00fcttm\u0171k\u00f6d\u00e9s nagyon partner- \u00e9s megold\u00e1sorient\u00e1lt volt\u201c - mondja Daniel Jocher. A megval\u00f3s\u00edt\u00e1s z\u00f6kken\u0151mentesen zajlott k\u00e9t \u00e9p\u00edt\u00e9si szakaszban, r\u00f6gz\u00edtett \u00fctemtervvel. A C, D \u00e9s E csarnok 2024. december 23-\u00e1n, az A \u00e9s B csarnok 2025. m\u00e1rcius 31-\u00e9n l\u00e9pett \u00fczembe.<\/p>\n<p>Mivel az \u00fczemeltet\u00e9s els\u0151 n\u00e9h\u00e1ny h\u00f3napja ut\u00e1n m\u00e9g mindig t\u00fal kev\u00e9s megb\u00edzhat\u00f3 adat \u00e1llt rendelkez\u00e9sre, a hat\u00e9konys\u00e1g \u00e9rt\u00e9kel\u00e9s\u00e9hez \u00f6sszehasonl\u00edt\u00f3 sz\u00e1m\u00edt\u00e1sokat k\u00e9sz\u00edtettek, \u00e9s ezzel a Jochen Peitz, Remscheid \u00e9p\u00edt\u00e9szirod\u00e1t b\u00edzt\u00e1k meg. A sz\u00e1m\u00edt\u00e1s sor\u00e1n a<br \/>\nA FUTURA Fair.AIdH rendszer elm\u00e9leti fogyaszt\u00e1si \u00e9rt\u00e9keit m\u00e1s f\u0171t\u00e9si v\u00e1ltozatokkal hasonl\u00edtott\u00e1k \u00f6ssze.<\/p>\n<p><strong>Az \u00f6sszehasonl\u00edt\u00f3 sz\u00e1m\u00edt\u00e1s k\u00f6vetkeztet\u00e9se:<\/strong><br \/>\nA mintegy 13 m\u00e9teres belmagass\u00e1g\u00fa gigantikus csarnok jelent\u0151sen elmarad egy KfW40 \u00e9p\u00fclet energiafogyaszt\u00e1s\u00e1t\u00f3l, \u00e9ves szinten 324 MWh megtakar\u00edt\u00e1st \u00e9r el, ami 14,25 sz\u00e1zal\u00e9kkal jobb, mint az alternat\u00edv h\u0151szivatty\u00fas-leveg\u0151s f\u0171t\u00e9si rendszer primerenergia-fogyaszt\u00e1sa, \u00e9s a v\u00e9gs\u0151 energiaig\u00e9ny tekintet\u00e9ben is egyenrang\u00fa az ut\u00f3bbival (21,9 vs. 21,10 kWh\/m\u00b2a). A k\u00f6vetkeztet\u00e9s: A DIN V 18599 szerinti v\u00e9gs\u0151 energiaig\u00e9ny elm\u00e9leti \u00f6sszehasonl\u00edt\u00e1s\u00e1ban a FUTURA Fair.AIdH \u00e9s a h\u0151szivatty\u00fas rendszerek egyenrang\u00faak.<\/p>\n<p>A gyakorlatban v\u00e1rhat\u00f3an a FUTURA rendszer energetikai szempontb\u00f3l m\u00e9g vil\u00e1gosabban elk\u00fcl\u00f6n\u00fcl a h\u0151szivatty\u00fas-leveg\u0151f\u0171t\u00e9ses v\u00e1ltozatt\u00f3l. Ennek oka, hogy az elm\u00e9leti sz\u00e1m\u00edt\u00e1s nem veszi figyelembe a) azt a t\u00e9nyt, hogy itt 50 % g\u00e1z\u00fczemet felt\u00e9teleztek, de val\u00f3j\u00e1ban 100 % csak elektromos \u00e1rammal f\u0171t, \u00e9s b) az \u00faj, digitaliz\u00e1lt rendszerek hat\u00e9konyabb funkci\u00f3it. A Fraunhofer Institute for Solar Energy Systems (ISE) tanulm\u00e1nya szerint a m\u00e9rt megtakar\u00edt\u00e1si \u00e9rt\u00e9kek a val\u00f3s\u00e1gban t\u00f6bb mint 1,6-szor jobbak, mint ami jelenleg az elavult DIN V 18599 szabv\u00e1ny alapj\u00e1n elv\u00e1rhat\u00f3 lenne.<\/p>\n<p>&nbsp;<\/p>\n<p><strong>GROUP7 \u00abSchwaig 2\u00bb projekt | Az \u00f6sszehasonl\u00edt\u00f3 sz\u00e1m\u00edt\u00e1sok eredm\u00e9nyei<\/strong><\/p>\n<p>A Jochen Peitz \u00e9p\u00edt\u00e9szm\u00e9rn\u00f6k \u00e1ltal v\u00e9gzett \u00f6sszehasonl\u00edt\u00f3 sz\u00e1m\u00edt\u00e1s sor\u00e1n az \u00faj Fair.AIdH FUTURA technol\u00f3gia (\u00fczemm\u00f3d: villany\/g\u00e1z 50:50) primer \u00e9s v\u00e9gs\u0151 energiaig\u00e9ny\u00e9t n\u00e9gy m\u00e1sik f\u0171t\u00e9si rendszerrel hasonl\u00edtott\u00e1k \u00f6ssze: Auton\u00f3m l\u00e9gf\u0171t\u00e9s,<br \/>\nS\u00f6t\u00e9t radi\u00e1torok g\u00e1z\u00fczem\u0171ek, l\u00e9gf\u0171t\u00e9s-h\u0151szivatty\u00fa villany\u00fczem\u0171 \u00e9s l\u00e9gf\u0171t\u00e9s-h\u0151szivatty\u00fa g\u00e1z\u00fczem\u0171.<\/p>\n<div id=\"attachment_81184\" style=\"width: 643px\" class=\"wp-caption alignnone\"><img decoding=\"async\" aria-describedby=\"caption-attachment-81184\" class=\"wp-image-81184\" src=\"https:\/\/www.kuebler-hallenheizungen.de\/wp-content\/uploads\/2026\/01\/group7_grafik_1-300x119.png\" alt=\"A k\u00fcl\u00f6nb\u00f6z\u0151 f\u0171t\u00e9si rendszerek primerenergia-sz\u00fcks\u00e9glet\u00e9t bemutat\u00f3 oszlopdiagram\" width=\"633\" height=\"251\" srcset=\"https:\/\/www.kuebler-hallenheizungen.de\/wp-content\/uploads\/2026\/01\/group7_grafik_1-300x119.png 300w, https:\/\/www.kuebler-hallenheizungen.de\/wp-content\/uploads\/2026\/01\/group7_grafik_1-60x24.png 60w, https:\/\/www.kuebler-hallenheizungen.de\/wp-content\/uploads\/2026\/01\/group7_grafik_1-100x40.png 100w, https:\/\/www.kuebler-hallenheizungen.de\/wp-content\/uploads\/2026\/01\/group7_grafik_1-240x95.png 240w, https:\/\/www.kuebler-hallenheizungen.de\/wp-content\/uploads\/2026\/01\/group7_grafik_1-360x143.png 360w, https:\/\/www.kuebler-hallenheizungen.de\/wp-content\/uploads\/2026\/01\/group7_grafik_1-18x7.png 18w, https:\/\/www.kuebler-hallenheizungen.de\/wp-content\/uploads\/2026\/01\/group7_grafik_1.png 453w\" sizes=\"(max-width: 633px) 100vw, 633px\" \/><p id=\"caption-attachment-81184\" class=\"wp-caption-text\">Megjegyz\u00e9sek \u00e9s eredm\u00e9nyek:<br \/>Az elektromos infrav\u00f6r\u00f6s f\u0171t\u00e9si rendszer = Fair.AidH technol\u00f3gia<br \/>A FUTURA rendelkezik a legalacsonyabb primerenergia-sz\u00fcks\u00e9glettel.<\/p><\/div>\n<p>&nbsp;<\/p>\n<div id=\"attachment_81185\" style=\"width: 645px\" class=\"wp-caption alignleft\"><img decoding=\"async\" aria-describedby=\"caption-attachment-81185\" class=\"wp-image-81185\" src=\"https:\/\/www.kuebler-hallenheizungen.de\/wp-content\/uploads\/2026\/01\/group7_grafik_2-300x121.png\" alt=\"A k\u00fcl\u00f6nb\u00f6z\u0151 f\u0171t\u00e9si rendszerek v\u00e9gs\u0151 energiafogyaszt\u00e1s\u00e1t bemutat\u00f3 oszlopdiagram\" width=\"635\" height=\"256\" srcset=\"https:\/\/www.kuebler-hallenheizungen.de\/wp-content\/uploads\/2026\/01\/group7_grafik_2-300x121.png 300w, https:\/\/www.kuebler-hallenheizungen.de\/wp-content\/uploads\/2026\/01\/group7_grafik_2-60x24.png 60w, https:\/\/www.kuebler-hallenheizungen.de\/wp-content\/uploads\/2026\/01\/group7_grafik_2-100x40.png 100w, https:\/\/www.kuebler-hallenheizungen.de\/wp-content\/uploads\/2026\/01\/group7_grafik_2-240x97.png 240w, https:\/\/www.kuebler-hallenheizungen.de\/wp-content\/uploads\/2026\/01\/group7_grafik_2-360x145.png 360w, https:\/\/www.kuebler-hallenheizungen.de\/wp-content\/uploads\/2026\/01\/group7_grafik_2-18x7.png 18w, https:\/\/www.kuebler-hallenheizungen.de\/wp-content\/uploads\/2026\/01\/group7_grafik_2.png 449w\" sizes=\"(max-width: 635px) 100vw, 635px\" \/><p id=\"caption-attachment-81185\" class=\"wp-caption-text\">Megjegyz\u00e9sek \u00e9s eredm\u00e9nyek:<br \/>A csarnok f\u0171t\u00e9si rendszer Fair.AidH technol\u00f3gia FUTURA szinte<br \/>egyen\u00e9rt\u00e9k\u0171 a villamos energi\u00e1val m\u0171k\u00f6d\u0151 h\u0151szivatty\u00fas rendszerrel \u00f6sszehasonl\u00edtva.<\/p><\/div>","protected":false},"featured_media":30864,"template":"","categories":[1],"class_list":["post-81157","referenzen","type-referenzen","status-publish","has-post-thumbnail","hentry","category-allgemein"],"acf":[],"_links":{"self":[{"href":"https:\/\/www.kuebler-hallenheizungen.de\/hu\/wp-json\/wp\/v2\/referenzen\/81157","targetHints":{"allow":["GET"]}}],"collection":[{"href":"https:\/\/www.kuebler-hallenheizungen.de\/hu\/wp-json\/wp\/v2\/referenzen"}],"about":[{"href":"https:\/\/www.kuebler-hallenheizungen.de\/hu\/wp-json\/wp\/v2\/types\/referenzen"}],"wp:featuredmedia":[{"embeddable":true,"href":"https:\/\/www.kuebler-hallenheizungen.de\/hu\/wp-json\/wp\/v2\/media\/30864"}],"wp:attachment":[{"href":"https:\/\/www.kuebler-hallenheizungen.de\/hu\/wp-json\/wp\/v2\/media?parent=81157"}],"wp:term":[{"taxonomy":"category","embeddable":true,"href":"https:\/\/www.kuebler-hallenheizungen.de\/hu\/wp-json\/wp\/v2\/categories?post=81157"}],"curies":[{"name":"wp","href":"https:\/\/api.w.org\/{rel}","templated":true}]}}