{"id":17071,"date":"2024-03-08T04:29:20","date_gmt":"2024-03-08T03:29:20","guid":{"rendered":"https:\/\/kuebler.werbe-sofa.de\/?post_type=awards&#038;p=17071"},"modified":"2024-10-11T12:08:49","modified_gmt":"2024-10-11T10:08:49","slug":"den-bayerske-delstatsprisen-2006","status":"publish","type":"awards","link":"https:\/\/www.kuebler-hallenheizungen.de\/nb\/auszeichnungen\/bayerischer-staatspreis-2006\/","title":{"rendered":"Den bayerske delstatsprisen 2006"},"content":{"rendered":"<p>Hedret for innovasjon og <a class=\"stdlink\" href=\"http:\/\/alt.kuebler-hallenheizungen.de\/de\/kuebler\/nachhaltigkeit\/\">B\u00e6rekraft<\/a> - K\u00dcBLER GmbH vinner den bayerske delstatsprisen 2006 Den internasjonalt ettertraktede prisen ble h\u00f8ytidelig overrakt til administrerende direkt\u00f8r Thomas K\u00fcbler av det bayerske delstatsdepartementet for \u00f8konomi, infrastruktur, transport og teknologi p\u00e5 den 58. internasjonale h\u00e5ndverksmessen (IHM) i M\u00fcnchen.<\/p>","protected":false},"featured_media":17075,"template":"","awards-year":[348],"class_list":["post-17071","awards","type-awards","status-publish","has-post-thumbnail","hentry","awards-year-348"],"acf":[],"_links":{"self":[{"href":"https:\/\/www.kuebler-hallenheizungen.de\/nb\/wp-json\/wp\/v2\/awards\/17071","targetHints":{"allow":["GET"]}}],"collection":[{"href":"https:\/\/www.kuebler-hallenheizungen.de\/nb\/wp-json\/wp\/v2\/awards"}],"about":[{"href":"https:\/\/www.kuebler-hallenheizungen.de\/nb\/wp-json\/wp\/v2\/types\/awards"}],"wp:featuredmedia":[{"embeddable":true,"href":"https:\/\/www.kuebler-hallenheizungen.de\/nb\/wp-json\/wp\/v2\/media\/17075"}],"wp:attachment":[{"href":"https:\/\/www.kuebler-hallenheizungen.de\/nb\/wp-json\/wp\/v2\/media?parent=17071"}],"wp:term":[{"taxonomy":"awards-year","embeddable":true,"href":"https:\/\/www.kuebler-hallenheizungen.de\/nb\/wp-json\/wp\/v2\/awards-year?post=17071"}],"curies":[{"name":"wp","href":"https:\/\/api.w.org\/{rel}","templated":true}]}}