{"id":81157,"date":"2026-01-21T09:04:38","date_gmt":"2026-01-21T08:04:38","guid":{"rendered":"https:\/\/www.kuebler-hallenheizungen.de\/?post_type=referenzen&#038;p=81157"},"modified":"2026-01-21T09:08:10","modified_gmt":"2026-01-21T08:08:10","slug":"vi-onsker-et-hallvarmesystem-som-ser-inn-i-fremtiden","status":"publish","type":"referenzen","link":"https:\/\/www.kuebler-hallenheizungen.de\/nb\/referenzen\/wir-wollen-eine-hallenheizung-die-in-die-zukunft-blickt\/","title":{"rendered":"\"Wir wollen eine Hallenheizung, die in die Zukunft blickt.\""},"content":{"rendered":"<p>GROUP7 er et internasjonalt logistikkselskap med hovedkontor i M\u00fcnchen og er representert over hele verden med over 195 filialer og baser. Tjenestespekteret til premiumleverand\u00f8ren omfatter intelligente logistikkl\u00f8sninger for flyfrakt, sj\u00f8frakt, jernbanetransport til og fra Asia, sj\u00f8-luft- og landtransport, samt skreddersydde konsepter for outsourcing innen logistikktjenester. Med fokus p\u00e5 maksimal fleksibilitet og kundeorientert prosessh\u00e5ndtering genererer de rundt 750 ansatte en omsetning p\u00e5 190 millioner euro. GROUP7 stiller like h\u00f8ye krav til b\u00e6rekraften i portef\u00f8ljen sin som til bygningene sine: Logistikksentrene til den anerkjente logistikkleverand\u00f8ren er sertifisert i henhold til DGNB Gold Standard.<\/p>\n<p><strong>Utgangssituasjonen<\/strong><br \/>\nMed utvidelsen av hovedkontoret i Schwaig ved M\u00fcnchen lufthavn har GROUP7 2024 skapt et nytt logistikkomr\u00e5de i samsvar med DGNB Gold Standard, som vil gi arbeid til mer enn 200 nye medarbeidere. I tillegg til et kontorbygg p\u00e5 5000 m\u00b2 og en gr\u00f8nn park i campus-stil dekker det nye omr\u00e5det et areal p\u00e5 over 100 000 m\u00b2 og omfatter en 60 000 m\u00b2 stor logistikkhall med en takh\u00f8yde p\u00e5 ca. 13 meter. P\u00e5 grunn av det sv\u00e6rt store luftrommet og de totalt 82 d\u00f8rene var det en spesiell utfordring med hensyn til oppvarmingsteknologi \u00e5 holde interi\u00f8ret behagelig varmt og samtidig v\u00e6re \u00f8konomisk. I tillegg innebar den endrede forsyningssituasjonen at gass som energikilde, og dermed den velpr\u00f8vde m\u00f8rke radiatorteknologien, ikke lenger var et alternativ for den nye bygningen. Derfor ble ulike alternative l\u00f8sninger unders\u00f8kt.<\/p>\n<blockquote><p>\u201eVi har innsett at FUTURA rett og slett er den perfekte l\u00f8sningen for oss n\u00e5r det gjelder bruk.\u201c.<\/p><\/blockquote>\n<p>&nbsp;<\/p>\n<p><strong>De testede variantene av oppvarmingsteknologi<\/strong><\/p>\n<p><strong>Variant 1:<\/strong> Varmepumper installert p\u00e5 taket og utstyrt med gulvvarme. GROUP7 hadde imidlertid d\u00e5rlige erfaringer med denne varianten fra tidligere, da \u201evarmen nedenfra\u201c hadde f\u00e5tt de ansatte til \u00e5 f\u00f8le seg ukomfortable og urolige. Det var ogs\u00e5 andre grunner til at denne varianten ikke burde vurderes:<br \/>\nA) Det n\u00f8dvendige variable reoloppsettet: Hver gang intralogistikksystemet tilpasses nye kundekrav, risikerer man \u00e5 bore i vannr\u00f8rene i gulvet n\u00e5r de 10 til 11 meter h\u00f8ye stolpene skal forankres.<br \/>\nB) De store mengdene betong som kreves over vannledningene, ville ha gjort systemene stadig mer ineffektive og trege. Og<\/p>\n<p><strong>Variant 2:<\/strong> Varmepumper med jetdyser i taket som presser varm luft ned p\u00e5 gulvplaten. Ulempen med denne l\u00f8sningen var at den varme luften stiger oppover, tar med seg st\u00f8v fra gulvplaten og sprer det over varene - et spesielt problem med s\u00e5kalte C-varer, som lagres over lengre tid. For premiumlogistikkleverand\u00f8ren GROUP7 var varmerullen som ville oppst\u00e5 i bygningen, ikke akseptabel, \u201e... fordi vi \u00f8nsker \u00e5 tilby logistikk av h\u00f8y kvalitet og ikke st\u00f8vete varer - det er ikke v\u00e5r kvalitetsstandard og ikke v\u00e5re kunders\u201c, sier Daniel Jocher, prosjektleder hos GROUP7.<\/p>\n<p><strong>Variant 3:<\/strong> En systemkonfigurasjon best\u00e5ende av gassdrevne m\u00f8rke radiatorer, ved siden av hvilke det er plassert elektriske IR-radiatorer. Denne varianten ville ha gitt de velkjente fordelene med str\u00e5levarme, som den jevne varmef\u00f8lelsen uten st\u00f8vsirkulasjon og uten varme fra gulvplaten. Fra GROUP7s synspunkt var imidlertid heller ikke dette en fornuftig l\u00f8sning, ettersom antallet radiatorer i hallen og vedlikeholdsarbeidet ville blitt doblet.<br \/>\nville ha. Varmefordelingen ville ogs\u00e5 v\u00e6re problematisk, ettersom de vekselvis installerte m\u00f8rke og elektriske radiatorene ikke skulle brukes samtidig, og det ville bli kj\u00f8lig i mellomrommene. I tillegg \u00f8nsket ikke GROUP7 \u00e5 bruke rent gassdrevne apparater.<\/p>\n<p><strong>Den innovative l\u00f8sningen<\/strong><br \/>\nJakten p\u00e5 egnet oppvarmingsteknologi f\u00f8rte til den nye Fair.AIdH-teknologien* FUTURA. Det prisbel\u00f8nte systemet kombinerer alle fordelene med m\u00f8rk radiatorteknologi i haller med energifleksibel drift: Det bruker ekstremt lite energi, virvler ikke opp st\u00f8v, s\u00f8rger for en behagelig, jevn varmef\u00f8lelse og kombinerer str\u00f8m- og gassdrift p\u00e5 en variabel m\u00e5te i \u00e9n og samme enhet. \u201eVi inns\u00e5 at det rett og slett var den perfekte l\u00f8sningen for oss n\u00e5r det gjelder bruk\u201c, sier Daniel Jocher. Det var klart at vi trengte gass som et redundansmedium for \u00e5 dekke m\u00f8rketiden. FUTURA drives i stor grad av billig str\u00f8m fra selskapets eget solcelleanlegg. I fremtiden tilbyr den innovative teknologien ogs\u00e5 en l\u00f8sning med hydrogen, som senere kan distribueres gjennom str\u00f8mnettet. \u201eDette produktet er en fantastisk kombinasjon fordi det kombinerer alle tre mediene.\u201c<\/p>\n<p>* Fair.AIdH st\u00e5r for energifleksibel, adaptiv, infrar\u00f8d, AI-drevet halloppvarming og<br \/>\nrefererer til en ny infrar\u00f8d oppvarmingsteknologi som blant annet kjennetegnes ved at den<br \/>\nenergifleksibilitet (multi-energi IR-varme i hallen) og gjennom AI-st\u00f8ttet<br \/>\nkontrollfunksjonalitetene er fundamentalt forskjellige fra konvensjonelle gassdrevne<br \/>\nm\u00f8rk radiatorteknologi.<\/p>\n<p>&nbsp;<\/p>\n<p><strong>Grunnlaget for beslutningen<\/strong><\/p>\n<div id=\"attachment_30864\" style=\"width: 618px\" class=\"wp-caption alignright\"><img decoding=\"async\" aria-describedby=\"caption-attachment-30864\" class=\"wp-image-30864\" src=\"https:\/\/www.kuebler-hallenheizungen.de\/wp-content\/uploads\/2025\/07\/fav_img_3584_dunkler-300x225.jpg\" alt=\"Moderne lagerbygning med trebjelker og infrar\u00f8d oppvarming av hallen\" width=\"608\" height=\"456\" srcset=\"https:\/\/www.kuebler-hallenheizungen.de\/wp-content\/uploads\/2025\/07\/fav_img_3584_dunkler-300x225.jpg 300w, https:\/\/www.kuebler-hallenheizungen.de\/wp-content\/uploads\/2025\/07\/fav_img_3584_dunkler-1024x768.jpg 1024w, https:\/\/www.kuebler-hallenheizungen.de\/wp-content\/uploads\/2025\/07\/fav_img_3584_dunkler-768x576.jpg 768w, https:\/\/www.kuebler-hallenheizungen.de\/wp-content\/uploads\/2025\/07\/fav_img_3584_dunkler-60x45.jpg 60w, https:\/\/www.kuebler-hallenheizungen.de\/wp-content\/uploads\/2025\/07\/fav_img_3584_dunkler-100x75.jpg 100w, https:\/\/www.kuebler-hallenheizungen.de\/wp-content\/uploads\/2025\/07\/fav_img_3584_dunkler-240x180.jpg 240w, https:\/\/www.kuebler-hallenheizungen.de\/wp-content\/uploads\/2025\/07\/fav_img_3584_dunkler-360x270.jpg 360w, https:\/\/www.kuebler-hallenheizungen.de\/wp-content\/uploads\/2025\/07\/fav_img_3584_dunkler-480x360.jpg 480w, https:\/\/www.kuebler-hallenheizungen.de\/wp-content\/uploads\/2025\/07\/fav_img_3584_dunkler-560x420.jpg 560w, https:\/\/www.kuebler-hallenheizungen.de\/wp-content\/uploads\/2025\/07\/fav_img_3584_dunkler-640x480.jpg 640w, https:\/\/www.kuebler-hallenheizungen.de\/wp-content\/uploads\/2025\/07\/fav_img_3584_dunkler-720x540.jpg 720w, https:\/\/www.kuebler-hallenheizungen.de\/wp-content\/uploads\/2025\/07\/fav_img_3584_dunkler-960x720.jpg 960w, https:\/\/www.kuebler-hallenheizungen.de\/wp-content\/uploads\/2025\/07\/fav_img_3584_dunkler-1168x876.jpg 1168w, https:\/\/www.kuebler-hallenheizungen.de\/wp-content\/uploads\/2025\/07\/fav_img_3584_dunkler-1440x1080.jpg 1440w, https:\/\/www.kuebler-hallenheizungen.de\/wp-content\/uploads\/2025\/07\/fav_img_3584_dunkler-1920x1440.jpg 1920w, https:\/\/www.kuebler-hallenheizungen.de\/wp-content\/uploads\/2025\/07\/fav_img_3584_dunkler-1536x1152.jpg 1536w, https:\/\/www.kuebler-hallenheizungen.de\/wp-content\/uploads\/2025\/07\/fav_img_3584_dunkler-2048x1536.jpg 2048w, https:\/\/www.kuebler-hallenheizungen.de\/wp-content\/uploads\/2025\/07\/fav_img_3584_dunkler-16x12.jpg 16w, https:\/\/www.kuebler-hallenheizungen.de\/wp-content\/uploads\/2025\/07\/fav_img_3584_dunkler.jpg 2560w\" sizes=\"(max-width: 608px) 100vw, 608px\" \/><p id=\"caption-attachment-30864\" class=\"wp-caption-text\">Energifleksible infrar\u00f8de hallvarmere fra FUTURA-serien<\/p><\/div>\n<p>\u201eBeslutningen ble tatt p\u00e5 grunn av kombinasjonen av str\u00f8m og gass\u201c, sier Daniel Jocher. Aspektene driftssikkerhet og omkoblingsbar kraft var ogs\u00e5 relevante, ettersom det var tydelig at gass er et relevant redundansmedium for \u00e5 kunne v\u00e6re uavhengig av dyr str\u00f8m p\u00e5 grunn av m\u00f8rketid eller mulige str\u00f8mbrudd. Det var ogs\u00e5 interessant \u00e5 se p\u00e5 hydrogen, som kan distribueres i nettet i fremtiden. \u201eMuligheten til \u00e5 kombinere elektrisitet og gass som redundansmedium gir driftssikkerhet p\u00e5 m\u00f8rke dager eller ved sn\u00f8last, siden vi ikke trenger \u00e5 trekke dyr str\u00f8m fra nettet. Selv ved et eventuelt str\u00f8mbrudd vil forsyningssikkerheten fortsatt v\u00e6re garantert med redundansmediet og solceller.<br \/>\ngarantert. Det var viktig for oss.\u201c<\/p>\n<p><strong>For \u00e5 oppsummere var disse faktorene ogs\u00e5 avgj\u00f8rende for beslutningen:<\/strong><\/p>\n<ul>\n<li>Muligheten til \u00e5 kombinere elektrisitet, hydrogen og gass i \u00e9n og samme enhet (energifleksibilitet)<\/li>\n<li>Lokal oppvarming kun i de omr\u00e5dene der arbeidet faktisk utf\u00f8res (fleksibel soneoppvarming)<\/li>\n<li>P\u00e5litelig grunnleggende temperaturkontroll som frostbeskyttelse for varer<\/li>\n<li>Konstant varmetilf\u00f8rsel selv i m\u00f8rke perioder (driftssikkerhet)<\/li>\n<li>Investeringer og fremtidig sikkerhet de neste ti\u00e5rene<\/li>\n<\/ul>\n<p>\u201eVi \u00f8nsket et produkt som ser inn i fremtiden.\u201c FUTURA kan drives fleksibelt med ulike (fornybare) energikilder som elektrisitet, hydrogen eller (biogene) gasser, og gir derfor GROUP7 absolutt investeringssikkerhet<br \/>\np\u00e5 veien mot en CO2-fri \u00e6ra - langt etter 2045.<\/p>\n<p>&nbsp;<\/p>\n<p><strong>Realiseringen<\/strong><br \/>\nSiden 31. desember 2024 har de fem hallseksjonene blitt varmet opp med apparater fra det energifleksible Fair.AIdH-systemet (FUTURA multi-energi IR-varme med CELESTRA digital styring), som i sin helhet forsynes med str\u00f8m via et solcelleanlegg med en kapasitet p\u00e5 ca. 3 MWp.<\/p>\n<p>Logistikksenteret \u00abSchwaig 2\u00bb ble delt inn i 12 varmesoner i henhold til hallseksjonene. P\u00e5 denne m\u00e5ten kan de ulike bruksomr\u00e5dene i den imponerende hallbygningen styres individuelt avhengig av varmebehovet, noe som ytterligere \u00f8ker den allerede h\u00f8ye energieffektiviteten til systemet. Varmeapparatene i de enkelte sonene styres av hver sin AI-st\u00f8ttede digitale CELESTRA-regulator. Systemene kan intelligent styre hvilket varmemedium som brukes i hver sone.<br \/>\nog planlegge de lagrede tariffene. Det tas automatisk hensyn til ikke-arbeidstider som helger og helligdager.<\/p>\n<p>Energistyringssystemet EMMA overv\u00e5ker hele oppvarmingsprosessen og temperaturkurven innenfra og utenfra for hvert varmesystem i sanntid, og analyserer og dokumenterer dataene for revisjoner, f.eks. i samsvar med DIN EN 50001, i henhold til<br \/>\nsom ogs\u00e5 er GROUP7-sertifisert. Det betyr at forbruk, temperaturer, luftfuktighet og andre kvalitetsindikatorer til enhver tid er tilgjengelige for dokumentasjon og verifisering.<\/p>\n<p>&nbsp;<\/p>\n<p><strong>F\u00f8rste erfaringer fra operativ praksis<\/strong><br \/>\nVarmesystemet g\u00e5r p\u00e5 dagtid fra kl. 09.00 til 17.00 i elektrisk drift ved 20 \u00b0C. De f\u00f8rste driftsm\u00e5nedene har vist at det ca. 3 MWp store solcelleanlegget enkelt dekker str\u00f8mbehovet p\u00e5 760 kWh i dette tidsrommet, selv n\u00e5r det er overskyet. Fra kl. 17.00 og utover sl\u00e5s systemet av p\u00e5 denne m\u00e5ten, og varmesystemet reguleres teoretisk ned fra en arbeidstemperatur p\u00e5 20 \u00b0C til 17 \u00b0C (innstilt m\u00e5ltemperatur om natten). I virkeligheten har det imidlertid vist seg at det nesten ikke blir noen temperatursenkning i det hele tatt p\u00e5 grunn av bygningens gode varmelagringskapasitet.<\/p>\n<p>&nbsp;<\/p>\n<p><strong>DGNB Gold Standard<\/strong><\/p>\n<p><img decoding=\"async\" class=\"wp-image-20968\" src=\"https:\/\/www.kuebler-hallenheizungen.de\/wp-content\/uploads\/2024\/06\/dgnb_mitglied_verein-300x93.png\" alt=\"Medlem av DGNB&quot;-logoen med bl\u00e5gr\u00f8nne ringer.\" width=\"545\" height=\"169\" srcset=\"https:\/\/www.kuebler-hallenheizungen.de\/wp-content\/uploads\/2024\/06\/dgnb_mitglied_verein-300x93.png 300w, https:\/\/www.kuebler-hallenheizungen.de\/wp-content\/uploads\/2024\/06\/dgnb_mitglied_verein-1024x317.png 1024w, https:\/\/www.kuebler-hallenheizungen.de\/wp-content\/uploads\/2024\/06\/dgnb_mitglied_verein-768x237.png 768w, https:\/\/www.kuebler-hallenheizungen.de\/wp-content\/uploads\/2024\/06\/dgnb_mitglied_verein-60x19.png 60w, https:\/\/www.kuebler-hallenheizungen.de\/wp-content\/uploads\/2024\/06\/dgnb_mitglied_verein-100x31.png 100w, https:\/\/www.kuebler-hallenheizungen.de\/wp-content\/uploads\/2024\/06\/dgnb_mitglied_verein-240x74.png 240w, https:\/\/www.kuebler-hallenheizungen.de\/wp-content\/uploads\/2024\/06\/dgnb_mitglied_verein-360x111.png 360w, https:\/\/www.kuebler-hallenheizungen.de\/wp-content\/uploads\/2024\/06\/dgnb_mitglied_verein-480x148.png 480w, https:\/\/www.kuebler-hallenheizungen.de\/wp-content\/uploads\/2024\/06\/dgnb_mitglied_verein-560x173.png 560w, https:\/\/www.kuebler-hallenheizungen.de\/wp-content\/uploads\/2024\/06\/dgnb_mitglied_verein-640x198.png 640w, https:\/\/www.kuebler-hallenheizungen.de\/wp-content\/uploads\/2024\/06\/dgnb_mitglied_verein-720x223.png 720w, https:\/\/www.kuebler-hallenheizungen.de\/wp-content\/uploads\/2024\/06\/dgnb_mitglied_verein-960x297.png 960w, https:\/\/www.kuebler-hallenheizungen.de\/wp-content\/uploads\/2024\/06\/dgnb_mitglied_verein-1168x361.png 1168w, https:\/\/www.kuebler-hallenheizungen.de\/wp-content\/uploads\/2024\/06\/dgnb_mitglied_verein-18x6.png 18w, https:\/\/www.kuebler-hallenheizungen.de\/wp-content\/uploads\/2024\/06\/dgnb_mitglied_verein.png 1417w\" sizes=\"(max-width: 545px) 100vw, 545px\" \/><\/p>\n<p>Hallvarmesystemet i den nye logistikkeiendommen \u00abSchwaig 2\u00bb, som best\u00e5r av Fair.AIdH FUTURA-apparater og digitale styringer fra CELESTRA-serien, passer perfekt inn i GROUP7s b\u00e6rekraftkonsept, som er basert p\u00e5 f\u00f8lgende prinsipper for alle logistikkanleggene<\/p>\n<p>Det tyske r\u00e5det for b\u00e6rekraftig bygging (DGNB) er opptatt av \u00f8konomisk og \u00f8kologisk fremsynt planlegging og utnyttelse, og sertifiserer derfor alle nye byggeprosjekter i samsvar med DGNB. DGNB vurderer \u00f8kologi, \u00f8konomi, teknologi, prosess og beliggenhet, og evaluerer ogs\u00e5 infrastrukturen og livssyklusen til GROUP7-logistikkeiendommer.<\/p>\n<blockquote><p>\u201eDet var viktig for oss at vi bare varmer opp de omr\u00e5dene der folk faktisk jobber.\u201c<\/p><\/blockquote>\n<p>&nbsp;<\/p>\n<p><strong>Konklusjon<\/strong><\/p>\n<p><strong>Resultatene<\/strong><br \/>\n\u201eV\u00e5r f\u00f8rste konklusjon er at vi er sv\u00e6rt forn\u00f8yde med b\u00e5de installasjonen og gjennomf\u00f8ringen. Samarbeidet var veldig partnerskaps- og l\u00f8sningsorientert\u201c, sier Daniel Jocher. Realiseringen gikk greit i to byggefaser med en fast tidsplan. Hall C, D og E ble tatt i bruk 23. desember 2024, mens hall A og B ble tatt i bruk 31. mars 2025.<\/p>\n<p>Ettersom det fortsatt var for f\u00e5 p\u00e5litelige tall tilgjengelig etter de f\u00f8rste driftsm\u00e5nedene, ble det utarbeidet en sammenlignende beregning for effektivitetsvurderingen, og det medf\u00f8lgende arkitektfirmaet Jochen Peitz, Remscheid, fikk oppdraget med \u00e5 gj\u00f8re dette. I beregningen ble<br \/>\nDe teoretiske forbruksverdiene til FUTURA Fair.AIdH-systemet ble sammenlignet med andre oppvarmingsvarianter.<\/p>\n<p><strong>Konklusjon av den komparative beregningen:<\/strong><br \/>\nDen gigantiske hallen med en takh\u00f8yde p\u00e5 ca. 13 meter er betydelig lavere enn energiforbruket til et KfW40-bygg, har en \u00e5rlig besparelse p\u00e5 324 MWh, noe som er 14,25 prosent bedre n\u00e5r det gjelder prim\u00e6renergiforbruk enn alternativet varmepumpe-luftvarme, og er p\u00e5 niv\u00e5 med sistnevnte n\u00e5r det gjelder endelig energibehov (21,9 vs. 21,10 kWh\/m\u00b2a). Konklusjonen: I en teoretisk sammenligning av det endelige energibehovet i henhold til DIN V 18599 ligger FUTURA Fair.AIdH og varmepumpesystemer p\u00e5 samme niv\u00e5.<\/p>\n<p>I praksis forventes det at FUTURA-systemet vil skille seg enda tydeligere fra varmepumpe-luftvarme-varianten n\u00e5r det gjelder energi. Dette skyldes at den teoretiske beregningen ikke tar hensyn til a) det faktum at det her er forutsatt 50 % gassdrift, mens 100 % i virkeligheten varmes opp med kun elektrisitet, og b) de mer effektive funksjonene til nye, digitaliserte systemer. En studie fra Fraunhofer Institute for Solar Energy Systems (ISE) viser at de m\u00e5lte besparelsesverdiene i virkeligheten er mer enn 1,6 ganger bedre enn det man i dag kan forvente p\u00e5 grunnlag av den utdaterte standarden DIN V 18599.<\/p>\n<p>&nbsp;<\/p>\n<p><strong>GRUPPE7 Prosjekt \u00abSchwaig 2\u00bb | Resultater av de komparative beregningene<\/strong><\/p>\n<p>I den komparative beregningen utf\u00f8rt av arkitekt Jochen Peitz ble prim\u00e6r- og sluttenergibehovet til den nye Fair.AIdH-teknologien FUTURA (driftsmodus str\u00f8m\/gass 50:50) sammenlignet med fire andre varmesystemer: Autonom luftoppvarming,<br \/>\nM\u00f8rke radiatorer gassdrevne, luftvarmer-varmepumpe el-drevet og luftvarmer-varmepumpe gassdrevet.<\/p>\n<div id=\"attachment_81184\" style=\"width: 643px\" class=\"wp-caption alignnone\"><img decoding=\"async\" aria-describedby=\"caption-attachment-81184\" class=\"wp-image-81184\" src=\"https:\/\/www.kuebler-hallenheizungen.de\/wp-content\/uploads\/2026\/01\/group7_grafik_1-300x119.png\" alt=\"Stolpediagram over prim\u00e6renergibehovet til ulike oppvarmingssystemer\" width=\"633\" height=\"251\" srcset=\"https:\/\/www.kuebler-hallenheizungen.de\/wp-content\/uploads\/2026\/01\/group7_grafik_1-300x119.png 300w, https:\/\/www.kuebler-hallenheizungen.de\/wp-content\/uploads\/2026\/01\/group7_grafik_1-60x24.png 60w, https:\/\/www.kuebler-hallenheizungen.de\/wp-content\/uploads\/2026\/01\/group7_grafik_1-100x40.png 100w, https:\/\/www.kuebler-hallenheizungen.de\/wp-content\/uploads\/2026\/01\/group7_grafik_1-240x95.png 240w, https:\/\/www.kuebler-hallenheizungen.de\/wp-content\/uploads\/2026\/01\/group7_grafik_1-360x143.png 360w, https:\/\/www.kuebler-hallenheizungen.de\/wp-content\/uploads\/2026\/01\/group7_grafik_1-18x7.png 18w, https:\/\/www.kuebler-hallenheizungen.de\/wp-content\/uploads\/2026\/01\/group7_grafik_1.png 453w\" sizes=\"(max-width: 633px) 100vw, 633px\" \/><p id=\"caption-attachment-81184\" class=\"wp-caption-text\">Notater og resultater:<br \/>Det elektriske infrar\u00f8de varmesystemet = Fair.AidH-teknologi<br \/>FUTURA har det laveste behovet for prim\u00e6renergi.<\/p><\/div>\n<p>&nbsp;<\/p>\n<div id=\"attachment_81185\" style=\"width: 645px\" class=\"wp-caption alignleft\"><img decoding=\"async\" aria-describedby=\"caption-attachment-81185\" class=\"wp-image-81185\" src=\"https:\/\/www.kuebler-hallenheizungen.de\/wp-content\/uploads\/2026\/01\/group7_grafik_2-300x121.png\" alt=\"Stolpediagram viser det endelige energiforbruket til ulike oppvarmingssystemer\" width=\"635\" height=\"256\" srcset=\"https:\/\/www.kuebler-hallenheizungen.de\/wp-content\/uploads\/2026\/01\/group7_grafik_2-300x121.png 300w, https:\/\/www.kuebler-hallenheizungen.de\/wp-content\/uploads\/2026\/01\/group7_grafik_2-60x24.png 60w, https:\/\/www.kuebler-hallenheizungen.de\/wp-content\/uploads\/2026\/01\/group7_grafik_2-100x40.png 100w, https:\/\/www.kuebler-hallenheizungen.de\/wp-content\/uploads\/2026\/01\/group7_grafik_2-240x97.png 240w, https:\/\/www.kuebler-hallenheizungen.de\/wp-content\/uploads\/2026\/01\/group7_grafik_2-360x145.png 360w, https:\/\/www.kuebler-hallenheizungen.de\/wp-content\/uploads\/2026\/01\/group7_grafik_2-18x7.png 18w, https:\/\/www.kuebler-hallenheizungen.de\/wp-content\/uploads\/2026\/01\/group7_grafik_2.png 449w\" sizes=\"(max-width: 635px) 100vw, 635px\" \/><p id=\"caption-attachment-81185\" class=\"wp-caption-text\">Notater og resultater:<br \/>Hallvarmesystemet med Fair.AidH-teknologien FUTURA er nesten<br \/>tilsvarende sammenlignet med det str\u00f8mdrevne varmepumpesystemet.<\/p><\/div>","protected":false},"featured_media":30864,"template":"","categories":[1],"class_list":["post-81157","referenzen","type-referenzen","status-publish","has-post-thumbnail","hentry","category-allgemein"],"acf":[],"_links":{"self":[{"href":"https:\/\/www.kuebler-hallenheizungen.de\/nb\/wp-json\/wp\/v2\/referenzen\/81157","targetHints":{"allow":["GET"]}}],"collection":[{"href":"https:\/\/www.kuebler-hallenheizungen.de\/nb\/wp-json\/wp\/v2\/referenzen"}],"about":[{"href":"https:\/\/www.kuebler-hallenheizungen.de\/nb\/wp-json\/wp\/v2\/types\/referenzen"}],"wp:featuredmedia":[{"embeddable":true,"href":"https:\/\/www.kuebler-hallenheizungen.de\/nb\/wp-json\/wp\/v2\/media\/30864"}],"wp:attachment":[{"href":"https:\/\/www.kuebler-hallenheizungen.de\/nb\/wp-json\/wp\/v2\/media?parent=81157"}],"wp:term":[{"taxonomy":"category","embeddable":true,"href":"https:\/\/www.kuebler-hallenheizungen.de\/nb\/wp-json\/wp\/v2\/categories?post=81157"}],"curies":[{"name":"wp","href":"https:\/\/api.w.org\/{rel}","templated":true}]}}